{"id":8682,"date":"2020-02-28T14:20:46","date_gmt":"2020-02-28T17:20:46","guid":{"rendered":"https:\/\/mitsp.org\/2020\/?page_id=8682"},"modified":"2020-03-09T08:52:29","modified_gmt":"2020-03-09T11:52:29","slug":"national-and-international-programmers","status":"publish","type":"page","link":"https:\/\/mitsp.org\/2020\/en\/national-and-international-programmers\/","title":{"rendered":"NATIONAL AND INTERNATIONAL PROGRAMMERS"},"content":{"rendered":"<h3>NATIONAL AND INTERNATIONAL PROGRAMMERS<\/h3>\n<h4>Check out the programmers accompanying MITbr &#8211; Platform Brazil 2020 and which festivals they represent:<\/h4>\n<div class=\"fusion-sep-clear\"><\/div><div class=\"fusion-separator fusion-full-width-sep\" style=\"margin-left: auto;margin-right: auto;margin-bottom:30px;width:100%;\"><\/div><div class=\"fusion-sep-clear\"><\/div>\n<h4><img class=\"size-thumbnail wp-image-8560 alignleft\" src=\"https:\/\/mitsp.org\/2020\/wp-content\/uploads\/2020\/02\/02-Agata-Ko\u0142acz-150x150.jpg\" alt=\"Agata Kolacz \" width=\"150\" height=\"150\" srcset=\"https:\/\/mitsp.org\/2020\/wp-content\/uploads\/2020\/02\/02-Agata-Ko\u0142acz-66x66.jpg 66w, https:\/\/mitsp.org\/2020\/wp-content\/uploads\/2020\/02\/02-Agata-Ko\u0142acz-150x150.jpg 150w, https:\/\/mitsp.org\/2020\/wp-content\/uploads\/2020\/02\/02-Agata-Ko\u0142acz-200x200.jpg 200w, https:\/\/mitsp.org\/2020\/wp-content\/uploads\/2020\/02\/02-Agata-Ko\u0142acz-300x300.jpg 300w, https:\/\/mitsp.org\/2020\/wp-content\/uploads\/2020\/02\/02-Agata-Ko\u0142acz.jpg 400w\" sizes=\"(max-width: 150px) 100vw, 150px\" \/><\/h4>\n<h4>Agata Kolacz (Poland) \u2013 TR Warszawa<\/h4>\n<p>Agata Ko\u0142acz is the head of International Projects of TR Warszawa,\u00a0 recognized contemporary theatre in Poland leaded by Grzegorz Jarzyna, producing works of internationally acclaimed artists as Kornel Mundrucz\u00f3, Ren\u00e9 Pollesch, Luk Perceval, Philippe Quesne and the rising talent of Polish performing scene as Anna Karasi\u0144ska or Magda Szpecht.\u00a0 She is as well the advisor on International Relations for Malta Festival Pozna\u0144, where since 2010 was developing the Industry Guest Department, producing the French open-air performances and the original productions of the Festival like \u201eSlow Man\u201d composed by Nicholas Lens. In Pozna\u0144, she was the developing as well No Women No Art Festival and Association promoting female artist in contemporary culture. She was in charge of communication for Old Brewary New Dance Programme and Arts Station Foundation by Gra\u017cyna Kulczyk.<\/p>\n<p><strong>About TR Warszawa:<\/strong> In 1998, a year after his critically acclaimed debut with The Tropical Craze, Grzegorz Jarzyna was offered the direction of a small Warsaw stage called Teatr Rozmaito\u015bci. Since that time, he has transformed it into TR Warszawa, one of the most important theaters in Poland &#8211; and one of the best known Polish theaters around the world.<\/p>\n<p>Among the theater\u2019s latest productions are Grzegorz Jarzyna\u2019s Other People based on the rap-novel of Dorota Mas\u0142owska. In its current repertoire there are also productions of young directors such as Fantasia directed by Anna Karasi\u0144ska, Always Coming Home by Magda Szpecht, as well as productions of acclaimed directors was Micha\u0142 Borczuch\u2019s My Struggle based on Karl Ove Knausg\u00e5rd\u2019s books or California \/ Grace Slick written and directed by Ren\u00e9 Pollesch, or Pieces of a Woman , written by Kata Weber and directed by Kornel Mundrucz\u00f3.<\/p>\n<div class=\"fusion-sep-clear\"><\/div><div class=\"fusion-separator fusion-full-width-sep\" style=\"margin-left: auto;margin-right: auto;margin-bottom:30px;width:100%;\"><\/div><div class=\"fusion-sep-clear\"><\/div>\n<h4><img class=\"size-thumbnail wp-image-8568 alignleft\" src=\"https:\/\/mitsp.org\/2020\/wp-content\/uploads\/2020\/02\/04-Alaor-Rosa-150x150.jpg\" alt=\"Alaor Rosa\" width=\"150\" height=\"150\" srcset=\"https:\/\/mitsp.org\/2020\/wp-content\/uploads\/2020\/02\/04-Alaor-Rosa-66x66.jpg 66w, https:\/\/mitsp.org\/2020\/wp-content\/uploads\/2020\/02\/04-Alaor-Rosa-150x150.jpg 150w, https:\/\/mitsp.org\/2020\/wp-content\/uploads\/2020\/02\/04-Alaor-Rosa-200x200.jpg 200w, https:\/\/mitsp.org\/2020\/wp-content\/uploads\/2020\/02\/04-Alaor-Rosa-300x300.jpg 300w, https:\/\/mitsp.org\/2020\/wp-content\/uploads\/2020\/02\/04-Alaor-Rosa.jpg 400w\" sizes=\"(max-width: 150px) 100vw, 150px\" \/><\/h4>\n<h4>Alaor Rosa (Brazil) \u2013 Hilaridade Fatal \u2013 Festival do Bom Humor Brasileiro<\/h4>\n<p>Ala\u00f4r Rosa is an actor, producer, coordinator and production director for 40 years. He was Production Director at International Festival of Bras\u00edlia Cinema, All Sounds, Bras\u00edlia International Theater Show, at CCBB Bras\u00edlia, Bras\u00edlia Music Festival, FIFA Confederations Cup, Fifa Fan Fest.and Renato Russo Symphonic. Sinfonic. In 2019, he takes on the Artistic direction of Arteviva Productions. He is currently one of the directors and curator of Hilaridade Fatal &#8211; Brazilian Good Humor Festival.<\/p>\n<p><strong>About Hilaridade Fatal: <\/strong>The Hilaridade Fatal Festival produces artistic manifestations with different languages of Brazilian and other humor, in the areas of performing arts (theater, circus, dance) performance and visual arts. This festival consists of three Shows: Riso Aberto &#8211; Competitive Show; Gargalhada &#8211; National and International Exhibition; Riso \u00e9 Coisa S\u00e9ria &#8211; Workshops, lectures and debates.<\/p>\n<div class=\"fusion-sep-clear\"><\/div><div class=\"fusion-separator fusion-full-width-sep\" style=\"margin-left: auto;margin-right: auto;margin-bottom:30px;width:100%;\"><\/div><div class=\"fusion-sep-clear\"><\/div>\n<h4><\/h4>\n<h4><img class=\"size-thumbnail wp-image-8570 alignleft\" src=\"https:\/\/mitsp.org\/2020\/wp-content\/uploads\/2020\/02\/05-Aldo-Grompone-150x150.jpg\" alt=\"Aldo Grompone\" width=\"150\" height=\"150\" srcset=\"https:\/\/mitsp.org\/2020\/wp-content\/uploads\/2020\/02\/05-Aldo-Grompone-66x66.jpg 66w, https:\/\/mitsp.org\/2020\/wp-content\/uploads\/2020\/02\/05-Aldo-Grompone-150x150.jpg 150w, https:\/\/mitsp.org\/2020\/wp-content\/uploads\/2020\/02\/05-Aldo-Grompone-200x200.jpg 200w, https:\/\/mitsp.org\/2020\/wp-content\/uploads\/2020\/02\/05-Aldo-Grompone-300x300.jpg 300w, https:\/\/mitsp.org\/2020\/wp-content\/uploads\/2020\/02\/05-Aldo-Grompone.jpg 400w\" sizes=\"(max-width: 150px) 100vw, 150px\" \/><\/h4>\n<h4>Aldo Grompone (Italy) \u2013 Naples Theater Festival<\/h4>\n<p>Since 1994 he supports the work of many artist worldwide and collaborate as a consultant on the artistic program of few festivals.<br \/>\nAmong many artists, he produced and promote the works of Nekrosius, Vanessa Redgrave, Pippo Delbono, Raffaello Sanzio, Robert Lepage, Jan Fabre, Claudio Tolcachir and specially the work of Emma Dante.<br \/>\nFrom 1999 he devotes also to the creation of contemporary arts projects, supporting the new young artistic creativity with the presentation of art exhibitions in Rome, Palermo, Mexico City, Remscheid and Aix n Provence.<br \/>\nAs a Counselor, he promoted and organize a program called \u201cItaly on Stage\u201d theater in United States and Canada. He was advisor for the program the Cycle of Classical performances at Teatro Olimpico in Vicenza from 2011 to 2015.<br \/>\nHe is consultant for the international relations of the regional network Teatro Pubblico Pugliese, and Senior Advisor for the international program of the Naples Festival.<\/p>\n<p><strong>About Naples Theater Festival:<\/strong> The Naples\u2019 festival\u00a0is one of the most prestigious festival in Italy, and since the opening in 2007 it has presented artists like Bob Wilson, Robert Lepage, Andrej Konchalovsky, Marie Chouinard, Willem Dafoe, Romeo Castellucci, and many others, being also co-producers of Angelica Liddl, Jan Fabre and Dimitris Papaioannou. The festival is also a platform for the Italian local Napolitan and Italian companies, it happens each year during the month of June, presenting a large number of events, with several mediums and languages, as theatre, dance, music, and literature<\/p>\n<div class=\"fusion-sep-clear\"><\/div><div class=\"fusion-separator fusion-full-width-sep\" style=\"margin-left: auto;margin-right: auto;margin-bottom:30px;width:100%;\"><\/div><div class=\"fusion-sep-clear\"><\/div>\n<h4><img class=\"size-thumbnail wp-image-8572 alignleft\" src=\"https:\/\/mitsp.org\/2020\/wp-content\/uploads\/2020\/02\/06-Alejandra-Rojas-150x150.jpg\" alt=\"Alejandra Rojas\" width=\"150\" height=\"150\" srcset=\"https:\/\/mitsp.org\/2020\/wp-content\/uploads\/2020\/02\/06-Alejandra-Rojas-66x66.jpg 66w, https:\/\/mitsp.org\/2020\/wp-content\/uploads\/2020\/02\/06-Alejandra-Rojas-150x150.jpg 150w, https:\/\/mitsp.org\/2020\/wp-content\/uploads\/2020\/02\/06-Alejandra-Rojas-200x200.jpg 200w, https:\/\/mitsp.org\/2020\/wp-content\/uploads\/2020\/02\/06-Alejandra-Rojas-300x300.jpg 300w, https:\/\/mitsp.org\/2020\/wp-content\/uploads\/2020\/02\/06-Alejandra-Rojas.jpg 400w\" sizes=\"(max-width: 150px) 100vw, 150px\" \/><\/h4>\n<h4>Alejandra Rojas (Chile) \u2013 Identidades Festival<\/h4>\n<p>Actress, cultural manager, director of the Cultural Corporation from the Huella Theater, general director of the Identities International Festival of scenic arts in the Atacama desert. She started her career at the Image Theater directed by Gustavo Meza, and did many internships at the Eitalc (Latin and Caribbean International School of Theater). In 2015 she founded Identities an International Festival of Scenic Arts in the Atacama Desert, which is under her direction since five yeas ago making possible international networks.<\/p>\n<p><strong>About Identidades Festival: <\/strong>The Identidades Performing Arts Festival at the Atacama Desert is the meeting of cultures of the world thus seeking integration between the Antofagasta region through an international event. We would like to keep an open window at the Atacama Desert so the world can see the cultural diversity existent in this territory usually just know for being inhospitable and desolated.<\/p>\n<div class=\"fusion-sep-clear\"><\/div><div class=\"fusion-separator fusion-full-width-sep\" style=\"margin-left: auto;margin-right: auto;margin-bottom:30px;width:100%;\"><\/div><div class=\"fusion-sep-clear\"><\/div>\n<h4><b>Jorge Moreno (Chile) \u2013 Identidades Festival<\/b><\/h4>\n<p>\u200b\u200bHe is graduate on Esthetics and History with specialization on Cultural Management and another graduation on Planning and Management from the Catholic University of Chile. He has also a master on Cultural Management on Royal College de Londres. Nowadays, he does his Phd on Latin American Transdisciplinary Studies from the Humanism and Catholic Academic University. He has a vast experience on cultural management and leads development cultural and artistic on private and public spheres, improving life conditions. He was a very important player on planning and implementing quality control in the Cultural Centers of the Country. He has a large experience on public institutions such as the National Commission of Cultural Infrastructure, National Council of Culture and Arts, He worked as direct advisor of import names from the Peruvian Government. He used to teach at many important Universities at Chile and he is director of the National and Intentional Network of Theater Atacama Desert.<\/p>\n<div class=\"fusion-sep-clear\"><\/div><div class=\"fusion-separator fusion-full-width-sep\" style=\"margin-left: auto;margin-right: auto;margin-bottom:30px;width:100%;\"><\/div><div class=\"fusion-sep-clear\"><\/div>\n<h4><img class=\"size-thumbnail wp-image-8574 alignleft\" src=\"https:\/\/mitsp.org\/2020\/wp-content\/uploads\/2020\/02\/08-Ana-Freire-150x150.jpg\" alt=\" Ana Freire\" width=\"150\" height=\"150\" srcset=\"https:\/\/mitsp.org\/2020\/wp-content\/uploads\/2020\/02\/08-Ana-Freire-66x66.jpg 66w, https:\/\/mitsp.org\/2020\/wp-content\/uploads\/2020\/02\/08-Ana-Freire-150x150.jpg 150w, https:\/\/mitsp.org\/2020\/wp-content\/uploads\/2020\/02\/08-Ana-Freire-200x200.jpg 200w, https:\/\/mitsp.org\/2020\/wp-content\/uploads\/2020\/02\/08-Ana-Freire-300x300.jpg 300w, https:\/\/mitsp.org\/2020\/wp-content\/uploads\/2020\/02\/08-Ana-Freire.jpg 400w\" sizes=\"(max-width: 150px) 100vw, 150px\" \/> Ana Freire (Brasil) \u2013 FIT Belo Horizonte<\/h4>\n<p>Ana Freire holds a BA in Social Communication &#8211; Public Relations. At the moment, she is the Festival Policy Director at the Belo Horizonte Municipal Culture Foundation, International Festival de Teatro Palco e Rua &#8211; FIT BH.\u00a0Specialized in Cultural Management, she worked for 25 years as a cultural producer in important events such as Virada Cultural de BH, cultural producer at important events such as Virada Cultural de BH; Arte Negra Festival &#8211; FAN; International Comics Festival &#8211; FIQ; International Literary Festival &#8211; FLI BH. Anima Mundi Circuito BH; FIT World Meeting of the Performing Arts &#8211; ECUM (BH); Circuito de Cultura no Interior; International Festival \u201cI Love Jazz\u201d; FID &#8211; International Dance Forum (BH); Ouro Preto International Festival \u201cTudo \u00e9 Jazz\u201d; International Week of Digital and Alternative Arts &#8211; SIANA Brasil.<\/p>\n<p><strong>About FIT Belo Horizonte: <\/strong>The International Festival of Teatro Palco e Rua of Belo Horizonte includes productions from all continents and programming of groups and artists from 45 different countries. Today, consolidated as the main theater festival in the capital of Minas Gerais and inserted among the biggest events of this nature nationwide, the FIT-BH continues to operate on different pivot of action and combining artistic quality and multiplicity of languages.<\/p>\n<div class=\"fusion-sep-clear\"><\/div><div class=\"fusion-separator fusion-full-width-sep\" style=\"margin-left: auto;margin-right: auto;margin-bottom:30px;width:100%;\"><\/div><div class=\"fusion-sep-clear\"><\/div>\n<h4><b><img class=\"size-thumbnail wp-image-9742 alignleft\" src=\"https:\/\/mitsp.org\/2020\/wp-content\/uploads\/2020\/03\/Andressa-Francelino-150x150.jpg\" alt=\"Andressa Francelino\" width=\"150\" height=\"150\" srcset=\"https:\/\/mitsp.org\/2020\/wp-content\/uploads\/2020\/03\/Andressa-Francelino-66x66.jpg 66w, https:\/\/mitsp.org\/2020\/wp-content\/uploads\/2020\/03\/Andressa-Francelino-150x150.jpg 150w, https:\/\/mitsp.org\/2020\/wp-content\/uploads\/2020\/03\/Andressa-Francelino-200x200.jpg 200w, https:\/\/mitsp.org\/2020\/wp-content\/uploads\/2020\/03\/Andressa-Francelino-300x300.jpg 300w, https:\/\/mitsp.org\/2020\/wp-content\/uploads\/2020\/03\/Andressa-Francelino.jpg 400w\" sizes=\"(max-width: 150px) 100vw, 150px\" \/><\/b><\/h4>\n<h4><b>Andressa Francelino (Brazil) \u2013 FACE: Festival de Artes C\u00eanicas de Bauru<\/b><b><br \/>\n<\/b><\/h4>\n<p>She is an actress, a director, an art-educator and a cultural producer. He is specialized on Theater, Dance and Cultural Production from the University of Sagrado Cora\u00e7\u00e3o. She is graduated on Scenic Arts from the UEL. Since 2016, she is the general director of one of the biggest festivals in the state of S\u00e3o Paulo, the Scenic Arts Festival from Bauru (FACE). She manages and coordinates the Prototype Space where the Prototype Topic group is. She was the curator, jury and producer of the local festivals, besides she was on the direction of international and annual festivals. Ha has being part of theatre sciences and she was the main actress of \u201cBicho Transparente\u201d which opens the floor for the debate about violence against women.<\/p>\n<p>\u200b\u200b<b>About the FACE &#8211;<\/b> <strong>Arts Scenic Festival of Bauru: <\/strong>\u200b\u200bIt is a festival of national and international scenic performances that aims to achieve artistic transversality and scenic manifestations plurality. The festival improves year by year thanks to different curatorships. Since 2012, FACE is one of most important festivals in the state of S\u00e3o Paulo. FACE 2020 will be the 9th edition, it will happen in September, when 51 actions (theater presentations, work shops, debates, exhibitions and visual media performances) are expected. The supporters of the festival are ProAc Festival, public investment from the Municipal Secretary of Bauru, USP Theater and SESC Bauru. This year, FACE will also present an artistic-documentary installation to celebrate the path and the social engagement from the previous editions of the festival. All the attractions of FACE are free.<\/p>\n<div class=\"fusion-sep-clear\"><\/div><div class=\"fusion-separator fusion-full-width-sep\" style=\"margin-left: auto;margin-right: auto;margin-bottom:30px;width:100%;\"><\/div><div class=\"fusion-sep-clear\"><\/div>\n<h4><img class=\"size-thumbnail wp-image-8576 alignleft\" src=\"https:\/\/mitsp.org\/2020\/wp-content\/uploads\/2020\/02\/09-Artur-Ghukasyan-150x150.jpg\" alt=\"Artur Ghukasyan\" width=\"150\" height=\"150\" srcset=\"https:\/\/mitsp.org\/2020\/wp-content\/uploads\/2020\/02\/09-Artur-Ghukasyan-66x66.jpg 66w, https:\/\/mitsp.org\/2020\/wp-content\/uploads\/2020\/02\/09-Artur-Ghukasyan-150x150.jpg 150w, https:\/\/mitsp.org\/2020\/wp-content\/uploads\/2020\/02\/09-Artur-Ghukasyan-200x200.jpg 200w, https:\/\/mitsp.org\/2020\/wp-content\/uploads\/2020\/02\/09-Artur-Ghukasyan-300x300.jpg 300w, https:\/\/mitsp.org\/2020\/wp-content\/uploads\/2020\/02\/09-Artur-Ghukasyan.jpg 400w\" sizes=\"(max-width: 150px) 100vw, 150px\" \/><\/h4>\n<h4>Artur Ghukasyan (Armenia) \u2013 <b>High Fest International Performing Arts Festival<\/b><\/h4>\n<p>PhD in Arts Management and Cultural Policy. Graduated from Yerevan Institute of theatre and Cinema. Studied in London City University in 1998, Amsterdam University in 1999, Saltsburg Academy of Arts Management and Media in 2001 (Arts Management and Cultural Policy).<\/p>\n<p>From 2003 President of HIGH FEST International Performing Arts Festival (flagship theatre festival in Yerevan, Armenia) which is announced from 2006 as the main festival in the territory of the former USSR countries (except of Moscow).<br \/>\n2019-2020 HIGH FEST is an EFFE Laureate, amongst the 24 best European festivals by European Festival Association. From 2006 Invited Professor at London Metropolitan University. From 2011 Head of Arts Management and Cultural Policy Department at the Yerevan State Institute of Theatre and Cinema. From 2012 organizing HIGH STREET International Street Theatre Festivals abroad (Perm, worked for Amersfoort, Bremen, Edinburgh and upcoming in Russia 2020 and Kazakhstan in 2021). President of Armenian Actors Union. President of Armenian National Centre of ASSITEJ. Ran numerous of seminars and lectures in arts management and cultural policy in more than 20 countries. Member of IETM, ASSITEJ, IFEA, ITI, ENCATC, ELIA, ITTA.<\/p>\n<p><strong>About <b>High Fest International Performing Arts Festival<\/b>:<\/strong> &#8220;HIGH FEST&#8221; International Performing Arts Festival gives great opportunity for Armenian audience to get in touch with the values of world performing arts. The organizers are aimed to bring to Yerevan the best and most innovative companies, presenting the rich palette of worldwide art. At the same time, the Festival promotes Armenian Culture on the international area making it closer to the world of the performing arts.<\/p>\n<p>Over the past years the Festival has significantly expanded and has drawn international attention. As a result of international recognition Armenia joined several international theatre arts networks namely ASSITEJ (International Association of Theatre for Children and Young People), IETM (international network for contemporary performing arts), IFEA (International Festival and Events Association).<\/p>\n<div class=\"fusion-sep-clear\"><\/div><div class=\"fusion-separator fusion-full-width-sep\" style=\"margin-left: auto;margin-right: auto;margin-bottom:30px;width:100%;\"><\/div><div class=\"fusion-sep-clear\"><\/div>\n<h4><img class=\"size-thumbnail wp-image-8578 alignleft\" src=\"https:\/\/mitsp.org\/2020\/wp-content\/uploads\/2020\/02\/10-Barbara-Engelhardt-150x150.jpg\" alt=\"Barbara Engelhardt\" width=\"150\" height=\"150\" srcset=\"https:\/\/mitsp.org\/2020\/wp-content\/uploads\/2020\/02\/10-Barbara-Engelhardt-66x66.jpg 66w, https:\/\/mitsp.org\/2020\/wp-content\/uploads\/2020\/02\/10-Barbara-Engelhardt-150x150.jpg 150w, https:\/\/mitsp.org\/2020\/wp-content\/uploads\/2020\/02\/10-Barbara-Engelhardt-200x200.jpg 200w, https:\/\/mitsp.org\/2020\/wp-content\/uploads\/2020\/02\/10-Barbara-Engelhardt-300x300.jpg 300w, https:\/\/mitsp.org\/2020\/wp-content\/uploads\/2020\/02\/10-Barbara-Engelhardt.jpg 400w\" sizes=\"(max-width: 150px) 100vw, 150px\" \/><\/h4>\n<h4>Barbara Engelhardt (France) \u2013 Maillon Th\u00e9\u00e2tre en Strasbourg<\/h4>\n<p>Barbara Engelhardt is the artistic director of the Maillon, Theatre of Strasbourg \u2013 European stage since 2017. Barbara Engelhardt is the artistic director of the Maillon, Theatre of Strasbourg &#8211; European stage. 2005 &#8211; 2015 she curated the co-founded festival PREMIERES in Strasbourg and Karlsruhe, a festival dedicated to young and emerging European directors, as well as the international LE STANDARD IDEAL festival at the MC93 Bobigny near Paris (2005 &#8211; 2012). In 2010 she launched FAST FORWARD, the European festival for young directors, which she curated initially in Braunschweig, then in Dresden until 2017. Previously, she was the editor in charge at THEATER DER ZEIT &#8211; magazine for politics and theater in Berlin, theater critic and author. For several years she has worked closely with director David Marton as a dramaturge in theatre and opera.<\/p>\n<p><strong>About Maillon Th\u00e9\u00e2tre en Strasbourg:<\/strong> The Maillon is a multidisciplinary and international hosting theatre focusing on contemporary and hybrid forms at the crossroad of theatre, contemporary dance, circus and music, as well as visual arts and site specific performances. Furthermore, it features its artistic identity also by co-productions, artistic residencies and a large program of mediation and audience development (cultural and artistic actions). The geopolitical and transcultural situation of the city of Strasbourg and the greater region have an important impact on the global concept of its activities, particularly in regard to the French-German-Swiss sector. In November 2019, the Maillon has opened its new theatre with two black box venues (700 and 250 seats) built by the city of Strasbourg. The Maillon\u2019s communication has become a kind of trademark in French theater landscape and has particularly contributed to its reputation.<\/p>\n<div class=\"fusion-sep-clear\"><\/div><div class=\"fusion-separator fusion-full-width-sep\" style=\"margin-left: auto;margin-right: auto;margin-bottom:30px;width:100%;\"><\/div><div class=\"fusion-sep-clear\"><\/div>\n<h4><img class=\"size-thumbnail wp-image-8580 alignleft\" src=\"https:\/\/mitsp.org\/2020\/wp-content\/uploads\/2020\/02\/11-Beno\u00eet-Bradel-150x150.jpg\" alt=\"Beno\u00eet Bradel\" width=\"150\" height=\"150\" srcset=\"https:\/\/mitsp.org\/2020\/wp-content\/uploads\/2020\/02\/11-Beno\u00eet-Bradel-66x66.jpg 66w, https:\/\/mitsp.org\/2020\/wp-content\/uploads\/2020\/02\/11-Beno\u00eet-Bradel-150x150.jpg 150w, https:\/\/mitsp.org\/2020\/wp-content\/uploads\/2020\/02\/11-Beno\u00eet-Bradel-200x200.jpg 200w, https:\/\/mitsp.org\/2020\/wp-content\/uploads\/2020\/02\/11-Beno\u00eet-Bradel-300x300.jpg 300w, https:\/\/mitsp.org\/2020\/wp-content\/uploads\/2020\/02\/11-Beno\u00eet-Bradel.jpg 400w\" sizes=\"(max-width: 150px) 100vw, 150px\" \/><\/h4>\n<h4>Beno\u00eet Bradel (France) \u2013 Festival Passages<\/h4>\n<p>Beno\u00eet Bradel is a french artist, a theatre director and director artistic of Zabraka for which he develops hybrid theatrical performances mixing various materials and texts\u00a0 by Gertrude Stein, Lewis Carroll or John Cage. He also collaborates with contemporary authors such as Anne-James Chaton, Yves Pag\u00e8s, Sonia Chiambretto and Claudine Galea and musicians such as Seb Martel and Thomas Fernier.\u00a0 He gives an important space to music and cinema and works towards theatre plays aimed at all generations. The last production La 7e vie de Patti Smith is on tour in France since april 2017 and soon worldwide.<\/p>\n<p><strong>About Festival Passages:<\/strong> \u00a0The International Festival of Arts, PASSAGES moved to Metz in the northeast of France in May 2011.\u00a0 A second period begins, after its creation in Nancy in 1996 by Charles Tordjman and the National Dramatic Center of Nancy to discover theater from the East. Hundreds of artists from all over the world present creations and share their culture and art. There is especially the desire to discover unpublished theatrical adventures in France and to welcome artists politically and artistically engaged.\u00a0 PASSAGES quickly takes the form of an expected rendez-vous. The 3000 first spectators became 15,000 after ten years, reaching 30,000 in the last edition in May 2019. Beno\u00eet Bradel is preparing the next \u00e9dition for May 21 with a transversal and transcontinental project where Brazil will take a central place.<\/p>\n<div class=\"fusion-sep-clear\"><\/div><div class=\"fusion-separator fusion-full-width-sep\" style=\"margin-left: auto;margin-right: auto;margin-bottom:30px;width:100%;\"><\/div><div class=\"fusion-sep-clear\"><\/div>\n<h4><img class=\"size-thumbnail wp-image-8582 alignleft\" src=\"https:\/\/mitsp.org\/2020\/wp-content\/uploads\/2020\/02\/12-Brendan-Healey-150x150.jpg\" alt=\"Brendan Healey\" width=\"150\" height=\"150\" srcset=\"https:\/\/mitsp.org\/2020\/wp-content\/uploads\/2020\/02\/12-Brendan-Healey-66x66.jpg 66w, https:\/\/mitsp.org\/2020\/wp-content\/uploads\/2020\/02\/12-Brendan-Healey-150x150.jpg 150w, https:\/\/mitsp.org\/2020\/wp-content\/uploads\/2020\/02\/12-Brendan-Healey-200x200.jpg 200w, https:\/\/mitsp.org\/2020\/wp-content\/uploads\/2020\/02\/12-Brendan-Healey-300x300.jpg 300w, https:\/\/mitsp.org\/2020\/wp-content\/uploads\/2020\/02\/12-Brendan-Healey.jpg 400w\" sizes=\"(max-width: 150px) 100vw, 150px\" \/> Brendan Healey (Canada) \u2013 Canadian Stage<\/h4>\n<p>Originally from Montr\u00e9al, Brendan Healy began his career as an actor before moving to directing. Brendan attended the National Theatre School\u2019s Directing Program and trained extensively with one of the pioneers of the American avant-garde Anne Bogart and the SITI Company before relocating to Toronto. Since then, Brendan has established himself as a central figure in the city\u2019s theatre scene. His work has been presented across the country and his productions have garnered multiple awards. Between 2009-2015, Brendan was the Artistic Director of Buddies in Bad Times Theatre, the world\u2019s longest-running theatre devoted to LGBTQ2S artists and one of Canada\u2019s most significant generators of experimental performance and theatre. Brendan completed a Masters in International Arts Management and also worked as the Artistic Director for Performing Arts for the City of Brampton, one of Canada\u2019s most diverse and fastest-growing cities.<\/p>\n<p><strong>About Canadian Stage:<\/strong> Brendan Healy is the Artistic Director of Canadian Stage, one of the country\u2019s leading not-for-profit contemporary performing arts organizations. The company produces, presents, commissions, and collaborates with multiple partners on cross-disciplinary work with a focus on performance styles that integrate theatre, dance, film, visual arts and more. It presents its season on three stages: the 850-seat Bluma Appel Theatre; the 280-seat Marilyn and Charles Baillie Theatre, and; the 150-seat Berkeley Upstairs Theatre.<\/p>\n<div class=\"fusion-sep-clear\"><\/div><div class=\"fusion-separator fusion-full-width-sep\" style=\"margin-left: auto;margin-right: auto;margin-bottom:30px;width:100%;\"><\/div><div class=\"fusion-sep-clear\"><\/div>\n<h4><b><img class=\"size-thumbnail wp-image-9745 alignleft\" src=\"https:\/\/mitsp.org\/2020\/wp-content\/uploads\/2020\/03\/Carla-Estefan-150x150.jpg\" alt=\"Carla Estefan\" width=\"150\" height=\"150\" srcset=\"https:\/\/mitsp.org\/2020\/wp-content\/uploads\/2020\/03\/Carla-Estefan-66x66.jpg 66w, https:\/\/mitsp.org\/2020\/wp-content\/uploads\/2020\/03\/Carla-Estefan-150x150.jpg 150w, https:\/\/mitsp.org\/2020\/wp-content\/uploads\/2020\/03\/Carla-Estefan-200x200.jpg 200w, https:\/\/mitsp.org\/2020\/wp-content\/uploads\/2020\/03\/Carla-Estefan-300x300.jpg 300w, https:\/\/mitsp.org\/2020\/wp-content\/uploads\/2020\/03\/Carla-Estefan.jpg 400w\" sizes=\"(max-width: 150px) 100vw, 150px\" \/><\/b><\/h4>\n<h4><b>Carla Estefan (Brazil) \u2013 Metropolitana Gest\u00e3o Cultural<\/b><b><br \/>\n<\/b><\/h4>\n<p>Has been a cultural manager realizing directing the production and diffusion of dozens of shows, associated with important groups and artists in the Brazilian theater scene, involving projects recognized by the most relevant awards and critics in the country. In 2014, he deepened studies on Latin American culture and expanded her work to Ibero-American productions, artistic residencies and their international diffusion.Since then, it collaborates with emerging initiatives for the circulation of Iberian performing arts: it was associated with the <i>Brasil Cena Aberta<\/i> &#8211; SP meeting, an initiative by Sesc SP and Performas for the internationalization of Brazilian performing arts; the Santiago OFF International Festival &#8211; Chile, where she coordinated the <i>Ibero-American Programming Meeting<\/i> for the internationalization of Chilean theater; and in 2018 it was associated with MITsp, for the implementation of the <i>MITbr &#8211; Brazilian Platform<\/i> , the first international showcase of Brazilian performing arts. She devised and coordinated the <i>Iberian Connections<\/i> workshop held at the <i>42nd FITEI<\/i> (PT) and the <i>Latin Connections<\/i> workshop at the <i>18th Festival de La Habana<\/i> (CU), initiatives that bring together Iberian artists and foster international circulation.<\/p>\n<div class=\"fusion-sep-clear\"><\/div><div class=\"fusion-separator fusion-full-width-sep\" style=\"margin-left: auto;margin-right: auto;margin-bottom:30px;width:100%;\"><\/div><div class=\"fusion-sep-clear\"><\/div>\n<h4><b><img class=\"size-thumbnail wp-image-9747 alignleft\" src=\"https:\/\/mitsp.org\/2020\/wp-content\/uploads\/2020\/03\/Carmen-Romero-150x150.jpg\" alt=\"Carmen Romero\" width=\"150\" height=\"150\" srcset=\"https:\/\/mitsp.org\/2020\/wp-content\/uploads\/2020\/03\/Carmen-Romero-66x66.jpg 66w, https:\/\/mitsp.org\/2020\/wp-content\/uploads\/2020\/03\/Carmen-Romero-150x150.jpg 150w, https:\/\/mitsp.org\/2020\/wp-content\/uploads\/2020\/03\/Carmen-Romero-200x200.jpg 200w, https:\/\/mitsp.org\/2020\/wp-content\/uploads\/2020\/03\/Carmen-Romero-300x300.jpg 300w, https:\/\/mitsp.org\/2020\/wp-content\/uploads\/2020\/03\/Carmen-Romero.jpg 400w\" sizes=\"(max-width: 150px) 100vw, 150px\" \/><\/b><\/h4>\n<h4><b>Carmen Romero (Chile) \u2013 Santiago \u00e0 Mil<\/b><\/h4>\n<p>&nbsp;<\/p>\n<p>&nbsp;<\/p>\n<div class=\"fusion-sep-clear\"><\/div><div class=\"fusion-separator fusion-full-width-sep\" style=\"margin-left: auto;margin-right: auto;margin-bottom:30px;width:100%;\"><\/div><div class=\"fusion-sep-clear\"><\/div>\n<h4><img class=\"size-thumbnail wp-image-8584 alignleft\" src=\"https:\/\/mitsp.org\/2020\/wp-content\/uploads\/2020\/02\/13-Cec\u00edlia-Kuska-150x150.jpg\" alt=\"Cec\u00edlia Kuska\" width=\"150\" height=\"150\" srcset=\"https:\/\/mitsp.org\/2020\/wp-content\/uploads\/2020\/02\/13-Cec\u00edlia-Kuska-66x66.jpg 66w, https:\/\/mitsp.org\/2020\/wp-content\/uploads\/2020\/02\/13-Cec\u00edlia-Kuska-150x150.jpg 150w, https:\/\/mitsp.org\/2020\/wp-content\/uploads\/2020\/02\/13-Cec\u00edlia-Kuska-200x200.jpg 200w, https:\/\/mitsp.org\/2020\/wp-content\/uploads\/2020\/02\/13-Cec\u00edlia-Kuska-300x300.jpg 300w, https:\/\/mitsp.org\/2020\/wp-content\/uploads\/2020\/02\/13-Cec\u00edlia-Kuska.jpg 400w\" sizes=\"(max-width: 150px) 100vw, 150px\" \/><\/h4>\n<h4>Cec\u00edlia Kuska (Belgium) \u2013 Proximamente<\/h4>\n<p>Cecilia was born and raised in Buenos Aires (1986). As a cultural manager, is naturally interested in global matters, intercultural exchange and art in all of its manifestations. She works both as a producer and presenter, running from visual arts to performing arts. She is the current Cultural Programming Director of the Buenos Aires Province, Argentinean Coordinator of the Latin American Showcase PROXIMAMENTE (set to take place at KVS \u2013 Brussels City Theater), and Producer and International Manager of Fernando Rubio Projects.<\/p>\n<p><strong>About Proximamente:<\/strong> Generates a new cooperative exhibition model in Europe that allows Latin American artists (emerging or middle-aged mainly) to establish links with the European industry in a close and horizontal manner, and to increase the international circulation of Latin artists, through co-production agreements with potential partners that are, until now, unknown.<\/p>\n<div class=\"fusion-sep-clear\"><\/div><div class=\"fusion-separator fusion-full-width-sep\" style=\"margin-left: auto;margin-right: auto;margin-bottom:30px;width:100%;\"><\/div><div class=\"fusion-sep-clear\"><\/div>\n<h4><b><img class=\"size-thumbnail wp-image-9750 alignleft\" src=\"https:\/\/mitsp.org\/2020\/wp-content\/uploads\/2020\/03\/Celso-Curi-150x150.jpg\" alt=\"Celso Curi\" width=\"150\" height=\"150\" srcset=\"https:\/\/mitsp.org\/2020\/wp-content\/uploads\/2020\/03\/Celso-Curi-66x66.jpg 66w, https:\/\/mitsp.org\/2020\/wp-content\/uploads\/2020\/03\/Celso-Curi-150x150.jpg 150w, https:\/\/mitsp.org\/2020\/wp-content\/uploads\/2020\/03\/Celso-Curi-200x200.jpg 200w, https:\/\/mitsp.org\/2020\/wp-content\/uploads\/2020\/03\/Celso-Curi-300x300.jpg 300w, https:\/\/mitsp.org\/2020\/wp-content\/uploads\/2020\/03\/Celso-Curi.jpg 400w\" sizes=\"(max-width: 150px) 100vw, 150px\" \/><\/b><\/h4>\n<h4><b>Celso Curi (Brazil) \u2013 RESIDE\/FIT Pernambuco<\/b><b><br \/>\n<\/b><\/h4>\n<p>Since 1968 works in the cultural \u00e1rea. He is producer, adviser, journalist and cultural administrator. Executive Director of OFF Cultural Productions.\u00a0 Creator and Editor \u2013 OFF Guia de Teatro &#8211; magazine for theatre and dance. Beside\u00a0 Artistic Director of the Oficina Cultural Oswald de Andrade &#8211; Secretaria da Cultura do Estado de S\u00e3o Paulo (2013 &#8211; 2015). He was Curator of the Theatre Festival of Curitiba, Cena Brasil Internacional Theatre Festival RJ\/SP, FIT &#8211; Theatre Internacional Festival of S\u00e3o Jos\u00e9 do Rio Preto\/SP and Cambio\/Reside\/FIT PE Internacional Festival of Theatre of Pernambuco. Festival de Dramaturgia of Buenos Aires &#8211; Adviser in Brazil of since 2014 President La RED \u2013 Network of Cultural Promoters from Latin America and Caribbean.\u00a0 Programming Consultant PAMS &#8211; Performing Arts Market in Seoul \/ Korea. Member of the Jury of 8\u00ba Festiwal Boska Komedia &#8211; Krakow \/ Poland.<br \/>\n<b><br \/>\n<\/b><b>About RESIDE\/FIT Pernambuco: <\/b>A festival that focuses on the diffusion, formation, and reflection of the theatrical scene through artistic presentations, residences, workshops and meetings to share experiences and knowledge, discuss ideas and creative processes, as well as to strengthen ties of coexistence and stimulate the breakdown of eventual territorial and linguistic barriers.The program emphasizes the diversity of contemporary dramatic expressions and creates a dialogue between the Theater and the City, in the search for a greater rapprochement with the public. It happens in the city of Recife \/ PE. Its 2nd edition will be from 05 to 22 September 2019.<\/p>\n<div class=\"fusion-sep-clear\"><\/div><div class=\"fusion-separator fusion-full-width-sep\" style=\"margin-left: auto;margin-right: auto;margin-bottom:30px;width:100%;\"><\/div><div class=\"fusion-sep-clear\"><\/div>\n<h4><img class=\"size-thumbnail wp-image-8586 alignleft\" src=\"https:\/\/mitsp.org\/2020\/wp-content\/uploads\/2020\/02\/14-Cesar-Augusto-150x150.jpg\" alt=\"Cesar Augusto\" width=\"150\" height=\"150\" srcset=\"https:\/\/mitsp.org\/2020\/wp-content\/uploads\/2020\/02\/14-Cesar-Augusto-66x66.jpg 66w, https:\/\/mitsp.org\/2020\/wp-content\/uploads\/2020\/02\/14-Cesar-Augusto-150x150.jpg 150w, https:\/\/mitsp.org\/2020\/wp-content\/uploads\/2020\/02\/14-Cesar-Augusto-200x200.jpg 200w, https:\/\/mitsp.org\/2020\/wp-content\/uploads\/2020\/02\/14-Cesar-Augusto-300x300.jpg 300w, https:\/\/mitsp.org\/2020\/wp-content\/uploads\/2020\/02\/14-Cesar-Augusto.jpg 400w\" sizes=\"(max-width: 150px) 100vw, 150px\" \/><\/h4>\n<h4>Cesar Augusto (Brazil) \u2013 TEMPO_FESTIVAL<\/h4>\n<p>Cesar Augusto is part of the direction of the TEMPO_FESTIVAL, International Festival of Scenic Arts of Rio de Janeiro since it\u2019s first edition, ten years ago. He is member of the Actors Company, renamed and prestigious group of Brazilian theater since 30 years ago. He was the artistic director of the squat C\u00c2MBIO in the Gl\u00e1ucio Gill Theater and in the Caf\u00e9 Pequeno Theater, spaces related with the municipally and the State of Rio de Janeiro, respectively. He was the curator of scenic arts in Galp\u00e3o Gamboa multidisciplinary space in the porter zone of the city. He was nominated for many awards and in 2017 he won the Theater Producer Association of Rio (APTR) award for the multiplicity of his cultural actions.<\/p>\n<p><strong>About TEMPO_FESTIVAL: <\/strong>Created in 2009, TEMPO_FESTIVAL is the International Festival of Performing Arts in Rio de Janeiro. With each edition, curators and directors Bia Junqueira, Cesar Augusto and M\u00e1rcia Dias offer to the public the possibility of immersion in the universe of the arts, with the intention of establishing a space for the dissemination of knowledge and trends in the performing arts. The festival offers an extremely diverse, high-quality artistic program. The idea is to invest in the innovation of the local and global scene, through a dialogue between artistic manifestations, with emphasis on theater, performance and dance. Invest in \u201ccreation time\u201d &#8211; processes, residences, co-productions and training activities &#8211; and monitor artistic development in all its stages: from thinking to realization.<strong><br \/>\n<\/strong><\/p>\n<div class=\"fusion-sep-clear\"><\/div><div class=\"fusion-separator fusion-full-width-sep\" style=\"margin-left: auto;margin-right: auto;margin-bottom:30px;width:100%;\"><\/div><div class=\"fusion-sep-clear\"><\/div>\n<h4><img class=\"size-thumbnail wp-image-8588 alignleft\" src=\"https:\/\/mitsp.org\/2020\/wp-content\/uploads\/2020\/02\/14.1-Bia-Junqueira-150x150.jpg\" alt=\"Bia Junqueira\" width=\"150\" height=\"150\" srcset=\"https:\/\/mitsp.org\/2020\/wp-content\/uploads\/2020\/02\/14.1-Bia-Junqueira-66x66.jpg 66w, https:\/\/mitsp.org\/2020\/wp-content\/uploads\/2020\/02\/14.1-Bia-Junqueira-150x150.jpg 150w, https:\/\/mitsp.org\/2020\/wp-content\/uploads\/2020\/02\/14.1-Bia-Junqueira-200x200.jpg 200w, https:\/\/mitsp.org\/2020\/wp-content\/uploads\/2020\/02\/14.1-Bia-Junqueira-300x300.jpg 300w, https:\/\/mitsp.org\/2020\/wp-content\/uploads\/2020\/02\/14.1-Bia-Junqueira.jpg 400w\" sizes=\"(max-width: 150px) 100vw, 150px\" \/><\/h4>\n<h4>Bia Junqueira (Brazil) \u2013 TEMPO FESTIVAL<\/h4>\n<p>Is an interdisciplinary artist, curator, art director, consultant and artistic director. She lived 11 years in France, where she worked with big names on the European scene and at the Paris Opera. Since her return she continues to work in performing arts, the audiovisual sector, and exhibitions. She has been received nominations and awards, and represented Brazil in the Prague Quadrennial. In 2016, she received a prize for all of her works. She lectured at the \u00c9cole Sup\u00e9rieure du Spectacle, coordinated and taught courses at the Get\u00falio Vargas Foundation and Funarte, and currently teaches at the International Film Academy (AIC). She participated as mediator of the World Cultural Forum 2004, and of national and international symposiums and forums around curatorship, diffusion, and spaces of creation. Since 2013 she has acted as a judge for the Shell Theater Awards. She is a curator at RIOFESTIV.AL and creator, director-general and curator of riocenacontemporanea and TEMPO_FESTIVAL.<\/p>\n<div class=\"fusion-sep-clear\"><\/div><div class=\"fusion-separator fusion-full-width-sep\" style=\"margin-left: auto;margin-right: auto;margin-bottom:30px;width:100%;\"><\/div><div class=\"fusion-sep-clear\"><\/div>\n<h4><img class=\"size-thumbnail wp-image-8590 alignleft\" src=\"https:\/\/mitsp.org\/2020\/wp-content\/uploads\/2020\/02\/14.2-M\u00e1rcia-Dias-150x150.jpg\" alt=\"M\u00e1rcia Dias\" width=\"150\" height=\"150\" srcset=\"https:\/\/mitsp.org\/2020\/wp-content\/uploads\/2020\/02\/14.2-M\u00e1rcia-Dias-66x66.jpg 66w, https:\/\/mitsp.org\/2020\/wp-content\/uploads\/2020\/02\/14.2-M\u00e1rcia-Dias-150x150.jpg 150w, https:\/\/mitsp.org\/2020\/wp-content\/uploads\/2020\/02\/14.2-M\u00e1rcia-Dias-200x200.jpg 200w, https:\/\/mitsp.org\/2020\/wp-content\/uploads\/2020\/02\/14.2-M\u00e1rcia-Dias-300x300.jpg 300w, https:\/\/mitsp.org\/2020\/wp-content\/uploads\/2020\/02\/14.2-M\u00e1rcia-Dias.jpg 400w\" sizes=\"(max-width: 150px) 100vw, 150px\" \/><\/h4>\n<h4>M\u00e1rcia Dias (Brazil) \u2013 TEMPO FESTIVAL<\/h4>\n<p>M\u00e1rcia Dias is a reference in the \u200b\u200bcultural production in Brazil. She received several awards for best production (APCA, APTR, Mambembe, Moli\u00e8re, Sharp and Shell). Director of Buenos Dias Projects and Cultural Production. She is specialist in Cultural Incentive Laws and cultural management. Creator, directorl and curator of Rio Cena Contempor\u00e2nea and TEMPO_FESTIVAL. She participated in the curatorial commission of the FRINJE &#8211; Festival of Performing Arts in Madrid, in 2016. She created the WebCultural System, focused on the management of encouraged projects.<\/p>\n<div class=\"fusion-sep-clear\"><\/div><div class=\"fusion-separator fusion-full-width-sep\" style=\"margin-left: auto;margin-right: auto;margin-bottom:30px;width:100%;\"><\/div><div class=\"fusion-sep-clear\"><\/div>\n<h4><img class=\"alignleft wp-image-8592 size-thumbnail\" title=\"Christophe Slagmuylder\" src=\"https:\/\/mitsp.org\/2020\/wp-content\/uploads\/2020\/02\/15-Christophe-Slagmuylder-150x150.jpg\" alt=\"Christophe Slagmuylder\" width=\"150\" height=\"150\" srcset=\"https:\/\/mitsp.org\/2020\/wp-content\/uploads\/2020\/02\/15-Christophe-Slagmuylder-66x66.jpg 66w, https:\/\/mitsp.org\/2020\/wp-content\/uploads\/2020\/02\/15-Christophe-Slagmuylder-150x150.jpg 150w, https:\/\/mitsp.org\/2020\/wp-content\/uploads\/2020\/02\/15-Christophe-Slagmuylder-200x200.jpg 200w, https:\/\/mitsp.org\/2020\/wp-content\/uploads\/2020\/02\/15-Christophe-Slagmuylder-300x300.jpg 300w, https:\/\/mitsp.org\/2020\/wp-content\/uploads\/2020\/02\/15-Christophe-Slagmuylder.jpg 400w\" sizes=\"(max-width: 150px) 100vw, 150px\" \/><\/h4>\n<h4>Christophe Slagmuylder (Austria) \u2013 Wiener Festwochen<\/h4>\n<p>CHRISTOPHE SLAGMUYLDER is graduated in Art History (contemporary art) at the Universit\u00e9 Libre de Bruxelles (ULB). He started his career as a teacher of visual theory at La Cambre, the \u00c9cole Nationale Sup\u00e9rieure des Arts Visuels (ENSAV) in Brussels. Since 1994, while keeping teaching positions, he has been involved in the performing arts, working for Brussels based artists and art houses, first in the production, then in the programming. In 2002, he joined the programming team of the Kunstenfestivaldesarts.<\/p>\n<p>From 2007 to 2018 Slagmuylder has been General and Artistic Director of the Kunstenfestivaldesarts, one of the most groundbreaking festivals in Europe, dedicated to the multidisciplinary and international contemporary arts. Under his direction, the festival was leader of NXTSTP, a European programme intended to increase international co-productions. Besides this position, Slagmuylder regularly takes part in several working groups, committees, seminars and jury\u2019s. He\u2019s been awarded with the title of Chevalier des Arts et des Lettres of the French Republic. In October 2018, he received the prestigious Prix de la Critique together with Kunstenfestivaldesarts\u2019 former artistic director Frie Leysen. Christophe Slagmuylder was interim Artistic Director of the Wiener Festwochen 2019 and designated Artistic Director of the Wiener Festwochen 2020-2024.<\/p>\n<p><strong>About Wiener Festwochen:<\/strong> The Wiener Festwochen are combining theatre, performance, dance, music, fine arts, installation, discourse, participation, workshops, and new art forms that cannot yet be categorised. It is a space for multidisciplinary creation that is visionary while being aware of the history, that is international while anchored in the city, that opens fruitful dialogues between well established artists and emerging figures\u2013and between the audiences.<\/p>\n<p>The Festival commissions, initiates and accompanies artistic visions that are engaged with this time, in this world. Visions and works capable of taking people out of their comfort zones, which summons the imagination, explores unfamiliar terrain, sometimes at the risk of losing certainties. Visions and works that favour diversity and nuance, openness and curiosity for what appears to be foreign and unknown.<\/p>\n<div class=\"fusion-sep-clear\"><\/div><div class=\"fusion-separator fusion-full-width-sep\" style=\"margin-left: auto;margin-right: auto;margin-bottom:30px;width:100%;\"><\/div><div class=\"fusion-sep-clear\"><\/div>\n<h4><b><img class=\"size-thumbnail wp-image-9752 alignleft\" src=\"https:\/\/mitsp.org\/2020\/wp-content\/uploads\/2020\/03\/Cynthia-Margareth-150x150.jpg\" alt=\"Cynthia Margareth\" width=\"150\" height=\"150\" srcset=\"https:\/\/mitsp.org\/2020\/wp-content\/uploads\/2020\/03\/Cynthia-Margareth-66x66.jpg 66w, https:\/\/mitsp.org\/2020\/wp-content\/uploads\/2020\/03\/Cynthia-Margareth-150x150.jpg 150w, https:\/\/mitsp.org\/2020\/wp-content\/uploads\/2020\/03\/Cynthia-Margareth-200x200.jpg 200w, https:\/\/mitsp.org\/2020\/wp-content\/uploads\/2020\/03\/Cynthia-Margareth-300x300.jpg 300w, https:\/\/mitsp.org\/2020\/wp-content\/uploads\/2020\/03\/Cynthia-Margareth.jpg 400w\" sizes=\"(max-width: 150px) 100vw, 150px\" \/>Cynthia Margareth\u00a0 (Brasil) \u2013 Aflorar Cultura<\/b><b><br \/>\n<\/b><\/h4>\n<p>Cynthia Margareth \u00e9 fundadora da AFLORAR CULTURA, atriz, gestora cultural, curadora do FEVERESTIVAL (Festival Internacional de Teatro de Campinas) e colaboradora do FIMC (Festival Internacional de M\u00e1scaras do Cariri).\u00a0H\u00e1 10 anos oferece capacita\u00e7\u00e3o em produ\u00e7\u00e3o cultural e durante 14 anos foi coordenadora de produ\u00e7\u00e3o do LUME Teatro, na UNICAMP.\u00a0Coordenou, tamb\u00e9m, grandes projetos como o espet\u00e1culo multim\u00eddia \u201cPerch\u201d, com grupos do Brasil, Esc\u00f3cia e Austr\u00e1lia.<\/p>\n<p><b>Sobre o Aflorar Cultura: <\/b>Com o olhar voltado para a produ\u00e7\u00e3o, eixo criativo, a\u00e7\u00f5es colaborativas e em redes, o instituto promove a\u00e7\u00f5es de fomento ao mercado cultural. Seja atrav\u00e9s de a\u00e7\u00f5es formativas como palestras, cursos, resid\u00eancias em produ\u00e7\u00e3o e assessoria para grupos art\u00edsticos, ou na gest\u00e3o de projetos e promo\u00e7\u00e3o de encontros entre espa\u00e7os, obras e artistas. O intuito \u00e9 retratar a diversidade do Brasil, aflorando os elos existentes entre as diversas regi\u00f5es do pa\u00eds.\u00a0Em um tempo que tem se mostrado t\u00e3o cinzento, buscamos estrat\u00e9gias para colorir um pouco o mundo e criar sustentabilidade, tanto para nossas a\u00e7\u00f5es, como para os que est\u00e3o a nossa volta.<\/p>\n<div class=\"fusion-sep-clear\"><\/div><div class=\"fusion-separator fusion-full-width-sep\" style=\"margin-left: auto;margin-right: auto;margin-bottom:30px;width:100%;\"><\/div><div class=\"fusion-sep-clear\"><\/div>\n<h4><img class=\"size-thumbnail wp-image-8599 alignleft\" src=\"https:\/\/mitsp.org\/2020\/wp-content\/uploads\/2020\/02\/18-Dagmara-Gumkowska-150x150.jpg\" alt=\"Dagmara Gumkovska\" width=\"150\" height=\"150\" srcset=\"https:\/\/mitsp.org\/2020\/wp-content\/uploads\/2020\/02\/18-Dagmara-Gumkowska-66x66.jpg 66w, https:\/\/mitsp.org\/2020\/wp-content\/uploads\/2020\/02\/18-Dagmara-Gumkowska-150x150.jpg 150w, https:\/\/mitsp.org\/2020\/wp-content\/uploads\/2020\/02\/18-Dagmara-Gumkowska-200x200.jpg 200w, https:\/\/mitsp.org\/2020\/wp-content\/uploads\/2020\/02\/18-Dagmara-Gumkowska-300x300.jpg 300w, https:\/\/mitsp.org\/2020\/wp-content\/uploads\/2020\/02\/18-Dagmara-Gumkowska.jpg 400w\" sizes=\"(max-width: 150px) 100vw, 150px\" \/><\/h4>\n<h4>Dagmara Gumkovska (Poland) \u2013 Teatr Slaski<\/h4>\n<p>Programmer, promoter, impresario, arts and cultural events manager and fundraiser, experienced and involved over time in PR and marketing activities and in numerous educational projects. For many years (till March 2017) The TEATROMANIA International Festival Artistic Director and the Chief Specialist in Cultural Projects Organisation at The Bytom Centre of Culture (Bytomskie Centrum Kultury). Author and coordinator of the HartOFFanie Teatrem (Strengthening by Theatre) project \u2013 series of presentations of performances by independent theatre companies organised in the years 2003-2016. Author and curator of the Art\/Knowing\/Action project implemented under the programme supported by the EEA Grants in the years 2014-2016. Coordinator of Polish Dance Network in the pilotage season 2017\/2018.<\/p>\n<p>Since June 2017 Manager for International Cooperation &amp; Impresario at Teatr \u015al\u0105ski (Silesia Theatre) in Katowice. Programme curator of Open the Door International Festival organised by the Silesia Theatre (the first edition of the Festival was organised in September 2018).<\/p>\n<p>Member of the artistic board of KONTRAPUNKT Theatre Festival in Szczecin \/ Poland (since autumn 2017).<\/p>\n<p><strong>About Teatr Slaski:<\/strong> Silesia Theatre (Teatr \u015al\u0105ski) in Katowice is the largest drama stage in Upper Silesia. It has four stages of various capacities and programme formula. There are works of Polish and world classic and modern drama, devised works, guest performances (from Poland and abroad ) of various styles and genres, performances for young people and children, concerts, interdisciplinary events presented. Different artistic forms and musical presentations help broaden the artistic offer. In recent years theatre has been expanding its international activities, developing its international programme, aiming to make new contact, it is open to international collaborations and projects. In the year 2018 the company started a new project: Open the Door International Festival. It is open to various forms of theatre, showing its diversity &#8211; modern, experimental and traditional styles and various genres. It is planned as an inclusive event, including works of disable artists, and artists from disadvantaged social groups. The festival ia an annual project (first edition: 21-30 September 2018, last year: 20-29th of September).<\/p>\n<div class=\"fusion-sep-clear\"><\/div><div class=\"fusion-separator fusion-full-width-sep\" style=\"margin-left: auto;margin-right: auto;margin-bottom:30px;width:100%;\"><\/div><div class=\"fusion-sep-clear\"><\/div>\n<h4><img class=\"size-thumbnail wp-image-8601 alignleft\" src=\"https:\/\/mitsp.org\/2020\/wp-content\/uploads\/2020\/02\/19-Dane-de-Jade-150x150.jpg\" alt=\"Dane de Jade\" width=\"150\" height=\"150\" srcset=\"https:\/\/mitsp.org\/2020\/wp-content\/uploads\/2020\/02\/19-Dane-de-Jade-66x66.jpg 66w, https:\/\/mitsp.org\/2020\/wp-content\/uploads\/2020\/02\/19-Dane-de-Jade-150x150.jpg 150w, https:\/\/mitsp.org\/2020\/wp-content\/uploads\/2020\/02\/19-Dane-de-Jade-200x200.jpg 200w, https:\/\/mitsp.org\/2020\/wp-content\/uploads\/2020\/02\/19-Dane-de-Jade-300x300.jpg 300w, https:\/\/mitsp.org\/2020\/wp-content\/uploads\/2020\/02\/19-Dane-de-Jade.jpg 400w\" sizes=\"(max-width: 150px) 100vw, 150px\" \/><\/h4>\n<h4>Dane de Jade (Brazil) \u2013 FIMC: Festival de M\u00e1scaras de Cariri<\/h4>\n<p>Graduated on Literature from the University of Cear\u00e1, master thesis on Linguistic and Phd on Experimental Phonetics from the University Paris VII, Sorbonne-Jussieu. From 1989 until 2001, he used to teach at Federal University of Cear\u00e1 and he was teacher and cultural producer at Alian\u00e7a Francesa Cear\u00e1. He is also an actor and a dancer, he worked with many important names such as Graziela Figueroa, Ademar Dornelles (Ensaio Teatro e Dan\u00e7a), Ary Pararaios, Hugo Rodas, Maura Baiochi. He was the founder and director of Cear\u00e1 International Biennial of Dance. Nowadays, he is the president and director of the Industry of Dane ltda. Member and founder of the Brazilian \u00a0Circuit of International festivals of Dance in Brazil with Nayse Lopes, \u00a0Adriana Banana and Arnaldo Siqueira.<\/p>\n<p><strong>About FIMC:<\/strong><\/p>\n<div class=\"fusion-sep-clear\"><\/div><div class=\"fusion-separator fusion-full-width-sep\" style=\"margin-left: auto;margin-right: auto;margin-bottom:30px;width:100%;\"><\/div><div class=\"fusion-sep-clear\"><\/div>\n<h4><strong><img class=\"size-thumbnail wp-image-9754 alignleft\" src=\"https:\/\/mitsp.org\/2020\/wp-content\/uploads\/2020\/03\/David-Linhares-150x150.jpg\" alt=\"David Linhares\" width=\"150\" height=\"150\" srcset=\"https:\/\/mitsp.org\/2020\/wp-content\/uploads\/2020\/03\/David-Linhares-66x66.jpg 66w, https:\/\/mitsp.org\/2020\/wp-content\/uploads\/2020\/03\/David-Linhares-150x150.jpg 150w, https:\/\/mitsp.org\/2020\/wp-content\/uploads\/2020\/03\/David-Linhares-200x200.jpg 200w, https:\/\/mitsp.org\/2020\/wp-content\/uploads\/2020\/03\/David-Linhares-300x300.jpg 300w, https:\/\/mitsp.org\/2020\/wp-content\/uploads\/2020\/03\/David-Linhares.jpg 400w\" sizes=\"(max-width: 150px) 100vw, 150px\" \/><\/strong><\/h4>\n<h4>David Linhares (Brazil) \u2013 Bienal Internacional de Dan\u00e7a do Cear\u00e1<\/h4>\n<p><strong>About Bienal Int. de Dan\u00e7a do Cear\u00e1: <\/strong>In 1997 the Cear\u00e1 International Dance Biennial had it\u2019s first edition. After two decades, it is a fact that this event was a big step on the history of the dance in Cear\u00e1, which is today one of the most important dance and performing art festivals in Latin America. This year, Cear\u00e1 International Dance Biennial goes to it\u2019s 12th edition, celebrating 22 years.<\/p>\n<p>&nbsp;<\/p>\n<div class=\"fusion-sep-clear\"><\/div><div class=\"fusion-separator fusion-full-width-sep\" style=\"margin-left: auto;margin-right: auto;margin-bottom:30px;width:100%;\"><\/div><div class=\"fusion-sep-clear\"><\/div>\n<h4><b><img class=\"size-thumbnail wp-image-9756 alignleft\" src=\"https:\/\/mitsp.org\/2020\/wp-content\/uploads\/2020\/03\/William-Pereira-Monte-150x150.jpg\" alt=\"William Pereira Monte\" width=\"150\" height=\"150\" srcset=\"https:\/\/mitsp.org\/2020\/wp-content\/uploads\/2020\/03\/William-Pereira-Monte-66x66.jpg 66w, https:\/\/mitsp.org\/2020\/wp-content\/uploads\/2020\/03\/William-Pereira-Monte-150x150.jpg 150w, https:\/\/mitsp.org\/2020\/wp-content\/uploads\/2020\/03\/William-Pereira-Monte-200x200.jpg 200w, https:\/\/mitsp.org\/2020\/wp-content\/uploads\/2020\/03\/William-Pereira-Monte-300x300.jpg 300w, https:\/\/mitsp.org\/2020\/wp-content\/uploads\/2020\/03\/William-Pereira-Monte.jpg 400w\" sizes=\"(max-width: 150px) 100vw, 150px\" \/><\/b><\/h4>\n<h4><b>William Pereira Monte (Brazil) \u2013 Bienal Internacional de Dan\u00e7a do Cear\u00e1<\/b><\/h4>\n<p>Willian Pereira Monte is 29 years old. He is an actor, he is graduated on Dance and Sociology. He performs in the city of Fortaleza, he participates at the Experimental Center of Movements (CEM) since 2006 until 2013 and at <i>No barraco da Const\u00e2ncia tem!. <\/i>Since 2014, where he has being developing important works such as Piragem etnogr\u00e1fica do complexo (2013), Rara (2017) e Coververxion (2018). He participates since 2015 of the direction of the Association Prodan\u00e7a composed by dancers, dance teachers and choreographers, which he is the actual president. In 2017 the created the Beginners Course of Contemporary Dance CIDC, where he is the pedagogic coordinator. When he was a curator, he worked at Porto Drag\u00e3o HUB to the event <i>Pequenos Trabalhos N\u00e3o S\u00e3o Trabalhos Pequenos <\/i>\u00a0he also participates at the curatorship of the International Biennial of Cear\u00e1.<\/p>\n<div class=\"fusion-sep-clear\"><\/div><div class=\"fusion-separator fusion-full-width-sep\" style=\"margin-left: auto;margin-right: auto;margin-bottom:30px;width:100%;\"><\/div><div class=\"fusion-sep-clear\"><\/div>\n<h4><img class=\"size-thumbnail wp-image-8603 alignleft\" src=\"https:\/\/mitsp.org\/2020\/wp-content\/uploads\/2020\/02\/21-David-Cabecinha-150x150.jpg\" alt=\"David Cabecinha\" width=\"150\" height=\"150\" srcset=\"https:\/\/mitsp.org\/2020\/wp-content\/uploads\/2020\/02\/21-David-Cabecinha-66x66.jpg 66w, https:\/\/mitsp.org\/2020\/wp-content\/uploads\/2020\/02\/21-David-Cabecinha-150x150.jpg 150w, https:\/\/mitsp.org\/2020\/wp-content\/uploads\/2020\/02\/21-David-Cabecinha-200x200.jpg 200w, https:\/\/mitsp.org\/2020\/wp-content\/uploads\/2020\/02\/21-David-Cabecinha-300x300.jpg 300w, https:\/\/mitsp.org\/2020\/wp-content\/uploads\/2020\/02\/21-David-Cabecinha.jpg 400w\" sizes=\"(max-width: 150px) 100vw, 150px\" \/><\/h4>\n<h4>David Cabecinha (Portugal) \u2013 Alkantara Festival<\/h4>\n<p>David Cabecinha (b. 1987) is the co-artistic director of Alkantara, a performing arts organisation and festival based in Lisbon, Portugal. He is a graduate of the Lisbon Film and Theatre School, where he studied acting. He has worked regularly in the performing arts field since 2008, with Portuguese theatre companies Mala Voadora and Teatro da Garagem, and artists such as Jo\u00e3o dos Santos Martins and Rita Nat\u00e1lio. He has also worked regularly in film with the director Jorge J\u00e1come, as co-script writer, actor, producer and director\u2019s assistant. In 2016, he directed the Lisbon festival Temps d\u2019Images. He joined the Alkantara Festival team in 2018, as programming assistant.<\/p>\n<p><strong>About Alkantara Festival:<\/strong> For more than 25 years, Alkantara has promoted and developed projects in the performing arts, in Lisbon and abroad, that look beyond political, artistic and disciplinary borders. In Alkantara Festival an international programme of theatre, dance, performance and other events are presented, instigating conversations about contemporary artistic practices in relation to the issues of today. Like its predecessor Dan\u00e7as na Cidade (1993-2004), the festival coproduces and presents Portuguese artists of different generations and is an important meeting place for arts professionals. The next Alkantara Festival will take place in 2020. In Espa\u00e7o Alkantara, throughout the year, Alkanrara promotes a residency programme, workshops, and other public events. Since July 2018, Alkantara\u2019s artistic directors are Carla Nobre Sousa and David Cabecinha.<\/p>\n<div class=\"fusion-sep-clear\"><\/div><div class=\"fusion-separator fusion-full-width-sep\" style=\"margin-left: auto;margin-right: auto;margin-bottom:30px;width:100%;\"><\/div><div class=\"fusion-sep-clear\"><\/div>\n<h4><img class=\"size-thumbnail wp-image-8605 alignleft\" src=\"https:\/\/mitsp.org\/2020\/wp-content\/uploads\/2020\/02\/22-Dries-Douibi-150x150.jpg\" alt=\"Dries Douibi\" width=\"150\" height=\"150\" srcset=\"https:\/\/mitsp.org\/2020\/wp-content\/uploads\/2020\/02\/22-Dries-Douibi-66x66.jpg 66w, https:\/\/mitsp.org\/2020\/wp-content\/uploads\/2020\/02\/22-Dries-Douibi-150x150.jpg 150w, https:\/\/mitsp.org\/2020\/wp-content\/uploads\/2020\/02\/22-Dries-Douibi-200x200.jpg 200w, https:\/\/mitsp.org\/2020\/wp-content\/uploads\/2020\/02\/22-Dries-Douibi-300x300.jpg 300w, https:\/\/mitsp.org\/2020\/wp-content\/uploads\/2020\/02\/22-Dries-Douibi.jpg 400w\" sizes=\"(max-width: 150px) 100vw, 150px\" \/><\/h4>\n<h4>Dries Douibi (Belgium) \u2013 Kunstenfestivaldesarts<\/h4>\n<p>Dries Doubi (1990, Sint-Niklaas) has Belgian-Algerian nationality and lives and works in Brussels. He studied visual arts at the Royal Academy of Fine Arts (KASK) in Ghent and followed the preparatory program for Master in Philosophy at the Vrije Universiteit Brussel (VUB). Since 2017 he has been the performing arts programmer at the Beursschouwburg (Brussels), where he conceptualizes and organizes focused programs and mini-festivals (The Future is Feminist, Mind The Gap, Poetic Practices). Since 2012 he has been co-programmer and curator of the B\u00e2tard Festival, supporting young European creators in their artistic development. In recent years he was involved in numerous artistic projects and productions, both as a curator (Lesfest, INFINI 1-15) and as a dramaturge (In Many Hands \u2013 Kate McIntosh, Mikado Remix \u2013 Louis Vanhaverbeke, Cuckoo \u2013 Jaha Koo).<\/p>\n<p><strong>About Kunstenfestivaldesarts:<\/strong> The Kunstenfestivaldesarts is an international arts festival dedicated to\u00a0contemporary creations: theatre, dance, performance, film, and visual arts. It takes place in May of every year and lasts for three weeks, with presentations in some 20 theaters and arts centres, as well as in public spaces throughout Brussels. The Kunstenfestivaldesarts comprises a selection of artistic works created by\u00a0Belgian and international artists: remarkable new projects that translate the artists\u2019 personal visions of the world, communicating them to audiences prepared to challenge and broaden their perspectives. The Kunstenfestivaldesarts is a\u00a0cosmopolitan city festival. Part of a complex network of communities, it serves to increase the porosity of territorial, linguistic, and cultural divides. The city is an environment par excellence in which to experience such a multifarious event. The Kunstenfestivaldesarts happens in Brussels, the only city in Belgium inhabited by the country\u2019s two largest language communities. Several Flemish and French-speaking institutions are involved in the project. Fundamentally conceived as a bilingual undertaking, the festival contributes to encouraging\u00a0dialogue. The Kunstenfestivaldesarts also runs a series of\u00a0encounters\u00a0and workshops alongside its program that are aimed at putting this artistic project at the heart of the city, inspiring the people who live there.<\/p>\n<div class=\"fusion-sep-clear\"><\/div><div class=\"fusion-separator fusion-full-width-sep\" style=\"margin-left: auto;margin-right: auto;margin-bottom:30px;width:100%;\"><\/div><div class=\"fusion-sep-clear\"><\/div>\n<h4><img class=\"size-thumbnail wp-image-8607 alignleft\" src=\"https:\/\/mitsp.org\/2020\/wp-content\/uploads\/2020\/02\/23-Emmanuelle-Stevan-150x150.jpg\" alt=\"Emmanuelle Stevan\" width=\"150\" height=\"150\" srcset=\"https:\/\/mitsp.org\/2020\/wp-content\/uploads\/2020\/02\/23-Emmanuelle-Stevan-66x66.jpg 66w, https:\/\/mitsp.org\/2020\/wp-content\/uploads\/2020\/02\/23-Emmanuelle-Stevan-150x150.jpg 150w, https:\/\/mitsp.org\/2020\/wp-content\/uploads\/2020\/02\/23-Emmanuelle-Stevan-200x200.jpg 200w, https:\/\/mitsp.org\/2020\/wp-content\/uploads\/2020\/02\/23-Emmanuelle-Stevan-300x300.jpg 300w, https:\/\/mitsp.org\/2020\/wp-content\/uploads\/2020\/02\/23-Emmanuelle-Stevan.jpg 400w\" sizes=\"(max-width: 150px) 100vw, 150px\" \/><\/h4>\n<h4>Emmanuelle Stevan (Switzerland) \u2013 Th\u00e9\u00e2tre Saint Gervais<\/h4>\n<p>Artistic advisor, expert in cultural production, communication specialist<\/p>\n<p><strong>About Th\u00e9\u00e2tre Saint Gervais:<\/strong> The theater is a nine-storey building in the heart of the city where Swiss and international talents blend. A place dedicated to research, rehearsals, installations, performances, film and visual arts. Consolidated artists or in formation compose the programming of more than thirty shows, creations and tours. The artistic identity of the place is open to the different forms of contemporary theatre, always risking and innovating.<\/p>\n<div class=\"fusion-sep-clear\"><\/div><div class=\"fusion-separator fusion-full-width-sep\" style=\"margin-left: auto;margin-right: auto;margin-bottom:30px;width:100%;\"><\/div><div class=\"fusion-sep-clear\"><\/div>\n<h4><img class=\"size-thumbnail wp-image-8609 alignleft\" src=\"https:\/\/mitsp.org\/2020\/wp-content\/uploads\/2020\/02\/24-Fanny-Bertin-150x150.jpg\" alt=\"Fanny Bertin\" width=\"150\" height=\"150\" srcset=\"https:\/\/mitsp.org\/2020\/wp-content\/uploads\/2020\/02\/24-Fanny-Bertin-66x66.jpg 66w, https:\/\/mitsp.org\/2020\/wp-content\/uploads\/2020\/02\/24-Fanny-Bertin-150x150.jpg 150w, https:\/\/mitsp.org\/2020\/wp-content\/uploads\/2020\/02\/24-Fanny-Bertin-200x200.jpg 200w, https:\/\/mitsp.org\/2020\/wp-content\/uploads\/2020\/02\/24-Fanny-Bertin-300x300.jpg 300w, https:\/\/mitsp.org\/2020\/wp-content\/uploads\/2020\/02\/24-Fanny-Bertin.jpg 400w\" sizes=\"(max-width: 150px) 100vw, 150px\" \/> Fanny Bertin (France) \u2013 Maison des Arts de Cr\u00e9teil<\/h4>\n<p>My professional project is nourished by my career of nearly twenty-five years within the Maison des Arts de Cr\u00e9teil (MAC), Sc\u00e8ne Nationale, a pole of artistic and cultural influence in the regional, national and international landscape. From the young hostess in my university years to the presenter in charge of the young audience season for 10 years, it is on the strength of this path of work, emancipation and convictions that I approach my current responsibilities in the construction of the general artistic program.<br \/>\nMy ambition is to build alongside Jos\u00e9 Montalvo a committed and responsible artistic project, for the benefit of each and everyone. In view of the contemporary challenges of recognition and construction of an updated individual identity, of an imaginary world, of a community, it is urgent to work towards a wider cultural secularism, respectful of the diversity of cultural expressions. This secularism is based on the recognition and strengthening of cultural rights and participation in the cultural life of each individual.<\/p>\n<p><strong>About Maison des Arts de Cr\u00e9teil:<\/strong> The Maison des Arts de Cr\u00e9teil is geographically located 8 km from the Notre Dame de Paris Cathedral and administratively in le Grand Paris.<\/p>\n<p>Jos\u00e9 Montalvo, director since September 2016 of the Maison des Arts, Sc\u00e8ne Nationale de Cr\u00e9teil, pursues a demanding and open multidisciplinary production and distribution policy. He is also infusing new life into the place, permanently inscribing the work of creation and research. In addition to the artists associated for three seasons such as the choreographer Kaori Ito, the Maison des Arts accompanies French and foreign artists in development both in their artistic work and in their administrative structuring. Each season, 45 shows are presented, including 8 to 12 co-productions and productions, for a total of 160 performances that bring together 90,000 spectators, including nearly 32,000 are under the age of 18.<\/p>\n<div class=\"fusion-sep-clear\"><\/div><div class=\"fusion-separator fusion-full-width-sep\" style=\"margin-left: auto;margin-right: auto;margin-bottom:30px;width:100%;\"><\/div><div class=\"fusion-sep-clear\"><\/div>\n<h4><img class=\"size-thumbnail wp-image-8613 alignleft\" src=\"https:\/\/mitsp.org\/2020\/wp-content\/uploads\/2020\/02\/26-Felipe-de-Assis-150x150.jpg\" alt=\"Felipe de Assis\" width=\"150\" height=\"150\" srcset=\"https:\/\/mitsp.org\/2020\/wp-content\/uploads\/2020\/02\/26-Felipe-de-Assis-66x66.jpg 66w, https:\/\/mitsp.org\/2020\/wp-content\/uploads\/2020\/02\/26-Felipe-de-Assis-150x150.jpg 150w, https:\/\/mitsp.org\/2020\/wp-content\/uploads\/2020\/02\/26-Felipe-de-Assis-200x200.jpg 200w, https:\/\/mitsp.org\/2020\/wp-content\/uploads\/2020\/02\/26-Felipe-de-Assis-300x300.jpg 300w, https:\/\/mitsp.org\/2020\/wp-content\/uploads\/2020\/02\/26-Felipe-de-Assis.jpg 400w\" sizes=\"(max-width: 150px) 100vw, 150px\" \/><\/h4>\n<h4>Felipe de Assis (Brazil) \u2013 FIAC Bahia<\/h4>\n<p>Felipe de Assis is a stage artist, producer, researcher and curator. As curator he participated in the selection committee of the Ita\u00fa Cultural\u2019 Rumos Program (2017\/2018), Oi Futuro Notice (2017\/2018), MITbr, curatorship related to the S\u00e3o Paulo International Theater Festival \u2013 MITsp (2018\/2019), and MEXE Encontro Internacional de Arte e Comunidade 2019, Portugal, among other Brazilian festivals. He holds a Master degree in performing arts from the Federal University of Bahia \u2013 UFBA Theater School. He is co-creator of the Bahia International Performing Arts Festival \u2013 FIAC Bahia, in which he still works as general coordinator and curator since 2008.<\/p>\n<p><strong>About FIAC:<\/strong> FIAC seeks to create context for works and environments in which the public and artists share their multiple translations horizontally. The event is a laboratory of innovation and experimentation in the field of the arts. Its singularity is expressed by its connection with artistic practices and actions of cultural mediation. On to its 13th edition in 2020, it has consolidated itself as one of the most important festivals of the Brazilian genre, having already presented in Salvador more than 200 shows, international, national and local alike, across artistic genres of theater, dance, performance and urban intervention. All in all, it promoted the presentation of works from more than 18 countries with different socio-cultural contexts, some with a production in performing arts that rarely circulates in Brazil, such as Iran, Serbia, Congo and South Africa. In addition to the show, FIAC Bahia has also developed training activities such as workshops, debates, critical actions, cultural mediations and publications, as well as an International Seminar on Curation and Mediation in Performing Arts, in its last five editions.<\/p>\n<div class=\"fusion-sep-clear\"><\/div><div class=\"fusion-separator fusion-full-width-sep\" style=\"margin-left: auto;margin-right: auto;margin-bottom:30px;width:100%;\"><\/div><div class=\"fusion-sep-clear\"><\/div>\n<h4><img class=\"size-thumbnail wp-image-8615 alignleft\" src=\"https:\/\/mitsp.org\/2020\/wp-content\/uploads\/2020\/02\/27-Fernando-Zugno-150x150.jpg\" alt=\"Fernando Zugno\" width=\"150\" height=\"150\" srcset=\"https:\/\/mitsp.org\/2020\/wp-content\/uploads\/2020\/02\/27-Fernando-Zugno-66x66.jpg 66w, https:\/\/mitsp.org\/2020\/wp-content\/uploads\/2020\/02\/27-Fernando-Zugno-150x150.jpg 150w, https:\/\/mitsp.org\/2020\/wp-content\/uploads\/2020\/02\/27-Fernando-Zugno-200x200.jpg 200w, https:\/\/mitsp.org\/2020\/wp-content\/uploads\/2020\/02\/27-Fernando-Zugno-300x300.jpg 300w, https:\/\/mitsp.org\/2020\/wp-content\/uploads\/2020\/02\/27-Fernando-Zugno.jpg 400w\" sizes=\"(max-width: 150px) 100vw, 150px\" \/><\/h4>\n<h4>Fernando Zugno (Brazil) \u2013 Porto Alegre em Cena<\/h4>\n<p>Actor, cultural producer and theater director. He is general director and curator of the International Festival of Performing Arts, Porto Alegra em Cena. He developed several projects and events in the city of Porto Alegre and the metropolitan region and collaborates with Brazilian performing arts institutions and festivals.<\/p>\n<p><strong>About Porto Alegre em Cena: <\/strong>One of the major international festivals in Brazil that placed the city of Porto Alegre in the circulation map of the leading artists and performing arts companies in Brazil and the world. With a program of approximately 40 shows and several training activities. the festival has been moving the city continuously for 27 years, always in September.<\/p>\n<div class=\"fusion-sep-clear\"><\/div><div class=\"fusion-separator fusion-full-width-sep\" style=\"margin-left: auto;margin-right: auto;margin-bottom:30px;width:100%;\"><\/div><div class=\"fusion-sep-clear\"><\/div>\n<p>&nbsp;<\/p>\n<h4><img class=\"size-thumbnail wp-image-8617 alignleft\" src=\"https:\/\/mitsp.org\/2020\/wp-content\/uploads\/2020\/02\/30-Franco-Boni-150x150.jpg\" alt=\"Franco Boni\" width=\"150\" height=\"150\" srcset=\"https:\/\/mitsp.org\/2020\/wp-content\/uploads\/2020\/02\/30-Franco-Boni-66x66.jpg 66w, https:\/\/mitsp.org\/2020\/wp-content\/uploads\/2020\/02\/30-Franco-Boni-150x150.jpg 150w, https:\/\/mitsp.org\/2020\/wp-content\/uploads\/2020\/02\/30-Franco-Boni-200x200.jpg 200w, https:\/\/mitsp.org\/2020\/wp-content\/uploads\/2020\/02\/30-Franco-Boni-300x300.jpg 300w, https:\/\/mitsp.org\/2020\/wp-content\/uploads\/2020\/02\/30-Franco-Boni.jpg 400w\" sizes=\"(max-width: 150px) 100vw, 150px\" \/><\/h4>\n<h4>Franco Boni (Canada) \u2013 PuSh Festival<\/h4>\n<p>Franco Boni is the newly appointed Artistic and Executive Director of the PuSh International Performing Arts Festival in Vancouver. Prior to this, he served as Artistic Director of The Theatre Centre in Toronto for sixteen years. Franco has also served as Festival Director of the Rhubarb Festival at Buddies in Bad Times Theatre and Artistic Producer of the SummerWorks Theatre Festival. He is a recognized cultural innovator, facilitator and community builder. Recent directing credits include Prophecy Fog by Jani Lauzon and Sea Sick by Alanna Mitchell, which has toured extensively and will have a run at the National Theatre in London in April 2020. He was awarded the Rita Davies Cultural Leadership Award, for outstanding leadership in the development of arts and culture in the City of Toronto, and in 2013 he received the George Luscombe Award for Mentorship.<\/p>\n<p><strong>About PuSh Festival:<\/strong> The PuSh International Performing Arts Festival is one of Vancouver\u2019s signature events. Produced over three weeks each January, the Festival showcases acclaimed international, Canadian and local artists and mixes them together with an alchemy that inspires audiences, rejuvenates artists, stimulates the industry and forges productive relationships around the globe. More than just shows, the Festival is a broker of international partnerships, a meeting place for creative minds, a showcase of Canada\u2019s best and an incubator of brilliant new work.<\/p>\n<div class=\"fusion-sep-clear\"><\/div><div class=\"fusion-separator fusion-full-width-sep\" style=\"margin-left: auto;margin-right: auto;margin-bottom:30px;width:100%;\"><\/div><div class=\"fusion-sep-clear\"><\/div>\n<h4><img class=\"size-thumbnail wp-image-8619 alignleft\" src=\"https:\/\/mitsp.org\/2020\/wp-content\/uploads\/2020\/02\/31-Fr\u00e9d\u00e9ric-Maurin-150x150.jpg\" alt=\"Fr\u00e9d\u00e9ric Maurin\" width=\"150\" height=\"150\" srcset=\"https:\/\/mitsp.org\/2020\/wp-content\/uploads\/2020\/02\/31-Fr\u00e9d\u00e9ric-Maurin-66x66.jpg 66w, https:\/\/mitsp.org\/2020\/wp-content\/uploads\/2020\/02\/31-Fr\u00e9d\u00e9ric-Maurin-150x150.jpg 150w, https:\/\/mitsp.org\/2020\/wp-content\/uploads\/2020\/02\/31-Fr\u00e9d\u00e9ric-Maurin-200x200.jpg 200w, https:\/\/mitsp.org\/2020\/wp-content\/uploads\/2020\/02\/31-Fr\u00e9d\u00e9ric-Maurin-300x300.jpg 300w, https:\/\/mitsp.org\/2020\/wp-content\/uploads\/2020\/02\/31-Fr\u00e9d\u00e9ric-Maurin.jpg 400w\" sizes=\"(max-width: 150px) 100vw, 150px\" \/><\/h4>\n<h4>Fr\u00e9d\u00e9ric Maurin (France) \u2013 L\u2019Hectare<\/h4>\n<p>After 20 years working as a comedian, Fr\u00e9d\u00e9ric Maurin became the director of L\u2019Hectare in 2004. He chairs the French Public Stages Union, and also Latitude Marionnette, a network aiming to increase the visibility of the Puppet Arts in France. As the artistic director of L\u2019Echalier\u2013 Artistic workshop, he is also specialized in cultural development of rural areas.<\/p>\n<p><strong>About L\u2019Hectare:<\/strong> Since 2002, L\u2019Hectare, a\u00a0subsidized\u00a0theatre for the puppet arts, is an association in support of creation and distribution within the performing arts. About thirty theatre, music, dance, puppetry and circus shows are programmed every year as part of the cultural season, offering, by their diversity, a\u00a0vast panorama of the current trends in artistic\u00a0creation.<\/p>\n<p>L\u2019Hectare is committed to develop partnerships with many cultural operators located in the local and regional area, and to implement actions to promote\u00a0amateur\u00a0performances\u00a0and access\u00a0to culture.<\/p>\n<p>L\u2019Hectare has just received, in 2020, the\u00a0qualification of\u00a0National Center for the Puppet Arts\u00a0by\u00a0the French Ministry of Culture.<\/p>\n<div class=\"fusion-sep-clear\"><\/div><div class=\"fusion-separator fusion-full-width-sep\" style=\"margin-left: auto;margin-right: auto;margin-bottom:30px;width:100%;\"><\/div><div class=\"fusion-sep-clear\"><\/div>\n<h4><img class=\"size-thumbnail wp-image-8622 alignleft\" src=\"https:\/\/mitsp.org\/2020\/wp-content\/uploads\/2020\/02\/32-Geoliane-Arab-150x150.jpg\" alt=\"Geoliane Arab\" width=\"150\" height=\"150\" srcset=\"https:\/\/mitsp.org\/2020\/wp-content\/uploads\/2020\/02\/32-Geoliane-Arab-66x66.jpg 66w, https:\/\/mitsp.org\/2020\/wp-content\/uploads\/2020\/02\/32-Geoliane-Arab-150x150.jpg 150w, https:\/\/mitsp.org\/2020\/wp-content\/uploads\/2020\/02\/32-Geoliane-Arab-200x200.jpg 200w, https:\/\/mitsp.org\/2020\/wp-content\/uploads\/2020\/02\/32-Geoliane-Arab-300x300.jpg 300w, https:\/\/mitsp.org\/2020\/wp-content\/uploads\/2020\/02\/32-Geoliane-Arab.jpg 400w\" sizes=\"(max-width: 150px) 100vw, 150px\" \/><\/h4>\n<h4>Geoliane Arab (France) \u2013 ONDA: Office National de Diffusion Artistique<\/h4>\n<p>Born and raised in Lebanon, Geoliane was selected by Sciences Po Paris for WOMED 2015 (Women of the Mediterranean: Future generation of leaders). She studied law alongside theatre and performing arts at the Lebanese University and was trained in contemporary dance. Between 2006 and 2012, she worked as a performer, choreographer, exterior eye and assistant director with Lebanese and international artists. While gradually shifting to cultural management and international development, she collaborated with several international organisations on mapping the cultural scene in the Arab region and identifying valuable actors and projects. She has been jury member, moderator and speaker at different international forums. She co-directed Spring Festival 2016 (LB) and organised the IETM Satellite meeting in Beirut on freedom of expression among others. Geoliane was International Cooperation manager at Moussem (BE), strategy and development manager at Beirut &amp; Beyond International Music Festival (LB) until 2017, and managing director at Hammana Artist House (LB) until 2018. She has regularly curated and produced professional programs of international platforms (Us, the moon &amp; the Neighbours Festival 2015 (LB), Exodos Festival 2017 (SI), Shubbak Festival 2017 (UK)). Geoliane is currently International Advisor at ONDA (Office National de Diffusion Artistique), in Paris, and is a member of the board of directors of IETM (International Network for Contemporary Performing Arts), in Brussels.<\/p>\n<p><strong>About ONDA:<\/strong> Funded by the French Ministry of Culture, Onda promotes the dissemination of performing arts works that are consistent with a process of contemporary artistic creation concerned with the renewal of forms.<\/p>\n<p>Its scope of intervention covers all disciplines, whether stemming from theatre, dance, music, circus, puppetry or public space, whether these works are created in France or abroad, and whether they are aimed at adults or childhood and youth.<\/p>\n<p>In order to carry out its missions, Onda fosters a wide network in France, Europe and abroad, organises meetings on artistic exchanges or specific issues, guides artistic teams in identifying opportunities, advises venue programmers on their artistic choices, financially supports the dissemination within France of performing arts works and conducts surveys and observations on issues related to artistic creation (production and dissemination).<\/p>\n<div class=\"fusion-sep-clear\"><\/div><div class=\"fusion-separator fusion-full-width-sep\" style=\"margin-left: auto;margin-right: auto;margin-bottom:30px;width:100%;\"><\/div><div class=\"fusion-sep-clear\"><\/div>\n<h4><img class=\"size-thumbnail wp-image-8624 alignleft\" src=\"https:\/\/mitsp.org\/2020\/wp-content\/uploads\/2020\/02\/33-Gerardo-Salinas-150x150.jpeg\" alt=\"Gerardo Salinas\" width=\"150\" height=\"150\" srcset=\"https:\/\/mitsp.org\/2020\/wp-content\/uploads\/2020\/02\/33-Gerardo-Salinas-66x66.jpeg 66w, https:\/\/mitsp.org\/2020\/wp-content\/uploads\/2020\/02\/33-Gerardo-Salinas-150x150.jpeg 150w, https:\/\/mitsp.org\/2020\/wp-content\/uploads\/2020\/02\/33-Gerardo-Salinas-200x200.jpeg 200w, https:\/\/mitsp.org\/2020\/wp-content\/uploads\/2020\/02\/33-Gerardo-Salinas-300x300.jpeg 300w, https:\/\/mitsp.org\/2020\/wp-content\/uploads\/2020\/02\/33-Gerardo-Salinas.jpeg 400w\" sizes=\"(max-width: 150px) 100vw, 150px\" \/><\/h4>\n<h4>Gerardo Salinas (Belgium) \u2013 Th\u00e9\u00e2tre KVS<\/h4>\n<p>Gerardo Salinas is a Belgian artist and curator from Latin-American ancestry. He is a fundamentalist of the product art of the new urban contexts which main characteristics are ethnical diversity, cultural hybridism, new narratives and forms. In his work he investigates artistic possibilities for the cities through distinguished creations, networks and projects. He idealized the concept of urban dramaturgy that he develops since Koninklijke Vlaamse Schouwburg (KVS) Bruxelas.<br \/>\nIn 2019 he launched alongside with Argentina, Brazil, Chile and Uruguay the platform PROXIMAMENTE, focused on showcasing international performing arts under a Latin-American perspective.<\/p>\n<p><strong>About KVS:<\/strong> KVS is Brussels\u2019 Flemish city theatre. Our unique position in the capital of Flanders, Belgium and Europe is the alpha and omega of our operations. KVS aims to reinterpret the repertoire in relation to the city that is more than ever the whole world. KVS embraces the city and its plurality and intends to amplify its artistic voice in the arts field. KVS thus sees interculturality on and around the stage not as an assignment or a challenge, but as a logical principle. As is a strong presence in Flanders and internationally.<\/p>\n<div class=\"fusion-sep-clear\"><\/div><div class=\"fusion-separator fusion-full-width-sep\" style=\"margin-left: auto;margin-right: auto;margin-bottom:30px;width:100%;\"><\/div><div class=\"fusion-sep-clear\"><\/div>\n<h4><img class=\"size-thumbnail wp-image-8626 alignleft\" src=\"https:\/\/mitsp.org\/2020\/wp-content\/uploads\/2020\/02\/34-Guillaume-Lauruol-150x150.jpg\" alt=\"Guillaume Lauruol\" width=\"150\" height=\"150\" srcset=\"https:\/\/mitsp.org\/2020\/wp-content\/uploads\/2020\/02\/34-Guillaume-Lauruol-66x66.jpg 66w, https:\/\/mitsp.org\/2020\/wp-content\/uploads\/2020\/02\/34-Guillaume-Lauruol-150x150.jpg 150w, https:\/\/mitsp.org\/2020\/wp-content\/uploads\/2020\/02\/34-Guillaume-Lauruol-200x200.jpg 200w, https:\/\/mitsp.org\/2020\/wp-content\/uploads\/2020\/02\/34-Guillaume-Lauruol-300x300.jpg 300w, https:\/\/mitsp.org\/2020\/wp-content\/uploads\/2020\/02\/34-Guillaume-Lauruol.jpg 400w\" sizes=\"(max-width: 150px) 100vw, 150px\" \/><\/h4>\n<h4>Guillaume Lauruol (France) \u2013 Pensamento Tropical<\/h4>\n<p>Guillaume Lauruol has been working as a dancer and coreografer during 15 years. As the artistic director of Dezeo Ito Cie, he created choreographic works in between dance, video installation, and sound creation. He is co-founder of Pensamento Tropical, an artist residency in tropical rain forest in\u00a0 Bahia Brazil and a production office too. He is currently the booking manager of Cie Philippe Saire and independent curator mainly in the cultural exchange Europe \/ Brazil.<\/p>\n<p><strong>About Pensamento Tropical:<\/strong> Pensamento Tropical is a production office founded by Cathy pollini e Guillaume Lauruol in 2009. Based in Itacar\u00e9 Bahia, a remote place located in the heart of the atlantic rainforest, artiscic residencies are promoted with the focus on collaborative process connected with sustainability, in difference artistics languages: dance, theater, visuals arts, experimental cinema\u2026 Many projects where realized in this context, touching 40 artists from Brazil and abroad, with the support of Funarte and others international cultural institutions.<\/p>\n<p>The production office work also as a facilitator in between the brazilian and the european scene in performing arts, developping international cooperation projects, curatorials works for festival and venues, and organizing international tours for brazilian and european artists.<\/p>\n<div class=\"fusion-sep-clear\"><\/div><div class=\"fusion-separator fusion-full-width-sep\" style=\"margin-left: auto;margin-right: auto;margin-bottom:30px;width:100%;\"><\/div><div class=\"fusion-sep-clear\"><\/div>\n<h4><img class=\"size-thumbnail wp-image-8628 alignleft\" src=\"https:\/\/mitsp.org\/2020\/wp-content\/uploads\/2020\/02\/35-Hanna-Parry-150x150.jpg\" alt=\"Hanna Parry\" width=\"150\" height=\"150\" srcset=\"https:\/\/mitsp.org\/2020\/wp-content\/uploads\/2020\/02\/35-Hanna-Parry-66x66.jpg 66w, https:\/\/mitsp.org\/2020\/wp-content\/uploads\/2020\/02\/35-Hanna-Parry-150x150.jpg 150w, https:\/\/mitsp.org\/2020\/wp-content\/uploads\/2020\/02\/35-Hanna-Parry-200x200.jpg 200w, https:\/\/mitsp.org\/2020\/wp-content\/uploads\/2020\/02\/35-Hanna-Parry-300x300.jpg 300w, https:\/\/mitsp.org\/2020\/wp-content\/uploads\/2020\/02\/35-Hanna-Parry.jpg 400w\" sizes=\"(max-width: 150px) 100vw, 150px\" \/><\/h4>\n<h4>Hanna Parry (Finland) \u2013 Baltic Circle Festival<\/h4>\n<p>Hanna Parry works as Artistic Director for Baltic Circle International Theatre Festival since 2019. She has worked in multi-disciplinary arts festivals and organisations in Finland, Great Britain and USA. Hanna worked as the senior producer of Baltic Circle Festival between 2014\u20132018 and as curator and producer at Cirko \u2013 Center for New Circus between 2016\u20132019. She was responsible for Cirko\u2019s seasonal programme and Cirko Festival, the largest contemporary circus festival in the Nordic countries. Between 2012\u20132016 she worked as a producer at Helsinki Festival focusing on big scale performances and public space events. Other organizations she has worked for include for example LIFT (London), American Realness (New York), DocPoint Documentary Film Festival and Tero Saarinen Company. She has a master\u2019s degree in theatre studies from the University of Helsinki.<\/p>\n<p><strong>About Baltic Circle Festival:<\/strong> Baltic Circle is an international festival for contemporary theatre organised annually in November in Helsinki. The next edition takes place 20 \u2013 28 November 2020. The festival brings intensities into the city, takes stands on current questions, and ignites dialogue. It is a platform for new phenomena and an active forum for discussion.<\/p>\n<p>Baltic Circle believes in the aesthetic and affective powers of the arts, and in the potential of social and political agency of performance. The works seen at the festival grasp the phenomena and crucial questions of our times, and search for new forms of performing arts and revised modes of production. In addition to festival production, Baltic Circle participates actively in both Finnish and international networks, takes part in development and education initiatives, makes publications, organises residencies and artistic exchanges, helps build up and shape the independent performing arts scene, and influences local cultural policy.<\/p>\n<p><strong>About Bayimba International Festival of the Arts:<\/strong> This is Uganda&#8217;s oldest Festival of the Arts which has been running for 12 years. The past 10 years, the festival was in the city center at the Uganda National Cultural Centre and having had a great run and built an audience that was coming to 20,000 people, we decided that we had to move on to a new chapter which is why we secured a private island &#8216;Lunkulu&#8217; an hour away from the city&#8217;s noise and pollution towards the Eastern part of Uganda. This is now home to Bayimba Foundation and its activities.<\/p>\n<p>Two years now running the festival on the island, the concept has positively changed to a 24\/4 none stop festival where we programme the various areas of the island with Music stages, Theatre stages, Fashion Runways, Healing Hubs, Film Shrines, Photography exhibitions, Installations, Poetry spaces, camping areas, beach games, Bonfire, island walks and other activities. We would love to welcome you this amazing experience. I am currently scouting for Artists to programme for our 13th Edition. These could be live Acts, Electronic\u00a0Artists with DJs inclusive, Visual Artists and the likes. We are also interested\u00a0in a huge number of female Artists.<\/p>\n<p>Looking forward to catching up with\u00a0you hopefully before the festival ends.<\/p>\n<div class=\"fusion-sep-clear\"><\/div><div class=\"fusion-separator fusion-full-width-sep\" style=\"margin-left: auto;margin-right: auto;margin-bottom:30px;width:100%;\"><\/div><div class=\"fusion-sep-clear\"><\/div>\n<h4><img class=\"size-thumbnail wp-image-9758 alignleft\" src=\"https:\/\/mitsp.org\/2020\/wp-content\/uploads\/2020\/03\/Hugues-Serge-Limbvani-150x150.jpg\" alt=\"Hugues Serge Limbvani\" width=\"150\" height=\"150\" srcset=\"https:\/\/mitsp.org\/2020\/wp-content\/uploads\/2020\/03\/Hugues-Serge-Limbvani-66x66.jpg 66w, https:\/\/mitsp.org\/2020\/wp-content\/uploads\/2020\/03\/Hugues-Serge-Limbvani-150x150.jpg 150w, https:\/\/mitsp.org\/2020\/wp-content\/uploads\/2020\/03\/Hugues-Serge-Limbvani-200x200.jpg 200w, https:\/\/mitsp.org\/2020\/wp-content\/uploads\/2020\/03\/Hugues-Serge-Limbvani-300x300.jpg 300w, https:\/\/mitsp.org\/2020\/wp-content\/uploads\/2020\/03\/Hugues-Serge-Limbvani.jpg 400w\" sizes=\"(max-width: 150px) 100vw, 150px\" \/><\/h4>\n<h4>Hugues Serge Limbvani (Congo) &#8211; Maloba: Festival International de Th\u00e9\u00e2tre-Danse-Cirque du Congo<\/h4>\n<p>Born in Congo, he is director of Maloba, international festival of theater, dance and circus of Congo. He is actor, musician, singe, dancer and choreographer. His professional career on theater started when he was fourteen years old. He is graduated on Economics, with specialization on Economy of Culture in France. His artistic experience started at Ngunga Theater Company em Brazzaville, where he won a lot of awards. He has a master on theater studies by Paris 3 University. He is a founder of Bosangani Company. He conceives, adapts and directs many classics, such as Shakespeare, modern artists, such as Ousmane Sembene Sylvain Bemba and contemporaneous such as Emmanuel Boundz\u00e9ki Dongala Loutar d\u2019Tati. Besides, he has his own compositions. He collaborated whit International France Radio with Global Texts and Dramaturges in 1994 he was the n\u00ba 1on Africa Radio in 1993. He directs international workshops \u00a0and teach at prestigious universities in Europe, Africa and America.<\/p>\n<p><strong>About Maloba: Festival International de Th\u00e9\u00e2tre-Danse-Cirque du Congo:<\/strong> Maloba, the International Festival of Theatre, Dance and Circus of Congo is an event organize each year.It aims to provide an opportunity for the theater professionals and theater audience in Congo and Africa to have a better understanding of the new theatre theories and productions home and abroad,strengthening understanding and cooperation between theatre people in Congo and other countries.We want to try to revive the young Congolese artists and create a cultural center of excellence in Brazzaville which will express the best theater trends, dance and circus in the world. The goal is to establish cultural and artistic links between the artistic traditions of Congolese and foreign artists in the dynamic exchange of structures where the creativity of each will grow in contact with each other.The next edition will take place from april to 14-20 april 2020 in Brazzaville,republic of Congo, with the theme \u00abDialogue and cultural diversity\u201d<\/p>\n<div class=\"fusion-sep-clear\"><\/div><div class=\"fusion-separator fusion-full-width-sep\" style=\"margin-left: auto;margin-right: auto;margin-bottom:30px;width:100%;\"><\/div><div class=\"fusion-sep-clear\"><\/div>\n<h4><img class=\"size-thumbnail wp-image-9760 alignleft\" src=\"https:\/\/mitsp.org\/2020\/wp-content\/uploads\/2020\/03\/Ingrid-De-Ketelaere-150x150.jpg\" alt=\"Ingrid de Ketelaere\" width=\"150\" height=\"150\" srcset=\"https:\/\/mitsp.org\/2020\/wp-content\/uploads\/2020\/03\/Ingrid-De-Ketelaere-66x66.jpg 66w, https:\/\/mitsp.org\/2020\/wp-content\/uploads\/2020\/03\/Ingrid-De-Ketelaere-150x150.jpg 150w, https:\/\/mitsp.org\/2020\/wp-content\/uploads\/2020\/03\/Ingrid-De-Ketelaere-200x200.jpg 200w, https:\/\/mitsp.org\/2020\/wp-content\/uploads\/2020\/03\/Ingrid-De-Ketelaere-300x300.jpg 300w, https:\/\/mitsp.org\/2020\/wp-content\/uploads\/2020\/03\/Ingrid-De-Ketelaere.jpg 400w\" sizes=\"(max-width: 150px) 100vw, 150px\" \/><\/h4>\n<h4>Ingrid de Ketelaere (Belgium) \u2013 BOZAR: Centre des Beaux Arts<\/h4>\n<p>After studying history of arts, she started working in 1974 in Brussels at the Center for Fine Arts, one of the leading federal cultural institutions in Belgium.\u00a0 In 1984 the Goethe Instit\u00fct Brussels appointed her to be one of the curators of the Festival Berlin\/Br\u00fcssel. From 1985 till 2001 she introduced contemporary dance companies from all over the world in Belgium.\u00a0 Since 2001 she is part of the artistic team around Paul Dujardin, CEO and artistic director of BOZAR, where she is head of the performing arts department (theater, dance and the cross-over events). She took part in different core groups : program developer at ECHO &#8216;European Concert Hall Organizations (2002-2003), member of the dance commission of the Flemish Ministry of Culture (1999-2003), member of the jury in 2009 for the cultural awards of the Flemish Ministry. Member of the board in Ghent of the Arca theatre (1980-2000) and since 2001 of the municipal theatre NTGent. Nowadays she is\u00a0 appointed by the Flemish Minister of Culture as member of the dance commission (2015&gt;2020) and of the theatre commission (2015&gt;2020).<\/p>\n<p><strong>About BOZAR: <\/strong>The Centre for Fine Arts (BOZAR) stands out as a unique centre in Europe. Located in a 1920 Art deco building, this multidisciplinary arts centre hosts exhibitions, music concerts, performing arts, literature and debates. Centre For Fine Arts organises more than 12 cultural events per day and attracts 1 million visitors each year.\u00a0With almost 400 employees &amp; 200 (inter) national, the Centre For Fine Arts is a driving force behind international artistic initiatives designed to strenghten ties between Europe and other continents. It has almost 4000 m\u00b2 of exhibition space; a 2100 seat concert hall, a 480 seat theatre, 2 smaller theatres and other spaces. Creativity, quality, and artistic diversity have been at the heart of the Centre\u2019s mission since its foundation. But for art not to be something abstract and distant, for it to be truly part of the \u201cculture\u201d of a society \u2013 and particularly in a city as variegated and international as Brussels \u2013 the public must be able to experience it in a way that is both natural and lively. Art and people must find and recognise each other, must interact with and enrich each other. At BOZAR, creation and presentation go hand in hand and the artists are the driving force behind this. As scenographers, (co-)curators, theatre makers, filmmakers, performers or authors, they co-create place-specific pieces or bring Victor Horta&#8217;s iconic building in line with the times. BOZAR enables partnerships between artists from Brussels, Belgium, Europe and the rest of the world, as it does between artists and scientists, entrepreneurs, politicians and so on.<\/p>\n<div class=\"fusion-sep-clear\"><\/div><div class=\"fusion-separator fusion-full-width-sep\" style=\"margin-left: auto;margin-right: auto;margin-bottom:30px;width:100%;\"><\/div><div class=\"fusion-sep-clear\"><\/div>\n<h4><img class=\"size-thumbnail wp-image-8632 alignleft\" src=\"https:\/\/mitsp.org\/2020\/wp-content\/uploads\/2020\/02\/41-Jacques-Peign\u00e9-150x150.jpg\" alt=\"Jacques Peign\u00e9\" width=\"150\" height=\"150\" srcset=\"https:\/\/mitsp.org\/2020\/wp-content\/uploads\/2020\/02\/41-Jacques-Peign\u00e9-66x66.jpg 66w, https:\/\/mitsp.org\/2020\/wp-content\/uploads\/2020\/02\/41-Jacques-Peign\u00e9-150x150.jpg 150w, https:\/\/mitsp.org\/2020\/wp-content\/uploads\/2020\/02\/41-Jacques-Peign\u00e9-200x200.jpg 200w, https:\/\/mitsp.org\/2020\/wp-content\/uploads\/2020\/02\/41-Jacques-Peign\u00e9-300x300.jpg 300w, https:\/\/mitsp.org\/2020\/wp-content\/uploads\/2020\/02\/41-Jacques-Peign\u00e9.jpg 400w\" sizes=\"(max-width: 150px) 100vw, 150px\" \/><\/h4>\n<h4>Jacques Peign\u00e9 (France) \u2013 Com\u00e9die de Caen<\/h4>\n<p><strong>About Com\u00e9die de Caen: <\/strong><\/p>\n<p>Since its creation, La Com\u00e9die de Caen-Centre Dramatique National de Normandie has been one of the flagship projects of the decentralization of France. From the opening of the first Maison de la Culture in Caen in the late 50\u2019s to the opening of the H\u00e9rouville Theater in the late 80\u2019s, this project kept on developing and hosting a major part of the contemporary theater of the past decades where authors and creators would take risks. The Com\u00e9die de Caen integrates this important network of Dramatic National Centesr for more than 50 years, there are 38 dramatic centers in France.<\/p>\n<div class=\"fusion-sep-clear\"><\/div><div class=\"fusion-separator fusion-full-width-sep\" style=\"margin-left: auto;margin-right: auto;margin-bottom:30px;width:100%;\"><\/div><div class=\"fusion-sep-clear\"><\/div>\n<h4><img class=\"size-thumbnail wp-image-8636 alignleft\" src=\"https:\/\/mitsp.org\/2020\/wp-content\/uploads\/2020\/02\/43-John-McGrath-150x150.jpg\" alt=\"John McGrath\" width=\"150\" height=\"150\" srcset=\"https:\/\/mitsp.org\/2020\/wp-content\/uploads\/2020\/02\/43-John-McGrath-66x66.jpg 66w, https:\/\/mitsp.org\/2020\/wp-content\/uploads\/2020\/02\/43-John-McGrath-150x150.jpg 150w, https:\/\/mitsp.org\/2020\/wp-content\/uploads\/2020\/02\/43-John-McGrath-200x200.jpg 200w, https:\/\/mitsp.org\/2020\/wp-content\/uploads\/2020\/02\/43-John-McGrath-300x300.jpg 300w, https:\/\/mitsp.org\/2020\/wp-content\/uploads\/2020\/02\/43-John-McGrath.jpg 400w\" sizes=\"(max-width: 150px) 100vw, 150px\" \/><\/h4>\n<h4>John McGrath (UK) \u2013 MIF: Manchester International Festival<\/h4>\n<p>John E. McGrath is Artistic Director and Chief Executive of Manchester International Festival.<\/p>\n<p>His first Festival in 2017 featured world premieres from leading international artists; a new digital direction for MIF; a series of participatory commissions in public spaces, and My Festival a year-round programme forging closer connections with Manchester communities.\u00a0 In 2019 artists including Yoko Ono, Philip Glass, Laurie Anderson, Idris Elba and Tania Bruguera made new work for the largest ever edition of MIF.<\/p>\n<p>John was previously Artistic Director of National Theatre Wales, where he achieved a reputation for large-scale site-specific work, digital innovation and extraordinary community involvement. As Chief Executive of MIF John will also be responsible for The Factory, a flagship cultural space for the creation of ambitious new work, opening in 2021.<\/p>\n<p><strong>About MIF:<\/strong> Manchester International Festival (MIF) was founded as the world\u2019s first festival of original, new work and special events and is an artist-led festival reflecting the spectrum of performing arts, visual arts and popular culture.<\/p>\n<p>Staged every two years in Manchester, MIF has commissioned, produced and presented world premieres by artists including Marina Abramovi\u0107, Damon Albarn, Laurie Anderson, Bj\u00f6rk, Boris Charmatz, Jeremy Deller, Idris Elba and Kwame Kwei-Armah, Elbow, Philip Glass and Phelim McDermott, David Lynch, Wayne McGregor, Steve McQueen, Sharmeen Obaid-Chinoy, Yoko Ono, Thomas Ostermeier, Maxine Peake, Punchdrunk, Skepta, The xx, Robert Wilson and Zaha Hadid Architects.<\/p>\n<p>MIF will also run The Factory, the new world-class cultural space currently being built in the heart of Manchester.The Factory will commission, present and produce a year-round programme, featuring new work from the world\u2019s greatest artists and offering a space to make, explore and experiment.<\/p>\n<div class=\"fusion-sep-clear\"><\/div><div class=\"fusion-separator fusion-full-width-sep\" style=\"margin-left: auto;margin-right: auto;margin-bottom:30px;width:100%;\"><\/div><div class=\"fusion-sep-clear\"><\/div>\n<h4><img class=\"size-thumbnail wp-image-8638 alignleft\" src=\"https:\/\/mitsp.org\/2020\/wp-content\/uploads\/2020\/02\/44-Jorge-Vermelho-150x150.jpg\" alt=\"Jorge Vermelho\" width=\"150\" height=\"150\" srcset=\"https:\/\/mitsp.org\/2020\/wp-content\/uploads\/2020\/02\/44-Jorge-Vermelho-66x66.jpg 66w, https:\/\/mitsp.org\/2020\/wp-content\/uploads\/2020\/02\/44-Jorge-Vermelho-150x150.jpg 150w, https:\/\/mitsp.org\/2020\/wp-content\/uploads\/2020\/02\/44-Jorge-Vermelho-200x200.jpg 200w, https:\/\/mitsp.org\/2020\/wp-content\/uploads\/2020\/02\/44-Jorge-Vermelho-300x300.jpg 300w, https:\/\/mitsp.org\/2020\/wp-content\/uploads\/2020\/02\/44-Jorge-Vermelho.jpg 400w\" sizes=\"(max-width: 150px) 100vw, 150px\" \/><\/h4>\n<h4>Jorge Vermelho (Brazil) \u2013 FIT Rio Preto<\/h4>\n<p><strong>About FIT Rio Preto:<\/strong> In 2019, the FIT Rio Preto \u2013 International Festival of Theater of S\u00e3o Jos\u00e9 do Rio Preto celebrated its 50 year anniversary. Created in 1969 by the Municipal Government of S\u00e3o Jos\u00e9 do Rio Preto as National Amador Theater Festival, in 2001 it expanded its borders and assumed an international dimension, based on a partnership with Sesc S\u00e3o Paulo. FIT Rio Preto is characterized by a program of great artistic value, aesthetic, and critical reflection. In addition, the programming of shows and training activities are aimed at democratizing production, access, and the enjoyment of cultural goods and services. The longevity of the S\u00e3o Jos\u00e9 do Rio Preto Festival, coupled with resistance to adversity and lack of investments in the cultural area, is due to the organizational rigor and constant dynamics required to meet the ever more pressing need to cultivate and expand a more critical public.<\/p>\n<div class=\"fusion-sep-clear\"><\/div><div class=\"fusion-separator fusion-full-width-sep\" style=\"margin-left: auto;margin-right: auto;margin-bottom:30px;width:100%;\"><\/div><div class=\"fusion-sep-clear\"><\/div>\n<h4><img class=\"size-thumbnail wp-image-8640 alignleft\" src=\"https:\/\/mitsp.org\/2020\/wp-content\/uploads\/2020\/02\/45-Judith-Martin-150x150.jpg\" alt=\"Judith Martin \" width=\"150\" height=\"150\" srcset=\"https:\/\/mitsp.org\/2020\/wp-content\/uploads\/2020\/02\/45-Judith-Martin-66x66.jpg 66w, https:\/\/mitsp.org\/2020\/wp-content\/uploads\/2020\/02\/45-Judith-Martin-150x150.jpg 150w, https:\/\/mitsp.org\/2020\/wp-content\/uploads\/2020\/02\/45-Judith-Martin-200x200.jpg 200w, https:\/\/mitsp.org\/2020\/wp-content\/uploads\/2020\/02\/45-Judith-Martin-300x300.jpg 300w, https:\/\/mitsp.org\/2020\/wp-content\/uploads\/2020\/02\/45-Judith-Martin.jpg 400w\" sizes=\"(max-width: 150px) 100vw, 150px\" \/><\/h4>\n<h4>Judith Martin (France) \u2013 Ligne Directe<\/h4>\n<p>After studying Literature and Theatre in Paris, Judith Martin is assistant of Michelle Kokosowski and Georges Banu, directors of the Acad\u00e9mie exp\u00e9rimentale des th\u00e9\u00e2tres, an original international organization producing master classes and transmission laboratories directed by major contemporary theatre artists such as Tadeusz Kantor, Bob Wilson, Judith Malina, Jan Fabre, Romeo Castelluci, Anatoli Vassiliev\u2026<\/p>\n<p>Later she is project manager at Institut fran\u00e7ais\u00a0in charge of developing cooperation projects in South America and\u00a0leads a prospective study for ONDA \u2013 Office National de Diffusion Artistique about\u00a0\u00abThe responsibility of the producer towards the circulation of productions : how to more effectively accompany the artists\u00bb.<\/p>\n<p>Since 2007, Judith Martin\u00a0is head manager of\u00a0Ligne Directe\u00a0an international production and distribution theatre agency playing a key role in the North\/South dynamics working with Argentinian, Italian, Brazilian, Greek, French, Chilean, and Indian directors and playwrights. Judith Martin also founded ESCALES, an international exchange platform to train artists and producers from all around the world throught.<\/p>\n<p><strong>About Ligne Directe:<\/strong> Ligne Directe is an international production &amp; distribution theatre agency founded in 2007 and based in Paris.\u00a0Dedicated to increase mobility and visibility of the diversity of the world stage,\u00a0Ligne Directe\u00a0prospects theatre talents all over the world, leads strategic international development, builds productions and tours\u00a0in a broadening worldwide network and\u00a0trains young producers.\u00a0Ligne Directe\u00a0works with\u00a0independent theatre artists\u00a0from Argentina,\u00a0Brazil,\u00a0Chile,\u00a0England,\u00a0France, Greece,\u00a0India,\u00a0Italy, Switzerland.<\/p>\n<div class=\"fusion-sep-clear\"><\/div><div class=\"fusion-separator fusion-full-width-sep\" style=\"margin-left: auto;margin-right: auto;margin-bottom:30px;width:100%;\"><\/div><div class=\"fusion-sep-clear\"><\/div>\n<h4><img class=\"size-thumbnail wp-image-9762 alignleft\" src=\"https:\/\/mitsp.org\/2020\/wp-content\/uploads\/2020\/03\/Judy-Harquail-150x150.jpg\" alt=\"Judy Harquail\" width=\"150\" height=\"150\" srcset=\"https:\/\/mitsp.org\/2020\/wp-content\/uploads\/2020\/03\/Judy-Harquail-66x66.jpg 66w, https:\/\/mitsp.org\/2020\/wp-content\/uploads\/2020\/03\/Judy-Harquail-150x150.jpg 150w, https:\/\/mitsp.org\/2020\/wp-content\/uploads\/2020\/03\/Judy-Harquail-200x200.jpg 200w, https:\/\/mitsp.org\/2020\/wp-content\/uploads\/2020\/03\/Judy-Harquail-300x300.jpg 300w, https:\/\/mitsp.org\/2020\/wp-content\/uploads\/2020\/03\/Judy-Harquail.jpg 400w\" sizes=\"(max-width: 150px) 100vw, 150px\" \/><\/h4>\n<h4>Judy Harquail (Canada) \u2013 Ontario Presents<\/h4>\n<p>Judy Harquail has over 35 years of experience working in the performing arts.\u00a0 Over this time, Judy has gained a deep and extensive knowledge of the presenting and touring field as well as a substantive knowledge of marketing, audience development and community engagement.\u00a0 Her previous accomplishments include directing and executing touring activity for some of Canada\u2019s most highly respected dance and opera companies, developing and executing strategic marketing campaigns and working in collaboration with an extensive range of arts organizations and arts professionals across Canada, the United States, and throughout the world. Judy is currently the International Market Development Consultant and Strategist for CAPACOA, the\u00a0national \u00a0body\u00a0that serves the the\u00a0performing arts and arts touring\/presenting community as well as the the Director of Programs for Ontario Presents. She is also a sought-after market development consultant. In 2007, Judy received the National Arts Centre award for distinguished contribution to touring in Canada and in 2011, the Sandra Tulloch Award for Innovation in Arts and Culture in Ontario.\u00a0 Judy currently sits on the Board of Directors of ISPA (The International Society for the Performing Arts).<\/p>\n<p><strong>About Ontario Presents: <\/strong>The Canadian Arts Presenting Association\/l&#8217;Association canadienne des organismes artistiques (CAPACOA) serves the performing arts touring and presenting community through its commitment to integrate the performing arts into the lives of all Canadians. CAPACOA takes initiative in providing leadership, knowledge, communications, skills development and advocacy on behalf of its members and within the arts presenting community. A CAPACOA (Associa\u00e7\u00e3o Canadense de Artes) tem o compromisso de integrar as artes c\u00eanicas na vida de todos os canadenses. A CAPACOA tem como iniciativa fornecer lideran\u00e7a, conhecimento, comunica\u00e7\u00e3o, desenvolvimento de habilidades e advocacia em nome de seus membros e da comunidade de artistas.<\/p>\n<div class=\"fusion-sep-clear\"><\/div><div class=\"fusion-separator fusion-full-width-sep\" style=\"margin-left: auto;margin-right: auto;margin-bottom:30px;width:100%;\"><\/div><div class=\"fusion-sep-clear\"><\/div>\n<h4><b><img class=\"size-thumbnail wp-image-9764 alignleft\" src=\"https:\/\/mitsp.org\/2020\/wp-content\/uploads\/2020\/03\/Julia-Gomes-150x150.jpg\" alt=\"Julia Gomes\" width=\"150\" height=\"150\" srcset=\"https:\/\/mitsp.org\/2020\/wp-content\/uploads\/2020\/03\/Julia-Gomes-66x66.jpg 66w, https:\/\/mitsp.org\/2020\/wp-content\/uploads\/2020\/03\/Julia-Gomes-150x150.jpg 150w, https:\/\/mitsp.org\/2020\/wp-content\/uploads\/2020\/03\/Julia-Gomes-200x200.jpg 200w, https:\/\/mitsp.org\/2020\/wp-content\/uploads\/2020\/03\/Julia-Gomes-300x300.jpg 300w, https:\/\/mitsp.org\/2020\/wp-content\/uploads\/2020\/03\/Julia-Gomes.jpg 400w\" sizes=\"(max-width: 150px) 100vw, 150px\" \/><\/b><\/h4>\n<h4><b>Julia Gomes (Brazil) \u2013 Cena Cult Produ\u00e7\u00f5es<\/b><b><br \/>\n<\/b><\/h4>\n<p>J\u00falia Gomes is director of Cena CultProductions, collaborator on programmation of Brazilian Festivals Nucleus, SESC-SP, French Consulate in S\u00e3o Paulo and another projects such as the show \u201cPrintemps des Com\u00e9diens\u201d, \u201cImPulsTanz\u201d and \u201cArsenale della Danza\u201d.<\/p>\n<div class=\"fusion-sep-clear\"><\/div><div class=\"fusion-separator fusion-full-width-sep\" style=\"margin-left: auto;margin-right: auto;margin-bottom:30px;width:100%;\"><\/div><div class=\"fusion-sep-clear\"><\/div>\n<p>&nbsp;<\/p>\n<h4><img class=\"size-thumbnail wp-image-8642 alignleft\" src=\"https:\/\/mitsp.org\/2020\/wp-content\/uploads\/2020\/02\/47-Julie-Kretzschmar-150x150.jpg\" alt=\"Julie Kretzschmar\" width=\"150\" height=\"150\" srcset=\"https:\/\/mitsp.org\/2020\/wp-content\/uploads\/2020\/02\/47-Julie-Kretzschmar-66x66.jpg 66w, https:\/\/mitsp.org\/2020\/wp-content\/uploads\/2020\/02\/47-Julie-Kretzschmar-150x150.jpg 150w, https:\/\/mitsp.org\/2020\/wp-content\/uploads\/2020\/02\/47-Julie-Kretzschmar-200x200.jpg 200w, https:\/\/mitsp.org\/2020\/wp-content\/uploads\/2020\/02\/47-Julie-Kretzschmar-300x300.jpg 300w, https:\/\/mitsp.org\/2020\/wp-content\/uploads\/2020\/02\/47-Julie-Kretzschmar.jpg 400w\" sizes=\"(max-width: 150px) 100vw, 150px\" \/><\/h4>\n<h4>Julie Kretzschmar (France) \u2013 Les Bancs Publics<\/h4>\n<p>Julie Kretzschmar is a director and dramaturge who works from Marseilles (France). She has recently staged the novel \u201cTram 83\u201d, from Fiston Mwanza Mujila, (creation in \u00ab Francophonie de Limoges, in 2017) and also committed herself in workshops with refugees (Naples, Italy, 2019) or young artists (Kinshasa, Democratic Republic of the\u00a0 Congo, 2019).\u00a0 &#8211; She\u2019s also the founder and artistic director of the festival \u201cLes Rencontres \u00e0 l\u2019\u00e9chelle\u201d. This event takes place in Marseilles (France) and is mainly dedicated to promote performing arts and emerging artists from the MENA area and Africa.\u00a0\u00a0 &#8211; As producer, Julie Kretzschmar (with her structure Les Bancs Publics) develops and supports the projects of international artists (Gurshad Shaheman, Omar Abusaada, Wael Ali, etc\u2026 ).\u00a0 &#8211; She is also active as curator. In December 2020, she will be involved in the artistic programme for the closing celebrations of the cultural season \u201cAfrica 2020\u201d organised by the French Institute.<\/p>\n<p><strong>About Les Bancs Publics:<\/strong> Les Bancs Publics is an artistic production structure based in Marseilles.\u00a0 Among its work in production and support to theatre and dance artists, the association organizes an annual, international and multidisciplinary festival, &#8216;Les Rencontres \u00e0 l\u2019\u00e9chelle&#8217;.<br \/>\nThe organization\u2019s key activities within the framework of the festival, the production of artists and the associate theatre company are:<br \/>\n\u2022 to support artistic exchanges and develop intercultural projects involving different disciplines, cultures and languages<br \/>\n\u2022 to get involved as co-producers with creators committed in initiatives connected to migratory questions, to the South\/North relation<br \/>\n\u2022 the access of artistic works\u00a0 to a wider audience<br \/>\n\u2022 mobility for artists and their work in the Mediterranean region and raise other voices, to participate in a better knowledge of our neighbouring societies.<\/p>\n<div class=\"fusion-sep-clear\"><\/div><div class=\"fusion-separator fusion-full-width-sep\" style=\"margin-left: auto;margin-right: auto;margin-bottom:30px;width:100%;\"><\/div><div class=\"fusion-sep-clear\"><\/div>\n<h4><img class=\"size-thumbnail wp-image-8644 alignleft\" src=\"https:\/\/mitsp.org\/2020\/wp-content\/uploads\/2020\/02\/48-KonstantinosTzathas-150x150.jpg\" alt=\"Konstantinos Tzathas\" width=\"150\" height=\"150\" srcset=\"https:\/\/mitsp.org\/2020\/wp-content\/uploads\/2020\/02\/48-KonstantinosTzathas-66x66.jpg 66w, https:\/\/mitsp.org\/2020\/wp-content\/uploads\/2020\/02\/48-KonstantinosTzathas-150x150.jpg 150w, https:\/\/mitsp.org\/2020\/wp-content\/uploads\/2020\/02\/48-KonstantinosTzathas-200x200.jpg 200w, https:\/\/mitsp.org\/2020\/wp-content\/uploads\/2020\/02\/48-KonstantinosTzathas-300x300.jpg 300w, https:\/\/mitsp.org\/2020\/wp-content\/uploads\/2020\/02\/48-KonstantinosTzathas.jpg 400w\" sizes=\"(max-width: 150px) 100vw, 150px\" \/><\/h4>\n<h4>Konstantinos Tzathas (Greece) \u2013 Onassis Stegi<\/h4>\n<p>Konstantinos Tzathas nasceu em Atenas em 1991. \u00c9 formado em Ci\u00eancias Pol\u00edticas e possui MBA em Marketing Cultural. Atualmente \u00e9 coordenador de programa\u00e7\u00e3o no Centro Cultural Onassis de Atenas. Seus trabalhos anteriores incluem assist\u00eancia de dire\u00e7\u00e3o no Festival de Atenas e Epidaurus al\u00e9m de ter sido coordenador de produ\u00e7\u00e3o de diversos trabalhos de artes c\u00eanicas em Atenas colaborando com grupos locais e internacionais.<br \/>\nAbout Onassis Stegi: \u00a0Onassis Stegi is the Cultural Centre that the renowned Onassis Public Benefit Foundation (since 1975) established in Athens almost 10 years ago in order to promote contemporary culture, to support artists and their works, to enable cultural networking among Greek creators and the abroad.<\/p>\n<div class=\"fusion-sep-clear\"><\/div><div class=\"fusion-separator fusion-full-width-sep\" style=\"margin-left: auto;margin-right: auto;margin-bottom:30px;width:100%;\"><\/div><div class=\"fusion-sep-clear\"><\/div>\n<h4><img class=\"size-thumbnail wp-image-8646 alignleft\" src=\"https:\/\/mitsp.org\/2020\/wp-content\/uploads\/2020\/02\/49-Laure-Marie-Rollin-150x150.jpg\" alt=\"Laure-Marie Rollin\" width=\"150\" height=\"150\" srcset=\"https:\/\/mitsp.org\/2020\/wp-content\/uploads\/2020\/02\/49-Laure-Marie-Rollin-66x66.jpg 66w, https:\/\/mitsp.org\/2020\/wp-content\/uploads\/2020\/02\/49-Laure-Marie-Rollin-150x150.jpg 150w, https:\/\/mitsp.org\/2020\/wp-content\/uploads\/2020\/02\/49-Laure-Marie-Rollin-200x200.jpg 200w, https:\/\/mitsp.org\/2020\/wp-content\/uploads\/2020\/02\/49-Laure-Marie-Rollin-300x300.jpg 300w, https:\/\/mitsp.org\/2020\/wp-content\/uploads\/2020\/02\/49-Laure-Marie-Rollin.jpg 400w\" sizes=\"(max-width: 150px) 100vw, 150px\" \/>Laure-Marie Rollin (France) \u2013 ONDA: Office National de Diffusion Artistique<\/h4>\n<p>Laure-Marie Rollin has been working professionally for 20 years in the performing arts, collaborating with various French cultural venues such as the TJP National Theatre in Strasbourg (an iconic puppetry presenter);\u00a0\u00a0the Ballet de Lorraine \u00a0National Center for Choreography in Nancy; the Maillon European Stage in Strasbourg; and the Zef-Merlan National Theatre in an underserved district of Marseille.<\/p>\n<p>Particularly interested in emerging dramaturgies and multidisciplinary forms, she is currently the\u00a0Advisor for Dance and Theatre at Onda, the French office for contemporary performing arts circulation.<\/p>\n<p><strong>About ONDA:<\/strong> Funded by the French Ministry of Culture, Onda promotes the dissemination of performing arts works that are consistent with a process of contemporary artistic creation concerned with the renewal of forms.<\/p>\n<p>Its scope of intervention covers all disciplines, whether stemming from theatre, dance, music, circus, puppetry or public space, whether these works are created in France or abroad, and whether they are aimed at adults or childhood and youth.<\/p>\n<p>In order to carry out its missions, Onda fosters a wide network in France, Europe and abroad, organises meetings on artistic exchanges or specific issues, guides artistic teams in identifying opportunities, advises venue programmers on their artistic choices, financially supports the dissemination within France of performing arts works and conducts surveys and observations on issues related to artistic creation (production and dissemination).<\/p>\n<div class=\"fusion-sep-clear\"><\/div><div class=\"fusion-separator fusion-full-width-sep\" style=\"margin-left: auto;margin-right: auto;margin-bottom:30px;width:100%;\"><\/div><div class=\"fusion-sep-clear\"><\/div>\n<h4><b><img class=\"size-thumbnail wp-image-9766 alignleft\" src=\"https:\/\/mitsp.org\/2020\/wp-content\/uploads\/2020\/03\/Lena-Kollender-150x150.jpg\" alt=\"\" width=\"150\" height=\"150\" srcset=\"https:\/\/mitsp.org\/2020\/wp-content\/uploads\/2020\/03\/Lena-Kollender-66x66.jpg 66w, https:\/\/mitsp.org\/2020\/wp-content\/uploads\/2020\/03\/Lena-Kollender-150x150.jpg 150w, https:\/\/mitsp.org\/2020\/wp-content\/uploads\/2020\/03\/Lena-Kollender-200x200.jpg 200w, https:\/\/mitsp.org\/2020\/wp-content\/uploads\/2020\/03\/Lena-Kollender-300x300.jpg 300w, https:\/\/mitsp.org\/2020\/wp-content\/uploads\/2020\/03\/Lena-Kollender.jpg 400w\" sizes=\"(max-width: 150px) 100vw, 150px\" \/><\/b><\/h4>\n<h4><b>Lena Kollender (Germany ) \u2013 International Summer Festival Kampnagel<\/b><b><br \/>\n<\/b><\/h4>\n<p>Lena Kollender\u00a0is a dramaturge, programmer and curator for theater, dance, performance and theory. She studied Comparative Literature, Theater and Dramaturgy in Berlin, Paris and Hamburg and worked for German state theaters like D\u00fcsseldorfer Schauspielhaus or Schauspielhaus Hamburg, as well as in freelance theatre productions. Since 2013 she works for the International Summer Festival Kampnagel, first as dramaturge\/programer and since 2016 as the Co-Curator of the festival.<\/p>\n<p><b>About the International Summer Gestival Kampnagel: <\/b>The International Summer Festival Kampnagel\u00a0takes place each August for three weeks at Kampnagel &#8211; Center for Finer Arts, one of the most outstanding and largest venues for performing arts in Europe. Since its beginning in the mid 80s, the festival has held a position as one of the big European festivals, presenting theatre, dance, visual arts, performance, music and theory. The program focuses on the entanglement of pop culture and avantgarde and the interdisciplinary expansion of genre boundaries. Invited artists stand out due to their interest and engagement in the present and radical aesthetic approaches. An essential feature of the International Summer Festival is the high proportion of world premieres and co-productions, as well as European and German premieres, which are realized within a worldwide network of partners. Each year the festival invites or (co-)produces about 50 different works that attract over 30.000 visitors from Hamburg and abroad.<\/p>\n<div class=\"fusion-sep-clear\"><\/div><div class=\"fusion-separator fusion-full-width-sep\" style=\"margin-left: auto;margin-right: auto;margin-bottom:30px;width:100%;\"><\/div><div class=\"fusion-sep-clear\"><\/div>\n<h4><img class=\"size-thumbnail wp-image-8650 alignleft\" src=\"https:\/\/mitsp.org\/2020\/wp-content\/uploads\/2020\/02\/51-Lise-Lendais-150x150.jpg\" alt=\"Lise Landais\" width=\"150\" height=\"150\" srcset=\"https:\/\/mitsp.org\/2020\/wp-content\/uploads\/2020\/02\/51-Lise-Lendais-66x66.jpg 66w, https:\/\/mitsp.org\/2020\/wp-content\/uploads\/2020\/02\/51-Lise-Lendais-150x150.jpg 150w, https:\/\/mitsp.org\/2020\/wp-content\/uploads\/2020\/02\/51-Lise-Lendais-200x200.jpg 200w, https:\/\/mitsp.org\/2020\/wp-content\/uploads\/2020\/02\/51-Lise-Lendais-300x300.jpg 300w, https:\/\/mitsp.org\/2020\/wp-content\/uploads\/2020\/02\/51-Lise-Lendais.jpg 400w\" sizes=\"(max-width: 150px) 100vw, 150px\" \/><\/h4>\n<h4>Lise Lendais (Austria) \u2013 Le Studio<\/h4>\n<p>Lise Lendais is born in 1983 in France. She studied set and costume design. She developped her work in Belgium with the Needcompany. Since 2010 she leaves and work in Austria, in Vienna. She collaborates in costume and set design with many different artists from the free scene. She also directs her own projects<br \/>\nSince June 2018, she directs together with Pierre-Emmanuel finzi, LE STUDIO Film und B\u00fchne, a new theater and cinema in Vienna.<\/p>\n<p>About Le Studio: LE STUDIO Film und B\u00fchne is a theater and cinema on one stage. with the \u201cThe flesh of words, the taste of images\u201d as motto for the season 2019\u20132020, LE STUDIO stresses the experience of art as an experience of voluptuosity and windows on the worlds. The hinge of the screen and the stage on a single place aims, also through cultural mediacy, to open a space of critical dialog between the arts and disciplines \u2013 with an emphasis on original version and sub\/over-titles and an heart dedicated to the independant cinema and theater scenes.<\/p>\n<div class=\"fusion-sep-clear\"><\/div><div class=\"fusion-separator fusion-full-width-sep\" style=\"margin-left: auto;margin-right: auto;margin-bottom:30px;width:100%;\"><\/div><div class=\"fusion-sep-clear\"><\/div>\n<h4>Marcelo Castillo (Argentina) \u2013 GIRART<\/h4>\n<p>Since 1986 Castillo Works as cultural manager in both public and private initiatives, currently he works as international advisor in cultural and political management as well as creative economy. He is also the director of the Performing Arts and Music Market in Argentina (2010\/2018).He is executive director, producer and actor at Teatro La Cochera since 1984. As an actor, he has created more than 15 shows presented in Argentina and abroad.<\/p>\n<p><strong>About GIRART:<\/strong> GIRART Market of Performing Arts and Music of Argentina is the first Argentinian cultural market, happening every two years in the city of Cordoba. It is produced by GIRART Puerta Mundo and the Teatro La Cochera association. It invites cultural producers from several countries to entertain Argentinian music and performing arts proposals with the intent of selling them to their festivals, theaters and cultural spaces. Each edition, the guests have access to business meetings, showcases, and international exchanges and collaborations targeting national and international curators and artistic directors.<\/p>\n<div class=\"fusion-sep-clear\"><\/div><div class=\"fusion-separator fusion-full-width-sep\" style=\"margin-left: auto;margin-right: auto;margin-bottom:30px;width:100%;\"><\/div><div class=\"fusion-sep-clear\"><\/div>\n<h4><b><img class=\"size-thumbnail wp-image-9768 alignleft\" src=\"https:\/\/mitsp.org\/2020\/wp-content\/uploads\/2020\/03\/Maria-Tendlau-150x150.jpg\" alt=\"Maria Tendlau\" width=\"150\" height=\"150\" srcset=\"https:\/\/mitsp.org\/2020\/wp-content\/uploads\/2020\/03\/Maria-Tendlau-66x66.jpg 66w, https:\/\/mitsp.org\/2020\/wp-content\/uploads\/2020\/03\/Maria-Tendlau-150x150.jpg 150w, https:\/\/mitsp.org\/2020\/wp-content\/uploads\/2020\/03\/Maria-Tendlau-200x200.jpg 200w, https:\/\/mitsp.org\/2020\/wp-content\/uploads\/2020\/03\/Maria-Tendlau-300x300.jpg 300w, https:\/\/mitsp.org\/2020\/wp-content\/uploads\/2020\/03\/Maria-Tendlau.jpg 400w\" sizes=\"(max-width: 150px) 100vw, 150px\" \/>Maria Tendlau (Brasil) \u2013 TUSP \u2013 Teatro da Universidade de S\u00e3o Paulo<\/b><b><br \/>\n<\/b><\/h4>\n<p>Doutoranda e mestre em Teatro e Educa\u00e7\u00e3o, pela ECA &#8211; USP. Maria \u00e9 atriz e co-fundadora da Companhia do Lat\u00e3o e do Coletivo Bruto. Coordenou o Projeto Teatro Vocacional de 2001 a 2004, na Secretaria Municipal de Cultura de S\u00e3o Paulo. Foi curadora de Teatro do Centro Cultural S\u00e3o Paulo, Pr\u00f3ximo Ato-Encontro Internacional de Teatro, organizado pelo Instituto Ita\u00fa Cultural. Atualmente \u00e9 orientadora, programadora e gestora cultural de Arte Dram\u00e1tica do TUSP (Teatro da USP).<\/p>\n<p><b>Sobre o TUSP \u2013 Teatro da Universidade de S\u00e3o Paulo: <\/b>O objetivo \u00e9 difundir as artes c\u00eanicas em suas mais diversas manifesta\u00e7\u00f5es e formas de express\u00e3o; estimular o desenvolvimento de grupos teatrais estudantis; e propiciar, atrav\u00e9s do teatro, a integra\u00e7\u00e3o entre a comunidade interna e externa da Universidade, em projetos pr\u00f3prios e em parceria com outras unidades.<\/p>\n<div class=\"fusion-sep-clear\"><\/div><div class=\"fusion-separator fusion-full-width-sep\" style=\"margin-left: auto;margin-right: auto;margin-bottom:30px;width:100%;\"><\/div><div class=\"fusion-sep-clear\"><\/div>\n<h4><img class=\"size-thumbnail wp-image-8652 alignleft\" src=\"https:\/\/mitsp.org\/2020\/wp-content\/uploads\/2020\/02\/53-Mariana-Soares-150x150.jpg\" alt=\"Mariana Soares\" width=\"150\" height=\"150\" srcset=\"https:\/\/mitsp.org\/2020\/wp-content\/uploads\/2020\/02\/53-Mariana-Soares-66x66.jpg 66w, https:\/\/mitsp.org\/2020\/wp-content\/uploads\/2020\/02\/53-Mariana-Soares-150x150.jpg 150w, https:\/\/mitsp.org\/2020\/wp-content\/uploads\/2020\/02\/53-Mariana-Soares-200x200.jpg 200w, https:\/\/mitsp.org\/2020\/wp-content\/uploads\/2020\/02\/53-Mariana-Soares-300x300.jpg 300w, https:\/\/mitsp.org\/2020\/wp-content\/uploads\/2020\/02\/53-Mariana-Soares.jpg 400w\" sizes=\"(max-width: 150px) 100vw, 150px\" \/><\/h4>\n<h4>Mariana Soares (Brazil) \u2013 Cena Contempor\u00e2nea<\/h4>\n<p>Specialist in Management, Communication and International Cultural Cooperation, she is currently director of the SOMA Institute &#8211; Creative Citizenship, consultant for the Ibermuseums Program, collaborator of Cena Contempor\u00e2nea &#8211; Bras\u00edlia International Theater Festival &#8211; and independent consultant and curator. She was undersecretary for Development and Cultural Promotion Policies of the Government of the Federal District (2015-2018), general coordinator of promotion and dissemination of the Creative Economy Secretariat of the Ministry of Culture (2013-2014), coordinator of international projects and curator of Cena Contempor\u00e2nea &#8211; Bras\u00edlia International Festival (2011-2013) and responsible for the international area of \u200b\u200bA Portada Comunica\u00e7\u00e3o e Cultura in Barcelona (2007-2011).<\/p>\n<p><strong>About Cena Contempor\u00e2nea: <\/strong>Over the past 25 years, Cena Contempor\u00e2nea &#8211; Bras\u00edlia International Theater Festival has become something much bigger than a simple theater festival. Extrapolating the limits of the exhibition of spectacles, it became a multicultural celebration in line with the concerns of the brazilian public. In 2020, the festival will happen from September 8 to 20, with local, national and international artistic projects that dialogue with Bras\u00edlia and that will also be presented in other cities in the Federal District. The SOMA Cidadania Criativa Institute collaborates with Cena Contempor\u00e2nea &#8211; Bras\u00edlia International Theater Festival to develop programming and activities in 2020.<\/p>\n<div class=\"fusion-sep-clear\"><\/div><div class=\"fusion-separator fusion-full-width-sep\" style=\"margin-left: auto;margin-right: auto;margin-bottom:30px;width:100%;\"><\/div><div class=\"fusion-sep-clear\"><\/div>\n<h4><img class=\"size-thumbnail wp-image-8654 alignleft\" src=\"https:\/\/mitsp.org\/2020\/wp-content\/uploads\/2020\/02\/54-Marie-Didier-150x150.jpg\" alt=\"\" width=\"150\" height=\"150\" srcset=\"https:\/\/mitsp.org\/2020\/wp-content\/uploads\/2020\/02\/54-Marie-Didier-66x66.jpg 66w, https:\/\/mitsp.org\/2020\/wp-content\/uploads\/2020\/02\/54-Marie-Didier-150x150.jpg 150w, https:\/\/mitsp.org\/2020\/wp-content\/uploads\/2020\/02\/54-Marie-Didier-200x200.jpg 200w, https:\/\/mitsp.org\/2020\/wp-content\/uploads\/2020\/02\/54-Marie-Didier-300x300.jpg 300w, https:\/\/mitsp.org\/2020\/wp-content\/uploads\/2020\/02\/54-Marie-Didier.jpg 400w\" sizes=\"(max-width: 150px) 100vw, 150px\" \/><\/h4>\n<h4>Marie Didier (France) \u2013 La Rose des Vents<\/h4>\n<p>Graduated from a French business school, Marie Didier started her career in audit then marketing before developing a partnership with director Fran\u00e7ois Cervant\u00e8s to grow his theatre company\u2019s projects, notably at international.<\/p>\n<p>Then, she joined the National Scenes network (Dieppe Sc\u00e8ne Nationale, then Th\u00e9\u00e2tre de Saint Quentin en Yvelines), where she successively held the positions of Administrator, artistic Advisor and finally deputy General Manager.<\/p>\n<p>In October 2018, she was appointed by the French Culture Minister as General Manager of \u201cLa rose des vents\u201d (the \u201cwind rose\u201d), the Lille Metropole National Scene.<\/p>\n<p>Since her nomination, she has been committing in an ambitious project oriented towards contemporary theatrical performance, also cinema and creative writing.<\/p>\n<p>For purpose, she relies on regional and international artistic teams, emergent as well as confirmed.<\/p>\n<p><strong>About La Rose des Vents:<\/strong> La rose des vents is one of the 71st National Performing Arts Centres (Sc\u00e8nes nationales) Its assignments are to support artistic creation, to deliver a challenging programme of multidisciplinary-arts events year round ( performing arts, cinema, litt\u00e9rature ) and two festivals ( Next international Festival, DIRE Festival ) and to develop a cultural offering for all local audiences. Artistic projects and artists are supported, assisted in their research, creation and production phases.<\/p>\n<p>La Rose des Vents \u00e9 um dos 71 Centros Nacionais de Artes C\u00eancas da Fran\u00e7a. Seus objetivos s\u00e3o apoiar a cria\u00e7\u00e3o art\u00edstica e proporcionar ao p\u00fablico um programa multidisciplinar de artes e eventos ao longo de todo o ano (artes c\u00eanicas, cinema, literatura) e dois festivais (Next International Festival e DIRE Festival), assim como desenvolver projetos que atendam ao p\u00fablico local.<\/p>\n<div class=\"fusion-sep-clear\"><\/div><div class=\"fusion-separator fusion-full-width-sep\" style=\"margin-left: auto;margin-right: auto;margin-bottom:30px;width:100%;\"><\/div><div class=\"fusion-sep-clear\"><\/div>\n<h4><img class=\"size-thumbnail wp-image-9770 alignleft\" src=\"https:\/\/mitsp.org\/2020\/wp-content\/uploads\/2020\/03\/Michael-Rubenfeld-150x150.jpg\" alt=\"Michael Rubenfeld\" width=\"150\" height=\"150\" srcset=\"https:\/\/mitsp.org\/2020\/wp-content\/uploads\/2020\/03\/Michael-Rubenfeld-66x66.jpg 66w, https:\/\/mitsp.org\/2020\/wp-content\/uploads\/2020\/03\/Michael-Rubenfeld-150x150.jpg 150w, https:\/\/mitsp.org\/2020\/wp-content\/uploads\/2020\/03\/Michael-Rubenfeld-200x200.jpg 200w, https:\/\/mitsp.org\/2020\/wp-content\/uploads\/2020\/03\/Michael-Rubenfeld-300x300.jpg 300w, https:\/\/mitsp.org\/2020\/wp-content\/uploads\/2020\/03\/Michael-Rubenfeld.jpg 400w\" sizes=\"(max-width: 150px) 100vw, 150px\" \/><\/h4>\n<h4>Michael Rubenfeld (Canada) \u2013 Self Conscious Productions<\/h4>\n<p>Michael Rubebfneld is the Executive Artistic Producer of Selfconscious Productions. He was the Artistic Producer of the SummerWorks Festival in Toronto, Canada for\u00a0eight\u00a0years, where he also helped inaugurate the Progress Festival. In 2017 he inaugurated CanadaHub at the Edinburgh Festival Fringe, where he is currently the Artistic Producer. He is also the festival Co-Director of FestivALT, a critically focussed Jewish Arts Festival in Krakow, Poland. He has toured produced and toured several works internationally including Counting Sheep, Mouthpiece, Cock, Cock.. Who\u2019s There? and We Keep Coming Back.<\/p>\n<p><strong>About Self Conscious Productions:<\/strong> Self Conscious Productions \u00e9 uma produtora internacional do Canad\u00e1 que desenvolve e produz livros, e gerencia turn\u00eas nacionais e internacionais. Somos produtores do CanadaHub no Fringe de Edimburgo.<\/p>\n<div class=\"fusion-sep-clear\"><\/div><div class=\"fusion-separator fusion-full-width-sep\" style=\"margin-left: auto;margin-right: auto;margin-bottom:30px;width:100%;\"><\/div><div class=\"fusion-sep-clear\"><\/div>\n<h4><img class=\"size-thumbnail wp-image-8658 alignleft\" src=\"https:\/\/mitsp.org\/2020\/wp-content\/uploads\/2020\/02\/58-Natalie-Lue-150x150.jpg\" alt=\"Natalie Lue\" width=\"150\" height=\"150\" srcset=\"https:\/\/mitsp.org\/2020\/wp-content\/uploads\/2020\/02\/58-Natalie-Lue-66x66.jpg 66w, https:\/\/mitsp.org\/2020\/wp-content\/uploads\/2020\/02\/58-Natalie-Lue-150x150.jpg 150w, https:\/\/mitsp.org\/2020\/wp-content\/uploads\/2020\/02\/58-Natalie-Lue-200x200.jpg 200w, https:\/\/mitsp.org\/2020\/wp-content\/uploads\/2020\/02\/58-Natalie-Lue-300x300.jpg 300w, https:\/\/mitsp.org\/2020\/wp-content\/uploads\/2020\/02\/58-Natalie-Lue.jpg 400w\" sizes=\"(max-width: 150px) 100vw, 150px\" \/><\/h4>\n<h4>Natalie Lue (Canada) \u2013 Vancouver Civic Theatres<\/h4>\n<p>Natalie Lue is the Director of the Vancouver Civic Theatres in Vancouver, British Columbia, Canada.\u00a0 Until June 2019, she was the CEO of the Living Arts Centre. Prior to the LAC, Natalie was the Vice President, Production and Visitor Experience for the Toronto International Film Festival.\u00a0 Prior to joining TIFF in 2005, Natalie held several senior positions at Harbourfront Centre, a ten acre performing arts complex in Toronto on the shores of Lake Ontario.<\/p>\n<p>Natalie Lue is\u00a0an inaugural Fellow of the Toronto\u00a0Arts\u00a0Council and The Banff Centre Cultural Leaders Lab programme. She is currently a member of CAPACOA\u2019s International Market Development Committee and has participated on Canadian Performing Arts Presenter delegations to: Melbourne, Australia; Edinburgh, Scotland; Santiago, Chile; and Guanajuato, Mexico.<\/p>\n<p><strong>About Vancouver Civic Theatres:<\/strong><\/p>\n<h4><img class=\"size-thumbnail wp-image-8660 alignleft\" src=\"https:\/\/mitsp.org\/2020\/wp-content\/uploads\/2020\/02\/59-Nathalie-Huerta-150x150.jpg\" alt=\"Nathalie Huerta\" width=\"150\" height=\"150\" srcset=\"https:\/\/mitsp.org\/2020\/wp-content\/uploads\/2020\/02\/59-Nathalie-Huerta-66x66.jpg 66w, https:\/\/mitsp.org\/2020\/wp-content\/uploads\/2020\/02\/59-Nathalie-Huerta-150x150.jpg 150w, https:\/\/mitsp.org\/2020\/wp-content\/uploads\/2020\/02\/59-Nathalie-Huerta-200x200.jpg 200w, https:\/\/mitsp.org\/2020\/wp-content\/uploads\/2020\/02\/59-Nathalie-Huerta-300x300.jpg 300w, https:\/\/mitsp.org\/2020\/wp-content\/uploads\/2020\/02\/59-Nathalie-Huerta.jpg 400w\" sizes=\"(max-width: 150px) 100vw, 150px\" \/><\/h4>\n<h4>Nathalie Huerta (France) \u2013 Th\u00e9\u00e2tre Jean Vilar<\/h4>\n<p>Graduated of the Institute of European Studies at Paris 8 University, Nathalie Huerta began her career as an artistic advisor and production director at the French Institute of Latin America in Mexico City and then for several international and international companies and local authorities. In 2002 she joined the Jean Vilar Theater of Vitry-sur-Seine as public relations manager, then became the general secretary in 2018. In 2014, she became director by proposing a new artistic project for the Jean-Vilar Theater, having as main axes: international cooperation, writings for youth and relationship between art and society. Nathalie Huerta also co-chairs the \u201cGroupe des 20 Th\u00e9\u00e2tres\u201d network in the Ile-de-France region. She is a founding member of the French-Belgian \u201cle R\u00e9el Enjeu\u201d, a network dedicated to the writings of the real world. The Jean-Vilar Theater, is a multidisciplinary place of the city of Vitry-sur-Seine, counting about fifty shows per season of which about twenty in creation, with a modular room of 550 places. This place hosts several artists in residencies. It also organizes an international festival dedicated to the arts of the Souths \u201cLes Transversales\u201d.<\/p>\n<p><strong>About Th\u00e9\u00e2tre Jean Vilar:<\/strong><\/p>\n<div class=\"fusion-sep-clear\"><\/div><div class=\"fusion-separator fusion-full-width-sep\" style=\"margin-left: auto;margin-right: auto;margin-bottom:30px;width:100%;\"><\/div><div class=\"fusion-sep-clear\"><\/div>\n<h4><img class=\"size-thumbnail wp-image-8662 alignleft\" src=\"https:\/\/mitsp.org\/2020\/wp-content\/uploads\/2020\/02\/60-Paula-de-Renor-150x150.jpg\" alt=\"Paula de Renor\" width=\"150\" height=\"150\" srcset=\"https:\/\/mitsp.org\/2020\/wp-content\/uploads\/2020\/02\/60-Paula-de-Renor-66x66.jpg 66w, https:\/\/mitsp.org\/2020\/wp-content\/uploads\/2020\/02\/60-Paula-de-Renor-150x150.jpg 150w, https:\/\/mitsp.org\/2020\/wp-content\/uploads\/2020\/02\/60-Paula-de-Renor-200x200.jpg 200w, https:\/\/mitsp.org\/2020\/wp-content\/uploads\/2020\/02\/60-Paula-de-Renor-300x300.jpg 300w, https:\/\/mitsp.org\/2020\/wp-content\/uploads\/2020\/02\/60-Paula-de-Renor.jpg 400w\" sizes=\"(max-width: 150px) 100vw, 150px\" \/><\/h4>\n<h4>Paula de Renor (Brazil) \u2013 RESIDE\/FIT Pernambuco<\/h4>\n<p>Paula de Renor \u2013 has been an actress, producer and director of Remo Produ\u00e7\u00f5es Art\u00edsticas since 1983. She has produced several theater shows, including two international co-productions. He also works in the production of television programs and social projects related to theater. She was the founder and manager of the Teatro Armaz\u00e9m for 11 years. She was the curator and producer of the January of Great Spectacles \u2013 International Festival of Performing Arts in Pernambuco for 17 years. She is a representative of theater and opera at the State Council of Cultural Policy of Pernambuco. She is the creator and director of RESIDE.FIT\/PE- International Festival of Theater of Pernambuco.<\/p>\n<p><strong>About RESIDE\/FIT Pernambuco:<\/strong> A festival that focuses on the diffusion, formation, and reflection of the theatrical scene through artistic presentations, residences, workshops and meetings to share experiences and knowledge, discuss ideas and creative processes, as well as to strengthen ties of coexistence and stimulate the breakdown of eventual territorial and linguistic barriers.The program emphasizes the diversity of contemporary dramatic expressions and creates a dialogue between the Theater and the City, in the search for a greater rapprochement with the public. It happens in the city of Recife \/ PE. Its 2nd edition will be from 05 to 22 September 2019.<\/p>\n<div class=\"fusion-sep-clear\"><\/div><div class=\"fusion-separator fusion-full-width-sep\" style=\"margin-left: auto;margin-right: auto;margin-bottom:30px;width:100%;\"><\/div><div class=\"fusion-sep-clear\"><\/div>\n<h4><b><img class=\"size-thumbnail wp-image-9772 alignleft\" src=\"https:\/\/mitsp.org\/2020\/wp-content\/uploads\/2020\/03\/Paulo-Feitosa-150x150.jpg\" alt=\"Paulo Feitosa\" width=\"150\" height=\"150\" srcset=\"https:\/\/mitsp.org\/2020\/wp-content\/uploads\/2020\/03\/Paulo-Feitosa-66x66.jpg 66w, https:\/\/mitsp.org\/2020\/wp-content\/uploads\/2020\/03\/Paulo-Feitosa-150x150.jpg 150w, https:\/\/mitsp.org\/2020\/wp-content\/uploads\/2020\/03\/Paulo-Feitosa-200x200.jpg 200w, https:\/\/mitsp.org\/2020\/wp-content\/uploads\/2020\/03\/Paulo-Feitosa-300x300.jpg 300w, https:\/\/mitsp.org\/2020\/wp-content\/uploads\/2020\/03\/Paulo-Feitosa.jpg 400w\" sizes=\"(max-width: 150px) 100vw, 150px\" \/><\/b><\/h4>\n<h4><b>Paulo Feitosa (Brazil) \u2013 Quitanda das Artes<\/b><b><br \/>\n<\/b><b><\/b><\/h4>\n<p>Empreendedor Social, Produtor e Gestor Cultural. Bacharel em comunica\u00e7\u00e3o social \u2013 Publicidade e propaganda, especialista em gest\u00e3o cultural, mestrando em ci\u00eancias da cultura e comunica\u00e7\u00e3o pela universidade Tr\u00e1s-os-Montes e Alto Douro \u2013 Portugal. Fundador e diretor da empresa Quitanda solu\u00e7\u00f5es criativas, empresa dedicada \u00e1 inova\u00e7\u00e3o social que tem como princ\u00edpios o fortalecimento da educa\u00e7\u00e3o, produ\u00e7\u00e3o e gest\u00e3o cultural, atrav\u00e9s do desenvolvimento de programas e projetos socioculturais, inova\u00e7\u00e3o e sustentabilidade. A institui\u00e7\u00e3o se baseia na compreens\u00e3o de que refletir sobre cultura e educa\u00e7\u00e3o \u00e9 pensar valores e novos c\u00f3digos sociais. Dirige projetos culturais e educacionais em diversos segmentos, com destaque para a dire\u00e7\u00e3o e curadoria de diversos festivais de artes c\u00eanicas e m\u00fasica em \u00e2mbito nacional e internacional. Dire\u00e7\u00e3o do projeto Escolas Criativas e do programa de forma\u00e7\u00e3o Laborat\u00f3rios culturais. Dedicou-se \u00e0 gest\u00e3o de pol\u00edticas p\u00fablicas para a cultura, como Secret\u00e1rio Adjunto da Secretaria da Cultura do Estado do Cear\u00e1.<\/p>\n<div class=\"fusion-sep-clear\"><\/div><div class=\"fusion-separator fusion-full-width-sep\" style=\"margin-left: auto;margin-right: auto;margin-bottom:30px;width:100%;\"><\/div><div class=\"fusion-sep-clear\"><\/div>\n<h4><b><img class=\"size-thumbnail wp-image-9774 alignleft\" src=\"https:\/\/mitsp.org\/2020\/wp-content\/uploads\/2020\/03\/Platao-Capurro-Filho-150x150.jpg\" alt=\"Plat\u00e3o Capurro Filho\" width=\"150\" height=\"150\" srcset=\"https:\/\/mitsp.org\/2020\/wp-content\/uploads\/2020\/03\/Platao-Capurro-Filho-66x66.jpg 66w, https:\/\/mitsp.org\/2020\/wp-content\/uploads\/2020\/03\/Platao-Capurro-Filho-150x150.jpg 150w, https:\/\/mitsp.org\/2020\/wp-content\/uploads\/2020\/03\/Platao-Capurro-Filho-200x200.jpg 200w, https:\/\/mitsp.org\/2020\/wp-content\/uploads\/2020\/03\/Platao-Capurro-Filho-300x300.jpg 300w, https:\/\/mitsp.org\/2020\/wp-content\/uploads\/2020\/03\/Platao-Capurro-Filho.jpg 400w\" sizes=\"(max-width: 150px) 100vw, 150px\" \/><\/b><\/h4>\n<h4><b>Plat\u00e3o Capurro Filho (Brazil) \u2013 FESTA: Festival Santista de Teatro<\/b><b><br \/>\n<\/b><\/h4>\n<p>Theater director and producer. He is co-founder of Widia Theater and Cultural Widia. Co-organizer and curator of Festa (Santista Theater Festival), Articulator of MTBS (Baixada Santista Theater Movement) and member of RBTR (Brazilian Street Theater Network).<\/p>\n<p><b>About FESTA: Festival Santista de Teatro: <\/b>Created by Patr\u00edcia Galv\u00e3o, Pag\u00fa, FESTA is the oldest active theater festival in the country. Organized by articulators of the Baixada Santista Theater Movement it is a festival for theatrical groups and has the Parallel Exhibition of Integrated Arts with exhibitions of visual arts, cinema, dance, music and theme parties in public space.<\/p>\n<div class=\"fusion-sep-clear\"><\/div><div class=\"fusion-separator fusion-full-width-sep\" style=\"margin-left: auto;margin-right: auto;margin-bottom:30px;width:100%;\"><\/div><div class=\"fusion-sep-clear\"><\/div>\n<h4><img class=\"size-thumbnail wp-image-8664 alignleft\" src=\"https:\/\/mitsp.org\/2020\/wp-content\/uploads\/2020\/02\/61-Rainer-Hofmann-150x150.jpg\" alt=\"\u00a0Rainer Hofmann\" width=\"150\" height=\"150\" srcset=\"https:\/\/mitsp.org\/2020\/wp-content\/uploads\/2020\/02\/61-Rainer-Hofmann-66x66.jpg 66w, https:\/\/mitsp.org\/2020\/wp-content\/uploads\/2020\/02\/61-Rainer-Hofmann-150x150.jpg 150w, https:\/\/mitsp.org\/2020\/wp-content\/uploads\/2020\/02\/61-Rainer-Hofmann-200x200.jpg 200w, https:\/\/mitsp.org\/2020\/wp-content\/uploads\/2020\/02\/61-Rainer-Hofmann-300x300.jpg 300w, https:\/\/mitsp.org\/2020\/wp-content\/uploads\/2020\/02\/61-Rainer-Hofmann.jpg 400w\" sizes=\"(max-width: 150px) 100vw, 150px\" \/><\/h4>\n<h4>Rainer Hofmann (Netherlands) \u2013 SPRING Utrecht<\/h4>\n<p>Rainer Hofmann is since January 2013 artistic director of SPRING Performing Arts Festival in Utrecht, The Netherlands. Before he has been artistic director of Huis en Festival a\/d Werf Utrecht, which merged with Springdance Festival into SPRING.<\/p>\n<p>Rainer Hofmann has international experience as artistic director, programmer, producer and dramaturg. His professional career lead him to Switzerland, Germany, Holland, Austria and the UK. He has been dramaturg for Theaterhaus Gessnerallee Z\u00fcrich, Theater Neumarkt Z\u00fcrich, Schauspiel K\u00f6ln and Stadttheater Bern. In 2008 he was artistic director of the 7.<\/p>\n<p>Festival Politik im Freien Theater (\u201ePolitics in Off Theatre\u201c) in Cologne, a festival organised by the government organisation \u201eFederal Agency for Civic Education\u201c. In 2010 he was head of production at Theater der Welt Festival in Essen and M\u00fclheim\/Ruhr. Furthermore he has been working for media like Westdeutscher Rundfunk, Theater der Zeit or K\u00f6lner Stadtrevue and held positions in several committees, boards and juries.<\/p>\n<p><strong>About SPRING Utrecht: <\/strong>SPRING is about the world. SPRING means thinking about the world with artistic means. SPRING means looking at the world through the performing arts. SPRING means looking at the world through the eyes of artists. SPRING means looking at the world through the eyes of the artists from different countries, with different cultural backgrounds, with different life experiences, with different artistic, political and social references. SPRING is about the world. SPRING is about the world of today.<\/p>\n<p>SPRING presents new developments within the performing arts internationally today with a focus on crossovers between dance, theatre and performance and on art in public space. SPRING does this by organizing two festivals for open and interested audiences each year; the ten-day SPRING Performing Arts Festival in May and the three-day SPRING in Autumn in the fall.<\/p>\n<div class=\"fusion-sep-clear\"><\/div><div class=\"fusion-separator fusion-full-width-sep\" style=\"margin-left: auto;margin-right: auto;margin-bottom:30px;width:100%;\"><\/div><div class=\"fusion-sep-clear\"><\/div>\n<h4><b>Roni Isola (Argentina) \u2013 FIBA: Festival Internacional de Buenos Aires<\/b><\/h4>\n<p>Roni Isola is a theater and festival producer. Among his works, there are productions at the International Festival of Buenos Aires (FIBA), Emerging City, inauguration of the Ministry of Human Development and Habitat and of the Ministry of Education, BAFICI Marathon, Abasto Marathon and Festival Buenos Aires of Contemporary Dance.<\/p>\n<p><b>About FIBA: <\/b>The Buenos Aires International Festival (FIBA) is a biennial event organized by the Ministry of Culture of the city of Buenos Aires. Created in 1997, throughout its twelve editions it has become one of the biggest performing arts events in Argentina.<\/p>\n<div class=\"fusion-sep-clear\"><\/div><div class=\"fusion-separator fusion-full-width-sep\" style=\"margin-left: auto;margin-right: auto;margin-bottom:30px;width:100%;\"><\/div><div class=\"fusion-sep-clear\"><\/div>\n<h4><img class=\"size-thumbnail wp-image-8666 alignleft\" src=\"https:\/\/mitsp.org\/2020\/wp-content\/uploads\/2020\/02\/62-Sandrina-Martins-150x150.jpg\" alt=\"Sandrina Martins\" width=\"150\" height=\"150\" srcset=\"https:\/\/mitsp.org\/2020\/wp-content\/uploads\/2020\/02\/62-Sandrina-Martins-66x66.jpg 66w, https:\/\/mitsp.org\/2020\/wp-content\/uploads\/2020\/02\/62-Sandrina-Martins-150x150.jpg 150w, https:\/\/mitsp.org\/2020\/wp-content\/uploads\/2020\/02\/62-Sandrina-Martins-200x200.jpg 200w, https:\/\/mitsp.org\/2020\/wp-content\/uploads\/2020\/02\/62-Sandrina-Martins-300x300.jpg 300w, https:\/\/mitsp.org\/2020\/wp-content\/uploads\/2020\/02\/62-Sandrina-Martins.jpg 400w\" sizes=\"(max-width: 150px) 100vw, 150px\" \/><\/h4>\n<h4>Sandrina Martins (France) \u2013 Le Carreau du Temple<\/h4>\n<p>Sandrina Martins is a graduate from Paris Dauphine and the European Studies Institute. She started her career as a senior advisor for the Centre Chor\u00e9graphique National de Grenoble, directed by choreographer Jean-Claude Gallotta, and then project manager for the city of Paris office of circus and street arts. By 2005, she moved to Marseille as the adminsitrator for Montevideo arts and performance center and secretary general of the renowned Actoral international festival until 2009. She then joined the team of the Marseille Provence 2013 European Capital of Culture event for wich she ran the Ateliers de l\u2019EuroM\u00e9diterran\u00e9e a program of artists residencies in the corporate world. She was appointed as executive director in 2015 of le Carreau du Temple, public venue for culture and sports of the city of Paris.<\/p>\n<p><strong>About Le Carreau du Temple:<\/strong> The Carreau du Temple is an Arts, Sports and Cultural establishment of the City of Paris located in the \u00ab\u00a0haut Marais\u00a0\u00bb, which great metallic structure built in the late 19th century was entirely renovated and opened to the public in 2014.\u00a0 It positions itself as a dynamic centre for creation and diffusion in the heart of the Paris cultural and events ecosystem.<\/p>\n<p>It is a venue dedicated the arts, education and apprenticeship, which offers many opportunities for innovation, social initiatives, as well as multi-disciplinary events intended for all publics thanks to a diverse cultural, artistic, sports and lifestyle program, of 230 events per year. The Carreau also has a selection of contemporary dance shows all throughout the cultural season and is currently working on a new festival for the year 2021 entitled Everybody, which ambition is to celebrate and question the role of the body in our modern world, in what it has to tell us, form a social, artistic and political standpoint.<\/p>\n<div class=\"fusion-sep-clear\"><\/div><div class=\"fusion-separator fusion-full-width-sep\" style=\"margin-left: auto;margin-right: auto;margin-bottom:30px;width:100%;\"><\/div><div class=\"fusion-sep-clear\"><\/div>\n<h4><b><img class=\"size-thumbnail wp-image-9776 alignleft\" src=\"https:\/\/mitsp.org\/2020\/wp-content\/uploads\/2020\/03\/Sonia-Sobral-150x150.jpg\" alt=\"Sonia Sobral\" width=\"150\" height=\"150\" srcset=\"https:\/\/mitsp.org\/2020\/wp-content\/uploads\/2020\/03\/Sonia-Sobral-66x66.jpg 66w, https:\/\/mitsp.org\/2020\/wp-content\/uploads\/2020\/03\/Sonia-Sobral-150x150.jpg 150w, https:\/\/mitsp.org\/2020\/wp-content\/uploads\/2020\/03\/Sonia-Sobral-200x200.jpg 200w, https:\/\/mitsp.org\/2020\/wp-content\/uploads\/2020\/03\/Sonia-Sobral-300x300.jpg 300w, https:\/\/mitsp.org\/2020\/wp-content\/uploads\/2020\/03\/Sonia-Sobral.jpg 400w\" sizes=\"(max-width: 150px) 100vw, 150px\" \/>Sonia Sobral (Brasil) \u2013 CCSP: Centro Cultural S\u00e3o Paulo<\/b><b><br \/>\n<\/b><\/h4>\n<p>\u00c9 gestora cultural e curadora nas \u00e1reas de dan\u00e7a e teatro.\u00a0 Atualmente \u00e9 curadora de dan\u00e7a do Centro Cultural S\u00e3o Paulo. Gerenciou o N\u00facleo de Artes C\u00eanicas do Ita\u00fa Cultural durante 17 anos, criou a performance\u00a0Involunt\u00e1rios da P\u00e1tria\u00a0(texto de Eduardo Viveiros de Castro)\u00a0e participa do grupo de pesquisa e cria\u00e7\u00e3o de\u00a0Margens \u2013 sobre rios, crocodilos e vaga-lumes, projeto teatral a partir do testemunho do rio Xingu de Gabriela Carneiro da Cunha.<\/p>\n<p><b>Sobre o CCSP: <\/b>Inaugurado em 1982, \u00e9 um dos primeiros centros culturais multidisciplinares do pa\u00eds. Lugar p\u00fablico por excel\u00eancia, combina a oferta de programa\u00e7\u00e3o e de servi\u00e7os culturais \u2013 gratuitos ou a pre\u00e7os acess\u00edveis \u2013 com a disponibiliza\u00e7\u00e3o de seus espa\u00e7os e instala\u00e7\u00f5es para um uso plural, livre e propositivo de seus frequentadores, provocando uma reflex\u00e3o quanto ao papel dos espa\u00e7os e servi\u00e7os p\u00fablicos na promo\u00e7\u00e3o da arte, da cultura, da criatividade, da cidadania e da autonomia em uma cidade com as dimens\u00f5es de S\u00e3o Paulo.<\/p>\n<div class=\"fusion-sep-clear\"><\/div><div class=\"fusion-separator fusion-full-width-sep\" style=\"margin-left: auto;margin-right: auto;margin-bottom:30px;width:100%;\"><\/div><div class=\"fusion-sep-clear\"><\/div>\n<h4><img class=\"size-thumbnail wp-image-8668 alignleft\" src=\"https:\/\/mitsp.org\/2020\/wp-content\/uploads\/2020\/02\/63-Sophie-Descamps-150x150.jpg\" alt=\"Sophie Descamps\" width=\"150\" height=\"150\" srcset=\"https:\/\/mitsp.org\/2020\/wp-content\/uploads\/2020\/02\/63-Sophie-Descamps-66x66.jpg 66w, https:\/\/mitsp.org\/2020\/wp-content\/uploads\/2020\/02\/63-Sophie-Descamps-150x150.jpg 150w, https:\/\/mitsp.org\/2020\/wp-content\/uploads\/2020\/02\/63-Sophie-Descamps-200x200.jpg 200w, https:\/\/mitsp.org\/2020\/wp-content\/uploads\/2020\/02\/63-Sophie-Descamps-300x300.jpg 300w, https:\/\/mitsp.org\/2020\/wp-content\/uploads\/2020\/02\/63-Sophie-Descamps.jpg 400w\" sizes=\"(max-width: 150px) 100vw, 150px\" \/><\/h4>\n<h4>Sophie Descamps (France) \u2013 Th\u00e9\u00e2tre Le Passage<\/h4>\n<p>After studying communication, I started working in a venue in the North of France (the town of Arras) as deputy director. I then worked for the La Licorne company, which offers very visual shows with masks and objects. I then worked for three years for a city near Lille, for the event &#8220;Lille, European Capital of Culture&#8221;. I had to set up a project for a new cultural place with an exhibition hall, a performance hall, a place for artists&#8217; residences, a caf\u00e9, etc.After a stint with a Baroque Orchestra for the implementation of cultural activities in the Rh\u00f4ne-Alpes Region, I arrived in F\u00e9camp, in Normandy for the Le Passage Theater. I&#8217;ve been the director since 2011.<\/p>\n<p><strong>About Th\u00e9\u00e2tre Le Passage:<\/strong> The venue is located in a town of 19,000 inhabitants by the sea in Normandy. We have two priority programming axes : theater and puppetry arts shows. We regularly welcome companies who come to work on their next creation, which we co-produce. We set up many cultural actions around the shows that we offer, aimed at different audiences (young people, people with disabilities, people with economic difficulties\u2026 etc).<\/p>\n<div class=\"fusion-sep-clear\"><\/div><div class=\"fusion-separator fusion-full-width-sep\" style=\"margin-left: auto;margin-right: auto;margin-bottom:30px;width:100%;\"><\/div><div class=\"fusion-sep-clear\"><\/div>\n<h4><img class=\"size-thumbnail wp-image-8672 alignleft\" src=\"https:\/\/mitsp.org\/2020\/wp-content\/uploads\/2020\/02\/67-Thomas-Jolly-150x150.jpg\" alt=\"Thomas Jolly\" width=\"150\" height=\"150\" srcset=\"https:\/\/mitsp.org\/2020\/wp-content\/uploads\/2020\/02\/67-Thomas-Jolly-66x66.jpg 66w, https:\/\/mitsp.org\/2020\/wp-content\/uploads\/2020\/02\/67-Thomas-Jolly-150x150.jpg 150w, https:\/\/mitsp.org\/2020\/wp-content\/uploads\/2020\/02\/67-Thomas-Jolly-200x200.jpg 200w, https:\/\/mitsp.org\/2020\/wp-content\/uploads\/2020\/02\/67-Thomas-Jolly-300x300.jpg 300w, https:\/\/mitsp.org\/2020\/wp-content\/uploads\/2020\/02\/67-Thomas-Jolly.jpg 400w\" sizes=\"(max-width: 150px) 100vw, 150px\" \/><\/h4>\n<h4>Thomas Jolly (France) &#8211; Centre Dramatique National De Pays de la Loire<\/h4>\n<p>Thomas Jolly, in less than ten years has passed from the status of \u201cyoung prodigious\u201d of the french theater to an important and popular director. His approach is based on playing with classic texts and imaginary figures. For him theater is a citizen art, which is the only way to question the basis of human beings. In 2010 Jolly develops the set up of Shakespeare\u2019s Henry IV with 18 hours of performance. The presentation happened for the first time at Avignon Festival and it made him the biggest star of the 68th edition. In 2018, invited by Olivier Py, he made the premier of the Avignon Festival with Thyeste, a roman tragedy of S\u00eaneca. At the 20th September 2019 he did the premier Macbeth Pascal Dusapin\u2019s Underworld, in \u00d3pera Royal of Bruxelles. At the same day, he was nomad by the Culture Minister Franck Riester, director of the National Drama Center Le Quai in Angers, Pays de la Loire. He assumed his functions since the beginning of this year.<\/p>\n<p><strong>About Centre Dramatique National de Pays de la Loire:<\/strong><\/p>\n<p>&nbsp;<\/p>\n<div class=\"fusion-sep-clear\"><\/div><div class=\"fusion-separator fusion-full-width-sep\" style=\"margin-left: auto;margin-right: auto;margin-bottom:30px;width:100%;\"><\/div><div class=\"fusion-sep-clear\"><\/div>\n<h4><img class=\"size-thumbnail wp-image-8676 alignleft\" src=\"https:\/\/mitsp.org\/2020\/wp-content\/uploads\/2020\/02\/70-Willie-White-150x150.jpg\" alt=\"Willie White\" width=\"150\" height=\"150\" srcset=\"https:\/\/mitsp.org\/2020\/wp-content\/uploads\/2020\/02\/70-Willie-White-66x66.jpg 66w, https:\/\/mitsp.org\/2020\/wp-content\/uploads\/2020\/02\/70-Willie-White-150x150.jpg 150w, https:\/\/mitsp.org\/2020\/wp-content\/uploads\/2020\/02\/70-Willie-White-200x200.jpg 200w, https:\/\/mitsp.org\/2020\/wp-content\/uploads\/2020\/02\/70-Willie-White-300x300.jpg 300w, https:\/\/mitsp.org\/2020\/wp-content\/uploads\/2020\/02\/70-Willie-White.jpg 400w\" sizes=\"(max-width: 150px) 100vw, 150px\" \/><\/h4>\n<h4>Willie White (Ireland) \u2013 DTF: Dublin Theatre Festival<\/h4>\n<p>Willie White holds Masters degrees in Irish Theatre and English Literature. He previously worked at RT\u00c9, the Irish public service broadcaster, chiefly on television arts programmes, and was Artistic Director of Project Arts Centre, a multidisciplinary arts centre in Dublin,\u00a0 from 2002 to 2011.<\/p>\n<p>Since 2011, he has been Artistic Director and Chief Executive of Dublin Theatre Festival, a key event in the city\u2019s cultural calendar, presenting a programme of Irish and international productions over 18 days, running in 2020 from 24 September to 11 October.<\/p>\n<p>Willie was President of IETM, the international performing arts network based in Brussels, with over 500 members in Europe and beyond, from 2013-2017 and a board member for three years before that .<\/p>\n<p><strong>About DTF:<\/strong> Dublin Theatre Festival was established in 1957. The annual festival brings together artists, theatre-makers and audiences from across Ireland and around the world. Throughout its 18-day duration, performances take place in venues and locations across the city. The programme incorporates theatre, music, dance and family events as well as artist talks, public discussions and artist development initiatives. We present classic drama by celebrated artists alongside work by exciting, emerging theatre-makers from home and abroad. The next edition of Dublin Theatre Festival will take place from 24.09.20-11.10.20.<\/p>\n","protected":false},"excerpt":{"rendered":"<p>NATIONAL AND INTERNATIONAL PROGRAMMERS Check out the programmers accompanying MITbr &#8211; Platform Brazil 2020 and [&hellip;]<\/p>\n","protected":false},"author":1,"featured_media":8834,"parent":0,"menu_order":8,"comment_status":"closed","ping_status":"closed","template":"","meta":{"_links_to":"","_links_to_target":""},"yst_prominent_words":[],"acf":[],"_links":{"self":[{"href":"https:\/\/mitsp.org\/2020\/wp-json\/wp\/v2\/pages\/8682"}],"collection":[{"href":"https:\/\/mitsp.org\/2020\/wp-json\/wp\/v2\/pages"}],"about":[{"href":"https:\/\/mitsp.org\/2020\/wp-json\/wp\/v2\/types\/page"}],"author":[{"embeddable":true,"href":"https:\/\/mitsp.org\/2020\/wp-json\/wp\/v2\/users\/1"}],"replies":[{"embeddable":true,"href":"https:\/\/mitsp.org\/2020\/wp-json\/wp\/v2\/comments?post=8682"}],"version-history":[{"count":0,"href":"https:\/\/mitsp.org\/2020\/wp-json\/wp\/v2\/pages\/8682\/revisions"}],"wp:featuredmedia":[{"embeddable":true,"href":"https:\/\/mitsp.org\/2020\/wp-json\/wp\/v2\/media\/8834"}],"wp:attachment":[{"href":"https:\/\/mitsp.org\/2020\/wp-json\/wp\/v2\/media?parent=8682"}],"wp:term":[{"taxonomy":"yst_prominent_words","embeddable":true,"href":"https:\/\/mitsp.org\/2020\/wp-json\/wp\/v2\/yst_prominent_words?post=8682"}],"curies":[{"name":"wp","href":"https:\/\/api.w.org\/{rel}","templated":true}]}}