{"id":8508,"date":"2020-02-27T17:07:40","date_gmt":"2020-02-27T20:07:40","guid":{"rendered":"https:\/\/mitsp.org\/2020\/?page_id=8508"},"modified":"2021-10-05T22:35:14","modified_gmt":"2021-10-06T01:35:14","slug":"technical-sheet","status":"publish","type":"page","link":"https:\/\/mitsp.org\/2020\/en\/technical-sheet\/","title":{"rendered":"CREDITS"},"content":{"rendered":"<h2>CREDITS<\/h2>\n<p><strong>CONCEPTION AND ARTISTIC DIRECTOR<\/strong>: Antonio Araujo<br \/>\n<strong>CONCEPTION AND EXECUTIVE DIRECTOR<\/strong>: Guilherme Marques<br \/>\n<strong>INSTITUTIONAL DIRECTOR<\/strong>: Rafael Steinhauser<br \/>\n<strong>INSTITUTIONAL RELATIONS<\/strong>: Jenia Kolesnikova<br \/>\n<strong>NATIONAL AND INTERNATIONAL RELATIONS<\/strong>: Nat\u00e1lia Machiaveli<br \/>\n<strong>INTERNACIONAL RELATIONS MITbr &#8211; BRAZIL PLATFORM<\/strong>: Fernando Ruiz Braul<br \/>\n<strong>CRITICAL REGARDS CURATOR<\/strong>: Daniele Avila Small and Luciana Eastwood Romagnolli<br \/>\n<strong>EDUCATIONAL ACTIVITIES CURATOR<\/strong>: Maria Fernanda Vomero<br \/>\n<strong>ENCONTRA DE PEDAGOGIA DA TEATRA CURATOR<\/strong>: Dodi Leal<br \/>\n<strong>MITbr &#8211; BRAZIL PLATFORM CURATOR<\/strong>: Alejandro Ahmed, Francis Wilker and Grace Pass\u00f4<br \/>\n<strong>ANTI-COLONIAL PERSPECTIVES SEMINAR CURATOR<\/strong>: Andreia Duarte, Christine Greiner and Jos\u00e9 Fernando Peixoto de Azevedo<br \/>\n<strong>EXECUTIVE PRODUCER COORDINATOR<\/strong>: Rachel Brumana<br \/>\n<strong>FINANCE AND ADMINISTRATION COORDINATOR<\/strong>: Patr\u00edcia Perez<br \/>\n<strong>COMMUNICATION COORDINATOR<\/strong>: Marcia Marques | Canal Aberto<br \/>\n<strong>PUBLIC RELATIONS COORDINATOR<\/strong>: Carminha Gongora<br \/>\n<strong>TECHNICAL COORDINATORS<\/strong>: Andr\u00e9 Boll and Grazi Vieira<br \/>\n<strong>LOGISTICS COORDINATOR<\/strong>: Marisa Riccitelli Sant\u2019ana<br \/>\n<strong>REFLECTIVE AND EDUCATIONAL AXES COORDINATOR<\/strong>: Andreia Duarte<br \/>\n<strong>MITBR &#8211; BRAZIL PLATFORM COORDINATOR<\/strong>: Richard Santana<br \/>\n<strong>REVISTA CARTOGRAFIAS, WEBSITE, APP AND GUIDE COORDINATOR, EDITOR, WRITER AND EDITORIAL CONTENT SUPERVISOR<\/strong>: Maria Lu\u00edsa Barsanelli<br \/>\n<strong>FUNDRAISING AND SUPPORT ADVISORY AND EXECUTIVE PRODUCTION<\/strong>: Anamaria Boschi<br \/>\n<strong>EXECUTIVE PRODUCERS<\/strong>: Giovanna Monteiro and Paulo Gircys<br \/>\n<strong>EDUCATIONAL ACTIVITIES PRODUCER<\/strong>: Luiz Sztutman<br \/>\n<strong>CRITICS CORNER PRE-PRODUCTION<\/strong>: Ericah Azeviche<br \/>\n<strong>ANTI-COLONIAL PERSPECTIVES SEMINAR PRODUCTION<\/strong>: Luna Recaldes<br \/>\n<strong>REFLECTIVE AND EDUCATIONAL AXES PRODUCTION<\/strong>: Amanda Tavares, Ana Paula Leandro, Eliane Monteiro, Lucas Pradino and Michelle Barreto<br \/>\n<strong>LOCAL PRODUCERS\/PLAYS<\/strong>: Dora Le\u00e3o, Julia Gomes, Julio Cesarini, Ney Wellington Bahia, Olivia Maia Barcellos, Patricia Souza Ceschi, Paulo Mattos and Pedro de Freitas<br \/>\n<strong>TECHNICAL COORDINATOR\/PLAYS<\/strong>: Cau\u00ea Gouveia, C\u00e9sar Martini, Diego Francisco, Fernanda Guedella, Lara Bordin, Melissa Guimar\u00e3es, Randal Juliano, Raquel Balekian and Ronaldo Zero<br \/>\n<strong>LEGAL ADVISER<\/strong>: Jos\u00e9 Augusto Vieira de Aquino<br \/>\n<strong>ACCOUNTING AND TRIBUTARY ADVISER<\/strong>: Carvalho Ramos Consultoria Cont\u00e1bil Tribut\u00e1ria S\/S<br \/>\n<strong>DIRECTION ASSISTANCE<\/strong>: Marina Watanabe<br \/>\n<strong>FINANCE AND ADMINISTRATION COORDINATION ASSISTANTS<\/strong>: Hiago Marques and Nath\u00e1lia Monteiro<br \/>\n<strong>NATIONAL AND INTERNATIONAL RELATIONS COORDINATION ASSISTANT<\/strong>: Paula Malfatti<br \/>\n<strong>COMMUNICATION ASSISTANTS<\/strong>: Daniele Val\u00e9rio, Fl\u00e1via Fontes de Oliveira and Kelly Santos | Canal Aberto<br \/>\n<strong>LOGISTIC COORDINATION ASSISTANTS<\/strong>: Carol Vidotti, Lipe Lima, Luiza Alves and Wander Otoni Ferreira<br \/>\n<strong>RECEPTIONISTS<\/strong>: Carol Vidotti and Larissa Ballarotti<br \/>\n<strong>REFLECTIVE AND EDUCATIONAL AXES COORDINATION ASSISTANTS<\/strong>: Luna Recaldes<br \/>\n<strong>MITbr &#8211; BRAZIL PLATFORM EXECUTIVE PRODUCER<\/strong>: Leonardo Monteiro<br \/>\n<strong>TECHNICAL COORDINATION ASSISTANT<\/strong>: Luana Gouveia<br \/>\n<strong>MITbr &#8211; BRAZIL PLATFORM LOCAL PRODUCTION ASSISTANTS<\/strong>: Alder Augusto, Alexandre Vasconcelos, Cibelle Lima, Marcos Emanoel, Mariana C\u00e2mara, Ney Wellington Bahia, Paulo Mattos and Vanise Carneiro<br \/>\n<strong>EDITING, WRITING AND EDITORIAL CONTENT ASSISTANT<\/strong>: Mariana Marinho<br \/>\n<strong>MITBR &#8211; BRAZIL PLATFORM INTERMEDIATE<\/strong>: Ferdinando Martins<br \/>\n<strong>MITbr &#8211; BRAZIL PLATFORM \/ GROUPS INTERNATIONALIZATION COSULTANT<\/strong>: Iva Horvat<br \/>\n<strong>TECHNICAL AND SCENOGRAPHIC CONSULTANT<\/strong>: Carol Bucek<br \/>\n<strong>AUDIO EQUIPMENTS CONSULTANT<\/strong>: Guilherme Ramos<br \/>\n<strong>VIDEO AND EQUIPMENTS CONSULTANT<\/strong>: Marcos Santos<br \/>\n<strong>SOCIAL MEDIA<\/strong>: Ana Elisa Faria<br \/>\n<strong>DIGITAL MARKETING<\/strong>: Ventuna Digital<br \/>\n<strong>REVISTA CARTOGRAFIAS EDITORS<\/strong>: Daniele Avila Small, Luciana Eastwood Romagnolli and S\u00edlvia Fernandes<br \/>\n<strong>TECHNICAL AND EDITORIAL CONTENT TRANSLATOR<\/strong>: Kevin Kraus<br \/>\n<strong>REFLECTIVE AND EDUCATIONAL AXES TRANSLATORS<\/strong>: Amanda Tavares, B\u00e1rbara Ferreira, David Atencio, Jos\u00e9 Machado, Julianete Azevedo, Kevin Kraus and Let\u00edcia Rodrigues<br \/>\n<strong>SUBTITLES AND TEXT TRANSLATOR<\/strong>: Casarini Produ\u00e7\u00f5es<br \/>\n<strong>EDITORIAL CONTENT REVISOR<\/strong>: Gren\u00e1 Conte\u00fado Multiplataforma<br \/>\n<strong>VISUAL IDENTITY AND GRAPHIC DESIGN<\/strong>: Casaplanta + Lila Botter<br \/>\n<strong>WEBSITE GRAPHIC DESIGNER<\/strong>: Marina Duca<br \/>\n<strong>MITsp 2020 APP DEVELOPER<\/strong>: Nodo Digital<br \/>\n<strong>PHOTOGRAPHERS<\/strong>: Guto Muniz, Nereu Jr. and Silvia Machado<br \/>\n<strong>PHOTOGRAPHY ASSISTANT<\/strong>: Lucas Oliveira<br \/>\n<strong>VIDEOS AND LIVE STREAM<\/strong>: ERA &#8211; Emp\u00f3rio de Relacionamentos Art\u00edsticos<br \/>\n<strong>SCRIPTS FOR PROMOTIONAL AND INSTITUTIONAL VIDEOS<\/strong>: Fl\u00e1via Fontes de Oliveira<br \/>\n<strong>AUDIO RECORDING AND EDITION (VIDEOS AND VOICE-OVERS)<\/strong>: Fluxo Produ\u00e7\u00f5es<br \/>\n<strong>SPEAKERS<\/strong>: Fernanda Ferreira de Moraes Zanchini<br \/>\n<strong>OPENING CEREMONY DIRECTOR<\/strong>: Luh Mazza<br \/>\n<strong>MASTER OF CEREMONIES<\/strong>: Renata Carvalho<br \/>\n<strong>GENERAL ASSISTANT:<\/strong> Jair Nascimento<br \/>\n<strong>NUTRITIONIST<\/strong>: Cleria de Oliveira Moura<br \/>\n<strong>RESOURCE FUNDING BOOK<\/strong>: Osvaldo Piva<br \/>\n<strong>TECHNICAL ASSISTANT\/COMPUTERS<\/strong>: Worklook Tecnologia<br \/>\n<strong>ARTWORKS THAT CONSTITUTE MITsp 2020 VISUAL IDENTITY<\/strong>: Henrique Oliveira<\/p>\n","protected":false},"excerpt":{"rendered":"<p>CREDITS CONCEPTION AND ARTISTIC DIRECTOR: Antonio Araujo CONCEPTION AND EXECUTIVE DIRECTOR: Guilherme Marques INSTITUTIONAL DIRECTOR: [&hellip;]<\/p>\n","protected":false},"author":1,"featured_media":0,"parent":0,"menu_order":16,"comment_status":"closed","ping_status":"closed","template":"","meta":{"_links_to":"","_links_to_target":""},"yst_prominent_words":[],"acf":[],"_links":{"self":[{"href":"https:\/\/mitsp.org\/2020\/wp-json\/wp\/v2\/pages\/8508"}],"collection":[{"href":"https:\/\/mitsp.org\/2020\/wp-json\/wp\/v2\/pages"}],"about":[{"href":"https:\/\/mitsp.org\/2020\/wp-json\/wp\/v2\/types\/page"}],"author":[{"embeddable":true,"href":"https:\/\/mitsp.org\/2020\/wp-json\/wp\/v2\/users\/1"}],"replies":[{"embeddable":true,"href":"https:\/\/mitsp.org\/2020\/wp-json\/wp\/v2\/comments?post=8508"}],"version-history":[{"count":0,"href":"https:\/\/mitsp.org\/2020\/wp-json\/wp\/v2\/pages\/8508\/revisions"}],"wp:attachment":[{"href":"https:\/\/mitsp.org\/2020\/wp-json\/wp\/v2\/media?parent=8508"}],"wp:term":[{"taxonomy":"yst_prominent_words","embeddable":true,"href":"https:\/\/mitsp.org\/2020\/wp-json\/wp\/v2\/yst_prominent_words?post=8508"}],"curies":[{"name":"wp","href":"https:\/\/api.w.org\/{rel}","templated":true}]}}