{"id":4963,"date":"2019-03-22T13:45:49","date_gmt":"2019-03-22T16:45:49","guid":{"rendered":"https:\/\/mitsp.org\/2019\/?page_id=4963"},"modified":"2020-03-06T16:12:49","modified_gmt":"2020-03-06T19:12:49","slug":"criticas-site","status":"publish","type":"page","link":"https:\/\/mitsp.org\/2020\/criticas-site\/","title":{"rendered":"CR\u00cdTICAS"},"content":{"rendered":"<div class=\"fusion-fullwidth fullwidth-box fusion-builder-row-1 nonhundred-percent-fullwidth non-hundred-percent-height-scrolling\" style=\"background-color: rgba(255,255,255,0);background-position: center center;background-repeat: no-repeat;padding-top:0px;padding-right:0px;padding-bottom:0px;padding-left:0px;margin-bottom: 0px;margin-top: 0px;border-width: 0px 0px 0px 0px;border-color:#eae9e9;border-style:solid;\" ><div class=\"fusion-builder-row fusion-row\"><div class=\"fusion-layout-column fusion_builder_column fusion-builder-column-0 fusion_builder_column_1_1 1_1 fusion-one-full fusion-column-first fusion-column-last\" style=\"margin-top:0px;margin-bottom:20px;\"><div class=\"fusion-column-wrapper fusion-flex-column-wrapper-legacy\" style=\"background-position:left top;background-repeat:no-repeat;-webkit-background-size:cover;-moz-background-size:cover;-o-background-size:cover;background-size:cover;padding: 0px 0px 0px 0px;\"><div class=\"fusion-text fusion-text-1\"><h2>CR\u00cdTICAS<\/h2>\n<\/div><div class=\"fusion-blog-shortcode fusion-blog-shortcode-1 fusion-blog-archive fusion-blog-layout-grid-wrapper fusion-blog-pagination\"><style type=\"text\/css\">.fusion-blog-shortcode-1 .fusion-blog-layout-grid .fusion-post-grid{padding:10px;}.fusion-blog-shortcode-1 .fusion-posts-container{margin-left: -10px !important; margin-right:-10px !important;}<\/style><div class=\"fusion-posts-container fusion-posts-container-pagination fusion-blog-rollover fusion-blog-layout-grid fusion-blog-layout-grid-4 isotope\" data-pages=\"2\" data-grid-col-space=\"20\" style=\"margin: -10px -10px 0;min-height:500px;\"><article id=\"blog-1-post-10341\" class=\"fusion-post-grid post-10341 post type-post status-publish format-standard has-post-thumbnail hentry category-criticas tag-contos-imorais tag-sabado-descontraido\">\n<div class=\"fusion-post-wrapper\" style=\"background-color:rgba(255,255,255,0);border:1px solid #ebeaea;border-bottom-width:3px;\">\n\n\t\t\t<div class=\"fusion-flexslider flexslider fusion-flexslider-loading fusion-post-slideshow\" style=\"border-color:#ebeaea;\">\n\t\t<ul class=\"slides\">\n\t\t\t\n\t\t\t\t\t\t\t\t\t\t\t\t\t\t<li><div  class=\"fusion-image-wrapper\" aria-haspopup=\"true\">\n\t\t\t\t<img width=\"2400\" height=\"1680\" src=\"https:\/\/mitsp.org\/2020\/wp-content\/uploads\/2020\/03\/49628571918_8386e0ec86_o.jpg\" class=\"attachment-full size-full wp-post-image\" alt=\"S\u00e1bado Descontra\u00eddo @Guto Muniz\" loading=\"lazy\" srcset=\"https:\/\/mitsp.org\/2020\/wp-content\/uploads\/2020\/03\/49628571918_8386e0ec86_o-200x140.jpg 200w, https:\/\/mitsp.org\/2020\/wp-content\/uploads\/2020\/03\/49628571918_8386e0ec86_o-400x280.jpg 400w, https:\/\/mitsp.org\/2020\/wp-content\/uploads\/2020\/03\/49628571918_8386e0ec86_o-600x420.jpg 600w, https:\/\/mitsp.org\/2020\/wp-content\/uploads\/2020\/03\/49628571918_8386e0ec86_o-800x560.jpg 800w, https:\/\/mitsp.org\/2020\/wp-content\/uploads\/2020\/03\/49628571918_8386e0ec86_o-1200x840.jpg 1200w, https:\/\/mitsp.org\/2020\/wp-content\/uploads\/2020\/03\/49628571918_8386e0ec86_o.jpg 2400w\" sizes=\"(min-width: 2200px) 100vw, (min-width: 856px) 280px, (min-width: 784px) 373px, (min-width: 712px) 560px, (min-width: 640px) 712px, \" \/><div class=\"fusion-rollover\">\n\t<div class=\"fusion-rollover-content\">\n\n\t\t\t\t\n\t\t\n\t\t\t\t\t\t\t\t\t\t\t\t<h4 class=\"fusion-rollover-title\">\n\t\t\t\t\t<a class=\"fusion-rollover-title-link\" href=\"https:\/\/mitsp.org\/2020\/escuta-das-historias-vozes-silencios-e-lutas-em-paisagens-sonoras-por-wellington-junior\/\">\n\t\t\t\t\t\tA escuta das hist\u00f3rias: vozes, sil\u00eancios e lutas em paisagens sonoras  <h6>por Wellington J\u00fanior<\/h6>\t\t\t\t\t<\/a>\n\t\t\t\t<\/h4>\n\t\t\t\n\t\t\t\t\t\t\t\t\n\t\t\n\t\t\t\t\t\t<a class=\"fusion-link-wrapper\" href=\"https:\/\/mitsp.org\/2020\/escuta-das-historias-vozes-silencios-e-lutas-em-paisagens-sonoras-por-wellington-junior\/\" aria-label=\"A escuta das hist\u00f3rias: vozes, sil\u00eancios e lutas em paisagens sonoras  &lt;h6&gt;por Wellington J\u00fanior&lt;\/h6&gt;\"><\/a>\n\t<\/div>\n<\/div>\n<\/div>\n<\/li>\n\t\t\t\n\t\t\t\n\t\t\t\t\t\t\t\t\t\t\t\t\t\t\t\t\t\t\t\t\t\t\t\t\t\t\t\t\t\t\t\t\t\t\t\t\t\t\t\t\t\t\t\t\t\t\t\t\t\t\t\t\t\t\t\t\t\t\t\t\t\t\t\t\t\t\t\t<\/ul>\n\t<\/div>\n\t<div class=\"fusion-post-content-wrapper\" style=\"padding:30px 25px 20px 25px;\"><div class=\"fusion-post-content post-content\"><h2 class=\"blog-shortcode-post-title\"><a href=\"https:\/\/mitsp.org\/2020\/escuta-das-historias-vozes-silencios-e-lutas-em-paisagens-sonoras-por-wellington-junior\/\">A escuta das hist\u00f3rias: vozes, sil\u00eancios e lutas em paisagens sonoras  <h6>por Wellington J\u00fanior<\/h6><\/a><\/h2><p class=\"fusion-single-line-meta\"><span>3  junho  2020<\/span><span class=\"fusion-inline-sep\">|<\/span><span class=\"meta-tags\">Tags: <a href=\"https:\/\/mitsp.org\/2020\/tag\/contos-imorais\/\" rel=\"tag\">Contos imorais<\/a>, <a href=\"https:\/\/mitsp.org\/2020\/tag\/sabado-descontraido\/\" rel=\"tag\">S\u00e1bado Descontra\u00eddo<\/a><\/span><span class=\"fusion-inline-sep\">|<\/span><\/p><\/div><\/div><div class=\"fusion-clearfix\"><\/div><\/div>\n<\/article>\n<article id=\"blog-1-post-10319\" class=\"fusion-post-grid post-10319 post type-post status-publish format-standard has-post-thumbnail hentry category-criticas tag-contos-imorais tag-by-heart tag-orlando tag-stabat-mater\">\n<div class=\"fusion-post-wrapper\" style=\"background-color:rgba(255,255,255,0);border:1px solid #ebeaea;border-bottom-width:3px;\">\n\n\t\t\t<div class=\"fusion-flexslider flexslider fusion-flexslider-loading fusion-post-slideshow\" style=\"border-color:#ebeaea;\">\n\t\t<ul class=\"slides\">\n\t\t\t\n\t\t\t\t\t\t\t\t\t\t\t\t\t\t<li><div  class=\"fusion-image-wrapper\" aria-haspopup=\"true\">\n\t\t\t\t<img width=\"2400\" height=\"1680\" src=\"https:\/\/mitsp.org\/2020\/wp-content\/uploads\/2020\/03\/49647576031_63ca927b44_o.jpg\" class=\"attachment-full size-full wp-post-image\" alt=\"By Heart @Guto Muniz\" loading=\"lazy\" srcset=\"https:\/\/mitsp.org\/2020\/wp-content\/uploads\/2020\/03\/49647576031_63ca927b44_o-200x140.jpg 200w, https:\/\/mitsp.org\/2020\/wp-content\/uploads\/2020\/03\/49647576031_63ca927b44_o-400x280.jpg 400w, https:\/\/mitsp.org\/2020\/wp-content\/uploads\/2020\/03\/49647576031_63ca927b44_o-600x420.jpg 600w, https:\/\/mitsp.org\/2020\/wp-content\/uploads\/2020\/03\/49647576031_63ca927b44_o-800x560.jpg 800w, https:\/\/mitsp.org\/2020\/wp-content\/uploads\/2020\/03\/49647576031_63ca927b44_o-1200x840.jpg 1200w, https:\/\/mitsp.org\/2020\/wp-content\/uploads\/2020\/03\/49647576031_63ca927b44_o.jpg 2400w\" sizes=\"(min-width: 2200px) 100vw, (min-width: 856px) 280px, (min-width: 784px) 373px, (min-width: 712px) 560px, (min-width: 640px) 712px, \" \/><div class=\"fusion-rollover\">\n\t<div class=\"fusion-rollover-content\">\n\n\t\t\t\t\n\t\t\n\t\t\t\t\t\t\t\t\t\t\t\t<h4 class=\"fusion-rollover-title\">\n\t\t\t\t\t<a class=\"fusion-rollover-title-link\" href=\"https:\/\/mitsp.org\/2020\/teatro-ensino-e-aprendizagem-por-renan-ji\/\">\n\t\t\t\t\t\tTeatro, ensino e aprendizagem  <h6>por Renan Ji<\/h6>\t\t\t\t\t<\/a>\n\t\t\t\t<\/h4>\n\t\t\t\n\t\t\t\t\t\t\t\t\n\t\t\n\t\t\t\t\t\t<a class=\"fusion-link-wrapper\" href=\"https:\/\/mitsp.org\/2020\/teatro-ensino-e-aprendizagem-por-renan-ji\/\" aria-label=\"Teatro, ensino e aprendizagem  &lt;h6&gt;por Renan Ji&lt;\/h6&gt;\"><\/a>\n\t<\/div>\n<\/div>\n<\/div>\n<\/li>\n\t\t\t\n\t\t\t\n\t\t\t\t\t\t\t\t\t\t\t\t\t\t\t\t\t\t\t\t\t\t\t\t\t\t\t\t\t\t\t\t\t\t\t\t\t\t\t\t\t\t\t\t\t\t\t\t\t\t\t\t\t\t\t\t\t\t\t\t\t\t\t\t\t\t\t\t<\/ul>\n\t<\/div>\n\t<div class=\"fusion-post-content-wrapper\" style=\"padding:30px 25px 20px 25px;\"><div class=\"fusion-post-content post-content\"><h2 class=\"blog-shortcode-post-title\"><a href=\"https:\/\/mitsp.org\/2020\/teatro-ensino-e-aprendizagem-por-renan-ji\/\">Teatro, ensino e aprendizagem  <h6>por Renan Ji<\/h6><\/a><\/h2><p class=\"fusion-single-line-meta\"><span>25  maio  2020<\/span><span class=\"fusion-inline-sep\">|<\/span><span class=\"meta-tags\">Tags: <a href=\"https:\/\/mitsp.org\/2020\/tag\/contos-imorais\/\" rel=\"tag\">Contos imorais<\/a>, <a href=\"https:\/\/mitsp.org\/2020\/tag\/by-heart\/\" rel=\"tag\">By Heart<\/a>, <a href=\"https:\/\/mitsp.org\/2020\/tag\/orlando\/\" rel=\"tag\">ORLANDO<\/a>, <a href=\"https:\/\/mitsp.org\/2020\/tag\/stabat-mater\/\" rel=\"tag\">Stabat Mater<\/a><\/span><span class=\"fusion-inline-sep\">|<\/span><\/p><\/div><\/div><div class=\"fusion-clearfix\"><\/div><\/div>\n<\/article>\n<article id=\"blog-1-post-10315\" class=\"fusion-post-grid post-10315 post type-post status-publish format-standard has-post-thumbnail hentry category-criticas tag-contos-imorais tag-burgerz tag-o-que-fazer-daqui-para-tras tag-tu-amaras tag-o-pedido\">\n<div class=\"fusion-post-wrapper\" style=\"background-color:rgba(255,255,255,0);border:1px solid #ebeaea;border-bottom-width:3px;\">\n\n\t\t\t<div class=\"fusion-flexslider flexslider fusion-flexslider-loading fusion-post-slideshow\" style=\"border-color:#ebeaea;\">\n\t\t<ul class=\"slides\">\n\t\t\t\n\t\t\t\t\t\t\t\t\t\t\t\t\t\t<li><div  class=\"fusion-image-wrapper\" aria-haspopup=\"true\">\n\t\t\t\t<img width=\"2400\" height=\"1680\" src=\"https:\/\/mitsp.org\/2020\/wp-content\/uploads\/2020\/03\/49633008737_2c9fe3a1ca_o.jpg\" class=\"attachment-full size-full wp-post-image\" alt=\"O que Fazer Daqui para Tr\u00e1s @Guto Muniz\" loading=\"lazy\" srcset=\"https:\/\/mitsp.org\/2020\/wp-content\/uploads\/2020\/03\/49633008737_2c9fe3a1ca_o-200x140.jpg 200w, https:\/\/mitsp.org\/2020\/wp-content\/uploads\/2020\/03\/49633008737_2c9fe3a1ca_o-400x280.jpg 400w, https:\/\/mitsp.org\/2020\/wp-content\/uploads\/2020\/03\/49633008737_2c9fe3a1ca_o-600x420.jpg 600w, https:\/\/mitsp.org\/2020\/wp-content\/uploads\/2020\/03\/49633008737_2c9fe3a1ca_o-800x560.jpg 800w, https:\/\/mitsp.org\/2020\/wp-content\/uploads\/2020\/03\/49633008737_2c9fe3a1ca_o-1200x840.jpg 1200w, https:\/\/mitsp.org\/2020\/wp-content\/uploads\/2020\/03\/49633008737_2c9fe3a1ca_o.jpg 2400w\" sizes=\"(min-width: 2200px) 100vw, (min-width: 856px) 280px, (min-width: 784px) 373px, (min-width: 712px) 560px, (min-width: 640px) 712px, \" \/><div class=\"fusion-rollover\">\n\t<div class=\"fusion-rollover-content\">\n\n\t\t\t\t\n\t\t\n\t\t\t\t\t\t\t\t\t\t\t\t<h4 class=\"fusion-rollover-title\">\n\t\t\t\t\t<a class=\"fusion-rollover-title-link\" href=\"https:\/\/mitsp.org\/2020\/quando-voltaremos-respirar-juntos-por-clovis-domingos\/\">\n\t\t\t\t\t\tQuando voltaremos a respirar juntos?  <h6>por Cl\u00f3vis Domingos<\/h6>\t\t\t\t\t<\/a>\n\t\t\t\t<\/h4>\n\t\t\t\n\t\t\t\t\t\t\t\t\n\t\t\n\t\t\t\t\t\t<a class=\"fusion-link-wrapper\" href=\"https:\/\/mitsp.org\/2020\/quando-voltaremos-respirar-juntos-por-clovis-domingos\/\" aria-label=\"Quando voltaremos a respirar juntos?  &lt;h6&gt;por Cl\u00f3vis Domingos&lt;\/h6&gt;\"><\/a>\n\t<\/div>\n<\/div>\n<\/div>\n<\/li>\n\t\t\t\n\t\t\t\n\t\t\t\t\t\t\t\t\t\t\t\t\t\t\t\t\t\t\t\t\t\t\t\t\t\t\t\t\t\t\t\t\t\t\t\t\t\t\t\t\t\t\t\t\t\t\t\t\t\t\t\t\t\t\t\t\t\t\t\t\t\t\t\t\t\t\t\t<\/ul>\n\t<\/div>\n\t<div class=\"fusion-post-content-wrapper\" style=\"padding:30px 25px 20px 25px;\"><div class=\"fusion-post-content post-content\"><h2 class=\"blog-shortcode-post-title\"><a href=\"https:\/\/mitsp.org\/2020\/quando-voltaremos-respirar-juntos-por-clovis-domingos\/\">Quando voltaremos a respirar juntos?  <h6>por Cl\u00f3vis Domingos<\/h6><\/a><\/h2><p class=\"fusion-single-line-meta\"><span>25  maio  2020<\/span><span class=\"fusion-inline-sep\">|<\/span><span class=\"meta-tags\">Tags: <a href=\"https:\/\/mitsp.org\/2020\/tag\/contos-imorais\/\" rel=\"tag\">Contos imorais<\/a>, <a href=\"https:\/\/mitsp.org\/2020\/tag\/burgerz\/\" rel=\"tag\">Burgerz<\/a>, <a href=\"https:\/\/mitsp.org\/2020\/tag\/o-que-fazer-daqui-para-tras\/\" rel=\"tag\">O que Fazer Daqui para Tr\u00e1s<\/a>, <a href=\"https:\/\/mitsp.org\/2020\/tag\/tu-amaras\/\" rel=\"tag\">Tu Amar\u00e1s<\/a>, <a href=\"https:\/\/mitsp.org\/2020\/tag\/o-pedido\/\" rel=\"tag\">O Pedido<\/a><\/span><span class=\"fusion-inline-sep\">|<\/span><\/p><\/div><\/div><div class=\"fusion-clearfix\"><\/div><\/div>\n<\/article>\n<article id=\"blog-1-post-10253\" class=\"fusion-post-grid post-10253 post type-post status-publish format-standard has-post-thumbnail hentry category-criticas tag-farm-fatale tag-contos-imorais tag-por-onde-andam-os-porcos tag-zoo tag-multidao\">\n<div class=\"fusion-post-wrapper\" style=\"background-color:rgba(255,255,255,0);border:1px solid #ebeaea;border-bottom-width:3px;\">\n\n\t\t\t<div class=\"fusion-flexslider flexslider fusion-flexslider-loading fusion-post-slideshow\" style=\"border-color:#ebeaea;\">\n\t\t<ul class=\"slides\">\n\t\t\t\n\t\t\t\t\t\t\t\t\t\t\t\t\t\t<li><div  class=\"fusion-image-wrapper\" aria-haspopup=\"true\">\n\t\t\t\t<img width=\"2400\" height=\"1680\" src=\"https:\/\/mitsp.org\/2020\/wp-content\/uploads\/2020\/05\/49653940473_782eb6988e_o.jpg\" class=\"attachment-full size-full wp-post-image\" alt=\"\" loading=\"lazy\" srcset=\"https:\/\/mitsp.org\/2020\/wp-content\/uploads\/2020\/05\/49653940473_782eb6988e_o-200x140.jpg 200w, https:\/\/mitsp.org\/2020\/wp-content\/uploads\/2020\/05\/49653940473_782eb6988e_o-400x280.jpg 400w, https:\/\/mitsp.org\/2020\/wp-content\/uploads\/2020\/05\/49653940473_782eb6988e_o-600x420.jpg 600w, https:\/\/mitsp.org\/2020\/wp-content\/uploads\/2020\/05\/49653940473_782eb6988e_o-800x560.jpg 800w, https:\/\/mitsp.org\/2020\/wp-content\/uploads\/2020\/05\/49653940473_782eb6988e_o-1200x840.jpg 1200w, https:\/\/mitsp.org\/2020\/wp-content\/uploads\/2020\/05\/49653940473_782eb6988e_o.jpg 2400w\" sizes=\"(min-width: 2200px) 100vw, (min-width: 856px) 280px, (min-width: 784px) 373px, (min-width: 712px) 560px, (min-width: 640px) 712px, \" \/><div class=\"fusion-rollover\">\n\t<div class=\"fusion-rollover-content\">\n\n\t\t\t\t\n\t\t\n\t\t\t\t\t\t\t\t\t\t\t\t<h4 class=\"fusion-rollover-title\">\n\t\t\t\t\t<a class=\"fusion-rollover-title-link\" href=\"https:\/\/mitsp.org\/2020\/descompasso-cansaco-distopia-fim-rodrigo-nascimento\/\">\n\t\t\t\t\t\tDescompasso, cansa\u00e7o, distopia, fim  <h6>por Rodrigo Nascimento<\/h6>\t\t\t\t\t<\/a>\n\t\t\t\t<\/h4>\n\t\t\t\n\t\t\t\t\t\t\t\t\n\t\t\n\t\t\t\t\t\t<a class=\"fusion-link-wrapper\" href=\"https:\/\/mitsp.org\/2020\/descompasso-cansaco-distopia-fim-rodrigo-nascimento\/\" aria-label=\"Descompasso, cansa\u00e7o, distopia, fim  &lt;h6&gt;por Rodrigo Nascimento&lt;\/h6&gt;\"><\/a>\n\t<\/div>\n<\/div>\n<\/div>\n<\/li>\n\t\t\t\n\t\t\t\n\t\t\t\t\t\t\t\t\t\t\t\t\t\t\t\t\t\t\t\t\t\t\t\t\t\t\t\t\t\t\t\t\t\t\t\t\t\t\t\t\t\t\t\t\t\t\t\t\t\t\t\t\t\t\t\t\t\t\t\t\t\t\t\t\t\t\t\t<\/ul>\n\t<\/div>\n\t<div class=\"fusion-post-content-wrapper\" style=\"padding:30px 25px 20px 25px;\"><div class=\"fusion-post-content post-content\"><h2 class=\"blog-shortcode-post-title\"><a href=\"https:\/\/mitsp.org\/2020\/descompasso-cansaco-distopia-fim-rodrigo-nascimento\/\">Descompasso, cansa\u00e7o, distopia, fim  <h6>por Rodrigo Nascimento<\/h6><\/a><\/h2><p class=\"fusion-single-line-meta\"><span>18  maio  2020<\/span><span class=\"fusion-inline-sep\">|<\/span><span class=\"meta-tags\">Tags: <a href=\"https:\/\/mitsp.org\/2020\/tag\/farm-fatale\/\" rel=\"tag\">Farm Fatale<\/a>, <a href=\"https:\/\/mitsp.org\/2020\/tag\/contos-imorais\/\" rel=\"tag\">Contos imorais<\/a>, <a href=\"https:\/\/mitsp.org\/2020\/tag\/por-onde-andam-os-porcos\/\" rel=\"tag\">Por Onde Andam os Porcos<\/a>, <a href=\"https:\/\/mitsp.org\/2020\/tag\/zoo\/\" rel=\"tag\">Zoo<\/a>, <a href=\"https:\/\/mitsp.org\/2020\/tag\/multidao\/\" rel=\"tag\">Multid\u00e3o<\/a><\/span><span class=\"fusion-inline-sep\">|<\/span><\/p><\/div><\/div><div class=\"fusion-clearfix\"><\/div><\/div>\n<\/article>\n<article id=\"blog-1-post-10235\" class=\"fusion-post-grid post-10235 post type-post status-publish format-standard has-post-thumbnail hentry category-criticas tag-by-heart tag-sabado-descontraido tag-meia-noite tag-violento tag-jerk tag-farm-fatale tag-contos-imorais\">\n<div class=\"fusion-post-wrapper\" style=\"background-color:rgba(255,255,255,0);border:1px solid #ebeaea;border-bottom-width:3px;\">\n\n\t\t\t<div class=\"fusion-flexslider flexslider fusion-flexslider-loading fusion-post-slideshow\" style=\"border-color:#ebeaea;\">\n\t\t<ul class=\"slides\">\n\t\t\t\n\t\t\t\t\t\t\t\t\t\t\t\t\t\t<li><div  class=\"fusion-image-wrapper\" aria-haspopup=\"true\">\n\t\t\t\t<img width=\"2400\" height=\"1680\" src=\"https:\/\/mitsp.org\/2020\/wp-content\/uploads\/2020\/05\/49654230907_1bd4264122_o.jpg\" class=\"attachment-full size-full wp-post-image\" alt=\"\" loading=\"lazy\" srcset=\"https:\/\/mitsp.org\/2020\/wp-content\/uploads\/2020\/05\/49654230907_1bd4264122_o-200x140.jpg 200w, https:\/\/mitsp.org\/2020\/wp-content\/uploads\/2020\/05\/49654230907_1bd4264122_o-400x280.jpg 400w, https:\/\/mitsp.org\/2020\/wp-content\/uploads\/2020\/05\/49654230907_1bd4264122_o-600x420.jpg 600w, https:\/\/mitsp.org\/2020\/wp-content\/uploads\/2020\/05\/49654230907_1bd4264122_o-800x560.jpg 800w, https:\/\/mitsp.org\/2020\/wp-content\/uploads\/2020\/05\/49654230907_1bd4264122_o-1200x840.jpg 1200w, https:\/\/mitsp.org\/2020\/wp-content\/uploads\/2020\/05\/49654230907_1bd4264122_o.jpg 2400w\" sizes=\"(min-width: 2200px) 100vw, (min-width: 856px) 280px, (min-width: 784px) 373px, (min-width: 712px) 560px, (min-width: 640px) 712px, \" \/><div class=\"fusion-rollover\">\n\t<div class=\"fusion-rollover-content\">\n\n\t\t\t\t\n\t\t\n\t\t\t\t\t\t\t\t\t\t\t\t<h4 class=\"fusion-rollover-title\">\n\t\t\t\t\t<a class=\"fusion-rollover-title-link\" href=\"https:\/\/mitsp.org\/2020\/lampejos-da-memoria-corpo-e-narratividade-por-guilherme-diniz\/\">\n\t\t\t\t\t\tLampejos da mem\u00f3ria: corpo e narratividade <h6>por Guilherme Diniz<\/h6>\t\t\t\t\t<\/a>\n\t\t\t\t<\/h4>\n\t\t\t\n\t\t\t\t\t\t\t\t\n\t\t\n\t\t\t\t\t\t<a class=\"fusion-link-wrapper\" href=\"https:\/\/mitsp.org\/2020\/lampejos-da-memoria-corpo-e-narratividade-por-guilherme-diniz\/\" aria-label=\"Lampejos da mem\u00f3ria: corpo e narratividade &lt;h6&gt;por Guilherme Diniz&lt;\/h6&gt;\"><\/a>\n\t<\/div>\n<\/div>\n<\/div>\n<\/li>\n\t\t\t\n\t\t\t\n\t\t\t\t\t\t\t\t\t\t\t\t\t\t\t\t\t\t\t\t\t\t\t\t\t\t\t\t\t\t\t\t\t\t\t\t\t\t\t\t\t\t\t\t\t\t\t\t\t\t\t\t\t\t\t\t\t\t\t\t\t\t\t\t\t\t\t\t<\/ul>\n\t<\/div>\n\t<div class=\"fusion-post-content-wrapper\" style=\"padding:30px 25px 20px 25px;\"><div class=\"fusion-post-content post-content\"><h2 class=\"blog-shortcode-post-title\"><a href=\"https:\/\/mitsp.org\/2020\/lampejos-da-memoria-corpo-e-narratividade-por-guilherme-diniz\/\">Lampejos da mem\u00f3ria: corpo e narratividade <h6>por Guilherme Diniz<\/h6><\/a><\/h2><p class=\"fusion-single-line-meta\"><span>18  maio  2020<\/span><span class=\"fusion-inline-sep\">|<\/span><span class=\"meta-tags\">Tags: <a href=\"https:\/\/mitsp.org\/2020\/tag\/by-heart\/\" rel=\"tag\">By Heart<\/a>, <a href=\"https:\/\/mitsp.org\/2020\/tag\/sabado-descontraido\/\" rel=\"tag\">S\u00e1bado Descontra\u00eddo<\/a>, <a href=\"https:\/\/mitsp.org\/2020\/tag\/meia-noite\/\" rel=\"tag\">Meia Noite<\/a>, <a href=\"https:\/\/mitsp.org\/2020\/tag\/violento\/\" rel=\"tag\">violento.<\/a>, <a href=\"https:\/\/mitsp.org\/2020\/tag\/jerk\/\" rel=\"tag\">Jerk<\/a>, <a href=\"https:\/\/mitsp.org\/2020\/tag\/farm-fatale\/\" rel=\"tag\">Farm Fatale<\/a>, <a href=\"https:\/\/mitsp.org\/2020\/tag\/contos-imorais\/\" rel=\"tag\">Contos imorais<\/a><\/span><span class=\"fusion-inline-sep\">|<\/span><\/p><\/div><\/div><div class=\"fusion-clearfix\"><\/div><\/div>\n<\/article>\n<article id=\"blog-1-post-10228\" class=\"fusion-post-grid post-10228 post type-post status-publish format-standard has-post-thumbnail hentry category-criticas tag-tenha-cuidado tag-stabat-mater tag-multidao\">\n<div class=\"fusion-post-wrapper\" style=\"background-color:rgba(255,255,255,0);border:1px solid #ebeaea;border-bottom-width:3px;\">\n\n\t\t\t<div class=\"fusion-flexslider flexslider fusion-flexslider-loading fusion-post-slideshow\" style=\"border-color:#ebeaea;\">\n\t\t<ul class=\"slides\">\n\t\t\t\n\t\t\t\t\t\t\t\t\t\t\t\t\t\t<li><div  class=\"fusion-image-wrapper\" aria-haspopup=\"true\">\n\t\t\t\t<img width=\"2400\" height=\"1680\" src=\"https:\/\/mitsp.org\/2020\/wp-content\/uploads\/2020\/05\/49650764183_ba9d35beb4_o.jpg\" class=\"attachment-full size-full wp-post-image\" alt=\"\" loading=\"lazy\" srcset=\"https:\/\/mitsp.org\/2020\/wp-content\/uploads\/2020\/05\/49650764183_ba9d35beb4_o-200x140.jpg 200w, https:\/\/mitsp.org\/2020\/wp-content\/uploads\/2020\/05\/49650764183_ba9d35beb4_o-400x280.jpg 400w, https:\/\/mitsp.org\/2020\/wp-content\/uploads\/2020\/05\/49650764183_ba9d35beb4_o-600x420.jpg 600w, https:\/\/mitsp.org\/2020\/wp-content\/uploads\/2020\/05\/49650764183_ba9d35beb4_o-800x560.jpg 800w, https:\/\/mitsp.org\/2020\/wp-content\/uploads\/2020\/05\/49650764183_ba9d35beb4_o-1200x840.jpg 1200w, https:\/\/mitsp.org\/2020\/wp-content\/uploads\/2020\/05\/49650764183_ba9d35beb4_o.jpg 2400w\" sizes=\"(min-width: 2200px) 100vw, (min-width: 856px) 280px, (min-width: 784px) 373px, (min-width: 712px) 560px, (min-width: 640px) 712px, \" \/><div class=\"fusion-rollover\">\n\t<div class=\"fusion-rollover-content\">\n\n\t\t\t\t\n\t\t\n\t\t\t\t\t\t\t\t\t\t\t\t<h4 class=\"fusion-rollover-title\">\n\t\t\t\t\t<a class=\"fusion-rollover-title-link\" href=\"https:\/\/mitsp.org\/2020\/corpos-em-risco-na-7a-edicao-da-mitsp-por-nathalia-catharina-alves-oliveira\/\">\n\t\t\t\t\t\tCorpos em risco na 7\u00aa edi\u00e7\u00e3o da MITsp  <h6>por Nathalia Catharina Alves Oliveira<\/h6>\t\t\t\t\t<\/a>\n\t\t\t\t<\/h4>\n\t\t\t\n\t\t\t\t\t\t\t\t\n\t\t\n\t\t\t\t\t\t<a class=\"fusion-link-wrapper\" href=\"https:\/\/mitsp.org\/2020\/corpos-em-risco-na-7a-edicao-da-mitsp-por-nathalia-catharina-alves-oliveira\/\" aria-label=\"Corpos em risco na 7\u00aa edi\u00e7\u00e3o da MITsp  &lt;h6&gt;por Nathalia Catharina Alves Oliveira&lt;\/h6&gt;\"><\/a>\n\t<\/div>\n<\/div>\n<\/div>\n<\/li>\n\t\t\t\n\t\t\t\n\t\t\t\t\t\t\t\t\t\t\t\t\t\t\t\t\t\t\t\t\t\t\t\t\t\t\t\t\t\t\t\t\t\t\t\t\t\t\t\t\t\t\t\t\t\t\t\t\t\t\t\t\t\t\t\t\t\t\t\t\t\t\t\t\t\t\t\t<\/ul>\n\t<\/div>\n\t<div class=\"fusion-post-content-wrapper\" style=\"padding:30px 25px 20px 25px;\"><div class=\"fusion-post-content post-content\"><h2 class=\"blog-shortcode-post-title\"><a href=\"https:\/\/mitsp.org\/2020\/corpos-em-risco-na-7a-edicao-da-mitsp-por-nathalia-catharina-alves-oliveira\/\">Corpos em risco na 7\u00aa edi\u00e7\u00e3o da MITsp  <h6>por Nathalia Catharina Alves Oliveira<\/h6><\/a><\/h2><p class=\"fusion-single-line-meta\"><span>15  maio  2020<\/span><span class=\"fusion-inline-sep\">|<\/span><span class=\"meta-tags\">Tags: <a href=\"https:\/\/mitsp.org\/2020\/tag\/tenha-cuidado\/\" rel=\"tag\">Tenha Cuidado<\/a>, <a href=\"https:\/\/mitsp.org\/2020\/tag\/stabat-mater\/\" rel=\"tag\">Stabat Mater<\/a>, <a href=\"https:\/\/mitsp.org\/2020\/tag\/multidao\/\" rel=\"tag\">Multid\u00e3o<\/a><\/span><span class=\"fusion-inline-sep\">|<\/span><\/p><\/div><\/div><div class=\"fusion-clearfix\"><\/div><\/div>\n<\/article>\n<article id=\"blog-1-post-10224\" class=\"fusion-post-grid post-10224 post type-post status-publish format-standard has-post-thumbnail hentry category-criticas tag-orlando tag-multidao tag-jerk tag-farm-fatale tag-contos-imorais tag-by-heart tag-tenha-cuidado tag-sabado-descontraido tag-tu-amaras tag-o-pedido\">\n<div class=\"fusion-post-wrapper\" style=\"background-color:rgba(255,255,255,0);border:1px solid #ebeaea;border-bottom-width:3px;\">\n\n\t\t\t<div class=\"fusion-flexslider flexslider fusion-flexslider-loading fusion-post-slideshow\" style=\"border-color:#ebeaea;\">\n\t\t<ul class=\"slides\">\n\t\t\t\n\t\t\t\t\t\t\t\t\t\t\t\t\t\t<li><div  class=\"fusion-image-wrapper\" aria-haspopup=\"true\">\n\t\t\t\t<img width=\"2400\" height=\"1680\" src=\"https:\/\/mitsp.org\/2020\/wp-content\/uploads\/2020\/05\/49629963846_c83f453898_o.jpg\" class=\"attachment-full size-full wp-post-image\" alt=\"\" loading=\"lazy\" srcset=\"https:\/\/mitsp.org\/2020\/wp-content\/uploads\/2020\/05\/49629963846_c83f453898_o-200x140.jpg 200w, https:\/\/mitsp.org\/2020\/wp-content\/uploads\/2020\/05\/49629963846_c83f453898_o-400x280.jpg 400w, https:\/\/mitsp.org\/2020\/wp-content\/uploads\/2020\/05\/49629963846_c83f453898_o-600x420.jpg 600w, https:\/\/mitsp.org\/2020\/wp-content\/uploads\/2020\/05\/49629963846_c83f453898_o-800x560.jpg 800w, https:\/\/mitsp.org\/2020\/wp-content\/uploads\/2020\/05\/49629963846_c83f453898_o-1200x840.jpg 1200w, https:\/\/mitsp.org\/2020\/wp-content\/uploads\/2020\/05\/49629963846_c83f453898_o.jpg 2400w\" sizes=\"(min-width: 2200px) 100vw, (min-width: 856px) 280px, (min-width: 784px) 373px, (min-width: 712px) 560px, (min-width: 640px) 712px, \" \/><div class=\"fusion-rollover\">\n\t<div class=\"fusion-rollover-content\">\n\n\t\t\t\t\n\t\t\n\t\t\t\t\t\t\t\t\t\t\t\t<h4 class=\"fusion-rollover-title\">\n\t\t\t\t\t<a class=\"fusion-rollover-title-link\" href=\"https:\/\/mitsp.org\/2020\/reinventar-riqueza-redistribuir-o-poder-por-daniel-toledo\/\">\n\t\t\t\t\t\tReinventar a riqueza, redistribuir o poder  <h6>por Daniel Toledo<\/h6>\t\t\t\t\t<\/a>\n\t\t\t\t<\/h4>\n\t\t\t\n\t\t\t\t\t\t\t\t\n\t\t\n\t\t\t\t\t\t<a class=\"fusion-link-wrapper\" href=\"https:\/\/mitsp.org\/2020\/reinventar-riqueza-redistribuir-o-poder-por-daniel-toledo\/\" aria-label=\"Reinventar a riqueza, redistribuir o poder  &lt;h6&gt;por Daniel Toledo&lt;\/h6&gt;\"><\/a>\n\t<\/div>\n<\/div>\n<\/div>\n<\/li>\n\t\t\t\n\t\t\t\n\t\t\t\t\t\t\t\t\t\t\t\t\t\t\t\t\t\t\t\t\t\t\t\t\t\t\t\t\t\t\t\t\t\t\t\t\t\t\t\t\t\t\t\t\t\t\t\t\t\t\t\t\t\t\t\t\t\t\t\t\t\t\t\t\t\t\t\t<\/ul>\n\t<\/div>\n\t<div class=\"fusion-post-content-wrapper\" style=\"padding:30px 25px 20px 25px;\"><div class=\"fusion-post-content post-content\"><h2 class=\"blog-shortcode-post-title\"><a href=\"https:\/\/mitsp.org\/2020\/reinventar-riqueza-redistribuir-o-poder-por-daniel-toledo\/\">Reinventar a riqueza, redistribuir o poder  <h6>por Daniel Toledo<\/h6><\/a><\/h2><p class=\"fusion-single-line-meta\"><span>15  maio  2020<\/span><span class=\"fusion-inline-sep\">|<\/span><span class=\"meta-tags\">Tags: <a href=\"https:\/\/mitsp.org\/2020\/tag\/orlando\/\" rel=\"tag\">ORLANDO<\/a>, <a href=\"https:\/\/mitsp.org\/2020\/tag\/multidao\/\" rel=\"tag\">Multid\u00e3o<\/a>, <a href=\"https:\/\/mitsp.org\/2020\/tag\/jerk\/\" rel=\"tag\">Jerk<\/a>, <a href=\"https:\/\/mitsp.org\/2020\/tag\/farm-fatale\/\" rel=\"tag\">Farm Fatale<\/a>, <a href=\"https:\/\/mitsp.org\/2020\/tag\/contos-imorais\/\" rel=\"tag\">Contos imorais<\/a>, <a href=\"https:\/\/mitsp.org\/2020\/tag\/by-heart\/\" rel=\"tag\">By Heart<\/a>, <a href=\"https:\/\/mitsp.org\/2020\/tag\/tenha-cuidado\/\" rel=\"tag\">Tenha Cuidado<\/a>, <a href=\"https:\/\/mitsp.org\/2020\/tag\/sabado-descontraido\/\" rel=\"tag\">S\u00e1bado Descontra\u00eddo<\/a>, <a href=\"https:\/\/mitsp.org\/2020\/tag\/tu-amaras\/\" rel=\"tag\">Tu Amar\u00e1s<\/a>, <a href=\"https:\/\/mitsp.org\/2020\/tag\/o-pedido\/\" rel=\"tag\">O Pedido<\/a><\/span><span class=\"fusion-inline-sep\">|<\/span><\/p><\/div><\/div><div class=\"fusion-clearfix\"><\/div><\/div>\n<\/article>\n<article id=\"blog-1-post-10161\" class=\"fusion-post-grid post-10161 post type-post status-publish format-standard has-post-thumbnail hentry category-criticas tag-stabat-mater\">\n<div class=\"fusion-post-wrapper\" style=\"background-color:rgba(255,255,255,0);border:1px solid #ebeaea;border-bottom-width:3px;\">\n\n\t\t\t<div class=\"fusion-flexslider flexslider fusion-flexslider-loading fusion-post-slideshow\" style=\"border-color:#ebeaea;\">\n\t\t<ul class=\"slides\">\n\t\t\t\n\t\t\t\t\t\t\t\t\t\t\t\t\t\t<li><div  class=\"fusion-image-wrapper\" aria-haspopup=\"true\">\n\t\t\t\t<img width=\"2400\" height=\"1680\" src=\"https:\/\/mitsp.org\/2020\/wp-content\/uploads\/2020\/03\/49657920326_eeee4d583d_o.jpg\" class=\"attachment-full size-full wp-post-image\" alt=\"Desmontagem de Stabat Mater @Guto Muniz\" loading=\"lazy\" srcset=\"https:\/\/mitsp.org\/2020\/wp-content\/uploads\/2020\/03\/49657920326_eeee4d583d_o-200x140.jpg 200w, https:\/\/mitsp.org\/2020\/wp-content\/uploads\/2020\/03\/49657920326_eeee4d583d_o-400x280.jpg 400w, https:\/\/mitsp.org\/2020\/wp-content\/uploads\/2020\/03\/49657920326_eeee4d583d_o-600x420.jpg 600w, https:\/\/mitsp.org\/2020\/wp-content\/uploads\/2020\/03\/49657920326_eeee4d583d_o-800x560.jpg 800w, https:\/\/mitsp.org\/2020\/wp-content\/uploads\/2020\/03\/49657920326_eeee4d583d_o-1200x840.jpg 1200w, https:\/\/mitsp.org\/2020\/wp-content\/uploads\/2020\/03\/49657920326_eeee4d583d_o.jpg 2400w\" sizes=\"(min-width: 2200px) 100vw, (min-width: 856px) 280px, (min-width: 784px) 373px, (min-width: 712px) 560px, (min-width: 640px) 712px, \" \/><div class=\"fusion-rollover\">\n\t<div class=\"fusion-rollover-content\">\n\n\t\t\t\t\n\t\t\n\t\t\t\t\t\t\t\t\t\t\t\t<h4 class=\"fusion-rollover-title\">\n\t\t\t\t\t<a class=\"fusion-rollover-title-link\" href=\"https:\/\/mitsp.org\/2020\/stabat-absentia-por-clovis-domingos\/\">\n\t\t\t\t\t\t<em>Stabat Absentia<\/em> <h6>por Cl\u00f3vis Domingos<\/h6>\t\t\t\t\t<\/a>\n\t\t\t\t<\/h4>\n\t\t\t\n\t\t\t\t\t\t\t\t\n\t\t\n\t\t\t\t\t\t<a class=\"fusion-link-wrapper\" href=\"https:\/\/mitsp.org\/2020\/stabat-absentia-por-clovis-domingos\/\" aria-label=\"&lt;em&gt;Stabat Absentia&lt;\/em&gt; &lt;h6&gt;por Cl\u00f3vis Domingos&lt;\/h6&gt;\"><\/a>\n\t<\/div>\n<\/div>\n<\/div>\n<\/li>\n\t\t\t\n\t\t\t\n\t\t\t\t\t\t\t\t\t\t\t\t\t\t\t\t\t\t\t\t\t\t\t\t\t\t\t\t\t\t\t\t\t\t\t\t\t\t\t\t\t\t\t\t\t\t\t\t\t\t\t\t\t\t\t\t\t\t\t\t\t\t\t\t\t\t\t\t<\/ul>\n\t<\/div>\n\t<div class=\"fusion-post-content-wrapper\" style=\"padding:30px 25px 20px 25px;\"><div class=\"fusion-post-content post-content\"><h2 class=\"blog-shortcode-post-title\"><a href=\"https:\/\/mitsp.org\/2020\/stabat-absentia-por-clovis-domingos\/\"><em>Stabat Absentia<\/em> <h6>por Cl\u00f3vis Domingos<\/h6><\/a><\/h2><p class=\"fusion-single-line-meta\"><span>25  mar\u00e7o  2020<\/span><span class=\"fusion-inline-sep\">|<\/span><span class=\"meta-tags\">Tags: <a href=\"https:\/\/mitsp.org\/2020\/tag\/stabat-mater\/\" rel=\"tag\">Stabat Mater<\/a><\/span><span class=\"fusion-inline-sep\">|<\/span><\/p><\/div><\/div><div class=\"fusion-clearfix\"><\/div><\/div>\n<\/article>\n<article id=\"blog-1-post-10157\" class=\"fusion-post-grid post-10157 post type-post status-publish format-standard has-post-thumbnail hentry category-criticas\">\n<div class=\"fusion-post-wrapper\" style=\"background-color:rgba(255,255,255,0);border:1px solid #ebeaea;border-bottom-width:3px;\">\n\n\t\t\t<div class=\"fusion-flexslider flexslider fusion-flexslider-loading fusion-post-slideshow\" style=\"border-color:#ebeaea;\">\n\t\t<ul class=\"slides\">\n\t\t\t\n\t\t\t\t\t\t\t\t\t\t\t\t\t\t<li><div  class=\"fusion-image-wrapper\" aria-haspopup=\"true\">\n\t\t\t\t<img width=\"2400\" height=\"1680\" src=\"https:\/\/mitsp.org\/2020\/wp-content\/uploads\/2020\/03\/49630149041_166c389cd2_o.jpg\" class=\"attachment-full size-full wp-post-image\" alt=\"Olho no Olho: Quem Consegue Ser Vis\u00edvel na S\u00e3o Paulo de Hoje? @Nereu Jr\" loading=\"lazy\" srcset=\"https:\/\/mitsp.org\/2020\/wp-content\/uploads\/2020\/03\/49630149041_166c389cd2_o-200x140.jpg 200w, https:\/\/mitsp.org\/2020\/wp-content\/uploads\/2020\/03\/49630149041_166c389cd2_o-400x280.jpg 400w, https:\/\/mitsp.org\/2020\/wp-content\/uploads\/2020\/03\/49630149041_166c389cd2_o-600x420.jpg 600w, https:\/\/mitsp.org\/2020\/wp-content\/uploads\/2020\/03\/49630149041_166c389cd2_o-800x560.jpg 800w, https:\/\/mitsp.org\/2020\/wp-content\/uploads\/2020\/03\/49630149041_166c389cd2_o-1200x840.jpg 1200w, https:\/\/mitsp.org\/2020\/wp-content\/uploads\/2020\/03\/49630149041_166c389cd2_o.jpg 2400w\" sizes=\"(min-width: 2200px) 100vw, (min-width: 856px) 280px, (min-width: 784px) 373px, (min-width: 712px) 560px, (min-width: 640px) 712px, \" \/><div class=\"fusion-rollover\">\n\t<div class=\"fusion-rollover-content\">\n\n\t\t\t\t\n\t\t\n\t\t\t\t\t\t\t\t\t\t\t\t<h4 class=\"fusion-rollover-title\">\n\t\t\t\t\t<a class=\"fusion-rollover-title-link\" href=\"https:\/\/mitsp.org\/2020\/quarantine-em-sao-paulo-dialogo-radical-ou-apaziguamento-por-rodrigo-nascimento\/\">\n\t\t\t\t\t\tQuarantine em S\u00e3o Paulo: Di\u00e1logo radical ou apaziguamento? <h6>por Rodrigo Nascimento<\/h6>\t\t\t\t\t<\/a>\n\t\t\t\t<\/h4>\n\t\t\t\n\t\t\t\t\t\t\t\t\n\t\t\n\t\t\t\t\t\t<a class=\"fusion-link-wrapper\" href=\"https:\/\/mitsp.org\/2020\/quarantine-em-sao-paulo-dialogo-radical-ou-apaziguamento-por-rodrigo-nascimento\/\" aria-label=\"Quarantine em S\u00e3o Paulo: Di\u00e1logo radical ou apaziguamento? &lt;h6&gt;por Rodrigo Nascimento&lt;\/h6&gt;\"><\/a>\n\t<\/div>\n<\/div>\n<\/div>\n<\/li>\n\t\t\t\n\t\t\t\n\t\t\t\t\t\t\t\t\t\t\t\t\t\t\t\t\t\t\t\t\t\t\t\t\t\t\t\t\t\t\t\t\t\t\t\t\t\t\t\t\t\t\t\t\t\t\t\t\t\t\t\t\t\t\t\t\t\t\t\t\t\t\t\t\t\t\t\t<\/ul>\n\t<\/div>\n\t<div class=\"fusion-post-content-wrapper\" style=\"padding:30px 25px 20px 25px;\"><div class=\"fusion-post-content post-content\"><h2 class=\"blog-shortcode-post-title\"><a href=\"https:\/\/mitsp.org\/2020\/quarantine-em-sao-paulo-dialogo-radical-ou-apaziguamento-por-rodrigo-nascimento\/\">Quarantine em S\u00e3o Paulo: Di\u00e1logo radical ou apaziguamento? <h6>por Rodrigo Nascimento<\/h6><\/a><\/h2><p class=\"fusion-single-line-meta\"><span>25  mar\u00e7o  2020<\/span><span class=\"fusion-inline-sep\">|<\/span><\/p><\/div><\/div><div class=\"fusion-clearfix\"><\/div><\/div>\n<\/article>\n<article id=\"blog-1-post-10149\" class=\"fusion-post-grid post-10149 post type-post status-publish format-standard has-post-thumbnail hentry category-criticas\">\n<div class=\"fusion-post-wrapper\" style=\"background-color:rgba(255,255,255,0);border:1px solid #ebeaea;border-bottom-width:3px;\">\n\n\t\t\t<div class=\"fusion-flexslider flexslider fusion-flexslider-loading fusion-post-slideshow\" style=\"border-color:#ebeaea;\">\n\t\t<ul class=\"slides\">\n\t\t\t\n\t\t\t\t\t\t\t\t\t\t\t\t\t\t<li><div  class=\"fusion-image-wrapper\" aria-haspopup=\"true\">\n\t\t\t\t<img width=\"2400\" height=\"1680\" src=\"https:\/\/mitsp.org\/2020\/wp-content\/uploads\/2020\/03\/49658165052_459f20566e_o.jpg\" class=\"attachment-full size-full wp-post-image\" alt=\"A Jaula Invis\u00edvel @Guto Muniz\" loading=\"lazy\" srcset=\"https:\/\/mitsp.org\/2020\/wp-content\/uploads\/2020\/03\/49658165052_459f20566e_o-200x140.jpg 200w, https:\/\/mitsp.org\/2020\/wp-content\/uploads\/2020\/03\/49658165052_459f20566e_o-400x280.jpg 400w, https:\/\/mitsp.org\/2020\/wp-content\/uploads\/2020\/03\/49658165052_459f20566e_o-600x420.jpg 600w, https:\/\/mitsp.org\/2020\/wp-content\/uploads\/2020\/03\/49658165052_459f20566e_o-800x560.jpg 800w, https:\/\/mitsp.org\/2020\/wp-content\/uploads\/2020\/03\/49658165052_459f20566e_o-1200x840.jpg 1200w, https:\/\/mitsp.org\/2020\/wp-content\/uploads\/2020\/03\/49658165052_459f20566e_o.jpg 2400w\" sizes=\"(min-width: 2200px) 100vw, (min-width: 856px) 280px, (min-width: 784px) 373px, (min-width: 712px) 560px, (min-width: 640px) 712px, \" \/><div class=\"fusion-rollover\">\n\t<div class=\"fusion-rollover-content\">\n\n\t\t\t\t\n\t\t\n\t\t\t\t\t\t\t\t\t\t\t\t<h4 class=\"fusion-rollover-title\">\n\t\t\t\t\t<a class=\"fusion-rollover-title-link\" href=\"https:\/\/mitsp.org\/2020\/oficinas-de-desempoderamento-por-daniel-toledo\/\">\n\t\t\t\t\t\tOficinas de desempoderamento <h6>por Daniel Toledo<\/h6>\t\t\t\t\t<\/a>\n\t\t\t\t<\/h4>\n\t\t\t\n\t\t\t\t\t\t\t\t\n\t\t\n\t\t\t\t\t\t<a class=\"fusion-link-wrapper\" href=\"https:\/\/mitsp.org\/2020\/oficinas-de-desempoderamento-por-daniel-toledo\/\" aria-label=\"Oficinas de desempoderamento &lt;h6&gt;por Daniel Toledo&lt;\/h6&gt;\"><\/a>\n\t<\/div>\n<\/div>\n<\/div>\n<\/li>\n\t\t\t\n\t\t\t\n\t\t\t\t\t\t\t\t\t\t\t\t\t\t\t\t\t\t\t\t\t\t\t\t\t\t\t\t\t\t\t\t\t\t\t\t\t\t\t\t\t\t\t\t\t\t\t\t\t\t\t\t\t\t\t\t\t\t\t\t\t\t\t\t\t\t\t\t<\/ul>\n\t<\/div>\n\t<div class=\"fusion-post-content-wrapper\" style=\"padding:30px 25px 20px 25px;\"><div class=\"fusion-post-content post-content\"><h2 class=\"blog-shortcode-post-title\"><a href=\"https:\/\/mitsp.org\/2020\/oficinas-de-desempoderamento-por-daniel-toledo\/\">Oficinas de desempoderamento <h6>por Daniel Toledo<\/h6><\/a><\/h2><p class=\"fusion-single-line-meta\"><span>23  mar\u00e7o  2020<\/span><span class=\"fusion-inline-sep\">|<\/span><\/p><\/div><\/div><div class=\"fusion-clearfix\"><\/div><\/div>\n<\/article>\n<article id=\"blog-1-post-10137\" class=\"fusion-post-grid post-10137 post type-post status-publish format-standard has-post-thumbnail hentry category-criticas tag-burgerz\">\n<div class=\"fusion-post-wrapper\" style=\"background-color:rgba(255,255,255,0);border:1px solid #ebeaea;border-bottom-width:3px;\">\n\n\t\t\t<div class=\"fusion-flexslider flexslider fusion-flexslider-loading fusion-post-slideshow\" style=\"border-color:#ebeaea;\">\n\t\t<ul class=\"slides\">\n\t\t\t\n\t\t\t\t\t\t\t\t\t\t\t\t\t\t<li><div  class=\"fusion-image-wrapper\" aria-haspopup=\"true\">\n\t\t\t\t<img width=\"2400\" height=\"1680\" src=\"https:\/\/mitsp.org\/2020\/wp-content\/uploads\/2020\/03\/49662340927_fcabdd27c4_o.jpg\" class=\"attachment-full size-full wp-post-image\" alt=\"Burgerz @Nereu Jr\" loading=\"lazy\" srcset=\"https:\/\/mitsp.org\/2020\/wp-content\/uploads\/2020\/03\/49662340927_fcabdd27c4_o-200x140.jpg 200w, https:\/\/mitsp.org\/2020\/wp-content\/uploads\/2020\/03\/49662340927_fcabdd27c4_o-400x280.jpg 400w, https:\/\/mitsp.org\/2020\/wp-content\/uploads\/2020\/03\/49662340927_fcabdd27c4_o-600x420.jpg 600w, https:\/\/mitsp.org\/2020\/wp-content\/uploads\/2020\/03\/49662340927_fcabdd27c4_o-800x560.jpg 800w, https:\/\/mitsp.org\/2020\/wp-content\/uploads\/2020\/03\/49662340927_fcabdd27c4_o-1200x840.jpg 1200w, https:\/\/mitsp.org\/2020\/wp-content\/uploads\/2020\/03\/49662340927_fcabdd27c4_o.jpg 2400w\" sizes=\"(min-width: 2200px) 100vw, (min-width: 856px) 280px, (min-width: 784px) 373px, (min-width: 712px) 560px, (min-width: 640px) 712px, \" \/><div class=\"fusion-rollover\">\n\t<div class=\"fusion-rollover-content\">\n\n\t\t\t\t\n\t\t\n\t\t\t\t\t\t\t\t\t\t\t\t<h4 class=\"fusion-rollover-title\">\n\t\t\t\t\t<a class=\"fusion-rollover-title-link\" href=\"https:\/\/mitsp.org\/2020\/o-corpo-ciborgue-nao-sera-cis-burgues-por-dodi-tavares-borges-leal\/\">\n\t\t\t\t\t\tO corpo ciborgue n\u00e3o ser\u00e1 cis-burgu\u00eas <h6>por Dodi Tavares Borges Leal<\/h6>\t\t\t\t\t<\/a>\n\t\t\t\t<\/h4>\n\t\t\t\n\t\t\t\t\t\t\t\t\n\t\t\n\t\t\t\t\t\t<a class=\"fusion-link-wrapper\" href=\"https:\/\/mitsp.org\/2020\/o-corpo-ciborgue-nao-sera-cis-burgues-por-dodi-tavares-borges-leal\/\" aria-label=\"O corpo ciborgue n\u00e3o ser\u00e1 cis-burgu\u00eas &lt;h6&gt;por Dodi Tavares Borges Leal&lt;\/h6&gt;\"><\/a>\n\t<\/div>\n<\/div>\n<\/div>\n<\/li>\n\t\t\t\n\t\t\t\n\t\t\t\t\t\t\t\t\t\t\t\t\t\t\t\t\t\t\t\t\t\t\t\t\t\t\t\t\t\t\t\t\t\t\t\t\t\t\t\t\t\t\t\t\t\t\t\t\t\t\t\t\t\t\t\t\t\t\t\t\t\t\t\t\t\t\t\t<\/ul>\n\t<\/div>\n\t<div class=\"fusion-post-content-wrapper\" style=\"padding:30px 25px 20px 25px;\"><div class=\"fusion-post-content post-content\"><h2 class=\"blog-shortcode-post-title\"><a href=\"https:\/\/mitsp.org\/2020\/o-corpo-ciborgue-nao-sera-cis-burgues-por-dodi-tavares-borges-leal\/\">O corpo ciborgue n\u00e3o ser\u00e1 cis-burgu\u00eas <h6>por Dodi Tavares Borges Leal<\/h6><\/a><\/h2><p class=\"fusion-single-line-meta\"><span>15  mar\u00e7o  2020<\/span><span class=\"fusion-inline-sep\">|<\/span><span class=\"meta-tags\">Tags: <a href=\"https:\/\/mitsp.org\/2020\/tag\/burgerz\/\" rel=\"tag\">Burgerz<\/a><\/span><span class=\"fusion-inline-sep\">|<\/span><\/p><\/div><\/div><div class=\"fusion-clearfix\"><\/div><\/div>\n<\/article>\n<article id=\"blog-1-post-10122\" class=\"fusion-post-grid post-10122 post type-post status-publish format-standard has-post-thumbnail hentry category-criticas tag-burgerz\">\n<div class=\"fusion-post-wrapper\" style=\"background-color:rgba(255,255,255,0);border:1px solid #ebeaea;border-bottom-width:3px;\">\n\n\t\t\t<div class=\"fusion-flexslider flexslider fusion-flexslider-loading fusion-post-slideshow\" style=\"border-color:#ebeaea;\">\n\t\t<ul class=\"slides\">\n\t\t\t\n\t\t\t\t\t\t\t\t\t\t\t\t\t\t<li><div  class=\"fusion-image-wrapper\" aria-haspopup=\"true\">\n\t\t\t\t<img width=\"2400\" height=\"1680\" src=\"https:\/\/mitsp.org\/2020\/wp-content\/uploads\/2020\/03\/49662059016_f66fb9e3b9_o.jpg\" class=\"attachment-full size-full wp-post-image\" alt=\"Burgerz @Nereu Jr\" loading=\"lazy\" srcset=\"https:\/\/mitsp.org\/2020\/wp-content\/uploads\/2020\/03\/49662059016_f66fb9e3b9_o-200x140.jpg 200w, https:\/\/mitsp.org\/2020\/wp-content\/uploads\/2020\/03\/49662059016_f66fb9e3b9_o-400x280.jpg 400w, https:\/\/mitsp.org\/2020\/wp-content\/uploads\/2020\/03\/49662059016_f66fb9e3b9_o-600x420.jpg 600w, https:\/\/mitsp.org\/2020\/wp-content\/uploads\/2020\/03\/49662059016_f66fb9e3b9_o-800x560.jpg 800w, https:\/\/mitsp.org\/2020\/wp-content\/uploads\/2020\/03\/49662059016_f66fb9e3b9_o-1200x840.jpg 1200w, https:\/\/mitsp.org\/2020\/wp-content\/uploads\/2020\/03\/49662059016_f66fb9e3b9_o.jpg 2400w\" sizes=\"(min-width: 2200px) 100vw, (min-width: 856px) 280px, (min-width: 784px) 373px, (min-width: 712px) 560px, (min-width: 640px) 712px, \" \/><div class=\"fusion-rollover\">\n\t<div class=\"fusion-rollover-content\">\n\n\t\t\t\t\n\t\t\n\t\t\t\t\t\t\t\t\t\t\t\t<h4 class=\"fusion-rollover-title\">\n\t\t\t\t\t<a class=\"fusion-rollover-title-link\" href=\"https:\/\/mitsp.org\/2020\/para-que-algo-nos-transforme-por-clovis-domingos\/\">\n\t\t\t\t\t\tPara que algo nos (Trans)forme <h6>por Cl\u00f3vis Domingos<\/h6>\t\t\t\t\t<\/a>\n\t\t\t\t<\/h4>\n\t\t\t\n\t\t\t\t\t\t\t\t\n\t\t\n\t\t\t\t\t\t<a class=\"fusion-link-wrapper\" href=\"https:\/\/mitsp.org\/2020\/para-que-algo-nos-transforme-por-clovis-domingos\/\" aria-label=\"Para que algo nos (Trans)forme &lt;h6&gt;por Cl\u00f3vis Domingos&lt;\/h6&gt;\"><\/a>\n\t<\/div>\n<\/div>\n<\/div>\n<\/li>\n\t\t\t\n\t\t\t\n\t\t\t\t\t\t\t\t\t\t\t\t\t\t\t\t\t\t\t\t\t\t\t\t\t\t\t\t\t\t\t\t\t\t\t\t\t\t\t\t\t\t\t\t\t\t\t\t\t\t\t\t\t\t\t\t\t\t\t\t\t\t\t\t\t\t\t\t<\/ul>\n\t<\/div>\n\t<div class=\"fusion-post-content-wrapper\" style=\"padding:30px 25px 20px 25px;\"><div class=\"fusion-post-content post-content\"><h2 class=\"blog-shortcode-post-title\"><a href=\"https:\/\/mitsp.org\/2020\/para-que-algo-nos-transforme-por-clovis-domingos\/\">Para que algo nos (Trans)forme <h6>por Cl\u00f3vis Domingos<\/h6><\/a><\/h2><p class=\"fusion-single-line-meta\"><span>15  mar\u00e7o  2020<\/span><span class=\"fusion-inline-sep\">|<\/span><span class=\"meta-tags\">Tags: <a href=\"https:\/\/mitsp.org\/2020\/tag\/burgerz\/\" rel=\"tag\">Burgerz<\/a><\/span><span class=\"fusion-inline-sep\">|<\/span><\/p><\/div><\/div><div class=\"fusion-clearfix\"><\/div><\/div>\n<\/article>\n<article id=\"blog-1-post-10038\" class=\"fusion-post-grid post-10038 post type-post status-publish format-standard has-post-thumbnail hentry category-criticas tag-jo-cliford\">\n<div class=\"fusion-post-wrapper\" style=\"background-color:rgba(255,255,255,0);border:1px solid #ebeaea;border-bottom-width:3px;\">\n\n\t\t\t<div class=\"fusion-flexslider flexslider fusion-flexslider-loading fusion-post-slideshow\" style=\"border-color:#ebeaea;\">\n\t\t<ul class=\"slides\">\n\t\t\t\n\t\t\t\t\t\t\t\t\t\t\t\t\t\t<li><div  class=\"fusion-image-wrapper\" aria-haspopup=\"true\">\n\t\t\t\t<img width=\"2400\" height=\"1680\" src=\"https:\/\/mitsp.org\/2020\/wp-content\/uploads\/2020\/03\/49629176086_dec1a7b180_o.jpg\" class=\"attachment-full size-full wp-post-image\" alt=\"O Evangelho Segundo Jesus, Rainha do C\u00e9u (The Gospel According to Jesus, Queen of Heaven) @Nereu Jr\" loading=\"lazy\" srcset=\"https:\/\/mitsp.org\/2020\/wp-content\/uploads\/2020\/03\/49629176086_dec1a7b180_o-200x140.jpg 200w, https:\/\/mitsp.org\/2020\/wp-content\/uploads\/2020\/03\/49629176086_dec1a7b180_o-400x280.jpg 400w, https:\/\/mitsp.org\/2020\/wp-content\/uploads\/2020\/03\/49629176086_dec1a7b180_o-600x420.jpg 600w, https:\/\/mitsp.org\/2020\/wp-content\/uploads\/2020\/03\/49629176086_dec1a7b180_o-800x560.jpg 800w, https:\/\/mitsp.org\/2020\/wp-content\/uploads\/2020\/03\/49629176086_dec1a7b180_o-1200x840.jpg 1200w, https:\/\/mitsp.org\/2020\/wp-content\/uploads\/2020\/03\/49629176086_dec1a7b180_o.jpg 2400w\" sizes=\"(min-width: 2200px) 100vw, (min-width: 856px) 280px, (min-width: 784px) 373px, (min-width: 712px) 560px, (min-width: 640px) 712px, \" \/><div class=\"fusion-rollover\">\n\t<div class=\"fusion-rollover-content\">\n\n\t\t\t\t\n\t\t\n\t\t\t\t\t\t\t\t\t\t\t\t<h4 class=\"fusion-rollover-title\">\n\t\t\t\t\t<a class=\"fusion-rollover-title-link\" href=\"https:\/\/mitsp.org\/2020\/compaixao-transgressora-de-jo-clifford-em-o-evangelho-segundo-jesus-rainha-do-ceu-por-nathalia-catharina-alves-oliveira\/\">\n\t\t\t\t\t\tA compaix\u00e3o transgressora de Jo Clifford em <em>O Evangelho Segundo Jesus, Rainha do C\u00e9u<\/em> <h6>por Nathalia Catharina Alves Oliveira<\/h6>&gt;\t\t\t\t\t<\/a>\n\t\t\t\t<\/h4>\n\t\t\t\n\t\t\t\t\t\t\t\t\n\t\t\n\t\t\t\t\t\t<a class=\"fusion-link-wrapper\" href=\"https:\/\/mitsp.org\/2020\/compaixao-transgressora-de-jo-clifford-em-o-evangelho-segundo-jesus-rainha-do-ceu-por-nathalia-catharina-alves-oliveira\/\" aria-label=\"A compaix\u00e3o transgressora de Jo Clifford em &lt;em&gt;O Evangelho Segundo Jesus, Rainha do C\u00e9u&lt;\/em&gt; &lt;h6&gt;por Nathalia Catharina Alves Oliveira&lt;\/h6&gt;&gt;\"><\/a>\n\t<\/div>\n<\/div>\n<\/div>\n<\/li>\n\t\t\t\n\t\t\t\n\t\t\t\t\t\t\t\t\t\t\t\t\t\t\t\t\t\t\t\t\t\t\t\t\t\t\t\t\t\t\t\t\t\t\t\t\t\t\t\t\t\t\t\t\t\t\t\t\t\t\t\t\t\t\t\t\t\t\t\t\t\t\t\t\t\t\t\t<\/ul>\n\t<\/div>\n\t<div class=\"fusion-post-content-wrapper\" style=\"padding:30px 25px 20px 25px;\"><div class=\"fusion-post-content post-content\"><h2 class=\"blog-shortcode-post-title\"><a href=\"https:\/\/mitsp.org\/2020\/compaixao-transgressora-de-jo-clifford-em-o-evangelho-segundo-jesus-rainha-do-ceu-por-nathalia-catharina-alves-oliveira\/\">A compaix\u00e3o transgressora de Jo Clifford em <em>O Evangelho Segundo Jesus, Rainha do C\u00e9u<\/em> <h6>por Nathalia Catharina Alves Oliveira<\/h6>><\/a><\/h2><p class=\"fusion-single-line-meta\"><span>14  mar\u00e7o  2020<\/span><span class=\"fusion-inline-sep\">|<\/span><span class=\"meta-tags\">Tags: <a href=\"https:\/\/mitsp.org\/2020\/tag\/jo-cliford\/\" rel=\"tag\">Jo Cliford<\/a><\/span><span class=\"fusion-inline-sep\">|<\/span><\/p><\/div><\/div><div class=\"fusion-clearfix\"><\/div><\/div>\n<\/article>\n<article id=\"blog-1-post-10035\" class=\"fusion-post-grid post-10035 post type-post status-publish format-standard has-post-thumbnail hentry category-criticas tag-jo-cliford\">\n<div class=\"fusion-post-wrapper\" style=\"background-color:rgba(255,255,255,0);border:1px solid #ebeaea;border-bottom-width:3px;\">\n\n\t\t\t<div class=\"fusion-flexslider flexslider fusion-flexslider-loading fusion-post-slideshow\" style=\"border-color:#ebeaea;\">\n\t\t<ul class=\"slides\">\n\t\t\t\n\t\t\t\t\t\t\t\t\t\t\t\t\t\t<li><div  class=\"fusion-image-wrapper\" aria-haspopup=\"true\">\n\t\t\t\t<img width=\"2400\" height=\"1680\" src=\"https:\/\/mitsp.org\/2020\/wp-content\/uploads\/2020\/03\/49629176296_1567fd8b8f_o.jpg\" class=\"attachment-full size-full wp-post-image\" alt=\"O Evangelho Segundo Jesus, Rainha do C\u00e9u (The Gospel According to Jesus, Queen of Heaven) @Nereu Jr\" loading=\"lazy\" srcset=\"https:\/\/mitsp.org\/2020\/wp-content\/uploads\/2020\/03\/49629176296_1567fd8b8f_o-200x140.jpg 200w, https:\/\/mitsp.org\/2020\/wp-content\/uploads\/2020\/03\/49629176296_1567fd8b8f_o-400x280.jpg 400w, https:\/\/mitsp.org\/2020\/wp-content\/uploads\/2020\/03\/49629176296_1567fd8b8f_o-600x420.jpg 600w, https:\/\/mitsp.org\/2020\/wp-content\/uploads\/2020\/03\/49629176296_1567fd8b8f_o-800x560.jpg 800w, https:\/\/mitsp.org\/2020\/wp-content\/uploads\/2020\/03\/49629176296_1567fd8b8f_o-1200x840.jpg 1200w, https:\/\/mitsp.org\/2020\/wp-content\/uploads\/2020\/03\/49629176296_1567fd8b8f_o.jpg 2400w\" sizes=\"(min-width: 2200px) 100vw, (min-width: 856px) 280px, (min-width: 784px) 373px, (min-width: 712px) 560px, (min-width: 640px) 712px, \" \/><div class=\"fusion-rollover\">\n\t<div class=\"fusion-rollover-content\">\n\n\t\t\t\t\n\t\t\n\t\t\t\t\t\t\t\t\t\t\t\t<h4 class=\"fusion-rollover-title\">\n\t\t\t\t\t<a class=\"fusion-rollover-title-link\" href=\"https:\/\/mitsp.org\/2020\/jovida-20-por-dodi-tavares-borges-leal\/\">\n\t\t\t\t\t\tJOVIDA-20 <h6>por Dodi Tavares Borges Leal<\/h6>\t\t\t\t\t<\/a>\n\t\t\t\t<\/h4>\n\t\t\t\n\t\t\t\t\t\t\t\t\n\t\t\n\t\t\t\t\t\t<a class=\"fusion-link-wrapper\" href=\"https:\/\/mitsp.org\/2020\/jovida-20-por-dodi-tavares-borges-leal\/\" aria-label=\"JOVIDA-20 &lt;h6&gt;por Dodi Tavares Borges Leal&lt;\/h6&gt;\"><\/a>\n\t<\/div>\n<\/div>\n<\/div>\n<\/li>\n\t\t\t\n\t\t\t\n\t\t\t\t\t\t\t\t\t\t\t\t\t\t\t\t\t\t\t\t\t\t\t\t\t\t\t\t\t\t\t\t\t\t\t\t\t\t\t\t\t\t\t\t\t\t\t\t\t\t\t\t\t\t\t\t\t\t\t\t\t\t\t\t\t\t\t\t<\/ul>\n\t<\/div>\n\t<div class=\"fusion-post-content-wrapper\" style=\"padding:30px 25px 20px 25px;\"><div class=\"fusion-post-content post-content\"><h2 class=\"blog-shortcode-post-title\"><a href=\"https:\/\/mitsp.org\/2020\/jovida-20-por-dodi-tavares-borges-leal\/\">JOVIDA-20 <h6>por Dodi Tavares Borges Leal<\/h6><\/a><\/h2><p class=\"fusion-single-line-meta\"><span>14  mar\u00e7o  2020<\/span><span class=\"fusion-inline-sep\">|<\/span><span class=\"meta-tags\">Tags: <a href=\"https:\/\/mitsp.org\/2020\/tag\/jo-cliford\/\" rel=\"tag\">Jo Cliford<\/a><\/span><span class=\"fusion-inline-sep\">|<\/span><\/p><\/div><\/div><div class=\"fusion-clearfix\"><\/div><\/div>\n<\/article>\n<article id=\"blog-1-post-9972\" class=\"fusion-post-grid post-9972 post type-post status-publish format-standard has-post-thumbnail hentry category-criticas tag-farm-fatale\">\n<div class=\"fusion-post-wrapper\" style=\"background-color:rgba(255,255,255,0);border:1px solid #ebeaea;border-bottom-width:3px;\">\n\n\t\t\t<div class=\"fusion-flexslider flexslider fusion-flexslider-loading fusion-post-slideshow\" style=\"border-color:#ebeaea;\">\n\t\t<ul class=\"slides\">\n\t\t\t\n\t\t\t\t\t\t\t\t\t\t\t\t\t\t<li><div  class=\"fusion-image-wrapper\" aria-haspopup=\"true\">\n\t\t\t\t<img width=\"2400\" height=\"1680\" src=\"https:\/\/mitsp.org\/2020\/wp-content\/uploads\/2020\/03\/49654481761_5ca2914a09_o.jpg\" class=\"attachment-full size-full wp-post-image\" alt=\"Farm Fatale @Guto Muniz\" loading=\"lazy\" srcset=\"https:\/\/mitsp.org\/2020\/wp-content\/uploads\/2020\/03\/49654481761_5ca2914a09_o-200x140.jpg 200w, https:\/\/mitsp.org\/2020\/wp-content\/uploads\/2020\/03\/49654481761_5ca2914a09_o-400x280.jpg 400w, https:\/\/mitsp.org\/2020\/wp-content\/uploads\/2020\/03\/49654481761_5ca2914a09_o-600x420.jpg 600w, https:\/\/mitsp.org\/2020\/wp-content\/uploads\/2020\/03\/49654481761_5ca2914a09_o-800x560.jpg 800w, https:\/\/mitsp.org\/2020\/wp-content\/uploads\/2020\/03\/49654481761_5ca2914a09_o-1200x840.jpg 1200w, https:\/\/mitsp.org\/2020\/wp-content\/uploads\/2020\/03\/49654481761_5ca2914a09_o.jpg 2400w\" sizes=\"(min-width: 2200px) 100vw, (min-width: 856px) 280px, (min-width: 784px) 373px, (min-width: 712px) 560px, (min-width: 640px) 712px, \" \/><div class=\"fusion-rollover\">\n\t<div class=\"fusion-rollover-content\">\n\n\t\t\t\t\n\t\t\n\t\t\t\t\t\t\t\t\t\t\t\t<h4 class=\"fusion-rollover-title\">\n\t\t\t\t\t<a class=\"fusion-rollover-title-link\" href=\"https:\/\/mitsp.org\/2020\/farm-fatale-e-o-esgotamento-da-imagem-por-wellington-junior\/\">\n\t\t\t\t\t\t<em>Farm Fatale<\/em> e o esgotamento da imagem <h6>por Wellington J\u00fanior<\/h6>\t\t\t\t\t<\/a>\n\t\t\t\t<\/h4>\n\t\t\t\n\t\t\t\t\t\t\t\t\n\t\t\n\t\t\t\t\t\t<a class=\"fusion-link-wrapper\" href=\"https:\/\/mitsp.org\/2020\/farm-fatale-e-o-esgotamento-da-imagem-por-wellington-junior\/\" aria-label=\"&lt;em&gt;Farm Fatale&lt;\/em&gt; e o esgotamento da imagem &lt;h6&gt;por Wellington J\u00fanior&lt;\/h6&gt;\"><\/a>\n\t<\/div>\n<\/div>\n<\/div>\n<\/li>\n\t\t\t\n\t\t\t\n\t\t\t\t\t\t\t\t\t\t\t\t\t\t\t\t\t\t\t\t\t\t\t\t\t\t\t\t\t\t\t\t\t\t\t\t\t\t\t\t\t\t\t\t\t\t\t\t\t\t\t\t\t\t\t\t\t\t\t\t\t\t\t\t\t\t\t\t<\/ul>\n\t<\/div>\n\t<div class=\"fusion-post-content-wrapper\" style=\"padding:30px 25px 20px 25px;\"><div class=\"fusion-post-content post-content\"><h2 class=\"blog-shortcode-post-title\"><a href=\"https:\/\/mitsp.org\/2020\/farm-fatale-e-o-esgotamento-da-imagem-por-wellington-junior\/\"><em>Farm Fatale<\/em> e o esgotamento da imagem <h6>por Wellington J\u00fanior<\/h6><\/a><\/h2><p class=\"fusion-single-line-meta\"><span>13  mar\u00e7o  2020<\/span><span class=\"fusion-inline-sep\">|<\/span><span class=\"meta-tags\">Tags: <a href=\"https:\/\/mitsp.org\/2020\/tag\/farm-fatale\/\" rel=\"tag\">Farm Fatale<\/a><\/span><span class=\"fusion-inline-sep\">|<\/span><\/p><\/div><\/div><div class=\"fusion-clearfix\"><\/div><\/div>\n<\/article>\n<article id=\"blog-1-post-9969\" class=\"fusion-post-grid post-9969 post type-post status-publish format-standard has-post-thumbnail hentry category-criticas tag-farm-fatale\">\n<div class=\"fusion-post-wrapper\" style=\"background-color:rgba(255,255,255,0);border:1px solid #ebeaea;border-bottom-width:3px;\">\n\n\t\t\t<div class=\"fusion-flexslider flexslider fusion-flexslider-loading fusion-post-slideshow\" style=\"border-color:#ebeaea;\">\n\t\t<ul class=\"slides\">\n\t\t\t\n\t\t\t\t\t\t\t\t\t\t\t\t\t\t<li><div  class=\"fusion-image-wrapper\" aria-haspopup=\"true\">\n\t\t\t\t<img width=\"2400\" height=\"1680\" src=\"https:\/\/mitsp.org\/2020\/wp-content\/uploads\/2020\/03\/49653940763_27c2ccd6b5_o.jpg\" class=\"attachment-full size-full wp-post-image\" alt=\"Farm Fatale @Guto Muniz\" loading=\"lazy\" srcset=\"https:\/\/mitsp.org\/2020\/wp-content\/uploads\/2020\/03\/49653940763_27c2ccd6b5_o-200x140.jpg 200w, https:\/\/mitsp.org\/2020\/wp-content\/uploads\/2020\/03\/49653940763_27c2ccd6b5_o-400x280.jpg 400w, https:\/\/mitsp.org\/2020\/wp-content\/uploads\/2020\/03\/49653940763_27c2ccd6b5_o-600x420.jpg 600w, https:\/\/mitsp.org\/2020\/wp-content\/uploads\/2020\/03\/49653940763_27c2ccd6b5_o-800x560.jpg 800w, https:\/\/mitsp.org\/2020\/wp-content\/uploads\/2020\/03\/49653940763_27c2ccd6b5_o-1200x840.jpg 1200w, https:\/\/mitsp.org\/2020\/wp-content\/uploads\/2020\/03\/49653940763_27c2ccd6b5_o.jpg 2400w\" sizes=\"(min-width: 2200px) 100vw, (min-width: 856px) 280px, (min-width: 784px) 373px, (min-width: 712px) 560px, (min-width: 640px) 712px, \" \/><div class=\"fusion-rollover\">\n\t<div class=\"fusion-rollover-content\">\n\n\t\t\t\t\n\t\t\n\t\t\t\t\t\t\t\t\t\t\t\t<h4 class=\"fusion-rollover-title\">\n\t\t\t\t\t<a class=\"fusion-rollover-title-link\" href=\"https:\/\/mitsp.org\/2020\/e-hora-de-dizer-tchau-por-renan-ji\/\">\n\t\t\t\t\t\t\u00c9 hora de dizer tchau? <h6> por Renan Ji<\/h6>\t\t\t\t\t<\/a>\n\t\t\t\t<\/h4>\n\t\t\t\n\t\t\t\t\t\t\t\t\n\t\t\n\t\t\t\t\t\t<a class=\"fusion-link-wrapper\" href=\"https:\/\/mitsp.org\/2020\/e-hora-de-dizer-tchau-por-renan-ji\/\" aria-label=\"\u00c9 hora de dizer tchau? &lt;h6&gt; por Renan Ji&lt;\/h6&gt;\"><\/a>\n\t<\/div>\n<\/div>\n<\/div>\n<\/li>\n\t\t\t\n\t\t\t\n\t\t\t\t\t\t\t\t\t\t\t\t\t\t\t\t\t\t\t\t\t\t\t\t\t\t\t\t\t\t\t\t\t\t\t\t\t\t\t\t\t\t\t\t\t\t\t\t\t\t\t\t\t\t\t\t\t\t\t\t\t\t\t\t\t\t\t\t<\/ul>\n\t<\/div>\n\t<div class=\"fusion-post-content-wrapper\" style=\"padding:30px 25px 20px 25px;\"><div class=\"fusion-post-content post-content\"><h2 class=\"blog-shortcode-post-title\"><a href=\"https:\/\/mitsp.org\/2020\/e-hora-de-dizer-tchau-por-renan-ji\/\">\u00c9 hora de dizer tchau? <h6> por Renan Ji<\/h6><\/a><\/h2><p class=\"fusion-single-line-meta\"><span>13  mar\u00e7o  2020<\/span><span class=\"fusion-inline-sep\">|<\/span><span class=\"meta-tags\">Tags: <a href=\"https:\/\/mitsp.org\/2020\/tag\/farm-fatale\/\" rel=\"tag\">Farm Fatale<\/a><\/span><span class=\"fusion-inline-sep\">|<\/span><\/p><\/div><\/div><div class=\"fusion-clearfix\"><\/div><\/div>\n<\/article>\n<article id=\"blog-1-post-9869\" class=\"fusion-post-grid post-9869 post type-post status-publish format-standard has-post-thumbnail hentry category-criticas tag-by-heart\">\n<div class=\"fusion-post-wrapper\" style=\"background-color:rgba(255,255,255,0);border:1px solid #ebeaea;border-bottom-width:3px;\">\n\n\t\t\t<div class=\"fusion-flexslider flexslider fusion-flexslider-loading fusion-post-slideshow\" style=\"border-color:#ebeaea;\">\n\t\t<ul class=\"slides\">\n\t\t\t\n\t\t\t\t\t\t\t\t\t\t\t\t\t\t<li><div  class=\"fusion-image-wrapper\" aria-haspopup=\"true\">\n\t\t\t\t<img width=\"2400\" height=\"1680\" src=\"https:\/\/mitsp.org\/2020\/wp-content\/uploads\/2020\/03\/49647576536_fb5e283f19_o.jpg\" class=\"attachment-full size-full wp-post-image\" alt=\"By Heart @Guto Muniz\" loading=\"lazy\" srcset=\"https:\/\/mitsp.org\/2020\/wp-content\/uploads\/2020\/03\/49647576536_fb5e283f19_o-200x140.jpg 200w, https:\/\/mitsp.org\/2020\/wp-content\/uploads\/2020\/03\/49647576536_fb5e283f19_o-400x280.jpg 400w, https:\/\/mitsp.org\/2020\/wp-content\/uploads\/2020\/03\/49647576536_fb5e283f19_o-600x420.jpg 600w, https:\/\/mitsp.org\/2020\/wp-content\/uploads\/2020\/03\/49647576536_fb5e283f19_o-800x560.jpg 800w, https:\/\/mitsp.org\/2020\/wp-content\/uploads\/2020\/03\/49647576536_fb5e283f19_o-1200x840.jpg 1200w, https:\/\/mitsp.org\/2020\/wp-content\/uploads\/2020\/03\/49647576536_fb5e283f19_o.jpg 2400w\" sizes=\"(min-width: 2200px) 100vw, (min-width: 856px) 280px, (min-width: 784px) 373px, (min-width: 712px) 560px, (min-width: 640px) 712px, \" \/><div class=\"fusion-rollover\">\n\t<div class=\"fusion-rollover-content\">\n\n\t\t\t\t\n\t\t\n\t\t\t\t\t\t\t\t\t\t\t\t<h4 class=\"fusion-rollover-title\">\n\t\t\t\t\t<a class=\"fusion-rollover-title-link\" href=\"https:\/\/mitsp.org\/2020\/by-heart-abracou-beleza-e-o-risco-da-memoria-por-rodrigo-nascimento\/\">\n\t\t\t\t\t\t<em>By Heart<\/em> abra\u00e7ou a beleza e o risco da mem\u00f3ria? <h6>por Rodrigo Nascimento<\/h6>\t\t\t\t\t<\/a>\n\t\t\t\t<\/h4>\n\t\t\t\n\t\t\t\t\t\t\t\t\n\t\t\n\t\t\t\t\t\t<a class=\"fusion-link-wrapper\" href=\"https:\/\/mitsp.org\/2020\/by-heart-abracou-beleza-e-o-risco-da-memoria-por-rodrigo-nascimento\/\" aria-label=\"&lt;em&gt;By Heart&lt;\/em&gt; abra\u00e7ou a beleza e o risco da mem\u00f3ria? &lt;h6&gt;por Rodrigo Nascimento&lt;\/h6&gt;\"><\/a>\n\t<\/div>\n<\/div>\n<\/div>\n<\/li>\n\t\t\t\n\t\t\t\n\t\t\t\t\t\t\t\t\t\t\t\t\t\t\t\t\t\t\t\t\t\t\t\t\t\t\t\t\t\t\t\t\t\t\t\t\t\t\t\t\t\t\t\t\t\t\t\t\t\t\t\t\t\t\t\t\t\t\t\t\t\t\t\t\t\t\t\t<\/ul>\n\t<\/div>\n\t<div class=\"fusion-post-content-wrapper\" style=\"padding:30px 25px 20px 25px;\"><div class=\"fusion-post-content post-content\"><h2 class=\"blog-shortcode-post-title\"><a href=\"https:\/\/mitsp.org\/2020\/by-heart-abracou-beleza-e-o-risco-da-memoria-por-rodrigo-nascimento\/\"><em>By Heart<\/em> abra\u00e7ou a beleza e o risco da mem\u00f3ria? <h6>por Rodrigo Nascimento<\/h6><\/a><\/h2><p class=\"fusion-single-line-meta\"><span>11  mar\u00e7o  2020<\/span><span class=\"fusion-inline-sep\">|<\/span><span class=\"meta-tags\">Tags: <a href=\"https:\/\/mitsp.org\/2020\/tag\/by-heart\/\" rel=\"tag\">By Heart<\/a><\/span><span class=\"fusion-inline-sep\">|<\/span><\/p><\/div><\/div><div class=\"fusion-clearfix\"><\/div><\/div>\n<\/article>\n<article id=\"blog-1-post-9867\" class=\"fusion-post-grid post-9867 post type-post status-publish format-standard has-post-thumbnail hentry category-criticas tag-by-heart\">\n<div class=\"fusion-post-wrapper\" style=\"background-color:rgba(255,255,255,0);border:1px solid #ebeaea;border-bottom-width:3px;\">\n\n\t\t\t<div class=\"fusion-flexslider flexslider fusion-flexslider-loading fusion-post-slideshow\" style=\"border-color:#ebeaea;\">\n\t\t<ul class=\"slides\">\n\t\t\t\n\t\t\t\t\t\t\t\t\t\t\t\t\t\t<li><div  class=\"fusion-image-wrapper\" aria-haspopup=\"true\">\n\t\t\t\t<img width=\"2400\" height=\"1680\" src=\"https:\/\/mitsp.org\/2020\/wp-content\/uploads\/2020\/03\/49647577001_e091948207_o.jpg\" class=\"attachment-full size-full wp-post-image\" alt=\"By Heart @Guto Muniz\" loading=\"lazy\" srcset=\"https:\/\/mitsp.org\/2020\/wp-content\/uploads\/2020\/03\/49647577001_e091948207_o-200x140.jpg 200w, https:\/\/mitsp.org\/2020\/wp-content\/uploads\/2020\/03\/49647577001_e091948207_o-400x280.jpg 400w, https:\/\/mitsp.org\/2020\/wp-content\/uploads\/2020\/03\/49647577001_e091948207_o-600x420.jpg 600w, https:\/\/mitsp.org\/2020\/wp-content\/uploads\/2020\/03\/49647577001_e091948207_o-800x560.jpg 800w, https:\/\/mitsp.org\/2020\/wp-content\/uploads\/2020\/03\/49647577001_e091948207_o-1200x840.jpg 1200w, https:\/\/mitsp.org\/2020\/wp-content\/uploads\/2020\/03\/49647577001_e091948207_o.jpg 2400w\" sizes=\"(min-width: 2200px) 100vw, (min-width: 856px) 280px, (min-width: 784px) 373px, (min-width: 712px) 560px, (min-width: 640px) 712px, \" \/><div class=\"fusion-rollover\">\n\t<div class=\"fusion-rollover-content\">\n\n\t\t\t\t\n\t\t\n\t\t\t\t\t\t\t\t\t\t\t\t<h4 class=\"fusion-rollover-title\">\n\t\t\t\t\t<a class=\"fusion-rollover-title-link\" href=\"https:\/\/mitsp.org\/2020\/entre-o-concerto-e-o-desconcerto-por-lais-machado\/\">\n\t\t\t\t\t\tEntre o concerto e o desconcerto <h6>por La\u00eds Machado<\/h6>\t\t\t\t\t<\/a>\n\t\t\t\t<\/h4>\n\t\t\t\n\t\t\t\t\t\t\t\t\n\t\t\n\t\t\t\t\t\t<a class=\"fusion-link-wrapper\" href=\"https:\/\/mitsp.org\/2020\/entre-o-concerto-e-o-desconcerto-por-lais-machado\/\" aria-label=\"Entre o concerto e o desconcerto &lt;h6&gt;por La\u00eds Machado&lt;\/h6&gt;\"><\/a>\n\t<\/div>\n<\/div>\n<\/div>\n<\/li>\n\t\t\t\n\t\t\t\n\t\t\t\t\t\t\t\t\t\t\t\t\t\t\t\t\t\t\t\t\t\t\t\t\t\t\t\t\t\t\t\t\t\t\t\t\t\t\t\t\t\t\t\t\t\t\t\t\t\t\t\t\t\t\t\t\t\t\t\t\t\t\t\t\t\t\t\t<\/ul>\n\t<\/div>\n\t<div class=\"fusion-post-content-wrapper\" style=\"padding:30px 25px 20px 25px;\"><div class=\"fusion-post-content post-content\"><h2 class=\"blog-shortcode-post-title\"><a href=\"https:\/\/mitsp.org\/2020\/entre-o-concerto-e-o-desconcerto-por-lais-machado\/\">Entre o concerto e o desconcerto <h6>por La\u00eds Machado<\/h6><\/a><\/h2><p class=\"fusion-single-line-meta\"><span>11  mar\u00e7o  2020<\/span><span class=\"fusion-inline-sep\">|<\/span><span class=\"meta-tags\">Tags: <a href=\"https:\/\/mitsp.org\/2020\/tag\/by-heart\/\" rel=\"tag\">By Heart<\/a><\/span><span class=\"fusion-inline-sep\">|<\/span><\/p><\/div><\/div><div class=\"fusion-clearfix\"><\/div><\/div>\n<\/article>\n<article id=\"blog-1-post-9865\" class=\"fusion-post-grid post-9865 post type-post status-publish format-standard has-post-thumbnail hentry category-criticas tag-o-pedido\">\n<div class=\"fusion-post-wrapper\" style=\"background-color:rgba(255,255,255,0);border:1px solid #ebeaea;border-bottom-width:3px;\">\n\n\t\t\t<div class=\"fusion-flexslider flexslider fusion-flexslider-loading fusion-post-slideshow\" style=\"border-color:#ebeaea;\">\n\t\t<ul class=\"slides\">\n\t\t\t\n\t\t\t\t\t\t\t\t\t\t\t\t\t\t<li><div  class=\"fusion-image-wrapper\" aria-haspopup=\"true\">\n\t\t\t\t<img width=\"2400\" height=\"1680\" src=\"https:\/\/mitsp.org\/2020\/wp-content\/uploads\/2020\/03\/49646827212_969a059e17_o.jpg\" class=\"attachment-full size-full wp-post-image\" alt=\"O Pedido (The Claim) @Nereu Jr\" loading=\"lazy\" srcset=\"https:\/\/mitsp.org\/2020\/wp-content\/uploads\/2020\/03\/49646827212_969a059e17_o-200x140.jpg 200w, https:\/\/mitsp.org\/2020\/wp-content\/uploads\/2020\/03\/49646827212_969a059e17_o-400x280.jpg 400w, https:\/\/mitsp.org\/2020\/wp-content\/uploads\/2020\/03\/49646827212_969a059e17_o-600x420.jpg 600w, https:\/\/mitsp.org\/2020\/wp-content\/uploads\/2020\/03\/49646827212_969a059e17_o-800x560.jpg 800w, https:\/\/mitsp.org\/2020\/wp-content\/uploads\/2020\/03\/49646827212_969a059e17_o-1200x840.jpg 1200w, https:\/\/mitsp.org\/2020\/wp-content\/uploads\/2020\/03\/49646827212_969a059e17_o.jpg 2400w\" sizes=\"(min-width: 2200px) 100vw, (min-width: 856px) 280px, (min-width: 784px) 373px, (min-width: 712px) 560px, (min-width: 640px) 712px, \" \/><div class=\"fusion-rollover\">\n\t<div class=\"fusion-rollover-content\">\n\n\t\t\t\t\n\t\t\n\t\t\t\t\t\t\t\t\t\t\t\t<h4 class=\"fusion-rollover-title\">\n\t\t\t\t\t<a class=\"fusion-rollover-title-link\" href=\"https:\/\/mitsp.org\/2020\/eu-estou-aqui-porque-voces-estiveram-la-daniel-toledo\/\">\n\t\t\t\t\t\tEu estou aqui porque voc\u00eas estiveram l\u00e1 <h6>por Daniel Toledo<\/h6>\t\t\t\t\t<\/a>\n\t\t\t\t<\/h4>\n\t\t\t\n\t\t\t\t\t\t\t\t\n\t\t\n\t\t\t\t\t\t<a class=\"fusion-link-wrapper\" href=\"https:\/\/mitsp.org\/2020\/eu-estou-aqui-porque-voces-estiveram-la-daniel-toledo\/\" aria-label=\"Eu estou aqui porque voc\u00eas estiveram l\u00e1 &lt;h6&gt;por Daniel Toledo&lt;\/h6&gt;\"><\/a>\n\t<\/div>\n<\/div>\n<\/div>\n<\/li>\n\t\t\t\n\t\t\t\n\t\t\t\t\t\t\t\t\t\t\t\t\t\t\t\t\t\t\t\t\t\t\t\t\t\t\t\t\t\t\t\t\t\t\t\t\t\t\t\t\t\t\t\t\t\t\t\t\t\t\t\t\t\t\t\t\t\t\t\t\t\t\t\t\t\t\t\t<\/ul>\n\t<\/div>\n\t<div class=\"fusion-post-content-wrapper\" style=\"padding:30px 25px 20px 25px;\"><div class=\"fusion-post-content post-content\"><h2 class=\"blog-shortcode-post-title\"><a href=\"https:\/\/mitsp.org\/2020\/eu-estou-aqui-porque-voces-estiveram-la-daniel-toledo\/\">Eu estou aqui porque voc\u00eas estiveram l\u00e1 <h6>por Daniel Toledo<\/h6><\/a><\/h2><p class=\"fusion-single-line-meta\"><span>11  mar\u00e7o  2020<\/span><span class=\"fusion-inline-sep\">|<\/span><span class=\"meta-tags\">Tags: <a href=\"https:\/\/mitsp.org\/2020\/tag\/o-pedido\/\" rel=\"tag\">O Pedido<\/a><\/span><span class=\"fusion-inline-sep\">|<\/span><\/p><\/div><\/div><div class=\"fusion-clearfix\"><\/div><\/div>\n<\/article>\n<article id=\"blog-1-post-9862\" class=\"fusion-post-grid post-9862 post type-post status-publish format-standard has-post-thumbnail hentry category-criticas tag-o-pedido\">\n<div class=\"fusion-post-wrapper\" style=\"background-color:rgba(255,255,255,0);border:1px solid #ebeaea;border-bottom-width:3px;\">\n\n\t\t\t<div class=\"fusion-flexslider flexslider fusion-flexslider-loading fusion-post-slideshow\" style=\"border-color:#ebeaea;\">\n\t\t<ul class=\"slides\">\n\t\t\t\n\t\t\t\t\t\t\t\t\t\t\t\t\t\t<li><div  class=\"fusion-image-wrapper\" aria-haspopup=\"true\">\n\t\t\t\t<img width=\"2400\" height=\"1680\" src=\"https:\/\/mitsp.org\/2020\/wp-content\/uploads\/2020\/03\/49646543566_3c87000da5_o.jpg\" class=\"attachment-full size-full wp-post-image\" alt=\"O Pedido (The Claim) @Nereu Jr\" loading=\"lazy\" srcset=\"https:\/\/mitsp.org\/2020\/wp-content\/uploads\/2020\/03\/49646543566_3c87000da5_o-200x140.jpg 200w, https:\/\/mitsp.org\/2020\/wp-content\/uploads\/2020\/03\/49646543566_3c87000da5_o-400x280.jpg 400w, https:\/\/mitsp.org\/2020\/wp-content\/uploads\/2020\/03\/49646543566_3c87000da5_o-600x420.jpg 600w, https:\/\/mitsp.org\/2020\/wp-content\/uploads\/2020\/03\/49646543566_3c87000da5_o-800x560.jpg 800w, https:\/\/mitsp.org\/2020\/wp-content\/uploads\/2020\/03\/49646543566_3c87000da5_o-1200x840.jpg 1200w, https:\/\/mitsp.org\/2020\/wp-content\/uploads\/2020\/03\/49646543566_3c87000da5_o.jpg 2400w\" sizes=\"(min-width: 2200px) 100vw, (min-width: 856px) 280px, (min-width: 784px) 373px, (min-width: 712px) 560px, (min-width: 640px) 712px, \" \/><div class=\"fusion-rollover\">\n\t<div class=\"fusion-rollover-content\">\n\n\t\t\t\t\n\t\t\n\t\t\t\t\t\t\t\t\t\t\t\t<h4 class=\"fusion-rollover-title\">\n\t\t\t\t\t<a class=\"fusion-rollover-title-link\" href=\"https:\/\/mitsp.org\/2020\/escuta-enganosa-por-guilherme-diniz\/\">\n\t\t\t\t\t\tEscuta enganosa <h6>por Guilherme Diniz<\/h6>\t\t\t\t\t<\/a>\n\t\t\t\t<\/h4>\n\t\t\t\n\t\t\t\t\t\t\t\t\n\t\t\n\t\t\t\t\t\t<a class=\"fusion-link-wrapper\" href=\"https:\/\/mitsp.org\/2020\/escuta-enganosa-por-guilherme-diniz\/\" aria-label=\"Escuta enganosa &lt;h6&gt;por Guilherme Diniz&lt;\/h6&gt;\"><\/a>\n\t<\/div>\n<\/div>\n<\/div>\n<\/li>\n\t\t\t\n\t\t\t\n\t\t\t\t\t\t\t\t\t\t\t\t\t\t\t\t\t\t\t\t\t\t\t\t\t\t\t\t\t\t\t\t\t\t\t\t\t\t\t\t\t\t\t\t\t\t\t\t\t\t\t\t\t\t\t\t\t\t\t\t\t\t\t\t\t\t\t\t<\/ul>\n\t<\/div>\n\t<div class=\"fusion-post-content-wrapper\" style=\"padding:30px 25px 20px 25px;\"><div class=\"fusion-post-content post-content\"><h2 class=\"blog-shortcode-post-title\"><a href=\"https:\/\/mitsp.org\/2020\/escuta-enganosa-por-guilherme-diniz\/\">Escuta enganosa <h6>por Guilherme Diniz<\/h6><\/a><\/h2><p class=\"fusion-single-line-meta\"><span>11  mar\u00e7o  2020<\/span><span class=\"fusion-inline-sep\">|<\/span><span class=\"meta-tags\">Tags: <a href=\"https:\/\/mitsp.org\/2020\/tag\/o-pedido\/\" rel=\"tag\">O Pedido<\/a><\/span><span class=\"fusion-inline-sep\">|<\/span><\/p><\/div><\/div><div class=\"fusion-clearfix\"><\/div><\/div>\n<\/article>\n<article id=\"blog-1-post-9817\" class=\"fusion-post-grid post-9817 post type-post status-publish format-standard has-post-thumbnail hentry category-criticas tag-jerk\">\n<div class=\"fusion-post-wrapper\" style=\"background-color:rgba(255,255,255,0);border:1px solid #ebeaea;border-bottom-width:3px;\">\n\n\t\t\t<div class=\"fusion-flexslider flexslider fusion-flexslider-loading fusion-post-slideshow\" style=\"border-color:#ebeaea;\">\n\t\t<ul class=\"slides\">\n\t\t\t\n\t\t\t\t\t\t\t\t\t\t\t\t\t\t<li><div  class=\"fusion-image-wrapper\" aria-haspopup=\"true\">\n\t\t\t\t<img width=\"2400\" height=\"1680\" src=\"https:\/\/mitsp.org\/2020\/wp-content\/uploads\/2020\/03\/49642260086_b44152a9fe_o.jpg\" class=\"attachment-full size-full wp-post-image\" alt=\"Jerk (Babaca) @Nereu Jr\" loading=\"lazy\" srcset=\"https:\/\/mitsp.org\/2020\/wp-content\/uploads\/2020\/03\/49642260086_b44152a9fe_o-200x140.jpg 200w, https:\/\/mitsp.org\/2020\/wp-content\/uploads\/2020\/03\/49642260086_b44152a9fe_o-400x280.jpg 400w, https:\/\/mitsp.org\/2020\/wp-content\/uploads\/2020\/03\/49642260086_b44152a9fe_o-600x420.jpg 600w, https:\/\/mitsp.org\/2020\/wp-content\/uploads\/2020\/03\/49642260086_b44152a9fe_o-800x560.jpg 800w, https:\/\/mitsp.org\/2020\/wp-content\/uploads\/2020\/03\/49642260086_b44152a9fe_o-1200x840.jpg 1200w, https:\/\/mitsp.org\/2020\/wp-content\/uploads\/2020\/03\/49642260086_b44152a9fe_o.jpg 2400w\" sizes=\"(min-width: 2200px) 100vw, (min-width: 856px) 280px, (min-width: 784px) 373px, (min-width: 712px) 560px, (min-width: 640px) 712px, \" \/><div class=\"fusion-rollover\">\n\t<div class=\"fusion-rollover-content\">\n\n\t\t\t\t\n\t\t\n\t\t\t\t\t\t\t\t\t\t\t\t<h4 class=\"fusion-rollover-title\">\n\t\t\t\t\t<a class=\"fusion-rollover-title-link\" href=\"https:\/\/mitsp.org\/2020\/notas-e-apontamentos-sobre-nossos-crimes-por-wellington-junior\/\">\n\t\t\t\t\t\tNotas e apontamentos sobre nossos crimes <h6>por Wellington J\u00fanior<\/h6>\t\t\t\t\t<\/a>\n\t\t\t\t<\/h4>\n\t\t\t\n\t\t\t\t\t\t\t\t\n\t\t\n\t\t\t\t\t\t<a class=\"fusion-link-wrapper\" href=\"https:\/\/mitsp.org\/2020\/notas-e-apontamentos-sobre-nossos-crimes-por-wellington-junior\/\" aria-label=\"Notas e apontamentos sobre nossos crimes &lt;h6&gt;por Wellington J\u00fanior&lt;\/h6&gt;\"><\/a>\n\t<\/div>\n<\/div>\n<\/div>\n<\/li>\n\t\t\t\n\t\t\t\n\t\t\t\t\t\t\t\t\t\t\t\t\t\t\t\t\t\t\t\t\t\t\t\t\t\t\t\t\t\t\t\t\t\t\t\t\t\t\t\t\t\t\t\t\t\t\t\t\t\t\t\t\t\t\t\t\t\t\t\t\t\t\t\t\t\t\t\t<\/ul>\n\t<\/div>\n\t<div class=\"fusion-post-content-wrapper\" style=\"padding:30px 25px 20px 25px;\"><div class=\"fusion-post-content post-content\"><h2 class=\"blog-shortcode-post-title\"><a href=\"https:\/\/mitsp.org\/2020\/notas-e-apontamentos-sobre-nossos-crimes-por-wellington-junior\/\">Notas e apontamentos sobre nossos crimes <h6>por Wellington J\u00fanior<\/h6><\/a><\/h2><p class=\"fusion-single-line-meta\"><span>10  mar\u00e7o  2020<\/span><span class=\"fusion-inline-sep\">|<\/span><span class=\"meta-tags\">Tags: <a href=\"https:\/\/mitsp.org\/2020\/tag\/jerk\/\" rel=\"tag\">Jerk<\/a><\/span><span class=\"fusion-inline-sep\">|<\/span><\/p><\/div><\/div><div class=\"fusion-clearfix\"><\/div><\/div>\n<\/article>\n<article id=\"blog-1-post-9815\" class=\"fusion-post-grid post-9815 post type-post status-publish format-standard has-post-thumbnail hentry category-criticas tag-jerk\">\n<div class=\"fusion-post-wrapper\" style=\"background-color:rgba(255,255,255,0);border:1px solid #ebeaea;border-bottom-width:3px;\">\n\n\t\t\t<div class=\"fusion-flexslider flexslider fusion-flexslider-loading fusion-post-slideshow\" style=\"border-color:#ebeaea;\">\n\t\t<ul class=\"slides\">\n\t\t\t\n\t\t\t\t\t\t\t\t\t\t\t\t\t\t<li><div  class=\"fusion-image-wrapper\" aria-haspopup=\"true\">\n\t\t\t\t<img width=\"2400\" height=\"1680\" src=\"https:\/\/mitsp.org\/2020\/wp-content\/uploads\/2020\/03\/49642535307_b22eae3ba0_o.jpg\" class=\"attachment-full size-full wp-post-image\" alt=\"Jerk (Babaca) @Nereu Jr\" loading=\"lazy\" srcset=\"https:\/\/mitsp.org\/2020\/wp-content\/uploads\/2020\/03\/49642535307_b22eae3ba0_o-200x140.jpg 200w, https:\/\/mitsp.org\/2020\/wp-content\/uploads\/2020\/03\/49642535307_b22eae3ba0_o-400x280.jpg 400w, https:\/\/mitsp.org\/2020\/wp-content\/uploads\/2020\/03\/49642535307_b22eae3ba0_o-600x420.jpg 600w, https:\/\/mitsp.org\/2020\/wp-content\/uploads\/2020\/03\/49642535307_b22eae3ba0_o-800x560.jpg 800w, https:\/\/mitsp.org\/2020\/wp-content\/uploads\/2020\/03\/49642535307_b22eae3ba0_o-1200x840.jpg 1200w, https:\/\/mitsp.org\/2020\/wp-content\/uploads\/2020\/03\/49642535307_b22eae3ba0_o.jpg 2400w\" sizes=\"(min-width: 2200px) 100vw, (min-width: 856px) 280px, (min-width: 784px) 373px, (min-width: 712px) 560px, (min-width: 640px) 712px, \" \/><div class=\"fusion-rollover\">\n\t<div class=\"fusion-rollover-content\">\n\n\t\t\t\t\n\t\t\n\t\t\t\t\t\t\t\t\t\t\t\t<h4 class=\"fusion-rollover-title\">\n\t\t\t\t\t<a class=\"fusion-rollover-title-link\" href=\"https:\/\/mitsp.org\/2020\/de-perversos-e-contadores-por-renan-ji\/\">\n\t\t\t\t\t\tDe perversos e contadores <h6>por Renan Ji<\/h6>\t\t\t\t\t<\/a>\n\t\t\t\t<\/h4>\n\t\t\t\n\t\t\t\t\t\t\t\t\n\t\t\n\t\t\t\t\t\t<a class=\"fusion-link-wrapper\" href=\"https:\/\/mitsp.org\/2020\/de-perversos-e-contadores-por-renan-ji\/\" aria-label=\"De perversos e contadores &lt;h6&gt;por Renan Ji&lt;\/h6&gt;\"><\/a>\n\t<\/div>\n<\/div>\n<\/div>\n<\/li>\n\t\t\t\n\t\t\t\n\t\t\t\t\t\t\t\t\t\t\t\t\t\t\t\t\t\t\t\t\t\t\t\t\t\t\t\t\t\t\t\t\t\t\t\t\t\t\t\t\t\t\t\t\t\t\t\t\t\t\t\t\t\t\t\t\t\t\t\t\t\t\t\t\t\t\t\t<\/ul>\n\t<\/div>\n\t<div class=\"fusion-post-content-wrapper\" style=\"padding:30px 25px 20px 25px;\"><div class=\"fusion-post-content post-content\"><h2 class=\"blog-shortcode-post-title\"><a href=\"https:\/\/mitsp.org\/2020\/de-perversos-e-contadores-por-renan-ji\/\">De perversos e contadores <h6>por Renan Ji<\/h6><\/a><\/h2><p class=\"fusion-single-line-meta\"><span>10  mar\u00e7o  2020<\/span><span class=\"fusion-inline-sep\">|<\/span><span class=\"meta-tags\">Tags: <a href=\"https:\/\/mitsp.org\/2020\/tag\/jerk\/\" rel=\"tag\">Jerk<\/a><\/span><span class=\"fusion-inline-sep\">|<\/span><\/p><\/div><\/div><div class=\"fusion-clearfix\"><\/div><\/div>\n<\/article>\n<article id=\"blog-1-post-9705\" class=\"fusion-post-grid post-9705 post type-post status-publish format-standard has-post-thumbnail hentry category-criticas tag-tu-amaras\">\n<div class=\"fusion-post-wrapper\" style=\"background-color:rgba(255,255,255,0);border:1px solid #ebeaea;border-bottom-width:3px;\">\n\n\t\t\t<div class=\"fusion-flexslider flexslider fusion-flexslider-loading fusion-post-slideshow\" style=\"border-color:#ebeaea;\">\n\t\t<ul class=\"slides\">\n\t\t\t\n\t\t\t\t\t\t\t\t\t\t\t\t\t\t<li><div  class=\"fusion-image-wrapper\" aria-haspopup=\"true\">\n\t\t\t\t<img width=\"2400\" height=\"1680\" src=\"https:\/\/mitsp.org\/2020\/wp-content\/uploads\/2020\/03\/49633234101_331b1bba19_o.jpg\" class=\"attachment-full size-full wp-post-image\" alt=\"Tu Amar\u00e1s @Nereu Jr\" loading=\"lazy\" srcset=\"https:\/\/mitsp.org\/2020\/wp-content\/uploads\/2020\/03\/49633234101_331b1bba19_o-200x140.jpg 200w, https:\/\/mitsp.org\/2020\/wp-content\/uploads\/2020\/03\/49633234101_331b1bba19_o-400x280.jpg 400w, https:\/\/mitsp.org\/2020\/wp-content\/uploads\/2020\/03\/49633234101_331b1bba19_o-600x420.jpg 600w, https:\/\/mitsp.org\/2020\/wp-content\/uploads\/2020\/03\/49633234101_331b1bba19_o-800x560.jpg 800w, https:\/\/mitsp.org\/2020\/wp-content\/uploads\/2020\/03\/49633234101_331b1bba19_o-1200x840.jpg 1200w, https:\/\/mitsp.org\/2020\/wp-content\/uploads\/2020\/03\/49633234101_331b1bba19_o.jpg 2400w\" sizes=\"(min-width: 2200px) 100vw, (min-width: 856px) 280px, (min-width: 784px) 373px, (min-width: 712px) 560px, (min-width: 640px) 712px, \" \/><div class=\"fusion-rollover\">\n\t<div class=\"fusion-rollover-content\">\n\n\t\t\t\t\n\t\t\n\t\t\t\t\t\t\t\t\t\t\t\t<h4 class=\"fusion-rollover-title\">\n\t\t\t\t\t<a class=\"fusion-rollover-title-link\" href=\"https:\/\/mitsp.org\/2020\/sob-pele-das-palavras-e-das-coisas-por-renan-ji\/\">\n\t\t\t\t\t\tSob a pele das palavras e das coisas <h6>por Renan Ji<\/h6>\t\t\t\t\t<\/a>\n\t\t\t\t<\/h4>\n\t\t\t\n\t\t\t\t\t\t\t\t\n\t\t\n\t\t\t\t\t\t<a class=\"fusion-link-wrapper\" href=\"https:\/\/mitsp.org\/2020\/sob-pele-das-palavras-e-das-coisas-por-renan-ji\/\" aria-label=\"Sob a pele das palavras e das coisas &lt;h6&gt;por Renan Ji&lt;\/h6&gt;\"><\/a>\n\t<\/div>\n<\/div>\n<\/div>\n<\/li>\n\t\t\t\n\t\t\t\n\t\t\t\t\t\t\t\t\t\t\t\t\t\t\t\t\t\t\t\t\t\t\t\t\t\t\t\t\t\t\t\t\t\t\t\t\t\t\t\t\t\t\t\t\t\t\t\t\t\t\t\t\t\t\t\t\t\t\t\t\t\t\t\t\t\t\t\t<\/ul>\n\t<\/div>\n\t<div class=\"fusion-post-content-wrapper\" style=\"padding:30px 25px 20px 25px;\"><div class=\"fusion-post-content post-content\"><h2 class=\"blog-shortcode-post-title\"><a href=\"https:\/\/mitsp.org\/2020\/sob-pele-das-palavras-e-das-coisas-por-renan-ji\/\">Sob a pele das palavras e das coisas <h6>por Renan Ji<\/h6><\/a><\/h2><p class=\"fusion-single-line-meta\"><span>8  mar\u00e7o  2020<\/span><span class=\"fusion-inline-sep\">|<\/span><span class=\"meta-tags\">Tags: <a href=\"https:\/\/mitsp.org\/2020\/tag\/tu-amaras\/\" rel=\"tag\">Tu Amar\u00e1s<\/a><\/span><span class=\"fusion-inline-sep\">|<\/span><\/p><\/div><\/div><div class=\"fusion-clearfix\"><\/div><\/div>\n<\/article>\n<article id=\"blog-1-post-9702\" class=\"fusion-post-grid post-9702 post type-post status-publish format-standard has-post-thumbnail hentry category-criticas tag-tu-amaras\">\n<div class=\"fusion-post-wrapper\" style=\"background-color:rgba(255,255,255,0);border:1px solid #ebeaea;border-bottom-width:3px;\">\n\n\t\t\t<div class=\"fusion-flexslider flexslider fusion-flexslider-loading fusion-post-slideshow\" style=\"border-color:#ebeaea;\">\n\t\t<ul class=\"slides\">\n\t\t\t\n\t\t\t\t\t\t\t\t\t\t\t\t\t\t<li><div  class=\"fusion-image-wrapper\" aria-haspopup=\"true\">\n\t\t\t\t<img width=\"2400\" height=\"1680\" src=\"https:\/\/mitsp.org\/2020\/wp-content\/uploads\/2020\/03\/49633502852_aa2efc7eb4_o.jpg\" class=\"attachment-full size-full wp-post-image\" alt=\"Tu Amar\u00e1s @Nereu Jr\" loading=\"lazy\" srcset=\"https:\/\/mitsp.org\/2020\/wp-content\/uploads\/2020\/03\/49633502852_aa2efc7eb4_o-200x140.jpg 200w, https:\/\/mitsp.org\/2020\/wp-content\/uploads\/2020\/03\/49633502852_aa2efc7eb4_o-400x280.jpg 400w, https:\/\/mitsp.org\/2020\/wp-content\/uploads\/2020\/03\/49633502852_aa2efc7eb4_o-600x420.jpg 600w, https:\/\/mitsp.org\/2020\/wp-content\/uploads\/2020\/03\/49633502852_aa2efc7eb4_o-800x560.jpg 800w, https:\/\/mitsp.org\/2020\/wp-content\/uploads\/2020\/03\/49633502852_aa2efc7eb4_o-1200x840.jpg 1200w, https:\/\/mitsp.org\/2020\/wp-content\/uploads\/2020\/03\/49633502852_aa2efc7eb4_o.jpg 2400w\" sizes=\"(min-width: 2200px) 100vw, (min-width: 856px) 280px, (min-width: 784px) 373px, (min-width: 712px) 560px, (min-width: 640px) 712px, \" \/><div class=\"fusion-rollover\">\n\t<div class=\"fusion-rollover-content\">\n\n\t\t\t\t\n\t\t\n\t\t\t\t\t\t\t\t\t\t\t\t<h4 class=\"fusion-rollover-title\">\n\t\t\t\t\t<a class=\"fusion-rollover-title-link\" href=\"https:\/\/mitsp.org\/2020\/incomodo-ou-violencia-de-um-falso-amor-por-rodrigo-nascimento\/\">\n\t\t\t\t\t\tInc\u00f4modo ou a viol\u00eancia de um falso amor <h6>por Rodrigo Nascimento<\/h6>\t\t\t\t\t<\/a>\n\t\t\t\t<\/h4>\n\t\t\t\n\t\t\t\t\t\t\t\t\n\t\t\n\t\t\t\t\t\t<a class=\"fusion-link-wrapper\" href=\"https:\/\/mitsp.org\/2020\/incomodo-ou-violencia-de-um-falso-amor-por-rodrigo-nascimento\/\" aria-label=\"Inc\u00f4modo ou a viol\u00eancia de um falso amor &lt;h6&gt;por Rodrigo Nascimento&lt;\/h6&gt;\"><\/a>\n\t<\/div>\n<\/div>\n<\/div>\n<\/li>\n\t\t\t\n\t\t\t\n\t\t\t\t\t\t\t\t\t\t\t\t\t\t\t\t\t\t\t\t\t\t\t\t\t\t\t\t\t\t\t\t\t\t\t\t\t\t\t\t\t\t\t\t\t\t\t\t\t\t\t\t\t\t\t\t\t\t\t\t\t\t\t\t\t\t\t\t<\/ul>\n\t<\/div>\n\t<div class=\"fusion-post-content-wrapper\" style=\"padding:30px 25px 20px 25px;\"><div class=\"fusion-post-content post-content\"><h2 class=\"blog-shortcode-post-title\"><a href=\"https:\/\/mitsp.org\/2020\/incomodo-ou-violencia-de-um-falso-amor-por-rodrigo-nascimento\/\">Inc\u00f4modo ou a viol\u00eancia de um falso amor <h6>por Rodrigo Nascimento<\/h6><\/a><\/h2><p class=\"fusion-single-line-meta\"><span>8  mar\u00e7o  2020<\/span><span class=\"fusion-inline-sep\">|<\/span><span class=\"meta-tags\">Tags: <a href=\"https:\/\/mitsp.org\/2020\/tag\/tu-amaras\/\" rel=\"tag\">Tu Amar\u00e1s<\/a><\/span><span class=\"fusion-inline-sep\">|<\/span><\/p><\/div><\/div><div class=\"fusion-clearfix\"><\/div><\/div>\n<\/article>\n<article id=\"blog-1-post-9684\" class=\"fusion-post-grid post-9684 post type-post status-publish format-standard has-post-thumbnail hentry category-criticas tag-o-que-fazer-daqui-para-tras\">\n<div class=\"fusion-post-wrapper\" style=\"background-color:rgba(255,255,255,0);border:1px solid #ebeaea;border-bottom-width:3px;\">\n\n\t\t\t<div class=\"fusion-flexslider flexslider fusion-flexslider-loading fusion-post-slideshow\" style=\"border-color:#ebeaea;\">\n\t\t<ul class=\"slides\">\n\t\t\t\n\t\t\t\t\t\t\t\t\t\t\t\t\t\t<li><div  class=\"fusion-image-wrapper\" aria-haspopup=\"true\">\n\t\t\t\t<img width=\"1517\" height=\"1048\" src=\"https:\/\/mitsp.org\/2020\/wp-content\/uploads\/2020\/03\/49633009577_fe7e873460_o-1-e1583684263774.jpg\" class=\"attachment-full size-full wp-post-image\" alt=\"O que Fazer Daqui para Tr\u00e1s @Guto Muniz\" loading=\"lazy\" srcset=\"https:\/\/mitsp.org\/2020\/wp-content\/uploads\/2020\/03\/49633009577_fe7e873460_o-1-e1583684263774-200x138.jpg 200w, https:\/\/mitsp.org\/2020\/wp-content\/uploads\/2020\/03\/49633009577_fe7e873460_o-1-e1583684263774-400x276.jpg 400w, https:\/\/mitsp.org\/2020\/wp-content\/uploads\/2020\/03\/49633009577_fe7e873460_o-1-e1583684263774-600x415.jpg 600w, https:\/\/mitsp.org\/2020\/wp-content\/uploads\/2020\/03\/49633009577_fe7e873460_o-1-e1583684263774-800x553.jpg 800w, https:\/\/mitsp.org\/2020\/wp-content\/uploads\/2020\/03\/49633009577_fe7e873460_o-1-e1583684263774-1200x829.jpg 1200w, https:\/\/mitsp.org\/2020\/wp-content\/uploads\/2020\/03\/49633009577_fe7e873460_o-1-e1583684263774.jpg 1517w\" sizes=\"(min-width: 2200px) 100vw, (min-width: 856px) 280px, (min-width: 784px) 373px, (min-width: 712px) 560px, (min-width: 640px) 712px, \" \/><div class=\"fusion-rollover\">\n\t<div class=\"fusion-rollover-content\">\n\n\t\t\t\t\n\t\t\n\t\t\t\t\t\t\t\t\t\t\t\t<h4 class=\"fusion-rollover-title\">\n\t\t\t\t\t<a class=\"fusion-rollover-title-link\" href=\"https:\/\/mitsp.org\/2020\/desmontar-ampulheta-e-recriar-as-areias-do-tempo-por-guilherme-diniz\/\">\n\t\t\t\t\t\tDesmontar a ampulheta e recriar as areias do tempo <h6>por Guilherme Diniz<\/h6>\t\t\t\t\t<\/a>\n\t\t\t\t<\/h4>\n\t\t\t\n\t\t\t\t\t\t\t\t\n\t\t\n\t\t\t\t\t\t<a class=\"fusion-link-wrapper\" href=\"https:\/\/mitsp.org\/2020\/desmontar-ampulheta-e-recriar-as-areias-do-tempo-por-guilherme-diniz\/\" aria-label=\"Desmontar a ampulheta e recriar as areias do tempo &lt;h6&gt;por Guilherme Diniz&lt;\/h6&gt;\"><\/a>\n\t<\/div>\n<\/div>\n<\/div>\n<\/li>\n\t\t\t\n\t\t\t\n\t\t\t\t\t\t\t\t\t\t\t\t\t\t\t\t\t\t\t\t\t\t\t\t\t\t\t\t\t\t\t\t\t\t\t\t\t\t\t\t\t\t\t\t\t\t\t\t\t\t\t\t\t\t\t\t\t\t\t\t\t\t\t\t\t\t\t\t<\/ul>\n\t<\/div>\n\t<div class=\"fusion-post-content-wrapper\" style=\"padding:30px 25px 20px 25px;\"><div class=\"fusion-post-content post-content\"><h2 class=\"blog-shortcode-post-title\"><a href=\"https:\/\/mitsp.org\/2020\/desmontar-ampulheta-e-recriar-as-areias-do-tempo-por-guilherme-diniz\/\">Desmontar a ampulheta e recriar as areias do tempo <h6>por Guilherme Diniz<\/h6><\/a><\/h2><p class=\"fusion-single-line-meta\"><span>8  mar\u00e7o  2020<\/span><span class=\"fusion-inline-sep\">|<\/span><span class=\"meta-tags\">Tags: <a href=\"https:\/\/mitsp.org\/2020\/tag\/o-que-fazer-daqui-para-tras\/\" rel=\"tag\">O que Fazer Daqui para Tr\u00e1s<\/a><\/span><span class=\"fusion-inline-sep\">|<\/span><\/p><\/div><\/div><div class=\"fusion-clearfix\"><\/div><\/div>\n<\/article>\n<article id=\"blog-1-post-9681\" class=\"fusion-post-grid post-9681 post type-post status-publish format-standard has-post-thumbnail hentry category-criticas tag-o-que-fazer-daqui-para-tras\">\n<div class=\"fusion-post-wrapper\" style=\"background-color:rgba(255,255,255,0);border:1px solid #ebeaea;border-bottom-width:3px;\">\n\n\t\t\t<div class=\"fusion-flexslider flexslider fusion-flexslider-loading fusion-post-slideshow\" style=\"border-color:#ebeaea;\">\n\t\t<ul class=\"slides\">\n\t\t\t\n\t\t\t\t\t\t\t\t\t\t\t\t\t\t<li><div  class=\"fusion-image-wrapper\" aria-haspopup=\"true\">\n\t\t\t\t<img width=\"2400\" height=\"1680\" src=\"https:\/\/mitsp.org\/2020\/wp-content\/uploads\/2020\/03\/49633008737_2c9fe3a1ca_o.jpg\" class=\"attachment-full size-full wp-post-image\" alt=\"O que Fazer Daqui para Tr\u00e1s @Guto Muniz\" loading=\"lazy\" srcset=\"https:\/\/mitsp.org\/2020\/wp-content\/uploads\/2020\/03\/49633008737_2c9fe3a1ca_o-200x140.jpg 200w, https:\/\/mitsp.org\/2020\/wp-content\/uploads\/2020\/03\/49633008737_2c9fe3a1ca_o-400x280.jpg 400w, https:\/\/mitsp.org\/2020\/wp-content\/uploads\/2020\/03\/49633008737_2c9fe3a1ca_o-600x420.jpg 600w, https:\/\/mitsp.org\/2020\/wp-content\/uploads\/2020\/03\/49633008737_2c9fe3a1ca_o-800x560.jpg 800w, https:\/\/mitsp.org\/2020\/wp-content\/uploads\/2020\/03\/49633008737_2c9fe3a1ca_o-1200x840.jpg 1200w, https:\/\/mitsp.org\/2020\/wp-content\/uploads\/2020\/03\/49633008737_2c9fe3a1ca_o.jpg 2400w\" sizes=\"(min-width: 2200px) 100vw, (min-width: 856px) 280px, (min-width: 784px) 373px, (min-width: 712px) 560px, (min-width: 640px) 712px, \" \/><div class=\"fusion-rollover\">\n\t<div class=\"fusion-rollover-content\">\n\n\t\t\t\t\n\t\t\n\t\t\t\t\t\t\t\t\t\t\t\t<h4 class=\"fusion-rollover-title\">\n\t\t\t\t\t<a class=\"fusion-rollover-title-link\" href=\"https:\/\/mitsp.org\/2020\/tessituras-do-presente-por-nathalia-catharina-alves-oliveira\/\">\n\t\t\t\t\t\tTessituras do presente <h6>por Nathalia Catharina Alves Oliveira<\/h6>\t\t\t\t\t<\/a>\n\t\t\t\t<\/h4>\n\t\t\t\n\t\t\t\t\t\t\t\t\n\t\t\n\t\t\t\t\t\t<a class=\"fusion-link-wrapper\" href=\"https:\/\/mitsp.org\/2020\/tessituras-do-presente-por-nathalia-catharina-alves-oliveira\/\" aria-label=\"Tessituras do presente &lt;h6&gt;por Nathalia Catharina Alves Oliveira&lt;\/h6&gt;\"><\/a>\n\t<\/div>\n<\/div>\n<\/div>\n<\/li>\n\t\t\t\n\t\t\t\n\t\t\t\t\t\t\t\t\t\t\t\t\t\t\t\t\t\t\t\t\t\t\t\t\t\t\t\t\t\t\t\t\t\t\t\t\t\t\t\t\t\t\t\t\t\t\t\t\t\t\t\t\t\t\t\t\t\t\t\t\t\t\t\t\t\t\t\t<\/ul>\n\t<\/div>\n\t<div class=\"fusion-post-content-wrapper\" style=\"padding:30px 25px 20px 25px;\"><div class=\"fusion-post-content post-content\"><h2 class=\"blog-shortcode-post-title\"><a href=\"https:\/\/mitsp.org\/2020\/tessituras-do-presente-por-nathalia-catharina-alves-oliveira\/\">Tessituras do presente <h6>por Nathalia Catharina Alves Oliveira<\/h6><\/a><\/h2><p class=\"fusion-single-line-meta\"><span>8  mar\u00e7o  2020<\/span><span class=\"fusion-inline-sep\">|<\/span><span class=\"meta-tags\">Tags: <a href=\"https:\/\/mitsp.org\/2020\/tag\/o-que-fazer-daqui-para-tras\/\" rel=\"tag\">O que Fazer Daqui para Tr\u00e1s<\/a><\/span><span class=\"fusion-inline-sep\">|<\/span><\/p><\/div><\/div><div class=\"fusion-clearfix\"><\/div><\/div>\n<\/article>\n<article id=\"blog-1-post-9670\" class=\"fusion-post-grid post-9670 post type-post status-publish format-standard has-post-thumbnail hentry category-criticas tag-orlando\">\n<div class=\"fusion-post-wrapper\" style=\"background-color:rgba(255,255,255,0);border:1px solid #ebeaea;border-bottom-width:3px;\">\n\n\t\t\t<div class=\"fusion-flexslider flexslider fusion-flexslider-loading fusion-post-slideshow\" style=\"border-color:#ebeaea;\">\n\t\t<ul class=\"slides\">\n\t\t\t\n\t\t\t\t\t\t\t\t\t\t\t\t\t\t<li><div  class=\"fusion-image-wrapper\" aria-haspopup=\"true\">\n\t\t\t\t<img width=\"2400\" height=\"1680\" src=\"https:\/\/mitsp.org\/2020\/wp-content\/uploads\/2020\/03\/49632106823_01120e5004_o.jpg\" class=\"attachment-full size-full wp-post-image\" alt=\"\" loading=\"lazy\" srcset=\"https:\/\/mitsp.org\/2020\/wp-content\/uploads\/2020\/03\/49632106823_01120e5004_o-200x140.jpg 200w, https:\/\/mitsp.org\/2020\/wp-content\/uploads\/2020\/03\/49632106823_01120e5004_o-400x280.jpg 400w, https:\/\/mitsp.org\/2020\/wp-content\/uploads\/2020\/03\/49632106823_01120e5004_o-600x420.jpg 600w, https:\/\/mitsp.org\/2020\/wp-content\/uploads\/2020\/03\/49632106823_01120e5004_o-800x560.jpg 800w, https:\/\/mitsp.org\/2020\/wp-content\/uploads\/2020\/03\/49632106823_01120e5004_o-1200x840.jpg 1200w, https:\/\/mitsp.org\/2020\/wp-content\/uploads\/2020\/03\/49632106823_01120e5004_o.jpg 2400w\" sizes=\"(min-width: 2200px) 100vw, (min-width: 856px) 280px, (min-width: 784px) 373px, (min-width: 712px) 560px, (min-width: 640px) 712px, \" \/><div class=\"fusion-rollover\">\n\t<div class=\"fusion-rollover-content\">\n\n\t\t\t\t\n\t\t\n\t\t\t\t\t\t\t\t\t\t\t\t<h4 class=\"fusion-rollover-title\">\n\t\t\t\t\t<a class=\"fusion-rollover-title-link\" href=\"https:\/\/mitsp.org\/2020\/quem-somos-no-crepusculo-por-lais-machado\/\">\n\t\t\t\t\t\tQuem somos no crep\u00fasculo? <h6>por La\u00eds Machado<\/h6>\t\t\t\t\t<\/a>\n\t\t\t\t<\/h4>\n\t\t\t\n\t\t\t\t\t\t\t\t\n\t\t\n\t\t\t\t\t\t<a class=\"fusion-link-wrapper\" href=\"https:\/\/mitsp.org\/2020\/quem-somos-no-crepusculo-por-lais-machado\/\" aria-label=\"Quem somos no crep\u00fasculo? &lt;h6&gt;por La\u00eds Machado&lt;\/h6&gt;\"><\/a>\n\t<\/div>\n<\/div>\n<\/div>\n<\/li>\n\t\t\t\n\t\t\t\n\t\t\t\t\t\t\t\t\t\t\t\t\t\t\t\t\t\t\t\t\t\t\t\t\t\t\t\t\t\t\t\t\t\t\t\t\t\t\t\t\t\t\t\t\t\t\t\t\t\t\t\t\t\t\t\t\t\t\t\t\t\t\t\t\t\t\t\t<\/ul>\n\t<\/div>\n\t<div class=\"fusion-post-content-wrapper\" style=\"padding:30px 25px 20px 25px;\"><div class=\"fusion-post-content post-content\"><h2 class=\"blog-shortcode-post-title\"><a href=\"https:\/\/mitsp.org\/2020\/quem-somos-no-crepusculo-por-lais-machado\/\">Quem somos no crep\u00fasculo? <h6>por La\u00eds Machado<\/h6><\/a><\/h2><p class=\"fusion-single-line-meta\"><span>8  mar\u00e7o  2020<\/span><span class=\"fusion-inline-sep\">|<\/span><span class=\"meta-tags\">Tags: <a href=\"https:\/\/mitsp.org\/2020\/tag\/orlando\/\" rel=\"tag\">ORLANDO<\/a><\/span><span class=\"fusion-inline-sep\">|<\/span><\/p><\/div><\/div><div class=\"fusion-clearfix\"><\/div><\/div>\n<\/article>\n<article id=\"blog-1-post-9667\" class=\"fusion-post-grid post-9667 post type-post status-publish format-standard has-post-thumbnail hentry category-criticas tag-orlando\">\n<div class=\"fusion-post-wrapper\" style=\"background-color:rgba(255,255,255,0);border:1px solid #ebeaea;border-bottom-width:3px;\">\n\n\t\t\t<div class=\"fusion-flexslider flexslider fusion-flexslider-loading fusion-post-slideshow\" style=\"border-color:#ebeaea;\">\n\t\t<ul class=\"slides\">\n\t\t\t\n\t\t\t\t\t\t\t\t\t\t\t\t\t\t<li><div  class=\"fusion-image-wrapper\" aria-haspopup=\"true\">\n\t\t\t\t<img width=\"2400\" height=\"1680\" src=\"https:\/\/mitsp.org\/2020\/wp-content\/uploads\/2020\/03\/49632628001_f24d1890cd_o.jpg\" class=\"attachment-full size-full wp-post-image\" alt=\"\" loading=\"lazy\" srcset=\"https:\/\/mitsp.org\/2020\/wp-content\/uploads\/2020\/03\/49632628001_f24d1890cd_o-200x140.jpg 200w, https:\/\/mitsp.org\/2020\/wp-content\/uploads\/2020\/03\/49632628001_f24d1890cd_o-400x280.jpg 400w, https:\/\/mitsp.org\/2020\/wp-content\/uploads\/2020\/03\/49632628001_f24d1890cd_o-600x420.jpg 600w, https:\/\/mitsp.org\/2020\/wp-content\/uploads\/2020\/03\/49632628001_f24d1890cd_o-800x560.jpg 800w, https:\/\/mitsp.org\/2020\/wp-content\/uploads\/2020\/03\/49632628001_f24d1890cd_o-1200x840.jpg 1200w, https:\/\/mitsp.org\/2020\/wp-content\/uploads\/2020\/03\/49632628001_f24d1890cd_o.jpg 2400w\" sizes=\"(min-width: 2200px) 100vw, (min-width: 856px) 280px, (min-width: 784px) 373px, (min-width: 712px) 560px, (min-width: 640px) 712px, \" \/><div class=\"fusion-rollover\">\n\t<div class=\"fusion-rollover-content\">\n\n\t\t\t\t\n\t\t\n\t\t\t\t\t\t\t\t\t\t\t\t<h4 class=\"fusion-rollover-title\">\n\t\t\t\t\t<a class=\"fusion-rollover-title-link\" href=\"https:\/\/mitsp.org\/2020\/o-veneno-e-o-antidoto-por-daniel-toledo\/\">\n\t\t\t\t\t\tO veneno e o ant\u00eddoto <h6>por Daniel Toledo<\/h6>\t\t\t\t\t<\/a>\n\t\t\t\t<\/h4>\n\t\t\t\n\t\t\t\t\t\t\t\t\n\t\t\n\t\t\t\t\t\t<a class=\"fusion-link-wrapper\" href=\"https:\/\/mitsp.org\/2020\/o-veneno-e-o-antidoto-por-daniel-toledo\/\" aria-label=\"O veneno e o ant\u00eddoto &lt;h6&gt;por Daniel Toledo&lt;\/h6&gt;\"><\/a>\n\t<\/div>\n<\/div>\n<\/div>\n<\/li>\n\t\t\t\n\t\t\t\n\t\t\t\t\t\t\t\t\t\t\t\t\t\t\t\t\t\t\t\t\t\t\t\t\t\t\t\t\t\t\t\t\t\t\t\t\t\t\t\t\t\t\t\t\t\t\t\t\t\t\t\t\t\t\t\t\t\t\t\t\t\t\t\t\t\t\t\t<\/ul>\n\t<\/div>\n\t<div class=\"fusion-post-content-wrapper\" style=\"padding:30px 25px 20px 25px;\"><div class=\"fusion-post-content post-content\"><h2 class=\"blog-shortcode-post-title\"><a href=\"https:\/\/mitsp.org\/2020\/o-veneno-e-o-antidoto-por-daniel-toledo\/\">O veneno e o ant\u00eddoto <h6>por Daniel Toledo<\/h6><\/a><\/h2><p class=\"fusion-single-line-meta\"><span>8  mar\u00e7o  2020<\/span><span class=\"fusion-inline-sep\">|<\/span><span class=\"meta-tags\">Tags: <a href=\"https:\/\/mitsp.org\/2020\/tag\/orlando\/\" rel=\"tag\">ORLANDO<\/a><\/span><span class=\"fusion-inline-sep\">|<\/span><\/p><\/div><\/div><div class=\"fusion-clearfix\"><\/div><\/div>\n<\/article>\n<article id=\"blog-1-post-9628\" class=\"fusion-post-grid post-9628 post type-post status-publish format-standard has-post-thumbnail hentry category-criticas tag-tenha-cuidado\">\n<div class=\"fusion-post-wrapper\" style=\"background-color:rgba(255,255,255,0);border:1px solid #ebeaea;border-bottom-width:3px;\">\n\n\t\t\t<div class=\"fusion-flexslider flexslider fusion-flexslider-loading fusion-post-slideshow\" style=\"border-color:#ebeaea;\">\n\t\t<ul class=\"slides\">\n\t\t\t\n\t\t\t\t\t\t\t\t\t\t\t\t\t\t<li><div  class=\"fusion-image-wrapper\" aria-haspopup=\"true\">\n\t\t\t\t<img width=\"2400\" height=\"1680\" src=\"https:\/\/mitsp.org\/2020\/wp-content\/uploads\/2020\/03\/49648650042_d1633683a0_o.jpg\" class=\"attachment-full size-full wp-post-image\" alt=\"Tenha Cuidado (Be Careful) @Guto Muniz\" loading=\"lazy\" srcset=\"https:\/\/mitsp.org\/2020\/wp-content\/uploads\/2020\/03\/49648650042_d1633683a0_o-200x140.jpg 200w, https:\/\/mitsp.org\/2020\/wp-content\/uploads\/2020\/03\/49648650042_d1633683a0_o-400x280.jpg 400w, https:\/\/mitsp.org\/2020\/wp-content\/uploads\/2020\/03\/49648650042_d1633683a0_o-600x420.jpg 600w, https:\/\/mitsp.org\/2020\/wp-content\/uploads\/2020\/03\/49648650042_d1633683a0_o-800x560.jpg 800w, https:\/\/mitsp.org\/2020\/wp-content\/uploads\/2020\/03\/49648650042_d1633683a0_o-1200x840.jpg 1200w, https:\/\/mitsp.org\/2020\/wp-content\/uploads\/2020\/03\/49648650042_d1633683a0_o.jpg 2400w\" sizes=\"(min-width: 2200px) 100vw, (min-width: 856px) 280px, (min-width: 784px) 373px, (min-width: 712px) 560px, (min-width: 640px) 712px, \" \/><div class=\"fusion-rollover\">\n\t<div class=\"fusion-rollover-content\">\n\n\t\t\t\t\n\t\t\n\t\t\t\t\t\t\t\t\t\t\t\t<h4 class=\"fusion-rollover-title\">\n\t\t\t\t\t<a class=\"fusion-rollover-title-link\" href=\"https:\/\/mitsp.org\/2020\/o-desnudamento-ensurdecedor-de-mallika-taneja-por-nathalia-catharina-alves-oliveira\/\">\n\t\t\t\t\t\tO desnudamento ensurdecedor de Mallika Taneja <h6>por Nathalia Catharina Alves Oliveira<\/h6>&gt;\t\t\t\t\t<\/a>\n\t\t\t\t<\/h4>\n\t\t\t\n\t\t\t\t\t\t\t\t\n\t\t\n\t\t\t\t\t\t<a class=\"fusion-link-wrapper\" href=\"https:\/\/mitsp.org\/2020\/o-desnudamento-ensurdecedor-de-mallika-taneja-por-nathalia-catharina-alves-oliveira\/\" aria-label=\"O desnudamento ensurdecedor de Mallika Taneja &lt;h6&gt;por Nathalia Catharina Alves Oliveira&lt;\/h6&gt;&gt;\"><\/a>\n\t<\/div>\n<\/div>\n<\/div>\n<\/li>\n\t\t\t\n\t\t\t\n\t\t\t\t\t\t\t\t\t\t\t\t\t\t\t\t\t\t\t\t\t\t\t\t\t\t\t\t\t\t\t\t\t\t\t\t\t\t\t\t\t\t\t\t\t\t\t\t\t\t\t\t\t\t\t\t\t\t\t\t\t\t\t\t\t\t\t\t<\/ul>\n\t<\/div>\n\t<div class=\"fusion-post-content-wrapper\" style=\"padding:30px 25px 20px 25px;\"><div class=\"fusion-post-content post-content\"><h2 class=\"blog-shortcode-post-title\"><a href=\"https:\/\/mitsp.org\/2020\/o-desnudamento-ensurdecedor-de-mallika-taneja-por-nathalia-catharina-alves-oliveira\/\">O desnudamento ensurdecedor de Mallika Taneja <h6>por Nathalia Catharina Alves Oliveira<\/h6>><\/a><\/h2><p class=\"fusion-single-line-meta\"><span>7  mar\u00e7o  2020<\/span><span class=\"fusion-inline-sep\">|<\/span><span class=\"meta-tags\">Tags: <a href=\"https:\/\/mitsp.org\/2020\/tag\/tenha-cuidado\/\" rel=\"tag\">Tenha Cuidado<\/a><\/span><span class=\"fusion-inline-sep\">|<\/span><\/p><\/div><\/div><div class=\"fusion-clearfix\"><\/div><\/div>\n<\/article>\n<article id=\"blog-1-post-9626\" class=\"fusion-post-grid post-9626 post type-post status-publish format-standard has-post-thumbnail hentry category-criticas tag-tenha-cuidado\">\n<div class=\"fusion-post-wrapper\" style=\"background-color:rgba(255,255,255,0);border:1px solid #ebeaea;border-bottom-width:3px;\">\n\n\t\t\t<div class=\"fusion-flexslider flexslider fusion-flexslider-loading fusion-post-slideshow\" style=\"border-color:#ebeaea;\">\n\t\t<ul class=\"slides\">\n\t\t\t\n\t\t\t\t\t\t\t\t\t\t\t\t\t\t<li><div  class=\"fusion-image-wrapper\" aria-haspopup=\"true\">\n\t\t\t\t<img width=\"2400\" height=\"1680\" src=\"https:\/\/mitsp.org\/2020\/wp-content\/uploads\/2020\/03\/49647833728_fac7e0dae8_o.jpg\" class=\"attachment-full size-full wp-post-image\" alt=\"Tenha Cuidado (Be Careful) @Guto Muniz\" loading=\"lazy\" srcset=\"https:\/\/mitsp.org\/2020\/wp-content\/uploads\/2020\/03\/49647833728_fac7e0dae8_o-200x140.jpg 200w, https:\/\/mitsp.org\/2020\/wp-content\/uploads\/2020\/03\/49647833728_fac7e0dae8_o-400x280.jpg 400w, https:\/\/mitsp.org\/2020\/wp-content\/uploads\/2020\/03\/49647833728_fac7e0dae8_o-600x420.jpg 600w, https:\/\/mitsp.org\/2020\/wp-content\/uploads\/2020\/03\/49647833728_fac7e0dae8_o-800x560.jpg 800w, https:\/\/mitsp.org\/2020\/wp-content\/uploads\/2020\/03\/49647833728_fac7e0dae8_o-1200x840.jpg 1200w, https:\/\/mitsp.org\/2020\/wp-content\/uploads\/2020\/03\/49647833728_fac7e0dae8_o.jpg 2400w\" sizes=\"(min-width: 2200px) 100vw, (min-width: 856px) 280px, (min-width: 784px) 373px, (min-width: 712px) 560px, (min-width: 640px) 712px, \" \/><div class=\"fusion-rollover\">\n\t<div class=\"fusion-rollover-content\">\n\n\t\t\t\t\n\t\t\n\t\t\t\t\t\t\t\t\t\t\t\t<h4 class=\"fusion-rollover-title\">\n\t\t\t\t\t<a class=\"fusion-rollover-title-link\" href=\"https:\/\/mitsp.org\/2020\/o-problema-e-seu-e-nao-meu-por-michele-rolim\/\">\n\t\t\t\t\t\tO problema \u00e9 seu e n\u00e3o meu <h6>por Michele Rolim<\/h6>\t\t\t\t\t<\/a>\n\t\t\t\t<\/h4>\n\t\t\t\n\t\t\t\t\t\t\t\t\n\t\t\n\t\t\t\t\t\t<a class=\"fusion-link-wrapper\" href=\"https:\/\/mitsp.org\/2020\/o-problema-e-seu-e-nao-meu-por-michele-rolim\/\" aria-label=\"O problema \u00e9 seu e n\u00e3o meu &lt;h6&gt;por Michele Rolim&lt;\/h6&gt;\"><\/a>\n\t<\/div>\n<\/div>\n<\/div>\n<\/li>\n\t\t\t\n\t\t\t\n\t\t\t\t\t\t\t\t\t\t\t\t\t\t\t\t\t\t\t\t\t\t\t\t\t\t\t\t\t\t\t\t\t\t\t\t\t\t\t\t\t\t\t\t\t\t\t\t\t\t\t\t\t\t\t\t\t\t\t\t\t\t\t\t\t\t\t\t<\/ul>\n\t<\/div>\n\t<div class=\"fusion-post-content-wrapper\" style=\"padding:30px 25px 20px 25px;\"><div class=\"fusion-post-content post-content\"><h2 class=\"blog-shortcode-post-title\"><a href=\"https:\/\/mitsp.org\/2020\/o-problema-e-seu-e-nao-meu-por-michele-rolim\/\">O problema \u00e9 seu e n\u00e3o meu <h6>por Michele Rolim<\/h6><\/a><\/h2><p class=\"fusion-single-line-meta\"><span>7  mar\u00e7o  2020<\/span><span class=\"fusion-inline-sep\">|<\/span><span class=\"meta-tags\">Tags: <a href=\"https:\/\/mitsp.org\/2020\/tag\/tenha-cuidado\/\" rel=\"tag\">Tenha Cuidado<\/a><\/span><span class=\"fusion-inline-sep\">|<\/span><\/p><\/div><\/div><div class=\"fusion-clearfix\"><\/div><\/div>\n<\/article>\n<article id=\"blog-1-post-9621\" class=\"fusion-post-grid post-9621 post type-post status-publish format-standard has-post-thumbnail hentry category-criticas tag-contos-imorais\">\n<div class=\"fusion-post-wrapper\" style=\"background-color:rgba(255,255,255,0);border:1px solid #ebeaea;border-bottom-width:3px;\">\n\n\t\t\t<div class=\"fusion-flexslider flexslider fusion-flexslider-loading fusion-post-slideshow\" style=\"border-color:#ebeaea;\">\n\t\t<ul class=\"slides\">\n\t\t\t\n\t\t\t\t\t\t\t\t\t\t\t\t\t\t<li><div  class=\"fusion-image-wrapper\" aria-haspopup=\"true\">\n\t\t\t\t<img width=\"1200\" height=\"700\" src=\"https:\/\/mitsp.org\/2020\/wp-content\/uploads\/2020\/02\/Maison-Mere\u00a9\ufe0fJean-Luc-Beaujault.jpg\" class=\"attachment-full size-full wp-post-image\" alt=\"Maison Mere \u00a9\ufe0fJean Luc Beaujault\" loading=\"lazy\" srcset=\"https:\/\/mitsp.org\/2020\/wp-content\/uploads\/2020\/02\/Maison-Mere\u00a9\ufe0fJean-Luc-Beaujault-200x117.jpg 200w, https:\/\/mitsp.org\/2020\/wp-content\/uploads\/2020\/02\/Maison-Mere\u00a9\ufe0fJean-Luc-Beaujault-400x233.jpg 400w, https:\/\/mitsp.org\/2020\/wp-content\/uploads\/2020\/02\/Maison-Mere\u00a9\ufe0fJean-Luc-Beaujault-600x350.jpg 600w, https:\/\/mitsp.org\/2020\/wp-content\/uploads\/2020\/02\/Maison-Mere\u00a9\ufe0fJean-Luc-Beaujault-800x467.jpg 800w, https:\/\/mitsp.org\/2020\/wp-content\/uploads\/2020\/02\/Maison-Mere\u00a9\ufe0fJean-Luc-Beaujault.jpg 1200w\" sizes=\"(min-width: 2200px) 100vw, (min-width: 856px) 280px, (min-width: 784px) 373px, (min-width: 712px) 560px, (min-width: 640px) 712px, \" \/><div class=\"fusion-rollover\">\n\t<div class=\"fusion-rollover-content\">\n\n\t\t\t\t\n\t\t\n\t\t\t\t\t\t\t\t\t\t\t\t<h4 class=\"fusion-rollover-title\">\n\t\t\t\t\t<a class=\"fusion-rollover-title-link\" href=\"https:\/\/mitsp.org\/2020\/em-busca-de-outros-refugios-por-daniel-toledo\/\">\n\t\t\t\t\t\tEm busca de outros ref\u00fagios <h6>por Daniel Toledo<\/h6>\t\t\t\t\t<\/a>\n\t\t\t\t<\/h4>\n\t\t\t\n\t\t\t\t\t\t\t\t\n\t\t\n\t\t\t\t\t\t<a class=\"fusion-link-wrapper\" href=\"https:\/\/mitsp.org\/2020\/em-busca-de-outros-refugios-por-daniel-toledo\/\" aria-label=\"Em busca de outros ref\u00fagios &lt;h6&gt;por Daniel Toledo&lt;\/h6&gt;\"><\/a>\n\t<\/div>\n<\/div>\n<\/div>\n<\/li>\n\t\t\t\n\t\t\t\n\t\t\t\t\t\t\t\t\t\t\t\t\t\t\t\t\t\t\t\t\t\t\t\t\t\t\t\t\t\t\t\t\t\t\t\t\t\t\t\t\t\t\t\t\t\t\t\t\t\t\t\t\t\t\t\t\t\t\t\t\t\t\t\t\t\t\t\t<\/ul>\n\t<\/div>\n\t<div class=\"fusion-post-content-wrapper\" style=\"padding:30px 25px 20px 25px;\"><div class=\"fusion-post-content post-content\"><h2 class=\"blog-shortcode-post-title\"><a href=\"https:\/\/mitsp.org\/2020\/em-busca-de-outros-refugios-por-daniel-toledo\/\">Em busca de outros ref\u00fagios <h6>por Daniel Toledo<\/h6><\/a><\/h2><p class=\"fusion-single-line-meta\"><span>7  mar\u00e7o  2020<\/span><span class=\"fusion-inline-sep\">|<\/span><span class=\"meta-tags\">Tags: <a href=\"https:\/\/mitsp.org\/2020\/tag\/contos-imorais\/\" rel=\"tag\">Contos imorais<\/a><\/span><span class=\"fusion-inline-sep\">|<\/span><\/p><\/div><\/div><div class=\"fusion-clearfix\"><\/div><\/div>\n<\/article>\n<article id=\"blog-1-post-9617\" class=\"fusion-post-grid post-9617 post type-post status-publish format-standard has-post-thumbnail hentry category-criticas tag-contos-imorais\">\n<div class=\"fusion-post-wrapper\" style=\"background-color:rgba(255,255,255,0);border:1px solid #ebeaea;border-bottom-width:3px;\">\n\n\t\t\t<div class=\"fusion-flexslider flexslider fusion-flexslider-loading fusion-post-slideshow\" style=\"border-color:#ebeaea;\">\n\t\t<ul class=\"slides\">\n\t\t\t\n\t\t\t\t\t\t\t\t\t\t\t\t\t\t<li><div  class=\"fusion-image-wrapper\" aria-haspopup=\"true\">\n\t\t\t\t<img width=\"800\" height=\"506\" src=\"https:\/\/mitsp.org\/2020\/wp-content\/uploads\/2020\/03\/16-Contes-Immoraux-Partie-1-Maison-M\u00e8re-\u00a9\ufe0fJean-Luc-Beaujault.jpg\" class=\"attachment-full size-full wp-post-image\" alt=\"\" loading=\"lazy\" srcset=\"https:\/\/mitsp.org\/2020\/wp-content\/uploads\/2020\/03\/16-Contes-Immoraux-Partie-1-Maison-M\u00e8re-\u00a9\ufe0fJean-Luc-Beaujault-200x127.jpg 200w, https:\/\/mitsp.org\/2020\/wp-content\/uploads\/2020\/03\/16-Contes-Immoraux-Partie-1-Maison-M\u00e8re-\u00a9\ufe0fJean-Luc-Beaujault-400x253.jpg 400w, https:\/\/mitsp.org\/2020\/wp-content\/uploads\/2020\/03\/16-Contes-Immoraux-Partie-1-Maison-M\u00e8re-\u00a9\ufe0fJean-Luc-Beaujault-600x380.jpg 600w, https:\/\/mitsp.org\/2020\/wp-content\/uploads\/2020\/03\/16-Contes-Immoraux-Partie-1-Maison-M\u00e8re-\u00a9\ufe0fJean-Luc-Beaujault.jpg 800w\" sizes=\"(min-width: 2200px) 100vw, (min-width: 856px) 280px, (min-width: 784px) 373px, (min-width: 712px) 560px, (min-width: 640px) 712px, \" \/><div class=\"fusion-rollover\">\n\t<div class=\"fusion-rollover-content\">\n\n\t\t\t\t\n\t\t\n\t\t\t\t\t\t\t\t\t\t\t\t<h4 class=\"fusion-rollover-title\">\n\t\t\t\t\t<a class=\"fusion-rollover-title-link\" href=\"https:\/\/mitsp.org\/2020\/casa-caiu-por-dodi-tavares-borges-leal\/\">\n\t\t\t\t\t\tA casa caiu? <h6>por Dodi Tavares Borges Leal<\/h6>\t\t\t\t\t<\/a>\n\t\t\t\t<\/h4>\n\t\t\t\n\t\t\t\t\t\t\t\t\n\t\t\n\t\t\t\t\t\t<a class=\"fusion-link-wrapper\" href=\"https:\/\/mitsp.org\/2020\/casa-caiu-por-dodi-tavares-borges-leal\/\" aria-label=\"A casa caiu? &lt;h6&gt;por Dodi Tavares Borges Leal&lt;\/h6&gt;\"><\/a>\n\t<\/div>\n<\/div>\n<\/div>\n<\/li>\n\t\t\t\n\t\t\t\n\t\t\t\t\t\t\t\t\t\t\t\t\t\t\t\t\t\t\t\t\t\t\t\t\t\t\t\t\t\t\t\t\t\t\t\t\t\t\t\t\t\t\t\t\t\t\t\t\t\t\t\t\t\t\t\t\t\t\t\t\t\t\t\t\t\t\t\t<\/ul>\n\t<\/div>\n\t<div class=\"fusion-post-content-wrapper\" style=\"padding:30px 25px 20px 25px;\"><div class=\"fusion-post-content post-content\"><h2 class=\"blog-shortcode-post-title\"><a href=\"https:\/\/mitsp.org\/2020\/casa-caiu-por-dodi-tavares-borges-leal\/\">A casa caiu? <h6>por Dodi Tavares Borges Leal<\/h6><\/a><\/h2><p class=\"fusion-single-line-meta\"><span>7  mar\u00e7o  2020<\/span><span class=\"fusion-inline-sep\">|<\/span><span class=\"meta-tags\">Tags: <a href=\"https:\/\/mitsp.org\/2020\/tag\/contos-imorais\/\" rel=\"tag\">Contos imorais<\/a><\/span><span class=\"fusion-inline-sep\">|<\/span><\/p><\/div><\/div><div class=\"fusion-clearfix\"><\/div><\/div>\n<\/article>\n<article id=\"blog-1-post-9614\" class=\"fusion-post-grid post-9614 post type-post status-publish format-standard has-post-thumbnail hentry category-criticas tag-sabado-descontraido\">\n<div class=\"fusion-post-wrapper\" style=\"background-color:rgba(255,255,255,0);border:1px solid #ebeaea;border-bottom-width:3px;\">\n\n\t\t\t<div class=\"fusion-flexslider flexslider fusion-flexslider-loading fusion-post-slideshow\" style=\"border-color:#ebeaea;\">\n\t\t<ul class=\"slides\">\n\t\t\t\n\t\t\t\t\t\t\t\t\t\t\t\t\t\t<li><div  class=\"fusion-image-wrapper\" aria-haspopup=\"true\">\n\t\t\t\t<img width=\"2400\" height=\"1680\" src=\"https:\/\/mitsp.org\/2020\/wp-content\/uploads\/2020\/03\/49628571918_8386e0ec86_o.jpg\" class=\"attachment-full size-full wp-post-image\" alt=\"S\u00e1bado Descontra\u00eddo @Guto Muniz\" loading=\"lazy\" srcset=\"https:\/\/mitsp.org\/2020\/wp-content\/uploads\/2020\/03\/49628571918_8386e0ec86_o-200x140.jpg 200w, https:\/\/mitsp.org\/2020\/wp-content\/uploads\/2020\/03\/49628571918_8386e0ec86_o-400x280.jpg 400w, https:\/\/mitsp.org\/2020\/wp-content\/uploads\/2020\/03\/49628571918_8386e0ec86_o-600x420.jpg 600w, https:\/\/mitsp.org\/2020\/wp-content\/uploads\/2020\/03\/49628571918_8386e0ec86_o-800x560.jpg 800w, https:\/\/mitsp.org\/2020\/wp-content\/uploads\/2020\/03\/49628571918_8386e0ec86_o-1200x840.jpg 1200w, https:\/\/mitsp.org\/2020\/wp-content\/uploads\/2020\/03\/49628571918_8386e0ec86_o.jpg 2400w\" sizes=\"(min-width: 2200px) 100vw, (min-width: 856px) 280px, (min-width: 784px) 373px, (min-width: 712px) 560px, (min-width: 640px) 712px, \" \/><div class=\"fusion-rollover\">\n\t<div class=\"fusion-rollover-content\">\n\n\t\t\t\t\n\t\t\n\t\t\t\t\t\t\t\t\t\t\t\t<h4 class=\"fusion-rollover-title\">\n\t\t\t\t\t<a class=\"fusion-rollover-title-link\" href=\"https:\/\/mitsp.org\/2020\/fratura-espectral-por-guilherme-diniz\/\">\n\t\t\t\t\t\tFratura espectral <h6>por Guilherme Diniz<\/h6>\t\t\t\t\t<\/a>\n\t\t\t\t<\/h4>\n\t\t\t\n\t\t\t\t\t\t\t\t\n\t\t\n\t\t\t\t\t\t<a class=\"fusion-link-wrapper\" href=\"https:\/\/mitsp.org\/2020\/fratura-espectral-por-guilherme-diniz\/\" aria-label=\"Fratura espectral &lt;h6&gt;por Guilherme Diniz&lt;\/h6&gt;\"><\/a>\n\t<\/div>\n<\/div>\n<\/div>\n<\/li>\n\t\t\t\n\t\t\t\n\t\t\t\t\t\t\t\t\t\t\t\t\t\t\t\t\t\t\t\t\t\t\t\t\t\t\t\t\t\t\t\t\t\t\t\t\t\t\t\t\t\t\t\t\t\t\t\t\t\t\t\t\t\t\t\t\t\t\t\t\t\t\t\t\t\t\t\t<\/ul>\n\t<\/div>\n\t<div class=\"fusion-post-content-wrapper\" style=\"padding:30px 25px 20px 25px;\"><div class=\"fusion-post-content post-content\"><h2 class=\"blog-shortcode-post-title\"><a href=\"https:\/\/mitsp.org\/2020\/fratura-espectral-por-guilherme-diniz\/\">Fratura espectral <h6>por Guilherme Diniz<\/h6><\/a><\/h2><p class=\"fusion-single-line-meta\"><span>7  mar\u00e7o  2020<\/span><span class=\"fusion-inline-sep\">|<\/span><span class=\"meta-tags\">Tags: <a href=\"https:\/\/mitsp.org\/2020\/tag\/sabado-descontraido\/\" rel=\"tag\">S\u00e1bado Descontra\u00eddo<\/a><\/span><span class=\"fusion-inline-sep\">|<\/span><\/p><\/div><\/div><div class=\"fusion-clearfix\"><\/div><\/div>\n<\/article>\n<article id=\"blog-1-post-9612\" class=\"fusion-post-grid post-9612 post type-post status-publish format-standard has-post-thumbnail hentry category-criticas tag-sabado-descontraido\">\n<div class=\"fusion-post-wrapper\" style=\"background-color:rgba(255,255,255,0);border:1px solid #ebeaea;border-bottom-width:3px;\">\n\n\t\t\t<div class=\"fusion-flexslider flexslider fusion-flexslider-loading fusion-post-slideshow\" style=\"border-color:#ebeaea;\">\n\t\t<ul class=\"slides\">\n\t\t\t\n\t\t\t\t\t\t\t\t\t\t\t\t\t\t<li><div  class=\"fusion-image-wrapper\" aria-haspopup=\"true\">\n\t\t\t\t<img width=\"2400\" height=\"1680\" src=\"https:\/\/mitsp.org\/2020\/wp-content\/uploads\/2020\/03\/49629087516_2354490e68_o.jpg\" class=\"attachment-full size-full wp-post-image\" alt=\"S\u00e1bado Descontra\u00eddo @Guto Muniz\" loading=\"lazy\" srcset=\"https:\/\/mitsp.org\/2020\/wp-content\/uploads\/2020\/03\/49629087516_2354490e68_o-200x140.jpg 200w, https:\/\/mitsp.org\/2020\/wp-content\/uploads\/2020\/03\/49629087516_2354490e68_o-400x280.jpg 400w, https:\/\/mitsp.org\/2020\/wp-content\/uploads\/2020\/03\/49629087516_2354490e68_o-600x420.jpg 600w, https:\/\/mitsp.org\/2020\/wp-content\/uploads\/2020\/03\/49629087516_2354490e68_o-800x560.jpg 800w, https:\/\/mitsp.org\/2020\/wp-content\/uploads\/2020\/03\/49629087516_2354490e68_o-1200x840.jpg 1200w, https:\/\/mitsp.org\/2020\/wp-content\/uploads\/2020\/03\/49629087516_2354490e68_o.jpg 2400w\" sizes=\"(min-width: 2200px) 100vw, (min-width: 856px) 280px, (min-width: 784px) 373px, (min-width: 712px) 560px, (min-width: 640px) 712px, \" \/><div class=\"fusion-rollover\">\n\t<div class=\"fusion-rollover-content\">\n\n\t\t\t\t\n\t\t\n\t\t\t\t\t\t\t\t\t\t\t\t<h4 class=\"fusion-rollover-title\">\n\t\t\t\t\t<a class=\"fusion-rollover-title-link\" href=\"https:\/\/mitsp.org\/2020\/o-fio-da-lamina-da-memoria-por-lais-machado\/\">\n\t\t\t\t\t\tO fio da l\u00e2mina da mem\u00f3ria <h6>por La\u00eds Machado<\/h6>\t\t\t\t\t<\/a>\n\t\t\t\t<\/h4>\n\t\t\t\n\t\t\t\t\t\t\t\t\n\t\t\n\t\t\t\t\t\t<a class=\"fusion-link-wrapper\" href=\"https:\/\/mitsp.org\/2020\/o-fio-da-lamina-da-memoria-por-lais-machado\/\" aria-label=\"O fio da l\u00e2mina da mem\u00f3ria &lt;h6&gt;por La\u00eds Machado&lt;\/h6&gt;\"><\/a>\n\t<\/div>\n<\/div>\n<\/div>\n<\/li>\n\t\t\t\n\t\t\t\n\t\t\t\t\t\t\t\t\t\t\t\t\t\t\t\t\t\t\t\t\t\t\t\t\t\t\t\t\t\t\t\t\t\t\t\t\t\t\t\t\t\t\t\t\t\t\t\t\t\t\t\t\t\t\t\t\t\t\t\t\t\t\t\t\t\t\t\t<\/ul>\n\t<\/div>\n\t<div class=\"fusion-post-content-wrapper\" style=\"padding:30px 25px 20px 25px;\"><div class=\"fusion-post-content post-content\"><h2 class=\"blog-shortcode-post-title\"><a href=\"https:\/\/mitsp.org\/2020\/o-fio-da-lamina-da-memoria-por-lais-machado\/\">O fio da l\u00e2mina da mem\u00f3ria <h6>por La\u00eds Machado<\/h6><\/a><\/h2><p class=\"fusion-single-line-meta\"><span>7  mar\u00e7o  2020<\/span><span class=\"fusion-inline-sep\">|<\/span><span class=\"meta-tags\">Tags: <a href=\"https:\/\/mitsp.org\/2020\/tag\/sabado-descontraido\/\" rel=\"tag\">S\u00e1bado Descontra\u00eddo<\/a><\/span><span class=\"fusion-inline-sep\">|<\/span><\/p><\/div><\/div><div class=\"fusion-clearfix\"><\/div><\/div>\n<\/article>\n<article id=\"blog-1-post-9515\" class=\"fusion-post-grid post-9515 post type-post status-publish format-standard has-post-thumbnail hentry category-criticas tag-multidao\">\n<div class=\"fusion-post-wrapper\" style=\"background-color:rgba(255,255,255,0);border:1px solid #ebeaea;border-bottom-width:3px;\">\n\n\t\t\t<div class=\"fusion-flexslider flexslider fusion-flexslider-loading fusion-post-slideshow\" style=\"border-color:#ebeaea;\">\n\t\t<ul class=\"slides\">\n\t\t\t\n\t\t\t\t\t\t\t\t\t\t\t\t\t\t<li><div  class=\"fusion-image-wrapper\" aria-haspopup=\"true\">\n\t\t\t\t<img width=\"2400\" height=\"1680\" src=\"https:\/\/mitsp.org\/2020\/wp-content\/uploads\/2020\/03\/49626662817_59e7e3b60c_o-1.jpg\" class=\"attachment-full size-full wp-post-image\" alt=\"Multud\u00e3o (Crowd) @Silvia Machado\" loading=\"lazy\" srcset=\"https:\/\/mitsp.org\/2020\/wp-content\/uploads\/2020\/03\/49626662817_59e7e3b60c_o-1-200x140.jpg 200w, https:\/\/mitsp.org\/2020\/wp-content\/uploads\/2020\/03\/49626662817_59e7e3b60c_o-1-400x280.jpg 400w, https:\/\/mitsp.org\/2020\/wp-content\/uploads\/2020\/03\/49626662817_59e7e3b60c_o-1-600x420.jpg 600w, https:\/\/mitsp.org\/2020\/wp-content\/uploads\/2020\/03\/49626662817_59e7e3b60c_o-1-800x560.jpg 800w, https:\/\/mitsp.org\/2020\/wp-content\/uploads\/2020\/03\/49626662817_59e7e3b60c_o-1-1200x840.jpg 1200w, https:\/\/mitsp.org\/2020\/wp-content\/uploads\/2020\/03\/49626662817_59e7e3b60c_o-1.jpg 2400w\" sizes=\"(min-width: 2200px) 100vw, (min-width: 856px) 280px, (min-width: 784px) 373px, (min-width: 712px) 560px, (min-width: 640px) 712px, \" \/><div class=\"fusion-rollover\">\n\t<div class=\"fusion-rollover-content\">\n\n\t\t\t\t\n\t\t\n\t\t\t\t\t\t\t\t\t\t\t\t<h4 class=\"fusion-rollover-title\">\n\t\t\t\t\t<a class=\"fusion-rollover-title-link\" href=\"https:\/\/mitsp.org\/2020\/potencia-da-solidao-na-multidao-por-nathalia-catharina-alves-oliveira\/\">\n\t\t\t\t\t\tA pot\u00eancia da solid\u00e3o na multid\u00e3o <h6>por Nathalia Catharina Alves Oliveira<\/h6>\t\t\t\t\t<\/a>\n\t\t\t\t<\/h4>\n\t\t\t\n\t\t\t\t\t\t\t\t\n\t\t\n\t\t\t\t\t\t<a class=\"fusion-link-wrapper\" href=\"https:\/\/mitsp.org\/2020\/potencia-da-solidao-na-multidao-por-nathalia-catharina-alves-oliveira\/\" aria-label=\"A pot\u00eancia da solid\u00e3o na multid\u00e3o &lt;h6&gt;por Nathalia Catharina Alves Oliveira&lt;\/h6&gt;\"><\/a>\n\t<\/div>\n<\/div>\n<\/div>\n<\/li>\n\t\t\t\n\t\t\t\n\t\t\t\t\t\t\t\t\t\t\t\t\t\t\t\t\t\t\t\t\t\t\t\t\t\t\t\t\t\t\t\t\t\t\t\t\t\t\t\t\t\t\t\t\t\t\t\t\t\t\t\t\t\t\t\t\t\t\t\t\t\t\t\t\t\t\t\t<\/ul>\n\t<\/div>\n\t<div class=\"fusion-post-content-wrapper\" style=\"padding:30px 25px 20px 25px;\"><div class=\"fusion-post-content post-content\"><h2 class=\"blog-shortcode-post-title\"><a href=\"https:\/\/mitsp.org\/2020\/potencia-da-solidao-na-multidao-por-nathalia-catharina-alves-oliveira\/\">A pot\u00eancia da solid\u00e3o na multid\u00e3o <h6>por Nathalia Catharina Alves Oliveira<\/h6><\/a><\/h2><p class=\"fusion-single-line-meta\"><span>6  mar\u00e7o  2020<\/span><span class=\"fusion-inline-sep\">|<\/span><span class=\"meta-tags\">Tags: <a href=\"https:\/\/mitsp.org\/2020\/tag\/multidao\/\" rel=\"tag\">Multid\u00e3o<\/a><\/span><span class=\"fusion-inline-sep\">|<\/span><\/p><\/div><\/div><div class=\"fusion-clearfix\"><\/div><\/div>\n<\/article>\n<div class=\"fusion-clearfix\"><\/div><\/div><div class=\"pagination clearfix\"><span class=\"current\">1<\/span><a href=\"https:\/\/mitsp.org\/2020\/wp-json\/wp\/v2\/pages\/4963\/page\/2\/\" class=\"inactive\">2<\/a><a class=\"pagination-next\" rel=\"next\" href=\"https:\/\/mitsp.org\/2020\/wp-json\/wp\/v2\/pages\/4963\/page\/2\/\"><span class=\"page-text\">Pr\u00f3ximo<\/span><span class=\"page-next\"><\/span><\/a><\/div><div class=\"fusion-clearfix\"><\/div><\/div><div class=\"fusion-clearfix\"><\/div><\/div><\/div><\/div><\/div>\n","protected":false},"excerpt":{"rendered":"<p>hide<\/p>\n","protected":false},"author":1,"featured_media":0,"parent":0,"menu_order":7,"comment_status":"closed","ping_status":"closed","template":"","meta":{"_links_to":"","_links_to_target":""},"yst_prominent_words":[],"acf":[],"_links":{"self":[{"href":"https:\/\/mitsp.org\/2020\/wp-json\/wp\/v2\/pages\/4963"}],"collection":[{"href":"https:\/\/mitsp.org\/2020\/wp-json\/wp\/v2\/pages"}],"about":[{"href":"https:\/\/mitsp.org\/2020\/wp-json\/wp\/v2\/types\/page"}],"author":[{"embeddable":true,"href":"https:\/\/mitsp.org\/2020\/wp-json\/wp\/v2\/users\/1"}],"replies":[{"embeddable":true,"href":"https:\/\/mitsp.org\/2020\/wp-json\/wp\/v2\/comments?post=4963"}],"version-history":[{"count":0,"href":"https:\/\/mitsp.org\/2020\/wp-json\/wp\/v2\/pages\/4963\/revisions"}],"wp:attachment":[{"href":"https:\/\/mitsp.org\/2020\/wp-json\/wp\/v2\/media?parent=4963"}],"wp:term":[{"taxonomy":"yst_prominent_words","embeddable":true,"href":"https:\/\/mitsp.org\/2020\/wp-json\/wp\/v2\/yst_prominent_words?post=4963"}],"curies":[{"name":"wp","href":"https:\/\/api.w.org\/{rel}","templated":true}]}}