{"id":4151,"date":"2019-03-12T05:49:10","date_gmt":"2019-03-12T08:49:10","guid":{"rendered":"https:\/\/mitsp.org\/2019\/?page_id=4151"},"modified":"2020-03-12T08:06:21","modified_gmt":"2020-03-12T11:06:21","slug":"servicos","status":"publish","type":"page","link":"https:\/\/mitsp.org\/2020\/servicos\/","title":{"rendered":"SERVI\u00c7OS"},"content":{"rendered":"<p><div class=\"fusion-fullwidth fullwidth-box fusion-builder-row-1 nonhundred-percent-fullwidth non-hundred-percent-height-scrolling\" style=\"background-color: rgba(255,255,255,0);background-position: center center;background-repeat: no-repeat;padding-top:0px;padding-right:0px;padding-bottom:0px;padding-left:0px;margin-bottom: 0px;margin-top: 0px;border-width: 0px 0px 0px 0px;border-color:#eae9e9;border-style:solid;\" ><div class=\"fusion-builder-row fusion-row\"><div class=\"fusion-layout-column fusion_builder_column fusion-builder-column-0 fusion_builder_column_1_1 1_1 fusion-one-full fusion-column-first fusion-column-last\" style=\"margin-top:0px;margin-bottom:20px;\"><div class=\"fusion-column-wrapper fusion-flex-column-wrapper-legacy\" style=\"background-position:left top;background-repeat:no-repeat;-webkit-background-size:cover;-moz-background-size:cover;-o-background-size:cover;background-size:cover;padding: 0px 0px 0px 0px;\"><div class=\"fusion-text fusion-text-1\"><h2>SERVI\u00c7OS<\/h2>\n<\/div><div class=\"fusion-clearfix\"><\/div><\/div><\/div><div class=\"fusion-layout-column fusion_builder_column fusion-builder-column-1 fusion_builder_column_1_5 1_5 fusion-one-fifth fusion-column-first\" style=\"width:20%;width:calc(20% - ( ( 4% ) * 0.2 ) );margin-right: 4%;margin-top:3%;margin-bottom:20px;\"><div class=\"fusion-column-wrapper fusion-flex-column-wrapper-legacy\" style=\"background-position:left top;background-repeat:no-repeat;-webkit-background-size:cover;-moz-background-size:cover;-o-background-size:cover;background-size:cover;padding: 0px 0px 0px 0px;\"><div class=\"fusion-text fusion-text-2\"><p><a href=\"http:\/\/www.gambiarraafesta.com.br\/\" target=\"_blank\" rel=\"noopener noreferrer\"><img class=\"alignnone wp-image-9899\" src=\"https:\/\/mitsp.org\/2020\/wp-content\/uploads\/2020\/03\/Gambiarra-logo.jpg\" alt=\"Gambiarra\" width=\"251\" height=\"251\" srcset=\"https:\/\/mitsp.org\/2020\/wp-content\/uploads\/2020\/03\/Gambiarra-logo-66x66.jpg 66w, https:\/\/mitsp.org\/2020\/wp-content\/uploads\/2020\/03\/Gambiarra-logo-150x150.jpg 150w, https:\/\/mitsp.org\/2020\/wp-content\/uploads\/2020\/03\/Gambiarra-logo-200x200.jpg 200w, https:\/\/mitsp.org\/2020\/wp-content\/uploads\/2020\/03\/Gambiarra-logo.jpg 300w\" sizes=\"(max-width: 251px) 100vw, 251px\" \/><\/a><\/p>\n<\/div><div class=\"fusion-clearfix\"><\/div><\/div><\/div><div class=\"fusion-layout-column fusion_builder_column fusion-builder-column-2 fusion_builder_column_4_5 4_5 fusion-four-fifth fusion-column-last\" style=\"width:80%;width:calc(80% - ( ( 4% ) * 0.8 ) );margin-top:0px;margin-bottom:20px;\"><div class=\"fusion-column-wrapper fusion-flex-column-wrapper-legacy\" style=\"background-position:left top;background-repeat:no-repeat;-webkit-background-size:cover;-moz-background-size:cover;-o-background-size:cover;background-size:cover;border-left:5px solid #00488a;padding: 0px 0px 0px 3%;\"><div class=\"fusion-text fusion-text-3\"><h3><a href=\"http:\/\/www.gambiarraafesta.com.br\/\" target=\"_blank\" rel=\"noopener noreferrer\"><span style=\"color: #00488a;\">GAMBIARRA<\/span><\/a><\/h3>\n<p>As festas da MITsp 2020 ano ser\u00e3o em parceria com a Gambiarra, uma baladaitinerante que acontece semanalmente. Aos domingos, na Open Bar Club, em Pinheiros, e, na sexta dia 13 de mar\u00e7o, no Hotel Cambridge.<\/p>\n<p>S\u00e3o duas pistas de dan\u00e7a: uma com m\u00fasica nacional, outra com m\u00fasica eletr\u00f4nica. Programe-se. Come\u00e7a \u00e0s 23h e vai at\u00e9 as 6h!<\/p>\n<p>N\u00e3o \u00e9 preciso pagar entrada, somente consuma\u00e7\u00e3o. D\u00e1 pra inserir o nome de quem voc\u00ea quiser nas listas das festas, mas se apresentar o crach\u00e1 ou falar que \u00e9 da MITsp tamb\u00e9m entra SEM PAGAR at\u00e9 a 1h. Nos teatros onde acontece a Mostra, tamb\u00e9m \u00e9 distribu\u00eddo um voucher que d\u00e1 direito a entrada gratuita.<\/p>\n<p><b>DIA 13 de MAR\u00c7O<\/b><span style=\"font-weight: 400;\"><br \/>\n<\/span><span style=\"font-weight: 400;\">Hotel Cambridge, r. \u00c1lvaro de Carvalho, 35<\/span><span style=\"font-weight: 400;\"><br \/>\n<\/span><a href=\"https:\/\/www.azlist.com.br\/lista\/GAMBIARRA-13-03-20\/MjE1OTB8MjU5MDQxfDY1MzczOA==\" target=\"_blank\" rel=\"noopener noreferrer\"><span style=\"font-weight: 400;\">Lista aqui<\/span><\/a><\/p>\n<p><b>DIA 15 DE MAR\u00c7O<\/b><span style=\"font-weight: 400;\"><br \/>\n<\/span><span style=\"font-weight: 400;\">Open Bar Club, r. Henrique Schaumann, 794<\/span><span style=\"font-weight: 400;\"><br \/>\n<\/span><a href=\"https:\/\/www.azlist.com.br\/lista\/GAMBIARRA-15-0320\/MjE1ODZ8MjU4OTk2fDY1MzYxMw==\" target=\"_blank\" rel=\"noopener noreferrer\"><span style=\"font-weight: 400;\">Lista aqui<\/span><\/a><\/p>\n<\/div><div class=\"fusion-clearfix\"><\/div><\/div><\/div><div class=\"fusion-layout-column fusion_builder_column fusion-builder-column-3 fusion_builder_column_1_5 1_5 fusion-one-fifth fusion-column-first\" style=\"width:20%;width:calc(20% - ( ( 4% ) * 0.2 ) );margin-right: 4%;margin-top:3%;margin-bottom:20px;\"><div class=\"fusion-column-wrapper fusion-flex-column-wrapper-legacy\" style=\"background-position:left top;background-repeat:no-repeat;-webkit-background-size:cover;-moz-background-size:cover;-o-background-size:cover;background-size:cover;padding: 0px 0px 0px 0px;\"><div class=\"fusion-text fusion-text-4\"><p><a href=\"https:\/\/www.aljaniah.com.br\/\" target=\"_blank\" rel=\"noopener noreferrer\"><img class=\"alignnone wp-image-4153\" src=\"https:\/\/mitsp.org\/2019\/wp-content\/uploads\/2019\/03\/logo-aljaniah.jpg\" alt=\"AL JANIAH\" width=\"150\" height=\"307\" \/><\/a><\/p>\n<\/div><div class=\"fusion-clearfix\"><\/div><\/div><\/div><div class=\"fusion-layout-column fusion_builder_column fusion-builder-column-4 fusion_builder_column_4_5 4_5 fusion-four-fifth fusion-column-last\" style=\"width:80%;width:calc(80% - ( ( 4% ) * 0.8 ) );margin-top:0px;margin-bottom:20px;\"><div class=\"fusion-column-wrapper fusion-flex-column-wrapper-legacy\" style=\"background-position:left top;background-repeat:no-repeat;-webkit-background-size:cover;-moz-background-size:cover;-o-background-size:cover;background-size:cover;border-left:5px solid #00488a;padding: 0px 0px 0px 3%;\"><div class=\"fusion-text fusion-text-5\"><h3><a href=\"https:\/\/www.aljaniah.com.br\/\" target=\"_blank\" rel=\"noopener noreferrer\"><span style=\"color: #00488a;\">AL JANIAH<\/span><\/a><\/h3>\n<p><span style=\"font-weight: 400;\">O ponto de encontro da MITsp 2020 \u00e9 no Al Janiah, bar e restaurante de culin\u00e1ria \u00e1rabe no bairro do Bixiga. Espa\u00e7o de resist\u00eancia pol\u00edtica e cultural, o local conta com trabalhadores refugiados da Palestina, da S\u00edria e imigrantes de Cuba, Arg\u00e9lia, militantes antifascistas, nordestinos e sulistas. Durante a MITsp, depois dos espet\u00e1culos, haver\u00e1 uma programa\u00e7\u00e3o especial<\/span><\/p>\n<p><b>ONDE:<\/b><\/p>\n<p><span style=\"font-weight: 400;\">Al Janiah (Rua Rui Barbosa, 269 \u2013 Bela Vista, S\u00e3o Paulo)<\/span><\/p>\n<p><b>HOR\u00c1RIO DE FUNCIONAMENTO:<\/b><\/p>\n<p><span style=\"font-weight: 400;\">de ter\u00e7a a domingo, a partir das 18h<\/span><\/p>\n<\/div><div class=\"fusion-clearfix\"><\/div><\/div><\/div><div class=\"fusion-layout-column fusion_builder_column fusion-builder-column-5 fusion_builder_column_1_5 1_5 fusion-one-fifth fusion-column-first\" style=\"width:20%;width:calc(20% - ( ( 4% ) * 0.2 ) );margin-right: 4%;margin-top:3%;margin-bottom:20px;\"><div class=\"fusion-column-wrapper fusion-flex-column-wrapper-legacy\" style=\"background-position:left top;background-repeat:no-repeat;-webkit-background-size:cover;-moz-background-size:cover;-o-background-size:cover;background-size:cover;padding: 0px 0px 0px 0px;\"><div class=\"fusion-text fusion-text-6\"><p><img class=\"alignnone size-full wp-image-9172\" src=\"https:\/\/mitsp.org\/2020\/wp-content\/uploads\/2020\/03\/LATAM_banner_transportadora_Port_SEM_LOGO1.jpg\" alt=\"LATAM\" width=\"300\" height=\"80\" srcset=\"https:\/\/mitsp.org\/2020\/wp-content\/uploads\/2020\/03\/LATAM_banner_transportadora_Port_SEM_LOGO1-200x53.jpg 200w, https:\/\/mitsp.org\/2020\/wp-content\/uploads\/2020\/03\/LATAM_banner_transportadora_Port_SEM_LOGO1.jpg 300w\" sizes=\"(max-width: 300px) 100vw, 300px\" \/><\/p>\n<\/div><div class=\"fusion-clearfix\"><\/div><\/div><\/div><div class=\"fusion-layout-column fusion_builder_column fusion-builder-column-6 fusion_builder_column_4_5 4_5 fusion-four-fifth fusion-column-last\" style=\"width:80%;width:calc(80% - ( ( 4% ) * 0.8 ) );margin-top:0px;margin-bottom:20px;\"><div class=\"fusion-column-wrapper fusion-flex-column-wrapper-legacy\" style=\"background-position:left top;background-repeat:no-repeat;-webkit-background-size:cover;-moz-background-size:cover;-o-background-size:cover;background-size:cover;border-left:5px solid #00488a;padding: 0px 0px 0px 3%;\"><div class=\"fusion-text fusion-text-7\"><h3><a href=\"https:\/\/www.latam.com\/pt_br\/\" target=\"_blank\" rel=\"noopener noreferrer\"><span style=\"color: #00488a;\">LATAM<\/span><\/a><\/h3>\n<p><span style=\"font-weight: 400;\">A Latam \u00e9 a transportadora oficial da 7\u00aa MITsp, e esta edi\u00e7\u00e3o est\u00e1 com um combo de descontos com a companhia. \u00c9 s\u00f3 inserir o c\u00f3digo exclusivo MITBR para ganhar 25% de desconto em compras de passagens a\u00e9reas nacionais, com partidas ou chegadas em S\u00e3o Paulo, entre os dias 2 e 16\/3. Para voos internacionais, digite MITINT e pague 10% a menos.\u00a0<\/span><\/p>\n<p><span style=\"font-weight: 400;\">Os valores est\u00e3o sujeitos \u00e0 disponibilidade de assentos e regras\/restri\u00e7\u00f5es espec\u00edficas de cada tarifa. O desconto n\u00e3o \u00e9 v\u00e1lido para tarifas de Mega Promo, para passageiros menores de 12 anos e viagens na cabine Premium Economy. A Unidas tamb\u00e9m vai dar desconto: at\u00e9 60% na loca\u00e7\u00e3o de ve\u00edculos sobre os valores de tarifa balc\u00e3o dispon\u00edveis. Saiba mais no site: http:\/\/parceiros.unidas.com.br\/ppu_unidas\/servlet\/hhome?WEB+EVENTOS,P,0<\/span><\/p>\n<\/div><div class=\"fusion-clearfix\"><\/div><\/div><\/div><div class=\"fusion-layout-column fusion_builder_column fusion-builder-column-7 fusion_builder_column_1_5 1_5 fusion-one-fifth fusion-column-first\" style=\"width:20%;width:calc(20% - ( ( 4% ) * 0.2 ) );margin-right: 4%;margin-top:3%;margin-bottom:20px;\"><div class=\"fusion-column-wrapper fusion-flex-column-wrapper-legacy\" style=\"background-position:left top;background-repeat:no-repeat;-webkit-background-size:cover;-moz-background-size:cover;-o-background-size:cover;background-size:cover;padding: 0px 0px 0px 0px;\"><div class=\"fusion-text fusion-text-8\"><p><a href=\"https:\/\/feirasecongressos.com.br\/mitsp-2\/\" target=\"_blank\" rel=\"noopener noreferrer\"><img class=\"alignnone size-full wp-image-4155\" src=\"https:\/\/mitsp.org\/2019\/wp-content\/uploads\/2019\/03\/logo-feiras-congressos.jpg\" alt=\"FEIRAS E CONGRESSOS\" width=\"300\" height=\"160\" \/><\/a><\/p>\n<\/div><div class=\"fusion-clearfix\"><\/div><\/div><\/div><div class=\"fusion-layout-column fusion_builder_column fusion-builder-column-8 fusion_builder_column_4_5 4_5 fusion-four-fifth fusion-column-last\" style=\"width:80%;width:calc(80% - ( ( 4% ) * 0.8 ) );margin-top:0px;margin-bottom:20px;\"><div class=\"fusion-column-wrapper fusion-flex-column-wrapper-legacy\" style=\"background-position:left top;background-repeat:no-repeat;-webkit-background-size:cover;-moz-background-size:cover;-o-background-size:cover;background-size:cover;border-left:5px solid #00488a;padding: 0px 0px 0px 3%;\"><div class=\"fusion-text fusion-text-9\"><h3><a href=\"https:\/\/feirasecongressos.com.br\/mitsp-2\/\" target=\"_blank\" rel=\"noopener noreferrer\"><span style=\"color: #00488a;\">FEIRAS E CONGRESSOS<\/span><\/a><\/h3>\n<p><span style=\"font-weight: 400;\">A ag\u00eancia Feiras e Congressos, parceira da MITsp2020, oferece tarifas especiais de hospedagem, passagens a\u00e9reas e demais servi\u00e7os para garantir que voc\u00ea tenha o m\u00e1ximo de conforto a pre\u00e7os justos. Se voc\u00ea tem interesse ou sabe de algu\u00e9m que vem de longe para a MITsp, \u00e9 s\u00f3 entrar em contato pelo site<\/span><a href=\"https:\/\/feirasecongressos.com.br\/mitsp-2\/\"> <span style=\"font-weight: 400;\">https:\/\/feirasecongressos.com.br\/mitsp-2\/.<\/span><\/a><\/p>\n<\/div><div class=\"fusion-clearfix\"><\/div><\/div><\/div><\/div><\/div><div class=\"fusion-fullwidth fullwidth-box fusion-builder-row-2 nonhundred-percent-fullwidth non-hundred-percent-height-scrolling\" style=\"background-color: rgba(255,255,255,0);background-position: center center;background-repeat: no-repeat;padding-top:0px;padding-right:0px;padding-bottom:0px;padding-left:0px;margin-bottom: 0px;margin-top: 0px;border-width: 0px 0px 0px 0px;border-color:#eae9e9;border-style:solid;\" ><\/div><\/p>\n","protected":false},"excerpt":{"rendered":"","protected":false},"author":1,"featured_media":0,"parent":0,"menu_order":10,"comment_status":"closed","ping_status":"closed","template":"","meta":{"_links_to":"","_links_to_target":""},"yst_prominent_words":[],"acf":[],"_links":{"self":[{"href":"https:\/\/mitsp.org\/2020\/wp-json\/wp\/v2\/pages\/4151"}],"collection":[{"href":"https:\/\/mitsp.org\/2020\/wp-json\/wp\/v2\/pages"}],"about":[{"href":"https:\/\/mitsp.org\/2020\/wp-json\/wp\/v2\/types\/page"}],"author":[{"embeddable":true,"href":"https:\/\/mitsp.org\/2020\/wp-json\/wp\/v2\/users\/1"}],"replies":[{"embeddable":true,"href":"https:\/\/mitsp.org\/2020\/wp-json\/wp\/v2\/comments?post=4151"}],"version-history":[{"count":0,"href":"https:\/\/mitsp.org\/2020\/wp-json\/wp\/v2\/pages\/4151\/revisions"}],"wp:attachment":[{"href":"https:\/\/mitsp.org\/2020\/wp-json\/wp\/v2\/media?parent=4151"}],"wp:term":[{"taxonomy":"yst_prominent_words","embeddable":true,"href":"https:\/\/mitsp.org\/2020\/wp-json\/wp\/v2\/yst_prominent_words?post=4151"}],"curies":[{"name":"wp","href":"https:\/\/api.w.org\/{rel}","templated":true}]}}