{"id":4045,"date":"2019-03-10T06:44:09","date_gmt":"2019-03-10T09:44:09","guid":{"rendered":"https:\/\/mitsp.org\/2019\/?page_id=4045"},"modified":"2021-10-05T22:26:30","modified_gmt":"2021-10-06T01:26:30","slug":"ficha-tecnica-site","status":"publish","type":"page","link":"https:\/\/mitsp.org\/2020\/ficha-tecnica-site\/","title":{"rendered":"FICHA T\u00c9CNICA"},"content":{"rendered":"<h2>FICHA T\u00c9CNICA<\/h2>\n<p><strong>Idealiza\u00e7\u00e3o e Dire\u00e7\u00e3o Art\u00edstica:<\/strong> Antonio Araujo<br \/>\n<strong>Idealiza\u00e7\u00e3o e Dire\u00e7\u00e3o Geral de Produ\u00e7\u00e3o:<\/strong> Guilherme Marques<br \/>\n<strong>Diretor Institucional:<\/strong> Rafael Steinhauser<br \/>\n<strong>Rela\u00e7\u00f5es Internacionais:<\/strong> Jenia Kolesnikova<br \/>\n<strong>Rela\u00e7\u00f5es Nacionais e Internacionais:<\/strong> Nat\u00e1lia Machiaveli<br \/>\n<strong>Rela\u00e7\u00f5es Internacionais MITbr \u2013 Plataforma Brasil:<\/strong> Fernando Ruiz Braul<br \/>\n<strong>Curadoria dos Olhares Cr\u00edticos:<\/strong> Daniele Avila Small e Luciana Eastwood Romagnolli<br \/>\n<strong>Curadoria de A\u00e7\u00f5es Pedag\u00f3gicas:<\/strong> Maria Fernanda Vomero<br \/>\n<strong>Curadoria Encontra de Pedagogia da Teatra:<\/strong> Dodi Leal<br \/>\n<strong>Curadoria MITbr &#8211; Plataforma Brasil:<\/strong> Alejandro Ahmed, Francis Wilker e Grace Pass\u00f4<br \/>\n<strong>Curadoria Semin\u00e1rio Perspectivas Anticoloniais:<\/strong> Andreia Duarte, Christine Greiner e Jos\u00e9 Fernando Azevedo<br \/>\n<strong>Coordena\u00e7\u00e3o Geral de Produ\u00e7\u00e3o:<\/strong> Rachel Brumana<br \/>\n<strong>Coordena\u00e7\u00e3o Administrativa e Financeira:<\/strong> Patr\u00edcia Perez<br \/>\n<strong>Coordena\u00e7\u00e3o de Comunica\u00e7\u00e3o:<\/strong> Marcia Marques | Canal Aberto<br \/>\n<strong>Coordena\u00e7\u00e3o de Rela\u00e7\u00f5es P\u00fablicas:<\/strong> Carminha Gongora<br \/>\n<strong>Coordena\u00e7\u00e3o T\u00e9cnica:<\/strong> Andr\u00e9 Boll e Grazi Vieira<br \/>\n<strong>Coordena\u00e7\u00e3o de Log\u00edstica:<\/strong> Marisa Riccitelli Sant\u00b4ana<br \/>\n<strong>Coordena\u00e7\u00e3o dos Eixos Reflexivo e Pedag\u00f3gico:<\/strong> Andreia Duarte<br \/>\n<strong>Coordena\u00e7\u00e3o de Produ\u00e7\u00e3o MITbr \u2013 Plataforma Brasil:<\/strong> Richard Santana<br \/>\n<strong>Coordena\u00e7\u00e3o, Edi\u00e7\u00e3o, Reda\u00e7\u00e3o e Supervis\u00e3o de Conte\u00fado Editorial (Revista Cartografias, Site, App e Guia de Programa\u00e7\u00e3o):<\/strong> Maria Lu\u00edsa Barsanelli<br \/>\n<strong>Assessoria de Capta\u00e7\u00e3o de Recursos e Apoios e Produ\u00e7\u00e3o Executiva:<\/strong> Anamaria Boschi<br \/>\n<strong>Produtores Executivos:<\/strong> Giovanna Monteiro e Paulo Gircys<br \/>\n<strong>Produ\u00e7\u00e3o das Atividades Pedag\u00f3gicas:<\/strong> Luiz Sztutman<br \/>\n<strong>Pr\u00e9-produ\u00e7\u00e3o dos Olhares Cr\u00edticos:<\/strong> Ericah Azeviche<br \/>\n<strong>Produ\u00e7\u00e3o do Semin\u00e1rio Perspectivas Anticoloniais:<\/strong> Luna Recaldes<br \/>\n<strong>Produ\u00e7\u00e3o dos Eixos Reflexivo e Pedag\u00f3gico:<\/strong> Lucas Pradino, Amanda Tavares, Michelle Barreto, Eliane Monteiro e Ana Paula Leandro<br \/>\n<strong>Produtores Locais de Montagem:<\/strong> Dora Le\u00e3o, Julia Gomes, Julio Cesarini, Patricia Souza Ceschi, Ney Wellington Bahia, Olivia Maia Barcellos, Paulo Mattos e Pedro de Freitas<br \/>\n<strong>Respons\u00e1veis T\u00e9cnicos de Montagem:<\/strong> Cau\u00ea Gouveia, C\u00e9sar Martini, Diego Francisco, Fernanda Guedella, Lara Bordin, Melissa Guimar\u00e3es, Randal Juliano, Raquel Balekian e Ronaldo Zero<br \/>\n<strong>Assessoria Jur\u00eddica:<\/strong> Jos\u00e9 Augusto Vieira de Aquino<br \/>\n<strong>Assessoria Cont\u00e1bil\/Tribut\u00e1ria:<\/strong> Carvalho Ramos Consultoria Cont\u00e1bil Tribut\u00e1ria S\/S<br \/>\n<strong>Assistente de Dire\u00e7\u00e3o:<\/strong> Marina Watanabe<br \/>\n<strong>Assistentes de Coordena\u00e7\u00e3o Administrativa e Financeira:<\/strong> Hiago Marques e Nath\u00e1lia Monteiro<br \/>\n<strong>Assistente de Coordena\u00e7\u00e3o de Rela\u00e7\u00f5es Nacionais e Internacionais:<\/strong> Paula Malfatti<br \/>\n<strong>Assistentes de Comunica\u00e7\u00e3o:<\/strong> Daniele Val\u00e9rio, Fl\u00e1via Fontes de Oliveira e Kelly Santos | Canal Aberto<br \/>\n<strong>Assistentes de Coordena\u00e7\u00e3o de Log\u00edstica:<\/strong> Luiza Alves, Lipe Lima, Carol Vidotti e Wander Otoni Ferreira<br \/>\n<strong>Receptivos:<\/strong> Larissa Ballarotti e Carol Vidotti<br \/>\n<strong>Assistente de Coordena\u00e7\u00e3o dos Eixos Reflexivo e Pedag\u00f3gico:<\/strong> Luna Recaldes<br \/>\n<strong>Assistente de Coordena\u00e7\u00e3o de Produ\u00e7\u00e3o MITbr \u2013 Plataforma Brasil:<\/strong> Leonardo Monteiro<br \/>\n<strong>Assistente de Coordena\u00e7\u00e3o T\u00e9cnica:<\/strong> Luana Gouveia<br \/>\n<strong>Assistentes de Produ\u00e7\u00e3o Local MITbr:<\/strong> Alder Augusto, Ney Wellington Bahia, Cibelle Lima, Paulo Mattos, Vanise Carneiro, Alexandre Vasconcelos, Marcos Emanoel e Mariana C\u00e2mara<br \/>\n<strong>Assistente de Edi\u00e7\u00e3o, Reda\u00e7\u00e3o e Supervis\u00e3o de Conte\u00fado Editorial:<\/strong> Mariana Marinho<br \/>\n<strong>Intermedia\u00e7\u00e3o MITbr \u2013 Plataforma Brasil:<\/strong> Ferdinando Martins<br \/>\n<strong>Consultoria para Internacionaliza\u00e7\u00e3o dos grupos da Plataforma Brasil \u2013 MITbr:<\/strong> Iva Horvat<br \/>\n<strong>Consultoria T\u00e9cnica e Cenogr\u00e1fica:<\/strong> Carol Bucek<br \/>\n<strong>Consultoria para equipamentos de \u00e1udio:<\/strong> Guilherme Ramos<br \/>\n<strong>Consultoria para equipamentos de proje\u00e7\u00e3o e v\u00eddeo:<\/strong> Marcos Santos<br \/>\n<strong>Redes Sociais:<\/strong> Ana Elisa Faria<br \/>\n<strong>Marketing Digital:<\/strong> Ventuna Digital<br \/>\n<strong>Edi\u00e7\u00e3o Revista Cartografias:<\/strong> Daniele Avila Small, Luciana Eastwood Romagnolli e Silvia Fernandes<br \/>\n<strong>Tradu\u00e7\u00e3o de Conte\u00fado T\u00e9cnico e Editorial:<\/strong> Kevin Kraus<br \/>\n<strong>Tradu\u00e7\u00e3o dos Eixos Reflexivo e Pedag\u00f3gico:<\/strong> Amanda Tavares, B\u00e1rbara Ferreira, Julianete Azevedo, Let\u00edcia Rodrigues, Jos\u00e9 Machado, Kevin Kraus e David Atencio<br \/>\n<strong>Tradu\u00e7\u00e3o de Textos e Legendagem<\/strong>: Casarini Produ\u00e7\u00f5es<br \/>\n<strong>Revis\u00e3o de Conte\u00fado Editorial<\/strong>: Gren\u00e1 Conte\u00fado Multiplataforma<br \/>\n<strong>Identidade Visual e Projeto Gr\u00e1fico<\/strong>: Casaplanta + Lila Botter<br \/>\n<strong>Projeto Gr\u00e1fico do site<\/strong>: Marina Duca<br \/>\n<strong>Desenvolvimento do Aplicativo MITsp 2020<\/strong>: Nodo Digital<br \/>\n<strong>Fotografia<\/strong>: Guto Muniz, Nereu Jr. e Silvia Machado<br \/>\n<strong>Assistente de Fotografia<\/strong>: Lucas Oliveira<br \/>\n<strong>Registro Videogr\u00e1fico e Transmiss\u00e3o Simult\u00e2nea<\/strong>: ERA &#8211; Emp\u00f3rio de Relacionamentos Art\u00edsticos<br \/>\n<strong>Roteiro dos V\u00eddeos Promocionais e Institucionais<\/strong>: Fl\u00e1via Fontes de Oliveira<br \/>\n<strong>Grava\u00e7\u00e3o e Edi\u00e7\u00e3o de \u00c1udios (dos v\u00eddeos e das locu\u00e7\u00f5es)<\/strong>: Fluxo Produ\u00e7\u00f5es<br \/>\n<strong>Locu\u00e7\u00f5es<\/strong>: Fernanda Ferreira de Moraes Zanchini<br \/>\n<strong>Mestre de Cerim\u00f4nias<\/strong>: Renata Carvalho<br \/>\n<strong>Diretora da cerim\u00f4nia de abertura<\/strong>: Luh Mazza<br \/>\n<strong>Servi\u00e7os Gerais<\/strong>: Jair Nascimento<br \/>\n<strong>Nutricionista<\/strong>: Cleria de Oliveira Moura<br \/>\n<strong>Elabora\u00e7\u00e3o do Book de Capta\u00e7\u00e3o de Recursos<\/strong>: Osvaldo Piva<br \/>\n<strong>Assist\u00eancia T\u00e9cnica Computadores<\/strong>: Worklook Tecnologia<br \/>\n<strong>Cr\u00e9dito das obras que integram a identidade visual da MITsp 2020<\/strong>: Henrique Oliveira<\/p>\n","protected":false},"excerpt":{"rendered":"<p>FICHA T\u00c9CNICA Idealiza\u00e7\u00e3o e Dire\u00e7\u00e3o Art\u00edstica: Antonio Araujo Idealiza\u00e7\u00e3o e Dire\u00e7\u00e3o Geral de Produ\u00e7\u00e3o: Guilherme [&hellip;]<\/p>\n","protected":false},"author":1,"featured_media":0,"parent":0,"menu_order":17,"comment_status":"closed","ping_status":"closed","template":"","meta":{"_links_to":"","_links_to_target":""},"yst_prominent_words":[],"acf":[],"_links":{"self":[{"href":"https:\/\/mitsp.org\/2020\/wp-json\/wp\/v2\/pages\/4045"}],"collection":[{"href":"https:\/\/mitsp.org\/2020\/wp-json\/wp\/v2\/pages"}],"about":[{"href":"https:\/\/mitsp.org\/2020\/wp-json\/wp\/v2\/types\/page"}],"author":[{"embeddable":true,"href":"https:\/\/mitsp.org\/2020\/wp-json\/wp\/v2\/users\/1"}],"replies":[{"embeddable":true,"href":"https:\/\/mitsp.org\/2020\/wp-json\/wp\/v2\/comments?post=4045"}],"version-history":[{"count":0,"href":"https:\/\/mitsp.org\/2020\/wp-json\/wp\/v2\/pages\/4045\/revisions"}],"wp:attachment":[{"href":"https:\/\/mitsp.org\/2020\/wp-json\/wp\/v2\/media?parent=4045"}],"wp:term":[{"taxonomy":"yst_prominent_words","embeddable":true,"href":"https:\/\/mitsp.org\/2020\/wp-json\/wp\/v2\/yst_prominent_words?post=4045"}],"curies":[{"name":"wp","href":"https:\/\/api.w.org\/{rel}","templated":true}]}}