{"id":3970,"date":"2019-03-08T21:40:46","date_gmt":"2019-03-09T00:40:46","guid":{"rendered":"https:\/\/mitsp.org\/2019\/?page_id=3970"},"modified":"2020-03-14T19:21:28","modified_gmt":"2020-03-14T22:21:28","slug":"agenda","status":"publish","type":"page","link":"https:\/\/mitsp.org\/2020\/agenda\/","title":{"rendered":"AGENDA"},"content":{"rendered":"<p><div id=\"12marco\"><div class=\"fusion-fullwidth fullwidth-box fusion-builder-row-1 nonhundred-percent-fullwidth non-hundred-percent-height-scrolling\" style=\"background-color: rgba(255,255,255,0);background-position: center center;background-repeat: no-repeat;padding-top:6%;padding-right:0px;padding-bottom:0px;padding-left:0px;margin-bottom: 0px;margin-top: 0px;border-width: 0px 0px 0px 0px;border-color:#eae9e9;border-style:solid;\" ><div class=\"fusion-builder-row fusion-row\"><div class=\"fusion-layout-column fusion_builder_column fusion-builder-column-0 fusion_builder_column_1_1 1_1 fusion-one-full fusion-column-first fusion-column-last\" style=\"margin-top:0px;margin-bottom:0px;\"><div class=\"fusion-column-wrapper fusion-flex-column-wrapper-legacy\" style=\"background-position:left top;background-repeat:no-repeat;-webkit-background-size:cover;-moz-background-size:cover;-o-background-size:cover;background-size:cover;padding: 0px 0px 0px 0px;\"><div class=\"fusion-column-content-centered\"><div class=\"fusion-column-content\"><div class=\"fusion-text fusion-text-1\"><h2>AGENDA<\/h2>\n<h5><img class=\"alignnone wp-image-7368\" src=\"https:\/\/mitsp.org\/2020\/wp-content\/uploads\/2020\/02\/icon-grade-mostra.png\" alt=\"\" width=\"22\" height=\"22\" \/> INTERNACIONAIS\u00a0 \u00a0 \u00a0 <img class=\"alignnone wp-image-8877\" src=\"https:\/\/mitsp.org\/2020\/wp-content\/uploads\/2020\/02\/icon-grade-evento-mitbr02.jpg\" alt=\"\" width=\"22\" height=\"22\" \/>\u00a0MITbr \u2013 PLATAFORMA BRASIL\u00a0 \u00a0 \u00a0<img class=\"alignnone wp-image-8722\" src=\"https:\/\/mitsp.org\/2020\/wp-content\/uploads\/2020\/02\/icon-grade-acoes.jpg\" alt=\"A\u00e7\u00f5es Pedag\u00f3gicas\" width=\"21\" height=\"21\" \/> A\u00c7\u00d5ES PEDAG\u00d3GICAS<\/h5>\n<h5><img class=\"alignnone wp-image-8720\" src=\"https:\/\/mitsp.org\/2020\/wp-content\/uploads\/2020\/02\/icon-grade-olhares.jpg\" alt=\"Olhares Cr\u00edticos\" width=\"21\" height=\"21\" \/> OLHARES CR\u00cdTICOS \u00a0\u00a0<img class=\"alignnone wp-image-7370\" src=\"https:\/\/mitsp.org\/2020\/wp-content\/uploads\/2020\/02\/icon-grade-performance.png\" alt=\"\" width=\"22\" height=\"21\" \/> EVENTO ESPECIAL\u00a0 \u00a0 \u00a0<img class=\"alignnone wp-image-8848\" src=\"https:\/\/mitsp.org\/2020\/wp-content\/uploads\/2020\/02\/icon-grade-evento-especial.jpg\" alt=\"Evento especial\" width=\"23\" height=\"23\" \/>\u00a0 EVENTO ESPECIAL<\/h5>\n<\/div><\/div><\/div><div class=\"fusion-clearfix\"><\/div><\/div><\/div><\/div><\/div><\/div><div id=\"2marco\"><div class=\"fusion-fullwidth fullwidth-box fusion-builder-row-2 nonhundred-percent-fullwidth non-hundred-percent-height-scrolling\" style=\"background-color: rgba(255,255,255,0);background-position: center center;background-repeat: no-repeat;padding-top:6%;padding-right:0px;padding-bottom:0px;padding-left:0px;margin-bottom: 0px;margin-top: 0px;border-width: 0px 0px 0px 0px;border-color:#eae9e9;border-style:solid;\" ><div class=\"fusion-builder-row fusion-row\"><div class=\"fusion-layout-column fusion_builder_column fusion-builder-column-1 fusion_builder_column_1_1 1_1 fusion-one-full fusion-column-first fusion-column-last\" style=\"margin-top:0px;margin-bottom:0px;\"><div class=\"fusion-column-wrapper fusion-flex-column-wrapper-legacy\" style=\"background-position:left top;background-repeat:no-repeat;-webkit-background-size:cover;-moz-background-size:cover;-o-background-size:cover;background-size:cover;padding: 0px 0px 0px 0px;\"><div class=\"fusion-column-content-centered\"><div class=\"fusion-column-content\"><div class=\"fusion-text fusion-text-2\"><h3><span style=\"color: #ffffff; background-color: #3c3c45; padding: 5px 10px 5px 10px;\">2 SEG<\/span><\/h3>\n<\/div><\/div><\/div><div class=\"fusion-clearfix\"><\/div><\/div><\/div><div class=\"fusion-layout-column fusion_builder_column fusion-builder-column-2 fusion_builder_column_1_1 1_1 fusion-one-full fusion-column-first fusion-column-last\" style=\"margin-top:0px;margin-bottom:0px;\"><div class=\"fusion-column-wrapper fusion-flex-column-wrapper-legacy\" style=\"background-position:left top;background-repeat:no-repeat;-webkit-background-size:cover;-moz-background-size:cover;-o-background-size:cover;background-size:cover;background-color:#9e1f27;border:2px solid #fafafa;padding: 2% 0px 0px 2%;\"><div class=\"fusion-column-content-centered\"><div class=\"fusion-column-content\"><div class=\"fusion-text fusion-text-3\"><p><span style=\"color: #ffffff;\">14h \u00e0s 20h | <a style=\"color: #ffffff;\" href=\"https:\/\/goo.gl\/maps\/DsDrLFMz2y74w284A\" target=\"_blank\" rel=\"noopener noreferrer\">Goethe-Institut<\/a><\/span><br \/>\n<span style=\"color: #ffffff;\"><a style=\"color: #ffffff;\" href=\"https:\/\/mitsp.org\/2020\/ensaios-anticoloniais-estudos-compartilhados\/\">SEMIN\u00c1RIO PERSPECTIVAS ANTICOLONIAIS ENSAIOS ANTICOLONIAIS: ESTUDOS COMPARTILHADOS<\/a><\/span><\/p>\n<\/div><\/div><\/div><div class=\"fusion-clearfix\"><\/div><\/div><\/div><div class=\"fusion-layout-column fusion_builder_column fusion-builder-column-3 fusion_builder_column_1_1 1_1 fusion-one-full fusion-column-first fusion-column-last\" style=\"margin-top:0px;margin-bottom:0px;\"><div class=\"fusion-column-wrapper fusion-flex-column-wrapper-legacy\" style=\"background-position:left top;background-repeat:no-repeat;-webkit-background-size:cover;-moz-background-size:cover;-o-background-size:cover;background-size:cover;background-color:#cb898a;border:2px solid #fafafa;padding: 2% 0px 0px 2%;\"><div class=\"fusion-column-content-centered\"><div class=\"fusion-column-content\"><div class=\"fusion-text fusion-text-4\"><p><span style=\"color: #ffffff;\">17h30 | <a style=\"color: #ffffff;\" href=\"https:\/\/goo.gl\/maps\/1TY3EeJW9mKejwGV9\" target=\"_blank\" rel=\"noopener noreferrer\">Oficina Cultural Oswald de Andrade<\/a><\/span><br \/>\n<span style=\"color: #ffffff;\"><a style=\"color: #ffffff;\" href=\"https:\/\/mitsp.org\/2020\/cicatriz\/\">PERFORMANCE CICATRIZ<\/a><\/span><\/p>\n<\/div><\/div><\/div><div class=\"fusion-clearfix\"><\/div><\/div><\/div><div class=\"fusion-layout-column fusion_builder_column fusion-builder-column-4 fusion_builder_column_1_1 1_1 fusion-one-full fusion-column-first fusion-column-last\" style=\"margin-top:0px;margin-bottom:0px;\"><div class=\"fusion-column-wrapper fusion-flex-column-wrapper-legacy\" style=\"background-position:left top;background-repeat:no-repeat;-webkit-background-size:cover;-moz-background-size:cover;-o-background-size:cover;background-size:cover;background-color:#cb898a;border:2px solid #fafafa;padding: 2% 0px 0px 2%;\"><div class=\"fusion-column-content-centered\"><div class=\"fusion-column-content\"><div class=\"fusion-text fusion-text-5\"><p><span style=\"color: #ffffff;\">19h | <a style=\"color: #ffffff;\" href=\"https:\/\/goo.gl\/maps\/pxT5WvSiDkib9nJh6\" target=\"_blank\" rel=\"noopener noreferrer\">Casa do Povo<\/a><\/span><br \/>\n<span style=\"color: #ffffff;\"><a style=\"color: #ffffff;\" href=\"https:\/\/mitsp.org\/2020\/documentario-enquanto-falavamos-sobre-performatividades-politicas-eu-ocasionalmente-furtava-vozes-e-rostos-uma-critica-audiovisual-das-acoes-pedagogicas-da-mitsp\/\">DOCUMENT\u00c1RIO ENQUANTO FAL\u00c1VAMOS SOBRE PERFORMATIVIDADES POL\u00cdTICAS EU OCASIONALMENTE FURTAVA VOZES E ROSTOS &#8211; UMA CR\u00cdTICA AUDIOVISUAL DAS A\u00c7\u00d5ES PEDAG\u00d3GICAS DA MITsp<\/a><\/span><\/p>\n<\/div><\/div><\/div><div class=\"fusion-clearfix\"><\/div><\/div><\/div><\/div><\/div><\/div><div id=\"3marco\"><div class=\"fusion-fullwidth fullwidth-box fusion-builder-row-3 nonhundred-percent-fullwidth non-hundred-percent-height-scrolling\" style=\"background-color: rgba(255,255,255,0);background-position: center center;background-repeat: no-repeat;padding-top:6%;padding-right:0px;padding-bottom:0px;padding-left:0px;margin-bottom: 0px;margin-top: 0px;border-width: 0px 0px 0px 0px;border-color:#eae9e9;border-style:solid;\" ><div class=\"fusion-builder-row fusion-row\"><div class=\"fusion-layout-column fusion_builder_column fusion-builder-column-5 fusion_builder_column_1_1 1_1 fusion-one-full fusion-column-first fusion-column-last\" style=\"margin-top:0px;margin-bottom:0px;\"><div class=\"fusion-column-wrapper fusion-flex-column-wrapper-legacy\" style=\"background-position:left top;background-repeat:no-repeat;-webkit-background-size:cover;-moz-background-size:cover;-o-background-size:cover;background-size:cover;padding: 0px 0px 0px 0px;\"><div class=\"fusion-column-content-centered\"><div class=\"fusion-column-content\"><div class=\"fusion-text fusion-text-6\"><h3><span style=\"color: #ffffff; background-color: #3c3c45; padding: 5px 10px 5px 10px;\">3 TER<\/span><\/h3>\n<\/div><\/div><\/div><div class=\"fusion-clearfix\"><\/div><\/div><\/div><div class=\"fusion-layout-column fusion_builder_column fusion-builder-column-6 fusion_builder_column_1_1 1_1 fusion-one-full fusion-column-first fusion-column-last\" style=\"margin-top:0px;margin-bottom:0px;\"><div class=\"fusion-column-wrapper fusion-flex-column-wrapper-legacy\" style=\"background-position:left top;background-repeat:no-repeat;-webkit-background-size:cover;-moz-background-size:cover;-o-background-size:cover;background-size:cover;background-color:#cb898a;border:2px solid #fafafa;padding: 2% 0px 0px 2%;\"><div class=\"fusion-column-content-centered\"><div class=\"fusion-column-content\"><div class=\"fusion-text fusion-text-7\"><p><span style=\"color: #ffffff;\">11h \u00e0s 13h | <a style=\"color: #ffffff;\" href=\"https:\/\/goo.gl\/maps\/pxT5WvSiDkib9nJh6\" target=\"_blank\" rel=\"noopener noreferrer\">Casa do Povo<\/a><\/span><br \/>\n<span style=\"color: #ffffff;\"><a style=\"color: #ffffff;\" href=\"https:\/\/mitsp.org\/2020\/transpedagogias-do-afeto-diante-das-politicas-de-morte\/\">RODA DE CONVERSA TRANS*PEDAGOGIAS DO AFETO DIANTE DAS POL\u00cdTICAS DE MORTE<\/a><\/span><\/p>\n<\/div><\/div><\/div><div class=\"fusion-clearfix\"><\/div><\/div><\/div><\/div><\/div><\/div><div id=\"5marco\"><div class=\"fusion-fullwidth fullwidth-box fusion-builder-row-4 nonhundred-percent-fullwidth non-hundred-percent-height-scrolling\" style=\"background-color: rgba(255,255,255,0);background-position: center center;background-repeat: no-repeat;padding-top:6%;padding-right:0px;padding-bottom:0px;padding-left:0px;margin-bottom: 0px;margin-top: 0px;border-width: 0px 0px 0px 0px;border-color:#eae9e9;border-style:solid;\" ><div class=\"fusion-builder-row fusion-row\"><div class=\"fusion-layout-column fusion_builder_column fusion-builder-column-7 fusion_builder_column_1_1 1_1 fusion-one-full fusion-column-first fusion-column-last\" style=\"margin-top:0px;margin-bottom:0px;\"><div class=\"fusion-column-wrapper fusion-flex-column-wrapper-legacy\" style=\"background-position:left top;background-repeat:no-repeat;-webkit-background-size:cover;-moz-background-size:cover;-o-background-size:cover;background-size:cover;padding: 0px 0px 0px 0px;\"><div class=\"fusion-column-content-centered\"><div class=\"fusion-column-content\"><div class=\"fusion-text fusion-text-8\"><h3><span style=\"color: #ffffff; background-color: #3c3c45; padding: 5px 10px 5px 10px;\">5 QUI<\/span><\/h3>\n<\/div><\/div><\/div><div class=\"fusion-clearfix\"><\/div><\/div><\/div><div class=\"fusion-layout-column fusion_builder_column fusion-builder-column-8 fusion_builder_column_1_1 1_1 fusion-one-full fusion-column-first fusion-column-last\" style=\"margin-top:0px;margin-bottom:0px;\"><div class=\"fusion-column-wrapper fusion-flex-column-wrapper-legacy\" style=\"background-position:left top;background-repeat:no-repeat;-webkit-background-size:cover;-moz-background-size:cover;-o-background-size:cover;background-size:cover;background-color:#a0cf76;border:2px solid #fafafa;padding: 2% 0px 0px 2%;\"><div class=\"fusion-column-content-centered\"><div class=\"fusion-column-content\"><div class=\"fusion-text fusion-text-9\"><p><span style=\"color: #ffffff;\">20h* | <a style=\"color: #ffffff;\" href=\"https:\/\/goo.gl\/maps\/z2aVDjxDc5GeTFEf9\" target=\"_blank\" rel=\"noopener noreferrer\">Audit\u00f3rio Ibirapuera<\/a><\/span><br \/>\n<span style=\"color: #ffffff;\"><a style=\"color: #ffffff;\" href=\"https:\/\/mitsp.org\/2020\/multidao\/\">MULTID\u00c3O (CROWD)<\/a><\/span><br \/>\n<span style=\"color: #ffffff;\"><em>*(Cerim\u00f4nia de abertura) | 21h: espet\u00e1culo (para convidados)<\/em><\/span><\/p>\n<\/div><\/div><\/div><div class=\"fusion-clearfix\"><\/div><\/div><\/div><\/div><\/div><\/div><div id=\"6marco\"><div class=\"fusion-fullwidth fullwidth-box fusion-builder-row-5 nonhundred-percent-fullwidth non-hundred-percent-height-scrolling\" style=\"background-color: rgba(255,255,255,0);background-position: center center;background-repeat: no-repeat;padding-top:6%;padding-right:0px;padding-bottom:0px;padding-left:0px;margin-bottom: 0px;margin-top: 0px;border-width: 0px 0px 0px 0px;border-color:#eae9e9;border-style:solid;\" ><div class=\"fusion-builder-row fusion-row\"><div class=\"fusion-layout-column fusion_builder_column fusion-builder-column-9 fusion_builder_column_1_1 1_1 fusion-one-full fusion-column-first fusion-column-last\" style=\"margin-top:0px;margin-bottom:0px;\"><div class=\"fusion-column-wrapper fusion-flex-column-wrapper-legacy\" style=\"background-position:left top;background-repeat:no-repeat;-webkit-background-size:cover;-moz-background-size:cover;-o-background-size:cover;background-size:cover;padding: 0px 0px 0px 0px;\"><div class=\"fusion-column-content-centered\"><div class=\"fusion-column-content\"><div class=\"fusion-text fusion-text-10\"><h3><span style=\"color: #ffffff; background-color: #3c3c45; padding: 5px 10px 5px 10px;\">6 SEX<\/span><\/h3>\n<\/div><\/div><\/div><div class=\"fusion-clearfix\"><\/div><\/div><\/div><div class=\"fusion-layout-column fusion_builder_column fusion-builder-column-10 fusion_builder_column_1_1 1_1 fusion-one-full fusion-column-first fusion-column-last\" style=\"margin-top:0px;margin-bottom:0px;\"><div class=\"fusion-column-wrapper fusion-flex-column-wrapper-legacy\" style=\"background-position:left top;background-repeat:no-repeat;-webkit-background-size:cover;-moz-background-size:cover;-o-background-size:cover;background-size:cover;background-color:#9e1f27;border:2px solid #fafafa;padding: 2% 0px 0px 2%;\"><div class=\"fusion-column-content-centered\"><div class=\"fusion-column-content\"><div class=\"fusion-text fusion-text-11\"><p><span style=\"color: #ffffff;\">10h \u00e0s 13h | <a style=\"color: #ffffff;\" href=\"https:\/\/g.page\/sescavpaulista?share\" target=\"_blank\" rel=\"noopener noreferrer\">Sesc Avenida Paulista\u00a0<\/a><\/span><br \/>\n<span style=\"color: #ffffff;\"><a style=\"color: #ffffff;\" href=\"https:\/\/mitsp.org\/2020\/encontro-perspectivas-anticoloniais\/\">SEMIN\u00c1RIO PERSPECTIVAS ANTICOLONIAIS MESA 1: DO TEMPO<br \/>\n<\/a><\/span><\/p>\n<\/div><\/div><\/div><div class=\"fusion-clearfix\"><\/div><\/div><\/div><div class=\"fusion-layout-column fusion_builder_column fusion-builder-column-11 fusion_builder_column_1_1 1_1 fusion-one-full fusion-column-first fusion-column-last\" style=\"margin-top:0px;margin-bottom:0px;\"><div class=\"fusion-column-wrapper fusion-flex-column-wrapper-legacy\" style=\"background-position:left top;background-repeat:no-repeat;-webkit-background-size:cover;-moz-background-size:cover;-o-background-size:cover;background-size:cover;background-color:#9e1f27;border:2px solid #fafafa;padding: 2% 0px 0px 2%;\"><div class=\"fusion-column-content-centered\"><div class=\"fusion-column-content\"><div class=\"fusion-text fusion-text-12\"><p><span style=\"color: #ffffff;\">14h \u00e0s 17h | <a style=\"color: #ffffff;\" href=\"https:\/\/g.page\/sescavpaulista?share\" target=\"_blank\" rel=\"noopener noreferrer\">Sesc Avenida Paulista\u00a0<\/a><\/span><br \/>\n<span style=\"color: #ffffff;\"><a style=\"color: #ffffff;\" href=\"https:\/\/mitsp.org\/2020\/encontro-perspectivas-anticoloniais\/\">SEMIN\u00c1RIO PERSPECTIVAS ANTICOLONIAIS MESA 2: DAS A\u00c7\u00d5ES<\/a><\/span><\/p>\n<\/div><\/div><\/div><div class=\"fusion-clearfix\"><\/div><\/div><\/div><div class=\"fusion-layout-column fusion_builder_column fusion-builder-column-12 fusion_builder_column_1_1 1_1 fusion-one-full fusion-column-first fusion-column-last\" style=\"margin-top:0px;margin-bottom:0px;\"><div class=\"fusion-column-wrapper fusion-flex-column-wrapper-legacy\" style=\"background-position:left top;background-repeat:no-repeat;-webkit-background-size:cover;-moz-background-size:cover;-o-background-size:cover;background-size:cover;background-color:#a0cf76;border:2px solid #fafafa;padding: 2% 0px 0px 2%;\"><div class=\"fusion-column-content-centered\"><div class=\"fusion-column-content\"><div class=\"fusion-text fusion-text-13\"><p><span style=\"color: #ffffff;\">19h | <a style=\"color: #ffffff;\" href=\"https:\/\/goo.gl\/maps\/URYmKCGKeXhegXSm9\" target=\"_blank\" rel=\"noopener noreferrer\">Ita\u00fa Cultural<\/a><\/span><br \/>\n<span style=\"color: #ffffff;\"><a style=\"color: #ffffff;\" href=\"https:\/\/mitsp.org\/2020\/tenha-cuidado\/\">TENHA CUIDADO<\/a><\/span><\/p>\n<\/div><\/div><\/div><div class=\"fusion-clearfix\"><\/div><\/div><\/div><div class=\"fusion-layout-column fusion_builder_column fusion-builder-column-13 fusion_builder_column_1_1 1_1 fusion-one-full fusion-column-first fusion-column-last\" style=\"margin-top:0px;margin-bottom:0px;\"><div class=\"fusion-column-wrapper fusion-flex-column-wrapper-legacy\" style=\"background-position:left top;background-repeat:no-repeat;-webkit-background-size:cover;-moz-background-size:cover;-o-background-size:cover;background-size:cover;background-color:#a0cf76;border:2px solid #fafafa;padding: 2% 0px 0px 2%;\"><div class=\"fusion-column-content-centered\"><div class=\"fusion-column-content\"><div class=\"fusion-text fusion-text-14\"><p><span style=\"color: #ffffff;\">21h | <a style=\"color: #ffffff;\" href=\"https:\/\/goo.gl\/maps\/z2aVDjxDc5GeTFEf9\" target=\"_blank\" rel=\"noopener noreferrer\">Audit\u00f3rio Ibirapuera<\/a><\/span><br \/>\n<span style=\"color: #ffffff;\"><a style=\"color: #ffffff;\" href=\"https:\/\/mitsp.org\/2020\/multidao\/\">MULTID\u00c3O (CROWD)<\/a><\/span><\/p>\n<\/div><\/div><\/div><div class=\"fusion-clearfix\"><\/div><\/div><\/div><div class=\"fusion-layout-column fusion_builder_column fusion-builder-column-14 fusion_builder_column_1_1 1_1 fusion-one-full fusion-column-first fusion-column-last\" style=\"margin-top:0px;margin-bottom:0px;\"><div class=\"fusion-column-wrapper fusion-flex-column-wrapper-legacy\" style=\"background-position:left top;background-repeat:no-repeat;-webkit-background-size:cover;-moz-background-size:cover;-o-background-size:cover;background-size:cover;background-color:#a0cf76;border:2px solid #fafafa;padding: 2% 0px 0px 2%;\"><div class=\"fusion-column-content-centered\"><div class=\"fusion-column-content\"><div class=\"fusion-text fusion-text-15\"><p><span style=\"color: #ffffff;\">21h | <a style=\"color: #ffffff;\" href=\"https:\/\/g.page\/sescavpaulista?share\" target=\"_blank\" rel=\"noopener noreferrer\">Sesc Avenida Paulista<\/a><\/span><br \/>\n<span style=\"color: #ffffff;\"><a style=\"color: #ffffff;\" href=\"https:\/\/mitsp.org\/2020\/sabado-descontraido\/\">S\u00c1BADO DESCONTRA\u00cdDO<\/a><\/span><\/p>\n<\/div><\/div><\/div><div class=\"fusion-clearfix\"><\/div><\/div><\/div><div class=\"fusion-layout-column fusion_builder_column fusion-builder-column-15 fusion_builder_column_1_1 1_1 fusion-one-full fusion-column-first fusion-column-last\" style=\"margin-top:0px;margin-bottom:0px;\"><div class=\"fusion-column-wrapper fusion-flex-column-wrapper-legacy\" style=\"background-position:left top;background-repeat:no-repeat;-webkit-background-size:cover;-moz-background-size:cover;-o-background-size:cover;background-size:cover;background-color:#a0cf76;border:2px solid #fafafa;padding: 2% 0px 0px 2%;\"><div class=\"fusion-column-content-centered\"><div class=\"fusion-column-content\"><div class=\"fusion-text fusion-text-16\"><p><span style=\"color: #ffffff;\">21h | <a style=\"color: #ffffff;\" href=\"https:\/\/goo.gl\/maps\/v7M7tNe1ApTL9UQq5\" target=\"_blank\" rel=\"noopener noreferrer\">Sesc Pinheiros<\/a><\/span><br \/>\n<span style=\"color: #ffffff;\"><a style=\"color: #ffffff;\" href=\"https:\/\/mitsp.org\/2020\/contos-imorais-parte-1-casa-mae\/\">CONTOS IMORAIS &#8211; PARTE 1: CASA M\u00c3E<br \/>\n<\/a><\/span><\/p>\n<\/div><\/div><\/div><div class=\"fusion-clearfix\"><\/div><\/div><\/div><div class=\"fusion-layout-column fusion_builder_column fusion-builder-column-16 fusion_builder_column_1_1 1_1 fusion-one-full fusion-column-first fusion-column-last\" style=\"margin-top:0px;margin-bottom:0px;\"><div class=\"fusion-column-wrapper fusion-flex-column-wrapper-legacy\" style=\"background-position:left top;background-repeat:no-repeat;-webkit-background-size:cover;-moz-background-size:cover;-o-background-size:cover;background-size:cover;background-color:#e38f27;border:2px solid #fafafa;padding: 2% 0px 0px 2%;\"><div class=\"fusion-column-content-centered\"><div class=\"fusion-column-content\"><div class=\"fusion-text fusion-text-17\"><p><span style=\"color: #ffffff;\">Ap\u00f3s a sess\u00e3o das 21h | <a style=\"color: #ffffff;\" href=\"https:\/\/goo.gl\/maps\/v7M7tNe1ApTL9UQq5\" target=\"_blank\" rel=\"noopener noreferrer\">Sesc Pinheiros<\/a><\/span><br \/>\n<span style=\"color: #ffffff;\">PENSAMENTO-EM-PROCESSO CONTOS IMORAIS &#8211; PARTE 1: CASA M\u00c3E<\/span><\/p>\n<\/div><\/div><\/div><div class=\"fusion-clearfix\"><\/div><\/div><\/div><div class=\"fusion-layout-column fusion_builder_column fusion-builder-column-17 fusion_builder_column_1_1 1_1 fusion-one-full fusion-column-first fusion-column-last\" style=\"margin-top:0px;margin-bottom:0px;\"><div class=\"fusion-column-wrapper fusion-flex-column-wrapper-legacy\" style=\"background-position:left top;background-repeat:no-repeat;-webkit-background-size:cover;-moz-background-size:cover;-o-background-size:cover;background-size:cover;background-color:#59473d;border:2px solid #fafafa;padding: 2% 0px 0px 2%;\"><div class=\"fusion-column-content-centered\"><div class=\"fusion-column-content\"><div class=\"fusion-text fusion-text-18\"><p><span style=\"color: #ffffff;\">21h | <a style=\"color: #ffffff;\" href=\"https:\/\/goo.gl\/maps\/Fw47MvcGkcxnxfX66\" target=\"_blank\" rel=\"noopener noreferrer\">Centro Cultural S\u00e3o Paulo<\/a><\/span><br \/>\n<span style=\"color: #ffffff;\"><a style=\"color: #ffffff;\" href=\"https:\/\/mitsp.org\/2020\/o-evangelho-segundo-jesus-rainha-do-ceu-com-jo-clifford\/\">O EVANGELHO SEGUNDO JESUS, RAINHA DO C\u00c9U &#8211; com Jo Clifford<\/a><\/span><\/p>\n<\/div><\/div><\/div><div class=\"fusion-clearfix\"><\/div><\/div><\/div><\/div><\/div><\/div><div id=\"7marco\"><div class=\"fusion-fullwidth fullwidth-box fusion-builder-row-6 nonhundred-percent-fullwidth non-hundred-percent-height-scrolling\" style=\"background-color: rgba(255,255,255,0);background-position: center center;background-repeat: no-repeat;padding-top:6%;padding-right:0px;padding-bottom:0px;padding-left:0px;margin-bottom: 0px;margin-top: 0px;border-width: 0px 0px 0px 0px;border-color:#eae9e9;border-style:solid;\" ><div class=\"fusion-builder-row fusion-row\"><div class=\"fusion-layout-column fusion_builder_column fusion-builder-column-18 fusion_builder_column_1_1 1_1 fusion-one-full fusion-column-first fusion-column-last\" style=\"margin-top:0px;margin-bottom:0px;\"><div class=\"fusion-column-wrapper fusion-flex-column-wrapper-legacy\" style=\"background-position:left top;background-repeat:no-repeat;-webkit-background-size:cover;-moz-background-size:cover;-o-background-size:cover;background-size:cover;padding: 0px 0px 0px 0px;\"><div class=\"fusion-column-content-centered\"><div class=\"fusion-column-content\"><div class=\"fusion-text fusion-text-19\"><h3><span style=\"color: #ffffff; background-color: #3c3c45; padding: 5px 10px 5px 10px;\">7 SAB<\/span><\/h3>\n<\/div><\/div><\/div><div class=\"fusion-clearfix\"><\/div><\/div><\/div><div class=\"fusion-layout-column fusion_builder_column fusion-builder-column-19 fusion_builder_column_1_1 1_1 fusion-one-full fusion-column-first fusion-column-last\" style=\"margin-top:0px;margin-bottom:0px;\"><div class=\"fusion-column-wrapper fusion-flex-column-wrapper-legacy\" style=\"background-position:left top;background-repeat:no-repeat;-webkit-background-size:cover;-moz-background-size:cover;-o-background-size:cover;background-size:cover;background-color:#9e1f27;border:2px solid #fafafa;padding: 2% 0px 0px 2%;\"><div class=\"fusion-column-content-centered\"><div class=\"fusion-column-content\"><div class=\"fusion-text fusion-text-20\"><p><span style=\"color: #ffffff;\">10h \u00e0s 13h | <a style=\"color: #ffffff;\" href=\"https:\/\/g.page\/sescavpaulista?share\" target=\"_blank\" rel=\"noopener noreferrer\">Sesc Avenida Paulista\u00a0<\/a><\/span><br \/>\n<span style=\"color: #ffffff;\"><a style=\"color: #ffffff;\" href=\"https:\/\/mitsp.org\/2020\/encontro-perspectivas-anticoloniais\/\">SEMIN\u00c1RIO PERSPECTIVAS ANTICOLONIAIS MESA 3: PASSADO: PERMAN\u00caNCIA E RUPTURA<\/a><\/span><\/p>\n<\/div><\/div><\/div><div class=\"fusion-clearfix\"><\/div><\/div><\/div><div class=\"fusion-layout-column fusion_builder_column fusion-builder-column-20 fusion_builder_column_1_1 1_1 fusion-one-full fusion-column-first fusion-column-last\" style=\"margin-top:0px;margin-bottom:0px;\"><div class=\"fusion-column-wrapper fusion-flex-column-wrapper-legacy\" style=\"background-position:left top;background-repeat:no-repeat;-webkit-background-size:cover;-moz-background-size:cover;-o-background-size:cover;background-size:cover;background-color:#cb898a;border:2px solid #fafafa;padding: 2% 0px 0px 2%;\"><div class=\"fusion-column-content-centered\"><div class=\"fusion-column-content\"><div class=\"fusion-text fusion-text-21\"><p><span style=\"color: #ffffff;\">11h \u00e0s 13h | <a style=\"color: #ffffff;\" href=\"https:\/\/goo.gl\/maps\/1TY3EeJW9mKejwGV9\" target=\"_blank\" rel=\"noopener noreferrer\">Oficina Cultural Oswald de Andrade<\/a><\/span><br \/>\n<span style=\"color: #ffffff;\"><a style=\"color: #ffffff;\" href=\"https:\/\/mitsp.org\/2020\/memorias-raizes-e-teatro-mapuche-no-chile-de-hoje\/\">RODA DE CONVERSA MEM\u00d3RIAS, RA\u00cdZES E TEATRO MAPUCHE NO CHILE DE HOJE<\/a><\/span><\/p>\n<\/div><\/div><\/div><div class=\"fusion-clearfix\"><\/div><\/div><\/div><div class=\"fusion-layout-column fusion_builder_column fusion-builder-column-21 fusion_builder_column_1_1 1_1 fusion-one-full fusion-column-first fusion-column-last\" style=\"margin-top:0px;margin-bottom:0px;\"><div class=\"fusion-column-wrapper fusion-flex-column-wrapper-legacy\" style=\"background-position:left top;background-repeat:no-repeat;-webkit-background-size:cover;-moz-background-size:cover;-o-background-size:cover;background-size:cover;background-color:#cb898a;border:2px solid #fafafa;padding: 2% 0px 0px 2%;\"><div class=\"fusion-column-content-centered\"><div class=\"fusion-column-content\"><div class=\"fusion-text fusion-text-22\"><p><span style=\"color: #ffffff;\">14h | <a style=\"color: #ffffff;\" href=\"https:\/\/goo.gl\/maps\/Fw47MvcGkcxnxfX66\" target=\"_blank\" rel=\"noopener noreferrer\">Centro Cultural S\u00e3o Paulo<\/a><\/span><br \/>\n<span style=\"color: #ffffff;\"><a style=\"color: #ffffff;\" href=\"https:\/\/mitsp.org\/2020\/residencia-artistica-com-o-grupo-ingles-quarantine\/\">INSTALA\u00c7\u00c3O PERFORMATIVA OLHO NO OLHO: QUEM CONSEGUE SER VIS\u00cdVEL NA S\u00c3O PAULO DE HOJE?<\/a><\/span><\/p>\n<\/div><\/div><\/div><div class=\"fusion-clearfix\"><\/div><\/div><\/div><div class=\"fusion-layout-column fusion_builder_column fusion-builder-column-22 fusion_builder_column_1_1 1_1 fusion-one-full fusion-column-first fusion-column-last\" style=\"margin-top:0px;margin-bottom:0px;\"><div class=\"fusion-column-wrapper fusion-flex-column-wrapper-legacy\" style=\"background-position:left top;background-repeat:no-repeat;-webkit-background-size:cover;-moz-background-size:cover;-o-background-size:cover;background-size:cover;background-color:#9e1f27;border:2px solid #fafafa;padding: 2% 0px 0px 2%;\"><div class=\"fusion-column-content-centered\"><div class=\"fusion-column-content\"><div class=\"fusion-text fusion-text-23\"><p><span style=\"color: #ffffff;\">14h \u00e0s 17h | <a style=\"color: #ffffff;\" href=\"https:\/\/g.page\/sescavpaulista?share\" target=\"_blank\" rel=\"noopener noreferrer\">Sesc Avenida Paulista\u00a0<\/a><\/span><br \/>\n<span style=\"color: #ffffff;\"><a style=\"color: #ffffff;\" href=\"https:\/\/mitsp.org\/2020\/encontro-perspectivas-anticoloniais\/\">SEMIN\u00c1RIO PERSPECTIVAS ANTICOLONIAIS MESA 4: DO COMUM<\/a><\/span><\/p>\n<\/div><\/div><\/div><div class=\"fusion-clearfix\"><\/div><\/div><\/div><div class=\"fusion-layout-column fusion_builder_column fusion-builder-column-23 fusion_builder_column_1_1 1_1 fusion-one-full fusion-column-first fusion-column-last\" style=\"margin-top:0px;margin-bottom:0px;\"><div class=\"fusion-column-wrapper fusion-flex-column-wrapper-legacy\" style=\"background-position:left top;background-repeat:no-repeat;-webkit-background-size:cover;-moz-background-size:cover;-o-background-size:cover;background-size:cover;background-color:#a0cf76;border:2px solid #fafafa;padding: 2% 0px 0px 2%;\"><div class=\"fusion-column-content-centered\"><div class=\"fusion-column-content\"><div class=\"fusion-text fusion-text-24\"><p><span style=\"color: #ffffff;\">16h | <a style=\"color: #ffffff;\" href=\"https:\/\/goo.gl\/maps\/XakWix4eMXzFnnNAA\" target=\"_blank\" rel=\"noopener noreferrer\">Teatro S\u00e9rgio Cardoso<\/a><\/span><br \/>\n<span style=\"color: #ffffff;\"><a style=\"color: #ffffff;\" href=\"https:\/\/mitsp.org\/2020\/orlando\/\">ORLANDO<\/a><\/span><\/p>\n<\/div><\/div><\/div><div class=\"fusion-clearfix\"><\/div><\/div><\/div><div class=\"fusion-layout-column fusion_builder_column fusion-builder-column-24 fusion_builder_column_1_1 1_1 fusion-one-full fusion-column-first fusion-column-last\" style=\"margin-top:0px;margin-bottom:0px;\"><div class=\"fusion-column-wrapper fusion-flex-column-wrapper-legacy\" style=\"background-position:left top;background-repeat:no-repeat;-webkit-background-size:cover;-moz-background-size:cover;-o-background-size:cover;background-size:cover;background-color:#a0cf76;border:2px solid #fafafa;padding: 2% 0px 0px 2%;\"><div class=\"fusion-column-content-centered\"><div class=\"fusion-column-content\"><div class=\"fusion-text fusion-text-25\"><p><span style=\"color: #ffffff;\">18h | <a style=\"color: #ffffff;\" href=\"https:\/\/goo.gl\/maps\/XakWix4eMXzFnnNAA\" target=\"_blank\" rel=\"noopener noreferrer\">Teatro S\u00e9rgio Cardoso<\/a><\/span><br \/>\n<span style=\"color: #ffffff;\"><a style=\"color: #ffffff;\" href=\"https:\/\/mitsp.org\/2020\/orlando\/\">ORLANDO<\/a><\/span><\/p>\n<\/div><\/div><\/div><div class=\"fusion-clearfix\"><\/div><\/div><\/div><div class=\"fusion-layout-column fusion_builder_column fusion-builder-column-25 fusion_builder_column_1_1 1_1 fusion-one-full fusion-column-first fusion-column-last\" style=\"margin-top:0px;margin-bottom:0px;\"><div class=\"fusion-column-wrapper fusion-flex-column-wrapper-legacy\" style=\"background-position:left top;background-repeat:no-repeat;-webkit-background-size:cover;-moz-background-size:cover;-o-background-size:cover;background-size:cover;background-color:#a0cf76;border:2px solid #fafafa;padding: 2% 0px 0px 2%;\"><div class=\"fusion-column-content-centered\"><div class=\"fusion-column-content\"><div class=\"fusion-text fusion-text-26\"><p><span style=\"color: #ffffff;\">19h | <a style=\"color: #ffffff;\" href=\"https:\/\/goo.gl\/maps\/ZJBe2tFhvP9Lznem8\" target=\"_blank\" rel=\"noopener noreferrer\">Teatro Cacilda Becker<\/a><\/span><br \/>\n<span style=\"color: #ffffff;\"><a style=\"color: #ffffff;\" href=\"https:\/\/mitsp.org\/2020\/o-que-fazer-daqui-para-tras\/\">O QUE FAZER DAQUI PARA TR\u00c1S<\/a><\/span><\/p>\n<\/div><\/div><\/div><div class=\"fusion-clearfix\"><\/div><\/div><\/div><div class=\"fusion-layout-column fusion_builder_column fusion-builder-column-26 fusion_builder_column_1_1 1_1 fusion-one-full fusion-column-first fusion-column-last\" style=\"margin-top:0px;margin-bottom:0px;\"><div class=\"fusion-column-wrapper fusion-flex-column-wrapper-legacy\" style=\"background-position:left top;background-repeat:no-repeat;-webkit-background-size:cover;-moz-background-size:cover;-o-background-size:cover;background-size:cover;background-color:#a0cf76;border:2px solid #fafafa;padding: 2% 0px 0px 2%;\"><div class=\"fusion-column-content-centered\"><div class=\"fusion-column-content\"><div class=\"fusion-text fusion-text-27\"><p><span style=\"color: #ffffff;\">19h | <a style=\"color: #ffffff;\" href=\"https:\/\/goo.gl\/maps\/URYmKCGKeXhegXSm9\" target=\"_blank\" rel=\"noopener noreferrer\">Ita\u00fa Cultural<\/a><\/span><br \/>\n<span style=\"color: #ffffff;\"><a style=\"color: #ffffff;\" href=\"https:\/\/mitsp.org\/2020\/tenha-cuidado\/\">TENHA CUIDADO<\/a><\/span><\/p>\n<\/div><\/div><\/div><div class=\"fusion-clearfix\"><\/div><\/div><\/div><div class=\"fusion-layout-column fusion_builder_column fusion-builder-column-27 fusion_builder_column_1_1 1_1 fusion-one-full fusion-column-first fusion-column-last\" style=\"margin-top:0px;margin-bottom:0px;\"><div class=\"fusion-column-wrapper fusion-flex-column-wrapper-legacy\" style=\"background-position:left top;background-repeat:no-repeat;-webkit-background-size:cover;-moz-background-size:cover;-o-background-size:cover;background-size:cover;background-color:#a0cf76;border:2px solid #fafafa;padding: 2% 0px 0px 2%;\"><div class=\"fusion-column-content-centered\"><div class=\"fusion-column-content\"><div class=\"fusion-text fusion-text-28\"><p><span style=\"color: #ffffff;\">21h | <a style=\"color: #ffffff;\" href=\"https:\/\/goo.gl\/maps\/z2aVDjxDc5GeTFEf9\" target=\"_blank\" rel=\"noopener noreferrer\">Audit\u00f3rio Ibirapuera<\/a><\/span><br \/>\n<span style=\"color: #ffffff;\"><a style=\"color: #ffffff;\" href=\"https:\/\/mitsp.org\/2020\/multidao\/\">MULTID\u00c3O (CROWD)<\/a><\/span><\/p>\n<\/div><\/div><\/div><div class=\"fusion-clearfix\"><\/div><\/div><\/div><div class=\"fusion-layout-column fusion_builder_column fusion-builder-column-28 fusion_builder_column_1_1 1_1 fusion-one-full fusion-column-first fusion-column-last\" style=\"margin-top:0px;margin-bottom:0px;\"><div class=\"fusion-column-wrapper fusion-flex-column-wrapper-legacy\" style=\"background-position:left top;background-repeat:no-repeat;-webkit-background-size:cover;-moz-background-size:cover;-o-background-size:cover;background-size:cover;background-color:#a0cf76;border:2px solid #fafafa;padding: 2% 0px 0px 2%;\"><div class=\"fusion-column-content-centered\"><div class=\"fusion-column-content\"><div class=\"fusion-text fusion-text-29\"><p><span style=\"color: #ffffff;\">21h | <a style=\"color: #ffffff;\" href=\"https:\/\/g.page\/sescavpaulista?share\" target=\"_blank\" rel=\"noopener noreferrer\">Sesc Avenida Paulista<\/a><\/span><br \/>\n<span style=\"color: #ffffff;\"><a style=\"color: #ffffff;\" href=\"https:\/\/mitsp.org\/2020\/sabado-descontraido\/\">S\u00c1BADO DESCONTRA\u00cdDO<\/a><\/span><\/p>\n<\/div><\/div><\/div><div class=\"fusion-clearfix\"><\/div><\/div><\/div><div class=\"fusion-layout-column fusion_builder_column fusion-builder-column-29 fusion_builder_column_1_1 1_1 fusion-one-full fusion-column-first fusion-column-last\" style=\"margin-top:0px;margin-bottom:0px;\"><div class=\"fusion-column-wrapper fusion-flex-column-wrapper-legacy\" style=\"background-position:left top;background-repeat:no-repeat;-webkit-background-size:cover;-moz-background-size:cover;-o-background-size:cover;background-size:cover;background-color:#a0cf76;border:2px solid #fafafa;padding: 2% 0px 0px 2%;\"><div class=\"fusion-column-content-centered\"><div class=\"fusion-column-content\"><div class=\"fusion-text fusion-text-30\"><p><span style=\"color: #ffffff;\">21h | <a style=\"color: #ffffff;\" href=\"https:\/\/goo.gl\/maps\/v7M7tNe1ApTL9UQq5\" target=\"_blank\" rel=\"noopener noreferrer\">Sesc Pinheiros<\/a><\/span><br \/>\n<span style=\"color: #ffffff;\"><a style=\"color: #ffffff;\" href=\"https:\/\/mitsp.org\/2020\/contos-imorais-parte-1-casa-mae\/\">CONTOS IMORAIS &#8211; PARTE 1: CASA M\u00c3E<br \/>\n<\/a><\/span><\/p>\n<\/div><\/div><\/div><div class=\"fusion-clearfix\"><\/div><\/div><\/div><div class=\"fusion-layout-column fusion_builder_column fusion-builder-column-30 fusion_builder_column_1_1 1_1 fusion-one-full fusion-column-first fusion-column-last\" style=\"margin-top:0px;margin-bottom:0px;\"><div class=\"fusion-column-wrapper fusion-flex-column-wrapper-legacy\" style=\"background-position:left top;background-repeat:no-repeat;-webkit-background-size:cover;-moz-background-size:cover;-o-background-size:cover;background-size:cover;background-color:#a0cf76;border:2px solid #fafafa;padding: 2% 0px 0px 2%;\"><div class=\"fusion-column-content-centered\"><div class=\"fusion-column-content\"><div class=\"fusion-text fusion-text-31\"><p><span style=\"color: #ffffff;\">21h | <a style=\"color: #ffffff;\" href=\"https:\/\/goo.gl\/maps\/AyV4cSTkyzDdaDGJ7\" target=\"_blank\" rel=\"noopener noreferrer\">Teatro Porto Seguro<\/a><\/span><br \/>\n<span style=\"color: #ffffff;\"><a style=\"color: #ffffff;\" href=\"https:\/\/mitsp.org\/2020\/tu-amaras\/\">TU AMAR\u00c1S<\/a><\/span><\/p>\n<\/div><\/div><\/div><div class=\"fusion-clearfix\"><\/div><\/div><\/div><div class=\"fusion-layout-column fusion_builder_column fusion-builder-column-31 fusion_builder_column_1_1 1_1 fusion-one-full fusion-column-first fusion-column-last\" style=\"margin-top:0px;margin-bottom:0px;\"><div class=\"fusion-column-wrapper fusion-flex-column-wrapper-legacy\" style=\"background-position:left top;background-repeat:no-repeat;-webkit-background-size:cover;-moz-background-size:cover;-o-background-size:cover;background-size:cover;background-color:#59473d;border:2px solid #fafafa;padding: 2% 0px 0px 2%;\"><div class=\"fusion-column-content-centered\"><div class=\"fusion-column-content\"><div class=\"fusion-text fusion-text-32\"><p><span style=\"color: #ffffff;\">21h | <a style=\"color: #ffffff;\" href=\"https:\/\/goo.gl\/maps\/Fw47MvcGkcxnxfX66\" target=\"_blank\" rel=\"noopener noreferrer\">Centro Cultural S\u00e3o Paulo<\/a><\/span><br \/>\n<span style=\"color: #ffffff;\"><a style=\"color: #ffffff;\" href=\"https:\/\/mitsp.org\/2020\/o-evangelho-segundo-jesus-rainha-do-ceu-com-jo-clifford\/\">O EVANGELHO SEGUNDO JESUS, RAINHA DO C\u00c9U &#8211; com Jo Clifford<\/a><\/span><\/p>\n<\/div><\/div><\/div><div class=\"fusion-clearfix\"><\/div><\/div><\/div><div class=\"fusion-layout-column fusion_builder_column fusion-builder-column-32 fusion_builder_column_1_1 1_1 fusion-one-full fusion-column-first fusion-column-last\" style=\"margin-top:0px;margin-bottom:0px;\"><div class=\"fusion-column-wrapper fusion-flex-column-wrapper-legacy\" style=\"background-position:left top;background-repeat:no-repeat;-webkit-background-size:cover;-moz-background-size:cover;-o-background-size:cover;background-size:cover;background-color:#9e1f27;border:2px solid #fafafa;padding: 2% 0px 0px 2%;\"><div class=\"fusion-column-content-centered\"><div class=\"fusion-column-content\"><div class=\"fusion-text fusion-text-33\"><p><span style=\"color: #ffffff;\">23h | Concentra\u00e7\u00e3o em frente ao <a style=\"color: #ffffff;\" href=\"https:\/\/goo.gl\/maps\/URYmKCGKeXhegXSm9\" target=\"_blank\" rel=\"noopener noreferrer\">Ita\u00fa Cultural<\/a><\/span><br \/>\n<span style=\"color: #ffffff;\"><a style=\"color: #ffffff;\" href=\"https:\/\/mitsp.org\/2020\/caminhada-noturna-mulheres-em-marcha-meia-noite\/\">PERFORMANCE CAMINHADA NOTURNA: MULHERES EM MARCHA \u00c0 MEIA-NOITE<\/a><\/span><\/p>\n<\/div><\/div><\/div><div class=\"fusion-clearfix\"><\/div><\/div><\/div><\/div><\/div><\/div><div id=\"8marco\"><div class=\"fusion-fullwidth fullwidth-box fusion-builder-row-7 nonhundred-percent-fullwidth non-hundred-percent-height-scrolling\" style=\"background-color: rgba(255,255,255,0);background-position: center center;background-repeat: no-repeat;padding-top:6%;padding-right:0px;padding-bottom:0px;padding-left:0px;margin-bottom: 0px;margin-top: 0px;border-width: 0px 0px 0px 0px;border-color:#eae9e9;border-style:solid;\" ><div class=\"fusion-builder-row fusion-row\"><div class=\"fusion-layout-column fusion_builder_column fusion-builder-column-33 fusion_builder_column_1_1 1_1 fusion-one-full fusion-column-first fusion-column-last\" style=\"margin-top:0px;margin-bottom:0px;\"><div class=\"fusion-column-wrapper fusion-flex-column-wrapper-legacy\" style=\"background-position:left top;background-repeat:no-repeat;-webkit-background-size:cover;-moz-background-size:cover;-o-background-size:cover;background-size:cover;padding: 0px 0px 0px 0px;\"><div class=\"fusion-column-content-centered\"><div class=\"fusion-column-content\"><div class=\"fusion-text fusion-text-34\"><h3><span style=\"color: #ffffff; background-color: #3c3c45; padding: 5px 10px 5px 10px;\">8 DOM<\/span><\/h3>\n<\/div><\/div><\/div><div class=\"fusion-clearfix\"><\/div><\/div><\/div><div class=\"fusion-layout-column fusion_builder_column fusion-builder-column-34 fusion_builder_column_1_1 1_1 fusion-one-full fusion-column-first fusion-column-last\" style=\"margin-top:0px;margin-bottom:0px;\"><div class=\"fusion-column-wrapper fusion-flex-column-wrapper-legacy\" style=\"background-position:left top;background-repeat:no-repeat;-webkit-background-size:cover;-moz-background-size:cover;-o-background-size:cover;background-size:cover;background-color:#e38f27;border:2px solid #fafafa;padding: 2% 0px 0px 2%;\"><div class=\"fusion-column-content-centered\"><div class=\"fusion-column-content\"><div class=\"fusion-text fusion-text-35\"><p><span style=\"color: #ffffff;\">10h30 \u00e0s 12h30 |<a style=\"color: #ffffff;\" href=\"https:\/\/goo.gl\/maps\/URYmKCGKeXhegXSm9\" target=\"_blank\" rel=\"noopener noreferrer\"> Ita\u00fa Cultural<\/a><\/span><br \/>\n<span style=\"color: #ffffff;\"><a style=\"color: #ffffff;\" href=\"https:\/\/mitsp.org\/2020\/lancamento-de-livros\/\">LAN\u00c7AMENTO DE LIVROS<\/a><\/span><\/p>\n<\/div><\/div><\/div><div class=\"fusion-clearfix\"><\/div><\/div><\/div><div class=\"fusion-layout-column fusion_builder_column fusion-builder-column-35 fusion_builder_column_1_1 1_1 fusion-one-full fusion-column-first fusion-column-last\" style=\"margin-top:0px;margin-bottom:0px;\"><div class=\"fusion-column-wrapper fusion-flex-column-wrapper-legacy\" style=\"background-position:left top;background-repeat:no-repeat;-webkit-background-size:cover;-moz-background-size:cover;-o-background-size:cover;background-size:cover;background-color:#e38f27;border:2px solid #fafafa;padding: 2% 0px 0px 2%;\"><div class=\"fusion-column-content-centered\"><div class=\"fusion-column-content\"><div class=\"fusion-text fusion-text-36\"><p><span style=\"color: #ffffff;\">13h30 \u00e0s 15h30 |<a style=\"color: #ffffff;\" href=\"https:\/\/goo.gl\/maps\/URYmKCGKeXhegXSm9\" target=\"_blank\" rel=\"noopener noreferrer\"> Ita\u00fa Cultural<\/a><\/span><br \/>\n<span style=\"color: #ffffff;\"><a style=\"color: #ffffff;\" href=\"https:\/\/mitsp.org\/2020\/wp-content\/uploads\/2020\/02\/jpg-grade_PROGRAMAC%CC%A7A%CC%83O19.jpg\">DEBATE CENA CONTEMPOR NEA: PANORAMAS CR\u00cdTICOS &#8211; MESA 1<\/a><\/span><\/p>\n<\/div><\/div><\/div><div class=\"fusion-clearfix\"><\/div><\/div><\/div><div class=\"fusion-layout-column fusion_builder_column fusion-builder-column-36 fusion_builder_column_1_1 1_1 fusion-one-full fusion-column-first fusion-column-last\" style=\"margin-top:0px;margin-bottom:0px;\"><div class=\"fusion-column-wrapper fusion-flex-column-wrapper-legacy\" style=\"background-position:left top;background-repeat:no-repeat;-webkit-background-size:cover;-moz-background-size:cover;-o-background-size:cover;background-size:cover;background-color:#cb898a;border:2px solid #fafafa;padding: 2% 0px 0px 2%;\"><div class=\"fusion-column-content-centered\"><div class=\"fusion-column-content\"><div class=\"fusion-text fusion-text-37\"><p><span style=\"color: #ffffff;\">14h | <a style=\"color: #ffffff;\" href=\"https:\/\/goo.gl\/maps\/Fw47MvcGkcxnxfX66\" target=\"_blank\" rel=\"noopener noreferrer\">Centro Cultural S\u00e3o Paulo<\/a><\/span><br \/>\n<span style=\"color: #ffffff;\"><a style=\"color: #ffffff;\" href=\"https:\/\/mitsp.org\/2020\/residencia-artistica-com-o-grupo-ingles-quarantine\/\">INSTALA\u00c7\u00c3O PERFORMATIVA OLHO NO OLHO: QUEM CONSEGUE SER VIS\u00cdVEL NA S\u00c3O PAULO DE HOJE?<\/a><\/span><\/p>\n<\/div><\/div><\/div><div class=\"fusion-clearfix\"><\/div><\/div><\/div><div class=\"fusion-layout-column fusion_builder_column fusion-builder-column-37 fusion_builder_column_1_1 1_1 fusion-one-full fusion-column-first fusion-column-last\" style=\"margin-top:0px;margin-bottom:0px;\"><div class=\"fusion-column-wrapper fusion-flex-column-wrapper-legacy\" style=\"background-position:left top;background-repeat:no-repeat;-webkit-background-size:cover;-moz-background-size:cover;-o-background-size:cover;background-size:cover;background-color:#a0cf76;border:2px solid #fafafa;padding: 2% 0px 0px 2%;\"><div class=\"fusion-column-content-centered\"><div class=\"fusion-column-content\"><div class=\"fusion-text fusion-text-38\"><p><span style=\"color: #ffffff;\">16h | <a style=\"color: #ffffff;\" href=\"https:\/\/goo.gl\/maps\/XakWix4eMXzFnnNAA\" target=\"_blank\" rel=\"noopener noreferrer\">Teatro S\u00e9rgio Cardoso<\/a><\/span><br \/>\n<span style=\"color: #ffffff;\"><a style=\"color: #ffffff;\" href=\"https:\/\/mitsp.org\/2020\/orlando\/\">ORLANDO<\/a><\/span><\/p>\n<\/div><\/div><\/div><div class=\"fusion-clearfix\"><\/div><\/div><\/div><div class=\"fusion-layout-column fusion_builder_column fusion-builder-column-38 fusion_builder_column_1_1 1_1 fusion-one-full fusion-column-first fusion-column-last\" style=\"margin-top:0px;margin-bottom:0px;\"><div class=\"fusion-column-wrapper fusion-flex-column-wrapper-legacy\" style=\"background-position:left top;background-repeat:no-repeat;-webkit-background-size:cover;-moz-background-size:cover;-o-background-size:cover;background-size:cover;background-color:#e38f27;border:2px solid #fafafa;padding: 2% 0px 0px 2%;\"><div class=\"fusion-column-content-centered\"><div class=\"fusion-column-content\"><div class=\"fusion-text fusion-text-39\"><p><span style=\"color: #ffffff;\">16h30 \u00e0s 18h30 |<a style=\"color: #ffffff;\" href=\"https:\/\/goo.gl\/maps\/URYmKCGKeXhegXSm9\" target=\"_blank\" rel=\"noopener noreferrer\"> Ita\u00fa Cultural<\/a><\/span><br \/>\n<span style=\"color: #ffffff;\"><a style=\"color: #ffffff;\" href=\"https:\/\/mitsp.org\/2020\/politicas-publicas-para-cultura-confrontacoes-ideologicas\/\">SEMIN\u00c1RIO POL\u00cdTICAS P\u00daBLICAS PARA CULTURA: CONFRONTA\u00c7\u00d5ES IDEOL\u00d3GICAS<\/a><\/span><br \/>\n<a href=\"https:\/\/mitsp.org\/2020\/acervo-de-transmissoes\/\"><img class=\"alignnone wp-image-8886\" src=\"https:\/\/mitsp.org\/2020\/wp-content\/uploads\/2020\/02\/bt-ao-vivo.png\" alt=\"\" width=\"90\" height=\"27\" \/><\/a><\/p>\n<\/div><\/div><\/div><div class=\"fusion-clearfix\"><\/div><\/div><\/div><div class=\"fusion-layout-column fusion_builder_column fusion-builder-column-39 fusion_builder_column_1_1 1_1 fusion-one-full fusion-column-first fusion-column-last\" style=\"margin-top:0px;margin-bottom:0px;\"><div class=\"fusion-column-wrapper fusion-flex-column-wrapper-legacy\" style=\"background-position:left top;background-repeat:no-repeat;-webkit-background-size:cover;-moz-background-size:cover;-o-background-size:cover;background-size:cover;background-color:#a0cf76;border:2px solid #fafafa;padding: 2% 0px 0px 2%;\"><div class=\"fusion-column-content-centered\"><div class=\"fusion-column-content\"><div class=\"fusion-text fusion-text-40\"><p><span style=\"color: #ffffff;\">17h | <a style=\"color: #ffffff;\" href=\"https:\/\/goo.gl\/maps\/URYmKCGKeXhegXSm9\" target=\"_blank\" rel=\"noopener noreferrer\">Ita\u00fa Cultural<\/a><\/span><br \/>\n<span style=\"color: #ffffff;\"><a style=\"color: #ffffff;\" href=\"https:\/\/mitsp.org\/2020\/tenha-cuidado\/\">TENHA CUIDADO<\/a><\/span><\/p>\n<\/div><\/div><\/div><div class=\"fusion-clearfix\"><\/div><\/div><\/div><div class=\"fusion-layout-column fusion_builder_column fusion-builder-column-40 fusion_builder_column_1_1 1_1 fusion-one-full fusion-column-first fusion-column-last\" style=\"margin-top:0px;margin-bottom:0px;\"><div class=\"fusion-column-wrapper fusion-flex-column-wrapper-legacy\" style=\"background-position:left top;background-repeat:no-repeat;-webkit-background-size:cover;-moz-background-size:cover;-o-background-size:cover;background-size:cover;background-color:#a0cf76;border:2px solid #fafafa;padding: 2% 0px 0px 2%;\"><div class=\"fusion-column-content-centered\"><div class=\"fusion-column-content\"><div class=\"fusion-text fusion-text-41\"><p><span style=\"color: #ffffff;\">18h | <a style=\"color: #ffffff;\" href=\"https:\/\/goo.gl\/maps\/v7M7tNe1ApTL9UQq5\" target=\"_blank\" rel=\"noopener noreferrer\">Sesc Pinheiros<\/a><\/span><br \/>\n<span style=\"color: #ffffff;\"><a style=\"color: #ffffff;\" href=\"https:\/\/mitsp.org\/2020\/contos-imorais-parte-1-casa-mae\/\">CONTOS IMORAIS &#8211; PARTE 1: CASA M\u00c3E<br \/>\n<\/a><\/span><\/p>\n<\/div><\/div><\/div><div class=\"fusion-clearfix\"><\/div><\/div><\/div><div class=\"fusion-layout-column fusion_builder_column fusion-builder-column-41 fusion_builder_column_1_1 1_1 fusion-one-full fusion-column-first fusion-column-last\" style=\"margin-top:0px;margin-bottom:0px;\"><div class=\"fusion-column-wrapper fusion-flex-column-wrapper-legacy\" style=\"background-position:left top;background-repeat:no-repeat;-webkit-background-size:cover;-moz-background-size:cover;-o-background-size:cover;background-size:cover;background-color:#a0cf76;border:2px solid #fafafa;padding: 2% 0px 0px 2%;\"><div class=\"fusion-column-content-centered\"><div class=\"fusion-column-content\"><div class=\"fusion-text fusion-text-42\"><p><span style=\"color: #ffffff;\">18h | <a style=\"color: #ffffff;\" href=\"https:\/\/g.page\/sescavpaulista?share\" target=\"_blank\" rel=\"noopener noreferrer\">Sesc Avenida Paulista<\/a><\/span><br \/>\n<span style=\"color: #ffffff;\"><a style=\"color: #ffffff;\" href=\"https:\/\/mitsp.org\/2020\/sabado-descontraido\/\">S\u00c1BADO DESCONTRA\u00cdDO<\/a><\/span><\/p>\n<\/div><\/div><\/div><div class=\"fusion-clearfix\"><\/div><\/div><\/div><div class=\"fusion-layout-column fusion_builder_column fusion-builder-column-42 fusion_builder_column_1_1 1_1 fusion-one-full fusion-column-first fusion-column-last\" style=\"margin-top:0px;margin-bottom:0px;\"><div class=\"fusion-column-wrapper fusion-flex-column-wrapper-legacy\" style=\"background-position:left top;background-repeat:no-repeat;-webkit-background-size:cover;-moz-background-size:cover;-o-background-size:cover;background-size:cover;background-color:#a0cf76;border:2px solid #fafafa;padding: 2% 0px 0px 2%;\"><div class=\"fusion-column-content-centered\"><div class=\"fusion-column-content\"><div class=\"fusion-text fusion-text-43\"><p><span style=\"color: #ffffff;\">18h | <a style=\"color: #ffffff;\" href=\"https:\/\/goo.gl\/maps\/XakWix4eMXzFnnNAA\" target=\"_blank\" rel=\"noopener noreferrer\">Teatro S\u00e9rgio Cardoso<\/a><\/span><br \/>\n<span style=\"color: #ffffff;\"><a style=\"color: #ffffff;\" href=\"https:\/\/mitsp.org\/2020\/orlando\/\">ORLANDO<\/a><\/span><\/p>\n<\/div><\/div><\/div><div class=\"fusion-clearfix\"><\/div><\/div><\/div><div class=\"fusion-layout-column fusion_builder_column fusion-builder-column-43 fusion_builder_column_1_1 1_1 fusion-one-full fusion-column-first fusion-column-last\" style=\"margin-top:0px;margin-bottom:0px;\"><div class=\"fusion-column-wrapper fusion-flex-column-wrapper-legacy\" style=\"background-position:left top;background-repeat:no-repeat;-webkit-background-size:cover;-moz-background-size:cover;-o-background-size:cover;background-size:cover;background-color:#59473d;border:2px solid #fafafa;padding: 2% 0px 0px 2%;\"><div class=\"fusion-column-content-centered\"><div class=\"fusion-column-content\"><div class=\"fusion-text fusion-text-44\"><p><span style=\"color: #ffffff;\">18h30 | <a style=\"color: #ffffff;\" href=\"https:\/\/goo.gl\/maps\/Fw47MvcGkcxnxfX66\" target=\"_blank\" rel=\"noopener noreferrer\">Centro Cultural S\u00e3o Paulo<\/a><\/span><br \/>\n<span style=\"color: #ffffff;\"><a style=\"color: #ffffff;\" href=\"https:\/\/mitsp.org\/2020\/o-evangelho-segundo-jesus-rainha-do-ceu-com-renata-carvalho\/\">O EVANGELHO SEGUNDO JESUS, RAINHA DO C\u00c9U &#8211; com Renata Carvalho<\/a><\/span><\/p>\n<\/div><\/div><\/div><div class=\"fusion-clearfix\"><\/div><\/div><\/div><div class=\"fusion-layout-column fusion_builder_column fusion-builder-column-44 fusion_builder_column_1_1 1_1 fusion-one-full fusion-column-first fusion-column-last\" style=\"margin-top:0px;margin-bottom:0px;\"><div class=\"fusion-column-wrapper fusion-flex-column-wrapper-legacy\" style=\"background-position:left top;background-repeat:no-repeat;-webkit-background-size:cover;-moz-background-size:cover;-o-background-size:cover;background-size:cover;background-color:#a0cf76;border:2px solid #fafafa;padding: 2% 0px 0px 2%;\"><div class=\"fusion-column-content-centered\"><div class=\"fusion-column-content\"><div class=\"fusion-text fusion-text-45\"><p><span style=\"color: #ffffff;\">19h | <a style=\"color: #ffffff;\" href=\"https:\/\/goo.gl\/maps\/URYmKCGKeXhegXSm9\" target=\"_blank\" rel=\"noopener noreferrer\">Ita\u00fa Cultural<\/a><\/span><br \/>\n<span style=\"color: #ffffff;\"><a style=\"color: #ffffff;\" href=\"https:\/\/mitsp.org\/2020\/tenha-cuidado\/\">TENHA CUIDADO<\/a><\/span><\/p>\n<\/div><\/div><\/div><div class=\"fusion-clearfix\"><\/div><\/div><\/div><div class=\"fusion-layout-column fusion_builder_column fusion-builder-column-45 fusion_builder_column_1_1 1_1 fusion-one-full fusion-column-first fusion-column-last\" style=\"margin-top:0px;margin-bottom:0px;\"><div class=\"fusion-column-wrapper fusion-flex-column-wrapper-legacy\" style=\"background-position:left top;background-repeat:no-repeat;-webkit-background-size:cover;-moz-background-size:cover;-o-background-size:cover;background-size:cover;background-color:#a0cf76;border:2px solid #fafafa;padding: 2% 0px 0px 2%;\"><div class=\"fusion-column-content-centered\"><div class=\"fusion-column-content\"><div class=\"fusion-text fusion-text-46\"><p><span style=\"color: #ffffff;\">19h | <a style=\"color: #ffffff;\" href=\"https:\/\/goo.gl\/maps\/ZJBe2tFhvP9Lznem8\" target=\"_blank\" rel=\"noopener noreferrer\">Teatro Cacilda Becker<\/a><\/span><br \/>\n<span style=\"color: #ffffff;\"><a style=\"color: #ffffff;\" href=\"https:\/\/mitsp.org\/2020\/o-que-fazer-daqui-para-tras\/\">O QUE FAZER DAQUI PARA TR\u00c1S<\/a><\/span><\/p>\n<\/div><\/div><\/div><div class=\"fusion-clearfix\"><\/div><\/div><\/div><div class=\"fusion-layout-column fusion_builder_column fusion-builder-column-46 fusion_builder_column_1_1 1_1 fusion-one-full fusion-column-first fusion-column-last\" style=\"margin-top:0px;margin-bottom:0px;\"><div class=\"fusion-column-wrapper fusion-flex-column-wrapper-legacy\" style=\"background-position:left top;background-repeat:no-repeat;-webkit-background-size:cover;-moz-background-size:cover;-o-background-size:cover;background-size:cover;background-color:#e38f27;border:2px solid #fafafa;padding: 2% 0px 0px 2%;\"><div class=\"fusion-column-content-centered\"><div class=\"fusion-column-content\"><div class=\"fusion-text fusion-text-47\"><p><span style=\"color: #ffffff;\">Ap\u00f3s a sess\u00e3o das 19h | <a style=\"color: #ffffff;\" href=\"https:\/\/goo.gl\/maps\/ZJBe2tFhvP9Lznem8\" target=\"_blank\" rel=\"noopener noreferrer\">Teatro Cacilda Becker<\/a><\/span><br \/>\n<span style=\"color: #ffffff;\"><a style=\"color: #ffffff;\" href=\"https:\/\/mitsp.org\/2020\/dialogos-transversais\/\">DI\u00c1LOGOS TRANSVERSAIS O QUE FAZER DAQUI PARA TR\u00c1S<\/a><\/span><\/p>\n<\/div><\/div><\/div><div class=\"fusion-clearfix\"><\/div><\/div><\/div><div class=\"fusion-layout-column fusion_builder_column fusion-builder-column-47 fusion_builder_column_1_1 1_1 fusion-one-full fusion-column-first fusion-column-last\" style=\"margin-top:0px;margin-bottom:0px;\"><div class=\"fusion-column-wrapper fusion-flex-column-wrapper-legacy\" style=\"background-position:left top;background-repeat:no-repeat;-webkit-background-size:cover;-moz-background-size:cover;-o-background-size:cover;background-size:cover;background-color:#a0cf76;border:2px solid #fafafa;padding: 2% 0px 0px 2%;\"><div class=\"fusion-column-content-centered\"><div class=\"fusion-column-content\"><div class=\"fusion-text fusion-text-48\"><p><span style=\"color: #ffffff;\">20h | <a style=\"color: #ffffff;\" href=\"https:\/\/goo.gl\/maps\/AyV4cSTkyzDdaDGJ7\" target=\"_blank\" rel=\"noopener noreferrer\">Teatro Porto Seguro<\/a><\/span><br \/>\n<span style=\"color: #ffffff;\"><a style=\"color: #ffffff;\" href=\"https:\/\/mitsp.org\/2020\/tu-amaras\/\">TU AMAR\u00c1S<\/a><\/span><\/p>\n<\/div><\/div><\/div><div class=\"fusion-clearfix\"><\/div><\/div><\/div><\/div><\/div><\/div><div id=\"9marco\"><div class=\"fusion-fullwidth fullwidth-box fusion-builder-row-8 nonhundred-percent-fullwidth non-hundred-percent-height-scrolling\" style=\"background-color: rgba(255,255,255,0);background-position: center center;background-repeat: no-repeat;padding-top:6%;padding-right:0px;padding-bottom:0px;padding-left:0px;margin-bottom: 0px;margin-top: 0px;border-width: 0px 0px 0px 0px;border-color:#eae9e9;border-style:solid;\" ><div class=\"fusion-builder-row fusion-row\"><div class=\"fusion-layout-column fusion_builder_column fusion-builder-column-48 fusion_builder_column_1_1 1_1 fusion-one-full fusion-column-first fusion-column-last\" style=\"margin-top:0px;margin-bottom:0px;\"><div class=\"fusion-column-wrapper fusion-flex-column-wrapper-legacy\" style=\"background-position:left top;background-repeat:no-repeat;-webkit-background-size:cover;-moz-background-size:cover;-o-background-size:cover;background-size:cover;padding: 0px 0px 0px 0px;\"><div class=\"fusion-column-content-centered\"><div class=\"fusion-column-content\"><div class=\"fusion-text fusion-text-49\"><h3><span style=\"color: #ffffff; background-color: #3c3c45; padding: 5px 10px 5px 10px;\">9 SEG<\/span><\/h3>\n<\/div><\/div><\/div><div class=\"fusion-clearfix\"><\/div><\/div><\/div><div class=\"fusion-layout-column fusion_builder_column fusion-builder-column-49 fusion_builder_column_1_1 1_1 fusion-one-full fusion-column-first fusion-column-last\" style=\"margin-top:0px;margin-bottom:0px;\"><div class=\"fusion-column-wrapper fusion-flex-column-wrapper-legacy\" style=\"background-position:left top;background-repeat:no-repeat;-webkit-background-size:cover;-moz-background-size:cover;-o-background-size:cover;background-size:cover;background-color:#cb898a;border:2px solid #fafafa;padding: 2% 0px 0px 2%;\"><div class=\"fusion-column-content-centered\"><div class=\"fusion-column-content\"><div class=\"fusion-text fusion-text-50\"><p><span style=\"color: #ffffff;\">11h \u00e0s 13h | <a style=\"color: #ffffff;\" href=\"https:\/\/goo.gl\/maps\/1TY3EeJW9mKejwGV9\" target=\"_blank\" rel=\"noopener noreferrer\">Oficina Cultural Oswald de Andrade<\/a><\/span><br \/>\n<span style=\"color: #ffffff;\"><a style=\"color: #ffffff;\" href=\"https:\/\/mitsp.org\/2020\/conversa-performatica-o-que-eu-sou-nao-fui-sozinho\/\">CONVERSA PERFORM\u00c1TICA O QUE EU SOU N\u00c3O FUI SOZINHO<\/a><\/span><\/p>\n<\/div><\/div><\/div><div class=\"fusion-clearfix\"><\/div><\/div><\/div><div class=\"fusion-layout-column fusion_builder_column fusion-builder-column-50 fusion_builder_column_1_1 1_1 fusion-one-full fusion-column-first fusion-column-last\" style=\"margin-top:0px;margin-bottom:0px;\"><div class=\"fusion-column-wrapper fusion-flex-column-wrapper-legacy\" style=\"background-position:left top;background-repeat:no-repeat;-webkit-background-size:cover;-moz-background-size:cover;-o-background-size:cover;background-size:cover;background-color:#9e1f27;border:2px solid #fafafa;padding: 2% 0px 0px 2%;\"><div class=\"fusion-column-content-centered\"><div class=\"fusion-column-content\"><div class=\"fusion-text fusion-text-51\"><p><span style=\"color: #ffffff;\">13h30 \u00e0s 15h30 | <a style=\"color: #ffffff;\" href=\"https:\/\/goo.gl\/maps\/URYmKCGKeXhegXSm9\" target=\"_blank\" rel=\"noopener noreferrer\">Ita\u00fa Cultural<\/a><\/span><br \/>\n<span style=\"color: #ffffff;\"><a style=\"color: #ffffff;\" href=\"https:\/\/mitsp.org\/2020\/homenagem-francisco-medeiros\/\">ENCONTRO HOMENAGEM A FRANCISCO MEDEIROS<\/a><\/span><\/p>\n<\/div><\/div><\/div><div class=\"fusion-clearfix\"><\/div><\/div><\/div><div class=\"fusion-layout-column fusion_builder_column fusion-builder-column-51 fusion_builder_column_1_1 1_1 fusion-one-full fusion-column-first fusion-column-last\" style=\"margin-top:0px;margin-bottom:0px;\"><div class=\"fusion-column-wrapper fusion-flex-column-wrapper-legacy\" style=\"background-position:left top;background-repeat:no-repeat;-webkit-background-size:cover;-moz-background-size:cover;-o-background-size:cover;background-size:cover;background-color:#e38f27;border:2px solid #fafafa;padding: 2% 0px 0px 2%;\"><div class=\"fusion-column-content-centered\"><div class=\"fusion-column-content\"><div class=\"fusion-text fusion-text-52\"><p><span style=\"color: #ffffff;\">16h \u00e0s 18h | <a style=\"color: #ffffff;\" href=\"https:\/\/goo.gl\/maps\/URYmKCGKeXhegXSm9\" target=\"_blank\" rel=\"noopener noreferrer\">Ita\u00fa Cultural<\/a><\/span><br \/>\n<span style=\"color: #ffffff;\"><a style=\"color: #ffffff;\" href=\"https:\/\/mitsp.org\/2020\/contra-o-teatro-politico\/\">MASTERCLASS CONTRA O TEATRO POL\u00cdTICO<\/a><\/span><br \/>\n<a href=\"https:\/\/mitsp.org\/2020\/acervo-de-transmissoes\/\"><img class=\"alignnone wp-image-8886\" src=\"https:\/\/mitsp.org\/2020\/wp-content\/uploads\/2020\/02\/bt-ao-vivo.png\" alt=\"\" width=\"90\" height=\"27\" \/><\/a><\/p>\n<\/div><\/div><\/div><div class=\"fusion-clearfix\"><\/div><\/div><\/div><div class=\"fusion-layout-column fusion_builder_column fusion-builder-column-52 fusion_builder_column_1_1 1_1 fusion-one-full fusion-column-first fusion-column-last\" style=\"margin-top:0px;margin-bottom:0px;\"><div class=\"fusion-column-wrapper fusion-flex-column-wrapper-legacy\" style=\"background-position:left top;background-repeat:no-repeat;-webkit-background-size:cover;-moz-background-size:cover;-o-background-size:cover;background-size:cover;background-color:#e38f27;border:2px solid #fafafa;padding: 2% 0px 0px 2%;\"><div class=\"fusion-column-content-centered\"><div class=\"fusion-column-content\"><div class=\"fusion-text fusion-text-53\"><p><span style=\"color: #ffffff;\">19h \u00e0s 21h | <a style=\"color: #ffffff;\" href=\"https:\/\/goo.gl\/maps\/URYmKCGKeXhegXSm9\" target=\"_blank\" rel=\"noopener noreferrer\">Ita\u00fa Cultural<\/a><\/span><br \/>\n<span style=\"color: #ffffff;\"><a style=\"color: #ffffff;\" href=\"https:\/\/mitsp.org\/2020\/entrevista-publica-com-tiago-rodrigues\/\">ENTREVISTA P\u00daBLICA TIAGO RODRIGUES<\/a><\/span><\/p>\n<\/div><\/div><\/div><div class=\"fusion-clearfix\"><\/div><\/div><\/div><div class=\"fusion-layout-column fusion_builder_column fusion-builder-column-53 fusion_builder_column_1_1 1_1 fusion-one-full fusion-column-first fusion-column-last\" style=\"margin-top:0px;margin-bottom:0px;\"><div class=\"fusion-column-wrapper fusion-flex-column-wrapper-legacy\" style=\"background-position:left top;background-repeat:no-repeat;-webkit-background-size:cover;-moz-background-size:cover;-o-background-size:cover;background-size:cover;background-color:#a0cf76;border:2px solid #fafafa;padding: 2% 0px 0px 2%;\"><div class=\"fusion-column-content-centered\"><div class=\"fusion-column-content\"><div class=\"fusion-text fusion-text-54\"><p><span style=\"color: #ffffff;\">19h | <a style=\"color: #ffffff;\" href=\"https:\/\/goo.gl\/maps\/XakWix4eMXzFnnNAA\" target=\"_blank\" rel=\"noopener noreferrer\">Teatro S\u00e9rgio Cardoso<\/a><\/span><br \/>\n<span style=\"color: #ffffff;\"><a style=\"color: #ffffff;\" href=\"https:\/\/mitsp.org\/2020\/babaca\/\">JERK (BABACA)<\/a><\/span><\/p>\n<\/div><\/div><\/div><div class=\"fusion-clearfix\"><\/div><\/div><\/div><div class=\"fusion-layout-column fusion_builder_column fusion-builder-column-54 fusion_builder_column_1_1 1_1 fusion-one-full fusion-column-first fusion-column-last\" style=\"margin-top:0px;margin-bottom:0px;\"><div class=\"fusion-column-wrapper fusion-flex-column-wrapper-legacy\" style=\"background-position:left top;background-repeat:no-repeat;-webkit-background-size:cover;-moz-background-size:cover;-o-background-size:cover;background-size:cover;background-color:#a0cf76;border:2px solid #fafafa;padding: 2% 0px 0px 2%;\"><div class=\"fusion-column-content-centered\"><div class=\"fusion-column-content\"><div class=\"fusion-text fusion-text-55\"><p><span style=\"color: #ffffff;\">19h | <a style=\"color: #ffffff;\" href=\"https:\/\/goo.gl\/maps\/ZJBe2tFhvP9Lznem8\" target=\"_blank\" rel=\"noopener noreferrer\">Teatro Cacilda Becker<\/a><\/span><br \/>\n<span style=\"color: #ffffff;\"><a style=\"color: #ffffff;\" href=\"https:\/\/mitsp.org\/2020\/o-que-fazer-daqui-para-tras\/\">O QUE FAZER DAQUI PARA TR\u00c1S<\/a><\/span><\/p>\n<\/div><\/div><\/div><div class=\"fusion-clearfix\"><\/div><\/div><\/div><\/div><\/div><\/div><div id=\"10marco\"><div class=\"fusion-fullwidth fullwidth-box fusion-builder-row-9 nonhundred-percent-fullwidth non-hundred-percent-height-scrolling\" style=\"background-color: rgba(255,255,255,0);background-position: center center;background-repeat: no-repeat;padding-top:6%;padding-right:0px;padding-bottom:0px;padding-left:0px;margin-bottom: 0px;margin-top: 0px;border-width: 0px 0px 0px 0px;border-color:#eae9e9;border-style:solid;\" ><div class=\"fusion-builder-row fusion-row\"><div class=\"fusion-layout-column fusion_builder_column fusion-builder-column-55 fusion_builder_column_1_1 1_1 fusion-one-full fusion-column-first fusion-column-last\" style=\"margin-top:0px;margin-bottom:0px;\"><div class=\"fusion-column-wrapper fusion-flex-column-wrapper-legacy\" style=\"background-position:left top;background-repeat:no-repeat;-webkit-background-size:cover;-moz-background-size:cover;-o-background-size:cover;background-size:cover;padding: 0px 0px 0px 0px;\"><div class=\"fusion-column-content-centered\"><div class=\"fusion-column-content\"><div class=\"fusion-text fusion-text-56\"><h3><span style=\"color: #ffffff; background-color: #3c3c45; padding: 5px 10px 5px 10px;\">10 TER<\/span><\/h3>\n<\/div><\/div><\/div><div class=\"fusion-clearfix\"><\/div><\/div><\/div><div class=\"fusion-layout-column fusion_builder_column fusion-builder-column-56 fusion_builder_column_1_1 1_1 fusion-one-full fusion-column-first fusion-column-last\" style=\"margin-top:0px;margin-bottom:0px;\"><div class=\"fusion-column-wrapper fusion-flex-column-wrapper-legacy\" style=\"background-position:left top;background-repeat:no-repeat;-webkit-background-size:cover;-moz-background-size:cover;-o-background-size:cover;background-size:cover;background-color:#cb898a;border:2px solid #fafafa;padding: 2% 0px 0px 2%;\"><div class=\"fusion-column-content-centered\"><div class=\"fusion-column-content\"><div class=\"fusion-text fusion-text-57\"><p><span style=\"color: #ffffff;\">10h \u00e0s 13h | <a style=\"color: #ffffff;\" href=\"https:\/\/goo.gl\/maps\/QTkxCdvUGy4VddGH8\" target=\"_blank\" rel=\"noopener noreferrer\">Centro Cultural S\u00e3o Paulo<\/a><\/span><br \/>\n<span style=\"color: #ffffff;\"><a style=\"color: #ffffff;\" href=\"https:\/\/mitsp.org\/2020\/oficina-de-afetos-sequercombina\/\">ENCONTRA OFICINA DE AFETOS #SEQUERCOMBINA<\/a><\/span><\/p>\n<\/div><\/div><\/div><div class=\"fusion-clearfix\"><\/div><\/div><\/div><div class=\"fusion-layout-column fusion_builder_column fusion-builder-column-57 fusion_builder_column_1_1 1_1 fusion-one-full fusion-column-first fusion-column-last\" style=\"margin-top:0px;margin-bottom:0px;\"><div class=\"fusion-column-wrapper fusion-flex-column-wrapper-legacy\" style=\"background-position:left top;background-repeat:no-repeat;-webkit-background-size:cover;-moz-background-size:cover;-o-background-size:cover;background-size:cover;background-color:#cb898a;border:2px solid #fafafa;padding: 2% 0px 0px 2%;\"><div class=\"fusion-column-content-centered\"><div class=\"fusion-column-content\"><div class=\"fusion-text fusion-text-58\"><p><span style=\"color: #ffffff;\">11h \u00e0s 13h | <a style=\"color: #ffffff;\" href=\"https:\/\/g.page\/teatrodausp?share\" target=\"_blank\" rel=\"noopener noreferrer\">Tusp<\/a><\/span><br \/>\n<span style=\"color: #ffffff;\"><a style=\"color: #ffffff;\" href=\"https:\/\/mitsp.org\/2020\/escritas-de-si-feminismo-performance-e-politica\/\">RODA DE CONVERSA ESCRITAS DE SI: FEMINISMO, PERFORMANCE E POL\u00cdTICA<\/a><\/span><\/p>\n<\/div><\/div><\/div><div class=\"fusion-clearfix\"><\/div><\/div><\/div><div class=\"fusion-layout-column fusion_builder_column fusion-builder-column-58 fusion_builder_column_1_1 1_1 fusion-one-full fusion-column-first fusion-column-last\" style=\"margin-top:0px;margin-bottom:0px;\"><div class=\"fusion-column-wrapper fusion-flex-column-wrapper-legacy\" style=\"background-position:left top;background-repeat:no-repeat;-webkit-background-size:cover;-moz-background-size:cover;-o-background-size:cover;background-size:cover;background-color:#cb898a;border:2px solid #fafafa;padding: 2% 0px 0px 2%;\"><div class=\"fusion-column-content-centered\"><div class=\"fusion-column-content\"><div class=\"fusion-text fusion-text-59\"><p><span style=\"color: #ffffff;\">14h \u00e0s 17h | <a style=\"color: #ffffff;\" href=\"https:\/\/goo.gl\/maps\/Fw47MvcGkcxnxfX66\" target=\"_blank\" rel=\"noopener noreferrer\">Centro Cultural S\u00e3o Paulo<\/a><\/span><br \/>\n<span style=\"color: #ffffff;\"><a style=\"color: #ffffff;\" href=\"https:\/\/mitsp.org\/2020\/roda-de-conversa-pedagogias-de-transicao\/\">ENCONTRA RODA DE CONVERSA: PEDAGOGIAS DE TRANSI\u00c7\u00c3O<\/a><\/span><\/p>\n<\/div><\/div><\/div><div class=\"fusion-clearfix\"><\/div><\/div><\/div><div class=\"fusion-layout-column fusion_builder_column fusion-builder-column-59 fusion_builder_column_1_1 1_1 fusion-one-full fusion-column-first fusion-column-last\" style=\"margin-top:0px;margin-bottom:0px;\"><div class=\"fusion-column-wrapper fusion-flex-column-wrapper-legacy\" style=\"background-position:left top;background-repeat:no-repeat;-webkit-background-size:cover;-moz-background-size:cover;-o-background-size:cover;background-size:cover;background-color:#cb898a;border:2px solid #fafafa;padding: 2% 0px 0px 2%;\"><div class=\"fusion-column-content-centered\"><div class=\"fusion-column-content\"><div class=\"fusion-text fusion-text-60\"><p><span style=\"color: #ffffff;\">17h \u00e0s 18h | <a style=\"color: #ffffff;\" href=\"https:\/\/goo.gl\/maps\/Fw47MvcGkcxnxfX66\" target=\"_blank\" rel=\"noopener noreferrer\">Centro Cultural S\u00e3o Paulo<\/a><\/span><br \/>\n<span style=\"color: #ffffff;\"><a style=\"color: #ffffff;\" href=\"https:\/\/mitsp.org\/2020\/performance-amamenta-se-zeus-leite-de-picadura-zangao-nao-faz-mel-mas-tambem-nao-mama\/\">ENCONTRA PERFORMANCE: AMAMENTA-SE ZEUS LEITE DE PICADURA; ZANG\u00c3O N\u00c3O FAZ MEL, MAS TAMB\u00c9M N\u00c3O MAMA<\/a><\/span><\/p>\n<\/div><\/div><\/div><div class=\"fusion-clearfix\"><\/div><\/div><\/div><div class=\"fusion-layout-column fusion_builder_column fusion-builder-column-60 fusion_builder_column_1_1 1_1 fusion-one-full fusion-column-first fusion-column-last\" style=\"margin-top:0px;margin-bottom:0px;\"><div class=\"fusion-column-wrapper fusion-flex-column-wrapper-legacy\" style=\"background-position:left top;background-repeat:no-repeat;-webkit-background-size:cover;-moz-background-size:cover;-o-background-size:cover;background-size:cover;background-color:#a0cf76;border:2px solid #fafafa;padding: 2% 0px 0px 2%;\"><div class=\"fusion-column-content-centered\"><div class=\"fusion-column-content\"><div class=\"fusion-text fusion-text-61\"><p><span style=\"color: #ffffff;\">19h | <a style=\"color: #ffffff;\" href=\"https:\/\/goo.gl\/maps\/XakWix4eMXzFnnNAA\" target=\"_blank\" rel=\"noopener noreferrer\">Teatro S\u00e9rgio Cardoso<\/a><\/span><br \/>\n<span style=\"color: #ffffff;\"><a style=\"color: #ffffff;\" href=\"https:\/\/mitsp.org\/2020\/babaca\/\">JERK (BABACA)<\/a><\/span><\/p>\n<\/div><\/div><\/div><div class=\"fusion-clearfix\"><\/div><\/div><\/div><div class=\"fusion-layout-column fusion_builder_column fusion-builder-column-61 fusion_builder_column_1_1 1_1 fusion-one-full fusion-column-first fusion-column-last\" style=\"margin-top:0px;margin-bottom:0px;\"><div class=\"fusion-column-wrapper fusion-flex-column-wrapper-legacy\" style=\"background-position:left top;background-repeat:no-repeat;-webkit-background-size:cover;-moz-background-size:cover;-o-background-size:cover;background-size:cover;background-color:#a0cf76;border:2px solid #fafafa;padding: 2% 0px 0px 2%;\"><div class=\"fusion-column-content-centered\"><div class=\"fusion-column-content\"><div class=\"fusion-text fusion-text-62\"><p><span style=\"color: #ffffff;\">21h | <a style=\"color: #ffffff;\" href=\"https:\/\/goo.gl\/maps\/uoo9Dj2V1purkzqMA\" target=\"_blank\" rel=\"noopener noreferrer\">Teatro Faap<\/a><\/span><br \/>\n<span style=\"color: #ffffff;\"><a style=\"color: #ffffff;\" href=\"https:\/\/mitsp.org\/2020\/by-heart\/\">BY HEART<\/a><\/span><\/p>\n<\/div><\/div><\/div><div class=\"fusion-clearfix\"><\/div><\/div><\/div><div class=\"fusion-layout-column fusion_builder_column fusion-builder-column-62 fusion_builder_column_1_1 1_1 fusion-one-full fusion-column-first fusion-column-last\" style=\"margin-top:0px;margin-bottom:0px;\"><div class=\"fusion-column-wrapper fusion-flex-column-wrapper-legacy\" style=\"background-position:left top;background-repeat:no-repeat;-webkit-background-size:cover;-moz-background-size:cover;-o-background-size:cover;background-size:cover;background-color:#a0cf76;border:2px solid #fafafa;padding: 2% 0px 0px 2%;\"><div class=\"fusion-column-content-centered\"><div class=\"fusion-column-content\"><div class=\"fusion-text fusion-text-63\"><p><span style=\"color: #ffffff;\">21h | <a style=\"color: #ffffff;\" href=\"https:\/\/goo.gl\/maps\/Q1h5awoGPHB7iQBHA\" target=\"_blank\" rel=\"noopener noreferrer\">Teatro Cultura Inglesa Pinheiros<\/a><\/span><br \/>\n<span style=\"color: #ffffff;\"><a style=\"color: #ffffff;\" href=\"https:\/\/mitsp.org\/2020\/o-pedido\/\">O PEDIDO<\/a><\/span><\/p>\n<\/div><\/div><\/div><div class=\"fusion-clearfix\"><\/div><\/div><\/div><\/div><\/div><\/div><div id=\"11marco\"><div class=\"fusion-fullwidth fullwidth-box fusion-builder-row-10 nonhundred-percent-fullwidth non-hundred-percent-height-scrolling\" style=\"background-color: rgba(255,255,255,0);background-position: center center;background-repeat: no-repeat;padding-top:6%;padding-right:0px;padding-bottom:0px;padding-left:0px;margin-bottom: 0px;margin-top: 0px;border-width: 0px 0px 0px 0px;border-color:#eae9e9;border-style:solid;\" ><div class=\"fusion-builder-row fusion-row\"><div class=\"fusion-layout-column fusion_builder_column fusion-builder-column-63 fusion_builder_column_1_1 1_1 fusion-one-full fusion-column-first fusion-column-last\" style=\"margin-top:0px;margin-bottom:0px;\"><div class=\"fusion-column-wrapper fusion-flex-column-wrapper-legacy\" style=\"background-position:left top;background-repeat:no-repeat;-webkit-background-size:cover;-moz-background-size:cover;-o-background-size:cover;background-size:cover;padding: 0px 0px 0px 0px;\"><div class=\"fusion-column-content-centered\"><div class=\"fusion-column-content\"><div class=\"fusion-text fusion-text-64\"><h3><span style=\"color: #ffffff; background-color: #3c3c45; padding: 5px 10px 5px 10px;\">11 QUA<\/span><\/h3>\n<\/div><\/div><\/div><div class=\"fusion-clearfix\"><\/div><\/div><\/div><div class=\"fusion-layout-column fusion_builder_column fusion-builder-column-64 fusion_builder_column_1_1 1_1 fusion-one-full fusion-column-first fusion-column-last\" style=\"margin-top:0px;margin-bottom:0px;\"><div class=\"fusion-column-wrapper fusion-flex-column-wrapper-legacy\" style=\"background-position:left top;background-repeat:no-repeat;-webkit-background-size:cover;-moz-background-size:cover;-o-background-size:cover;background-size:cover;background-color:#cb898a;border:2px solid #fafafa;padding: 2% 0px 0px 2%;\"><div class=\"fusion-column-content-centered\"><div class=\"fusion-column-content\"><div class=\"fusion-text fusion-text-65\"><p><span style=\"color: #ffffff;\">10h \u00e0s 13h | <a style=\"color: #ffffff;\" href=\"https:\/\/goo.gl\/maps\/QTkxCdvUGy4VddGH8\" target=\"_blank\" rel=\"noopener noreferrer\">Centro Cultural S\u00e3o Paulo<\/a><\/span><br \/>\n<span style=\"color: #ffffff;\"><a style=\"color: #ffffff;\" href=\"https:\/\/mitsp.org\/2020\/oficina-de-afetos-sequercombina\/\">ENCONTRA OFICINA DE AFETOS #SEQUERCOMBINA<\/a><\/span><\/p>\n<\/div><\/div><\/div><div class=\"fusion-clearfix\"><\/div><\/div><\/div><div class=\"fusion-layout-column fusion_builder_column fusion-builder-column-65 fusion_builder_column_1_1 1_1 fusion-one-full fusion-column-first fusion-column-last\" style=\"margin-top:0px;margin-bottom:0px;\"><div class=\"fusion-column-wrapper fusion-flex-column-wrapper-legacy\" style=\"background-position:left top;background-repeat:no-repeat;-webkit-background-size:cover;-moz-background-size:cover;-o-background-size:cover;background-size:cover;background-color:#cb898a;border:2px solid #fafafa;padding: 2% 0px 0px 2%;\"><div class=\"fusion-column-content-centered\"><div class=\"fusion-column-content\"><div class=\"fusion-text fusion-text-66\"><p><span style=\"color: #ffffff;\">14h \u00e0s 15h | <a style=\"color: #ffffff;\" href=\"https:\/\/goo.gl\/maps\/QTkxCdvUGy4VddGH8\" target=\"_blank\" rel=\"noopener noreferrer\">Centro Cultural S\u00e3o Paulo<\/a><\/span><br \/>\n<span style=\"color: #ffffff;\"><a style=\"color: #ffffff;\" href=\"https:\/\/mitsp.org\/2020\/esquete-de-teatra-gota-trava\/\">ENCONTRA ESQUETE DE TEATRA GOTA TRAVA<\/a><\/span><\/p>\n<\/div><\/div><\/div><div class=\"fusion-clearfix\"><\/div><\/div><\/div><div class=\"fusion-layout-column fusion_builder_column fusion-builder-column-66 fusion_builder_column_1_1 1_1 fusion-one-full fusion-column-first fusion-column-last\" style=\"margin-top:0px;margin-bottom:0px;\"><div class=\"fusion-column-wrapper fusion-flex-column-wrapper-legacy\" style=\"background-position:left top;background-repeat:no-repeat;-webkit-background-size:cover;-moz-background-size:cover;-o-background-size:cover;background-size:cover;background-color:#cb898a;border:2px solid #fafafa;padding: 2% 0px 0px 2%;\"><div class=\"fusion-column-content-centered\"><div class=\"fusion-column-content\"><div class=\"fusion-text fusion-text-67\"><p><span style=\"color: #ffffff;\">15h \u00e0s 18h | <a style=\"color: #ffffff;\" href=\"https:\/\/goo.gl\/maps\/QTkxCdvUGy4VddGH8\" target=\"_blank\" rel=\"noopener noreferrer\">Centro Cultural S\u00e3o Paulo<\/a><\/span><br \/>\n<span style=\"color: #ffffff;\"><a style=\"color: #ffffff;\" href=\"https:\/\/mitsp.org\/2020\/sarara-trans\/\">ENCONTRA SARAR\u00c1 TRANS<\/a><\/span><\/p>\n<\/div><\/div><\/div><div class=\"fusion-clearfix\"><\/div><\/div><\/div><div class=\"fusion-layout-column fusion_builder_column fusion-builder-column-67 fusion_builder_column_1_1 1_1 fusion-one-full fusion-column-first fusion-column-last\" style=\"margin-top:0px;margin-bottom:0px;\"><div class=\"fusion-column-wrapper fusion-flex-column-wrapper-legacy\" style=\"background-position:left top;background-repeat:no-repeat;-webkit-background-size:cover;-moz-background-size:cover;-o-background-size:cover;background-size:cover;background-color:#9e1f27;border:2px solid #fafafa;padding: 2% 0px 0px 2%;\"><div class=\"fusion-column-content-centered\"><div class=\"fusion-column-content\"><div class=\"fusion-text fusion-text-68\"><p><span style=\"color: #ffffff;\">17h \u00e0s 19h |<a style=\"color: #ffffff;\" href=\"https:\/\/goo.gl\/maps\/URYmKCGKeXhegXSm9\"> Ita\u00fa Cultural<\/a><\/span><br \/>\n<span style=\"color: #ffffff;\"><a style=\"color: #ffffff;\" href=\"https:\/\/mitsp.org\/2020\/o-espectador-e-leitura-da-cena\/\">DEBATE O ESPECTADOR E A LEITURA DA CENA<\/a><\/span><\/p>\n<\/div><\/div><\/div><div class=\"fusion-clearfix\"><\/div><\/div><\/div><div class=\"fusion-layout-column fusion_builder_column fusion-builder-column-68 fusion_builder_column_1_1 1_1 fusion-one-full fusion-column-first fusion-column-last\" style=\"margin-top:0px;margin-bottom:0px;\"><div class=\"fusion-column-wrapper fusion-flex-column-wrapper-legacy\" style=\"background-position:left top;background-repeat:no-repeat;-webkit-background-size:cover;-moz-background-size:cover;-o-background-size:cover;background-size:cover;background-color:#81675b;border:2px solid #fafafa;padding: 2% 0px 0px 2%;\"><div class=\"fusion-column-content-centered\"><div class=\"fusion-column-content\"><div class=\"fusion-text fusion-text-69\"><p><span style=\"color: #ffffff;\">18h | <a style=\"color: #ffffff;\" href=\"https:\/\/goo.gl\/maps\/tTpJtZLqzZewp6i46\" target=\"_blank\" rel=\"noopener noreferrer\">Teatro Sesi SP<\/a><\/span><br \/>\n<span style=\"color: #ffffff;\"><a style=\"color: #ffffff;\" href=\"https:\/\/mitsp.org\/2020\/gota-dagua-preta\/\">GOTA D\u2019\u00c1GUA {PRETA}<\/a><\/span><\/p>\n<\/div><\/div><\/div><div class=\"fusion-clearfix\"><\/div><\/div><\/div><div class=\"fusion-layout-column fusion_builder_column fusion-builder-column-69 fusion_builder_column_1_1 1_1 fusion-one-full fusion-column-first fusion-column-last\" style=\"margin-top:0px;margin-bottom:0px;\"><div class=\"fusion-column-wrapper fusion-flex-column-wrapper-legacy\" style=\"background-position:left top;background-repeat:no-repeat;-webkit-background-size:cover;-moz-background-size:cover;-o-background-size:cover;background-size:cover;background-color:#a0cf76;border:2px solid #fafafa;padding: 2% 0px 0px 2%;\"><div class=\"fusion-column-content-centered\"><div class=\"fusion-column-content\"><div class=\"fusion-text fusion-text-70\"><p><span style=\"color: #ffffff;\">19h | <a style=\"color: #ffffff;\" href=\"https:\/\/goo.gl\/maps\/XakWix4eMXzFnnNAA\" target=\"_blank\" rel=\"noopener noreferrer\">Teatro S\u00e9rgio Cardoso<\/a><\/span><br \/>\n<span style=\"color: #ffffff;\"><a style=\"color: #ffffff;\" href=\"https:\/\/mitsp.org\/2020\/babaca\/\">JERK (BABACA)<\/a><\/span><\/p>\n<\/div><\/div><\/div><div class=\"fusion-clearfix\"><\/div><\/div><\/div><div class=\"fusion-layout-column fusion_builder_column fusion-builder-column-70 fusion_builder_column_1_1 1_1 fusion-one-full fusion-column-first fusion-column-last\" style=\"margin-top:0px;margin-bottom:0px;\"><div class=\"fusion-column-wrapper fusion-flex-column-wrapper-legacy\" style=\"background-position:left top;background-repeat:no-repeat;-webkit-background-size:cover;-moz-background-size:cover;-o-background-size:cover;background-size:cover;background-color:#81675b;border:2px solid #fafafa;padding: 2% 0px 0px 2%;\"><div class=\"fusion-column-content-centered\"><div class=\"fusion-column-content\"><div class=\"fusion-text fusion-text-71\"><p><span style=\"color: #ffffff;\">20h | <a style=\"color: #ffffff;\" href=\"https:\/\/goo.gl\/maps\/ZJBe2tFhvP9Lznem8\" target=\"_blank\" rel=\"noopener noreferrer\">Teatro Cacilda Becker<\/a><\/span><br \/>\n<span style=\"color: #ffffff;\"><a style=\"color: #ffffff;\" href=\"https:\/\/mitsp.org\/2020\/stabat-mater\/\">STABAT MATER<\/a><\/span><\/p>\n<\/div><\/div><\/div><div class=\"fusion-clearfix\"><\/div><\/div><\/div><div class=\"fusion-layout-column fusion_builder_column fusion-builder-column-71 fusion_builder_column_1_1 1_1 fusion-one-full fusion-column-first fusion-column-last\" style=\"margin-top:0px;margin-bottom:0px;\"><div class=\"fusion-column-wrapper fusion-flex-column-wrapper-legacy\" style=\"background-position:left top;background-repeat:no-repeat;-webkit-background-size:cover;-moz-background-size:cover;-o-background-size:cover;background-size:cover;background-color:#e38f27;border:2px solid #fafafa;padding: 2% 0px 0px 2%;\"><div class=\"fusion-column-content-centered\"><div class=\"fusion-column-content\"><div class=\"fusion-text fusion-text-72\"><p><span style=\"color: #ffffff;\">Ap\u00f3s a sess\u00e3o das 20h | <a style=\"color: #ffffff;\" href=\"https:\/\/goo.gl\/maps\/ZJBe2tFhvP9Lznem8\">Teatro Cacilda Becker<\/a><\/span><br \/>\n<span style=\"color: #ffffff;\"><a style=\"color: #ffffff;\" href=\"https:\/\/mitsp.org\/2020\/dialogos-transversais\/\">DI\u00c1LOGOS TRANSVERSAIS STABAT MATER<\/a><\/span><\/p>\n<\/div><\/div><\/div><div class=\"fusion-clearfix\"><\/div><\/div><\/div><div class=\"fusion-layout-column fusion_builder_column fusion-builder-column-72 fusion_builder_column_1_1 1_1 fusion-one-full fusion-column-first fusion-column-last\" style=\"margin-top:0px;margin-bottom:0px;\"><div class=\"fusion-column-wrapper fusion-flex-column-wrapper-legacy\" style=\"background-position:left top;background-repeat:no-repeat;-webkit-background-size:cover;-moz-background-size:cover;-o-background-size:cover;background-size:cover;background-color:#a0cf76;border:2px solid #fafafa;padding: 2% 0px 0px 2%;\"><div class=\"fusion-column-content-centered\"><div class=\"fusion-column-content\"><div class=\"fusion-text fusion-text-73\"><p><span style=\"color: #ffffff;\">21h | <a style=\"color: #ffffff;\" href=\"https:\/\/goo.gl\/maps\/uoo9Dj2V1purkzqMA\" target=\"_blank\" rel=\"noopener noreferrer\">Teatro Faap<\/a><\/span><br \/>\n<span style=\"color: #ffffff;\"><a style=\"color: #ffffff;\" href=\"https:\/\/mitsp.org\/2020\/by-heart\/\">BY HEART<\/a><\/span><\/p>\n<\/div><\/div><\/div><div class=\"fusion-clearfix\"><\/div><\/div><\/div><div class=\"fusion-layout-column fusion_builder_column fusion-builder-column-73 fusion_builder_column_1_1 1_1 fusion-one-full fusion-column-first fusion-column-last\" style=\"margin-top:0px;margin-bottom:0px;\"><div class=\"fusion-column-wrapper fusion-flex-column-wrapper-legacy\" style=\"background-position:left top;background-repeat:no-repeat;-webkit-background-size:cover;-moz-background-size:cover;-o-background-size:cover;background-size:cover;background-color:#a0cf76;border:2px solid #fafafa;padding: 2% 0px 0px 2%;\"><div class=\"fusion-column-content-centered\"><div class=\"fusion-column-content\"><div class=\"fusion-text fusion-text-74\"><p><span style=\"color: #ffffff;\">21h | <a style=\"color: #ffffff;\" href=\"https:\/\/goo.gl\/maps\/Q1h5awoGPHB7iQBHA\" target=\"_blank\" rel=\"noopener noreferrer\">Teatro Cultura Inglesa Pinheiros<\/a><\/span><br \/>\n<span style=\"color: #ffffff;\"><a style=\"color: #ffffff;\" href=\"https:\/\/mitsp.org\/2020\/o-pedido\/\">O PEDIDO<\/a><\/span><\/p>\n<\/div><\/div><\/div><div class=\"fusion-clearfix\"><\/div><\/div><\/div><div class=\"fusion-layout-column fusion_builder_column fusion-builder-column-74 fusion_builder_column_1_1 1_1 fusion-one-full fusion-column-first fusion-column-last\" style=\"margin-top:0px;margin-bottom:0px;\"><div class=\"fusion-column-wrapper fusion-flex-column-wrapper-legacy\" style=\"background-position:left top;background-repeat:no-repeat;-webkit-background-size:cover;-moz-background-size:cover;-o-background-size:cover;background-size:cover;background-color:#81675b;border:2px solid #fafafa;padding: 2% 0px 0px 2%;\"><div class=\"fusion-column-content-centered\"><div class=\"fusion-column-content\"><div class=\"fusion-text fusion-text-75\"><p><span style=\"color: #ffffff;\">21h | <a style=\"color: #ffffff;\" href=\"https:\/\/goo.gl\/maps\/c2o32QqXAUQC1YZc9\" target=\"_blank\" rel=\"noopener noreferrer\">Teatro Alfredo Mesquita<\/a><\/span><br \/>\n<span style=\"color: #ffffff;\"><a style=\"color: #ffffff;\" href=\"https:\/\/mitsp.org\/2020\/meia-noite\/\">MEIA NOITE<\/a><\/span><\/p>\n<\/div><\/div><\/div><div class=\"fusion-clearfix\"><\/div><\/div><\/div><div class=\"fusion-layout-column fusion_builder_column fusion-builder-column-75 fusion_builder_column_1_1 1_1 fusion-one-full fusion-column-first fusion-column-last\" style=\"margin-top:0px;margin-bottom:0px;\"><div class=\"fusion-column-wrapper fusion-flex-column-wrapper-legacy\" style=\"background-position:left top;background-repeat:no-repeat;-webkit-background-size:cover;-moz-background-size:cover;-o-background-size:cover;background-size:cover;background-color:#e38f27;border:2px solid #fafafa;padding: 2% 0px 0px 2%;\"><div class=\"fusion-column-content-centered\"><div class=\"fusion-column-content\"><div class=\"fusion-text fusion-text-76\"><p><span style=\"color: #ffffff;\">Ap\u00f3s a sess\u00e3o das 21h | <a style=\"color: #ffffff;\" href=\"https:\/\/goo.gl\/maps\/c2o32QqXAUQC1YZc9\" target=\"_blank\" rel=\"noopener noreferrer\">Teatro Alfredo Mesquita<\/a><\/span><br \/>\n<span style=\"color: #ffffff;\"><a style=\"color: #ffffff;\" href=\"https:\/\/mitsp.org\/2020\/pensamento-em-processo\/\">PENSAMENTO-EM-PROCESSO MEIA NOITE<\/a><\/span><\/p>\n<\/div><\/div><\/div><div class=\"fusion-clearfix\"><\/div><\/div><\/div><\/div><\/div><\/div><div id=\"12marco\"><div class=\"fusion-fullwidth fullwidth-box fusion-builder-row-11 nonhundred-percent-fullwidth non-hundred-percent-height-scrolling\" style=\"background-color: rgba(255,255,255,0);background-position: center center;background-repeat: no-repeat;padding-top:6%;padding-right:0px;padding-bottom:0px;padding-left:0px;margin-bottom: 0px;margin-top: 0px;border-width: 0px 0px 0px 0px;border-color:#eae9e9;border-style:solid;\" ><div class=\"fusion-builder-row fusion-row\"><div class=\"fusion-layout-column fusion_builder_column fusion-builder-column-76 fusion_builder_column_1_1 1_1 fusion-one-full fusion-column-first fusion-column-last\" style=\"margin-top:0px;margin-bottom:0px;\"><div class=\"fusion-column-wrapper fusion-flex-column-wrapper-legacy\" style=\"background-position:left top;background-repeat:no-repeat;-webkit-background-size:cover;-moz-background-size:cover;-o-background-size:cover;background-size:cover;padding: 0px 0px 0px 0px;\"><div class=\"fusion-column-content-centered\"><div class=\"fusion-column-content\"><div class=\"fusion-text fusion-text-77\"><h3><span style=\"color: #ffffff; background-color: #3c3c45; padding: 5px 10px 5px 10px;\">12 QUI<\/span><\/h3>\n<\/div><\/div><\/div><div class=\"fusion-clearfix\"><\/div><\/div><\/div><div class=\"fusion-layout-column fusion_builder_column fusion-builder-column-77 fusion_builder_column_1_1 1_1 fusion-one-full fusion-column-first fusion-column-last\" style=\"margin-top:0px;margin-bottom:0px;\"><div class=\"fusion-column-wrapper fusion-flex-column-wrapper-legacy\" style=\"background-position:left top;background-repeat:no-repeat;-webkit-background-size:cover;-moz-background-size:cover;-o-background-size:cover;background-size:cover;background-color:#cb898a;border:2px solid #fafafa;padding: 2% 0px 0px 2%;\"><div class=\"fusion-column-content-centered\"><div class=\"fusion-column-content\"><div class=\"fusion-text fusion-text-78\"><p><span style=\"color: #ffffff;\">10h \u00e0s 13h | <a style=\"color: #ffffff;\" href=\"https:\/\/goo.gl\/maps\/1TY3EeJW9mKejwGV9\" target=\"_blank\" rel=\"noopener noreferrer\">Oficina Cultural Oswald de Andrade<\/a><\/span><br \/>\n<span style=\"color: #ffffff;\"><a style=\"color: #ffffff;\" href=\"https:\/\/mitsp.org\/2020\/como-nao-saber-juntos-o-que-fazer-daqui-para-tras_in-situ\/\">EXPERIMENTO C\u00caNICO COMO N\u00c3O SABER JUNTOS: O QUE FAZER DAQUI PARA TR\u00c1S_in situ<\/a><\/span><\/p>\n<\/div><\/div><\/div><div class=\"fusion-clearfix\"><\/div><\/div><\/div><div class=\"fusion-layout-column fusion_builder_column fusion-builder-column-78 fusion_builder_column_1_1 1_1 fusion-one-full fusion-column-first fusion-column-last\" style=\"margin-top:0px;margin-bottom:0px;\"><div class=\"fusion-column-wrapper fusion-flex-column-wrapper-legacy\" style=\"background-position:left top;background-repeat:no-repeat;-webkit-background-size:cover;-moz-background-size:cover;-o-background-size:cover;background-size:cover;background-color:#81675b;border:2px solid #fafafa;padding: 2% 0px 0px 2%;\"><div class=\"fusion-column-content-centered\"><div class=\"fusion-column-content\"><div class=\"fusion-text fusion-text-79\"><p><span style=\"color: #ffffff;\">16h | <a style=\"color: #ffffff;\" href=\"https:\/\/goo.gl\/maps\/c2o32QqXAUQC1YZc9\" target=\"_blank\" rel=\"noopener noreferrer\">Teatro Alfredo Mesquita<\/a><\/span><br \/>\n<span style=\"color: #ffffff;\"><a style=\"color: #ffffff;\" href=\"https:\/\/mitsp.org\/2020\/meia-noite\/\">MEIA NOITE<\/a><\/span><\/p>\n<\/div><\/div><\/div><div class=\"fusion-clearfix\"><\/div><\/div><\/div><div class=\"fusion-layout-column fusion_builder_column fusion-builder-column-79 fusion_builder_column_1_1 1_1 fusion-one-full fusion-column-first fusion-column-last\" style=\"margin-top:0px;margin-bottom:0px;\"><div class=\"fusion-column-wrapper fusion-flex-column-wrapper-legacy\" style=\"background-position:left top;background-repeat:no-repeat;-webkit-background-size:cover;-moz-background-size:cover;-o-background-size:cover;background-size:cover;background-color:#e38f27;border:2px solid #fafafa;padding: 2% 0px 0px 2%;\"><div class=\"fusion-column-content-centered\"><div class=\"fusion-column-content\"><div class=\"fusion-text fusion-text-80\"><p><span style=\"color: #ffffff;\">20h \u00e0s 22h | <a style=\"color: #ffffff;\" href=\"https:\/\/goo.gl\/maps\/URYmKCGKeXhegXSm9\" target=\"_blank\" rel=\"noopener noreferrer\">Ita\u00fa Cultural<\/a><\/span><br \/>\n<span style=\"color: #ffffff;\"><a style=\"color: #ffffff;\" href=\"https:\/\/mitsp.org\/2020\/entrevista-publica-com-andreia-pires\/\">ENTREVISTA P\u00daBLICA ANDR\u00c9IA PIRES<\/a><\/span><br \/>\n<a href=\"https:\/\/mitsp.org\/2020\/acervo-de-transmissoes\/\"><img class=\"alignnone wp-image-8886\" src=\"https:\/\/mitsp.org\/2020\/wp-content\/uploads\/2020\/02\/bt-ao-vivo.png\" alt=\"\" width=\"90\" height=\"27\" \/><\/a><\/p>\n<\/div><\/div><\/div><div class=\"fusion-clearfix\"><\/div><\/div><\/div><div class=\"fusion-layout-column fusion_builder_column fusion-builder-column-80 fusion_builder_column_1_1 1_1 fusion-one-full fusion-column-first fusion-column-last\" style=\"margin-top:0px;margin-bottom:0px;\"><div class=\"fusion-column-wrapper fusion-flex-column-wrapper-legacy\" style=\"background-position:left top;background-repeat:no-repeat;-webkit-background-size:cover;-moz-background-size:cover;-o-background-size:cover;background-size:cover;background-color:#81675b;border:2px solid #fafafa;padding: 2% 0px 0px 2%;\"><div class=\"fusion-column-content-centered\"><div class=\"fusion-column-content\"><div class=\"fusion-text fusion-text-81\"><p><span style=\"color: #ffffff;\">18h | <a style=\"color: #ffffff;\" href=\"https:\/\/goo.gl\/maps\/ie1WbnB8ZSdpXk8h8\" target=\"_blank\" rel=\"noopener noreferrer\">Centro Cultural da Diversidade<\/a><\/span><br \/>\n<span style=\"color: #ffffff;\"><a style=\"color: #ffffff;\" href=\"https:\/\/mitsp.org\/2020\/violento\/\">violento.<\/a><\/span><\/p>\n<\/div><\/div><\/div><div class=\"fusion-clearfix\"><\/div><\/div><\/div><div class=\"fusion-layout-column fusion_builder_column fusion-builder-column-81 fusion_builder_column_1_1 1_1 fusion-one-full fusion-column-first fusion-column-last\" style=\"margin-top:0px;margin-bottom:0px;\"><div class=\"fusion-column-wrapper fusion-flex-column-wrapper-legacy\" style=\"background-position:left top;background-repeat:no-repeat;-webkit-background-size:cover;-moz-background-size:cover;-o-background-size:cover;background-size:cover;background-color:#81675b;border:2px solid #fafafa;padding: 2% 0px 0px 2%;\"><div class=\"fusion-column-content-centered\"><div class=\"fusion-column-content\"><div class=\"fusion-text fusion-text-82\"><p><span style=\"color: #ffffff;\">19h | <a style=\"color: #ffffff;\" href=\"https:\/\/goo.gl\/maps\/URYmKCGKeXhegXSm9\" target=\"_blank\" rel=\"noopener noreferrer\">Ita\u00fa Cultural<\/a><\/span><br \/>\n<span style=\"color: #ffffff;\"><a style=\"color: #ffffff;\" href=\"https:\/\/mitsp.org\/2020\/fortaleza-2040\/\">FORTALEZA 2040<\/a><\/span><\/p>\n<\/div><\/div><\/div><div class=\"fusion-clearfix\"><\/div><\/div><\/div><div class=\"fusion-layout-column fusion_builder_column fusion-builder-column-82 fusion_builder_column_1_1 1_1 fusion-one-full fusion-column-first fusion-column-last\" style=\"margin-top:0px;margin-bottom:0px;\"><div class=\"fusion-column-wrapper fusion-flex-column-wrapper-legacy\" style=\"background-position:left top;background-repeat:no-repeat;-webkit-background-size:cover;-moz-background-size:cover;-o-background-size:cover;background-size:cover;background-color:#81675b;border:2px solid #fafafa;padding: 2% 0px 0px 2%;\"><div class=\"fusion-column-content-centered\"><div class=\"fusion-column-content\"><div class=\"fusion-text fusion-text-83\"><p><span style=\"color: #ffffff;\">20h | <a style=\"color: #ffffff;\" href=\"https:\/\/goo.gl\/maps\/ZJBe2tFhvP9Lznem8\" target=\"_blank\" rel=\"noopener noreferrer\">Teatro Cacilda Becker<\/a><\/span><br \/>\n<span style=\"color: #ffffff;\"><a style=\"color: #ffffff;\" href=\"https:\/\/mitsp.org\/2020\/stabat-mater\/\">STABAT MATER<\/a><\/span><\/p>\n<\/div><\/div><\/div><div class=\"fusion-clearfix\"><\/div><\/div><\/div><div class=\"fusion-layout-column fusion_builder_column fusion-builder-column-83 fusion_builder_column_1_1 1_1 fusion-one-full fusion-column-first fusion-column-last\" style=\"margin-top:0px;margin-bottom:0px;\"><div class=\"fusion-column-wrapper fusion-flex-column-wrapper-legacy\" style=\"background-position:left top;background-repeat:no-repeat;-webkit-background-size:cover;-moz-background-size:cover;-o-background-size:cover;background-size:cover;background-color:#a0cf76;border:2px solid #fafafa;padding: 2% 0px 0px 2%;\"><div class=\"fusion-column-content-centered\"><div class=\"fusion-column-content\"><div class=\"fusion-text fusion-text-84\"><p><span style=\"color: #ffffff;\">21h | <a style=\"color: #ffffff;\" href=\"https:\/\/goo.gl\/maps\/uoo9Dj2V1purkzqMA\" target=\"_blank\" rel=\"noopener noreferrer\">Teatro Faap<\/a><\/span><br \/>\n<span style=\"color: #ffffff;\"><a style=\"color: #ffffff;\" href=\"https:\/\/mitsp.org\/2020\/by-heart\/\">BY HEART<\/a><\/span><\/p>\n<\/div><\/div><\/div><div class=\"fusion-clearfix\"><\/div><\/div><\/div><div class=\"fusion-layout-column fusion_builder_column fusion-builder-column-84 fusion_builder_column_1_1 1_1 fusion-one-full fusion-column-first fusion-column-last\" style=\"margin-top:0px;margin-bottom:0px;\"><div class=\"fusion-column-wrapper fusion-flex-column-wrapper-legacy\" style=\"background-position:left top;background-repeat:no-repeat;-webkit-background-size:cover;-moz-background-size:cover;-o-background-size:cover;background-size:cover;background-color:#e38f27;border:2px solid #fafafa;padding: 2% 0px 0px 2%;\"><div class=\"fusion-column-content-centered\"><div class=\"fusion-column-content\"><div class=\"fusion-text fusion-text-85\"><p><span style=\"color: #ffffff;\">Ap\u00f3s a sess\u00e3o das 21h | <a style=\"color: #ffffff;\" href=\"https:\/\/goo.gl\/maps\/uoo9Dj2V1purkzqMA\" target=\"_blank\" rel=\"noopener noreferrer\">Teatro Faap<\/a><\/span><br \/>\n<span style=\"color: #ffffff;\"><a style=\"color: #ffffff;\" href=\"https:\/\/mitsp.org\/2020\/dialogos-transversais\/\">DI\u00c1LOGOS TRANSVERSAIS BY HEART<\/a><\/span><\/p>\n<\/div><\/div><\/div><div class=\"fusion-clearfix\"><\/div><\/div><\/div><div class=\"fusion-layout-column fusion_builder_column fusion-builder-column-85 fusion_builder_column_1_1 1_1 fusion-one-full fusion-column-first fusion-column-last\" style=\"margin-top:0px;margin-bottom:0px;\"><div class=\"fusion-column-wrapper fusion-flex-column-wrapper-legacy\" style=\"background-position:left top;background-repeat:no-repeat;-webkit-background-size:cover;-moz-background-size:cover;-o-background-size:cover;background-size:cover;background-color:#a0cf76;border:2px solid #fafafa;padding: 2% 0px 0px 2%;\"><div class=\"fusion-column-content-centered\"><div class=\"fusion-column-content\"><div class=\"fusion-text fusion-text-86\"><p><span style=\"color: #ffffff;\">21h | <a style=\"color: #ffffff;\" href=\"https:\/\/goo.gl\/maps\/dwW2A4pQKUtqPyiv5\" target=\"_blank\" rel=\"noopener noreferrer\">Sesc Vila Mariana<\/a><\/span><br \/>\n<span style=\"color: #ffffff;\"><a style=\"color: #ffffff;\" href=\"https:\/\/mitsp.org\/2020\/farm-fatale\/\">FARM FATALE<\/a><\/span><\/p>\n<\/div><\/div><\/div><div class=\"fusion-clearfix\"><\/div><\/div><\/div><div class=\"fusion-layout-column fusion_builder_column fusion-builder-column-86 fusion_builder_column_1_1 1_1 fusion-one-full fusion-column-first fusion-column-last\" style=\"margin-top:0px;margin-bottom:0px;\"><div class=\"fusion-column-wrapper fusion-flex-column-wrapper-legacy\" style=\"background-position:left top;background-repeat:no-repeat;-webkit-background-size:cover;-moz-background-size:cover;-o-background-size:cover;background-size:cover;background-color:#a0cf76;border:2px solid #fafafa;padding: 2% 0px 0px 2%;\"><div class=\"fusion-column-content-centered\"><div class=\"fusion-column-content\"><div class=\"fusion-text fusion-text-87\"><p><span style=\"color: #ffffff;\">21h | <a style=\"color: #ffffff;\" href=\"https:\/\/goo.gl\/maps\/Q1h5awoGPHB7iQBHA\" target=\"_blank\" rel=\"noopener noreferrer\">Teatro Cultura Inglesa Pinheiros<\/a><\/span><br \/>\n<span style=\"color: #ffffff;\"><a style=\"color: #ffffff;\" href=\"https:\/\/mitsp.org\/2020\/o-pedido\/\">O PEDIDO<\/a><\/span><\/p>\n<\/div><\/div><\/div><div class=\"fusion-clearfix\"><\/div><\/div><\/div><div class=\"fusion-layout-column fusion_builder_column fusion-builder-column-87 fusion_builder_column_1_1 1_1 fusion-one-full fusion-column-first fusion-column-last\" style=\"margin-top:0px;margin-bottom:0px;\"><div class=\"fusion-column-wrapper fusion-flex-column-wrapper-legacy\" style=\"background-position:left top;background-repeat:no-repeat;-webkit-background-size:cover;-moz-background-size:cover;-o-background-size:cover;background-size:cover;background-color:#81675b;border:2px solid #fafafa;padding: 2% 0px 0px 2%;\"><div class=\"fusion-column-content-centered\"><div class=\"fusion-column-content\"><div class=\"fusion-text fusion-text-88\"><p><span style=\"color: #ffffff;\">21h | <a style=\"color: #ffffff;\" href=\"https:\/\/goo.gl\/maps\/XakWix4eMXzFnnNAA\" target=\"_blank\" rel=\"noopener noreferrer\">Teatro S\u00e9rgio Cardoso<\/a><\/span><br \/>\n<span style=\"color: #ffffff;\"><a style=\"color: #ffffff;\" href=\"https:\/\/mitsp.org\/2020\/por-onde-andam-os-porcos\/\">POR ONDE ANDAM OS PORCOS<\/a><\/span><\/p>\n<\/div><\/div><\/div><div class=\"fusion-clearfix\"><\/div><\/div><\/div><\/div><\/div><\/div><div id=\"13marco\"><div class=\"fusion-fullwidth fullwidth-box fusion-builder-row-12 nonhundred-percent-fullwidth non-hundred-percent-height-scrolling\" style=\"background-color: rgba(255,255,255,0);background-position: center center;background-repeat: no-repeat;padding-top:6%;padding-right:0px;padding-bottom:0px;padding-left:0px;margin-bottom: 0px;margin-top: 0px;border-width: 0px 0px 0px 0px;border-color:#eae9e9;border-style:solid;\" ><div class=\"fusion-builder-row fusion-row\"><div class=\"fusion-layout-column fusion_builder_column fusion-builder-column-88 fusion_builder_column_1_1 1_1 fusion-one-full fusion-column-first fusion-column-last\" style=\"margin-top:0px;margin-bottom:0px;\"><div class=\"fusion-column-wrapper fusion-flex-column-wrapper-legacy\" style=\"background-position:left top;background-repeat:no-repeat;-webkit-background-size:cover;-moz-background-size:cover;-o-background-size:cover;background-size:cover;padding: 0px 0px 0px 0px;\"><div class=\"fusion-column-content-centered\"><div class=\"fusion-column-content\"><div class=\"fusion-text fusion-text-89\"><h3><span style=\"color: #ffffff; background-color: #3c3c45; padding: 5px 10px 5px 10px;\">13 SEX<\/span><\/h3>\n<\/div><\/div><\/div><div class=\"fusion-clearfix\"><\/div><\/div><\/div><div class=\"fusion-layout-column fusion_builder_column fusion-builder-column-89 fusion_builder_column_1_1 1_1 fusion-one-full fusion-column-first fusion-column-last\" style=\"margin-top:0px;margin-bottom:0px;\"><div class=\"fusion-column-wrapper fusion-flex-column-wrapper-legacy\" style=\"background-position:left top;background-repeat:no-repeat;-webkit-background-size:cover;-moz-background-size:cover;-o-background-size:cover;background-size:cover;background-color:#cb898a;border:2px solid #fafafa;padding: 2% 0px 0px 2%;\"><div class=\"fusion-column-content-centered\"><div class=\"fusion-column-content\"><div class=\"fusion-text fusion-text-90\"><p><span style=\"color: #ffffff;\">9h \u00e0s 13h | <a style=\"color: #ffffff;\" href=\"https:\/\/goo.gl\/maps\/QTkxCdvUGy4VddGH8\" target=\"_blank\" rel=\"noopener noreferrer\">Companhia de Teatro Heli\u00f3polis<\/a><\/span><br \/>\n<span style=\"color: #ffffff;\"><a style=\"color: #ffffff;\" href=\"https:\/\/mitsp.org\/2020\/a-jaula-invisivel\/\">PERFORMANCE A JAULA INVIS\u00cdVEL<\/a><\/span><\/p>\n<\/div><\/div><\/div><div class=\"fusion-clearfix\"><\/div><\/div><\/div><div class=\"fusion-layout-column fusion_builder_column fusion-builder-column-90 fusion_builder_column_1_1 1_1 fusion-one-full fusion-column-first fusion-column-last\" style=\"margin-top:0px;margin-bottom:0px;\"><div class=\"fusion-column-wrapper fusion-flex-column-wrapper-legacy\" style=\"background-position:left top;background-repeat:no-repeat;-webkit-background-size:cover;-moz-background-size:cover;-o-background-size:cover;background-size:cover;background-color:#cb898a;border:2px solid #fafafa;padding: 2% 0px 0px 2%;\"><div class=\"fusion-column-content-centered\"><div class=\"fusion-column-content\"><div class=\"fusion-text fusion-text-91\"><p><span style=\"color: #ffffff;\">10h30 \u00e0s 13h30 | <a style=\"color: #ffffff;\" href=\"https:\/\/goo.gl\/maps\/dwW2A4pQKUtqPyiv5\" target=\"_blank\" rel=\"noopener noreferrer\">Sesc Vila Mariana<\/a><\/span><br \/>\n<span style=\"color: #ffffff;\"><a style=\"color: #ffffff;\" href=\"https:\/\/mitsp.org\/2020\/masterclass-escrever-com-o-cenario\/\">MASTERCLASS ESCREVER COM O CEN\u00c1RIO<\/a><\/span><\/p>\n<\/div><\/div><\/div><div class=\"fusion-clearfix\"><\/div><\/div><\/div><div class=\"fusion-layout-column fusion_builder_column fusion-builder-column-91 fusion_builder_column_1_1 1_1 fusion-one-full fusion-column-first fusion-column-last\" style=\"margin-top:0px;margin-bottom:0px;\"><div class=\"fusion-column-wrapper fusion-flex-column-wrapper-legacy\" style=\"background-position:left top;background-repeat:no-repeat;-webkit-background-size:cover;-moz-background-size:cover;-o-background-size:cover;background-size:cover;background-color:#e38f27;border:2px solid #fafafa;padding: 2% 0px 0px 2%;\"><div class=\"fusion-column-content-centered\"><div class=\"fusion-column-content\"><div class=\"fusion-text fusion-text-92\"><p><span style=\"color: #ffffff;\">13h30 \u00e0s 15h30 | <a style=\"color: #ffffff;\" href=\"https:\/\/goo.gl\/maps\/ZJBe2tFhvP9Lznem8\" target=\"_blank\" rel=\"noopener noreferrer\">Teatro Cacilda Becker<\/a><\/span><br \/>\n<span style=\"color: #ffffff;\"><a style=\"color: #ffffff;\" href=\"https:\/\/mitsp.org\/2020\/desmontagem-de-stabat-mater\/\">DESMONTAGEM STABAT MATER<\/a><\/span><\/p>\n<\/div><\/div><\/div><div class=\"fusion-clearfix\"><\/div><\/div><\/div><div class=\"fusion-layout-column fusion_builder_column fusion-builder-column-92 fusion_builder_column_1_1 1_1 fusion-one-full fusion-column-first fusion-column-last\" style=\"margin-top:0px;margin-bottom:0px;\"><div class=\"fusion-column-wrapper fusion-flex-column-wrapper-legacy\" style=\"background-position:left top;background-repeat:no-repeat;-webkit-background-size:cover;-moz-background-size:cover;-o-background-size:cover;background-size:cover;background-color:#e38f27;border:2px solid #fafafa;padding: 2% 0px 0px 2%;\"><div class=\"fusion-column-content-centered\"><div class=\"fusion-column-content\"><div class=\"fusion-text fusion-text-93\"><p><span style=\"color: #ffffff;\">16h \u00e0s 18h | <a style=\"color: #ffffff;\" href=\"https:\/\/goo.gl\/maps\/ZJBe2tFhvP9Lznem8\" target=\"_blank\" rel=\"noopener noreferrer\">Teatro Cacilda Becker<\/a><\/span><br \/>\n<span style=\"color: #ffffff;\"><a style=\"color: #ffffff;\" href=\"https:\/\/mitsp.org\/2020\/o-corpo-da-mulher-suas-representacoes-e-coragem-da-verdade\/\">DEBATE O CORPO DA MULHER, SUAS REPRESENTA\u00c7\u00d5ES E A CORAGEM DA VERDADE<\/a><\/span><br \/>\n<a href=\"https:\/\/mitsp.org\/2020\/acervo-de-transmissoes\/\"><img class=\"alignnone wp-image-8886\" src=\"https:\/\/mitsp.org\/2020\/wp-content\/uploads\/2020\/02\/bt-ao-vivo.png\" alt=\"\" width=\"90\" height=\"27\" \/><\/a><\/p>\n<\/div><\/div><\/div><div class=\"fusion-clearfix\"><\/div><\/div><\/div><div class=\"fusion-layout-column fusion_builder_column fusion-builder-column-93 fusion_builder_column_1_1 1_1 fusion-one-full fusion-column-first fusion-column-last\" style=\"margin-top:0px;margin-bottom:0px;\"><div class=\"fusion-column-wrapper fusion-flex-column-wrapper-legacy\" style=\"background-position:left top;background-repeat:no-repeat;-webkit-background-size:cover;-moz-background-size:cover;-o-background-size:cover;background-size:cover;background-color:#81675b;border:2px solid #fafafa;padding: 2% 0px 0px 2%;\"><div class=\"fusion-column-content-centered\"><div class=\"fusion-column-content\"><div class=\"fusion-text fusion-text-94\"><p><span style=\"color: #ffffff;\">17h | <a style=\"color: #ffffff;\" href=\"https:\/\/goo.gl\/maps\/XakWix4eMXzFnnNAA\" target=\"_blank\" rel=\"noopener noreferrer\">Teatro S\u00e9rgio Cardoso<\/a><\/span><br \/>\n<span style=\"color: #ffffff;\"><a style=\"color: #ffffff;\" href=\"https:\/\/mitsp.org\/2020\/por-onde-andam-os-porcos\/\">POR ONDE ANDAM OS PORCOS<\/a><\/span><\/p>\n<\/div><\/div><\/div><div class=\"fusion-clearfix\"><\/div><\/div><\/div><div class=\"fusion-layout-column fusion_builder_column fusion-builder-column-94 fusion_builder_column_1_1 1_1 fusion-one-full fusion-column-first fusion-column-last\" style=\"margin-top:0px;margin-bottom:0px;\"><div class=\"fusion-column-wrapper fusion-flex-column-wrapper-legacy\" style=\"background-position:left top;background-repeat:no-repeat;-webkit-background-size:cover;-moz-background-size:cover;-o-background-size:cover;background-size:cover;background-color:#a0cf76;border:2px solid #fafafa;padding: 2% 0px 0px 2%;\"><div class=\"fusion-column-content-centered\"><div class=\"fusion-column-content\"><div class=\"fusion-text fusion-text-95\"><p><span style=\"color: #ffffff;\">19h | <a style=\"color: #ffffff;\" href=\"https:\/\/goo.gl\/maps\/Fw47MvcGkcxnxfX66\" target=\"_blank\" rel=\"noopener noreferrer\">Centro Cultural S\u00e3o Paulo<\/a><\/span><br \/>\n<span style=\"color: #ffffff;\"><a style=\"color: #ffffff;\" href=\"https:\/\/mitsp.org\/2020\/burgerz\/\">BURGERZ<\/a><\/span><\/p>\n<\/div><\/div><\/div><div class=\"fusion-clearfix\"><\/div><\/div><\/div><div class=\"fusion-layout-column fusion_builder_column fusion-builder-column-95 fusion_builder_column_1_1 1_1 fusion-one-full fusion-column-first fusion-column-last\" style=\"margin-top:0px;margin-bottom:0px;\"><div class=\"fusion-column-wrapper fusion-flex-column-wrapper-legacy\" style=\"background-position:left top;background-repeat:no-repeat;-webkit-background-size:cover;-moz-background-size:cover;-o-background-size:cover;background-size:cover;background-color:#81675b;border:2px solid #fafafa;padding: 2% 0px 0px 2%;\"><div class=\"fusion-column-content-centered\"><div class=\"fusion-column-content\"><div class=\"fusion-text fusion-text-96\"><p><span style=\"color: #ffffff;\">19h | <a style=\"color: #ffffff;\" href=\"https:\/\/goo.gl\/maps\/2vTDVwPhRdsm4QEd9\" target=\"_blank\" rel=\"noopener noreferrer\">Biblioteca M\u00e1rio de Andrade<\/a><\/span><br \/>\n<span style=\"color: #ffffff;\"><a style=\"color: #ffffff;\" href=\"https:\/\/mitsp.org\/2020\/cancioneiro-terminal\/\">CANCIONEIRO TERMINAL<\/a><\/span><\/p>\n<\/div><\/div><\/div><div class=\"fusion-clearfix\"><\/div><\/div><\/div><div class=\"fusion-layout-column fusion_builder_column fusion-builder-column-96 fusion_builder_column_1_1 1_1 fusion-one-full fusion-column-first fusion-column-last\" style=\"margin-top:0px;margin-bottom:0px;\"><div class=\"fusion-column-wrapper fusion-flex-column-wrapper-legacy\" style=\"background-position:left top;background-repeat:no-repeat;-webkit-background-size:cover;-moz-background-size:cover;-o-background-size:cover;background-size:cover;background-color:#81675b;border:2px solid #fafafa;padding: 2% 0px 0px 2%;\"><div class=\"fusion-column-content-centered\"><div class=\"fusion-column-content\"><div class=\"fusion-text fusion-text-97\"><p><span style=\"color: #ffffff;\">20h | <a style=\"color: #ffffff;\" href=\"https:\/\/goo.gl\/maps\/LVKopeiBXKp4cwgq9\" target=\"_blank\" rel=\"noopener noreferrer\">Tendal da Lapa<\/a><\/span><br \/>\n<span style=\"color: #ffffff;\"><a style=\"color: #ffffff;\" href=\"https:\/\/mitsp.org\/2020\/treta\/\">tReta<\/a><\/span><br \/>\n<strong><span style=\"color: #ffffff;\">COMUNICADO<\/span><\/strong><br \/>\n<strong><span style=\"color: #ffffff;\">A MITsp informa que o espet\u00e1culo tReta foi cancelado por motivo de sa\u00fade no elenco.<\/span><\/strong><\/p>\n<\/div><\/div><\/div><div class=\"fusion-clearfix\"><\/div><\/div><\/div><div class=\"fusion-layout-column fusion_builder_column fusion-builder-column-97 fusion_builder_column_1_1 1_1 fusion-one-full fusion-column-first fusion-column-last\" style=\"margin-top:0px;margin-bottom:0px;\"><div class=\"fusion-column-wrapper fusion-flex-column-wrapper-legacy\" style=\"background-position:left top;background-repeat:no-repeat;-webkit-background-size:cover;-moz-background-size:cover;-o-background-size:cover;background-size:cover;background-color:#a0cf76;border:2px solid #fafafa;padding: 2% 0px 0px 2%;\"><div class=\"fusion-column-content-centered\"><div class=\"fusion-column-content\"><div class=\"fusion-text fusion-text-98\"><p><span style=\"color: #ffffff;\">20h | <a style=\"color: #ffffff;\" href=\"https:\/\/goo.gl\/maps\/tTpJtZLqzZewp6i46\" target=\"_blank\" rel=\"noopener noreferrer\">Teatro Sesi SP<\/a><\/span><br \/>\n<span style=\"color: #ffffff;\"><a style=\"color: #ffffff;\" href=\"https:\/\/mitsp.org\/2020\/sopro\/\">SOPRO<\/a><\/span><br \/>\n<span style=\"color: #ffffff;\"><strong>COMUNICADO<\/strong><\/span><br \/>\n<span style=\"color: #ffffff;\"><strong>As apresenta\u00e7\u00f5es do espet\u00e1culo &#8220;Sopro&#8221; foram canceladas devido \u00e0 suspens\u00e3o das atividades no Centro Cultural Fiesp\/Teatro do Sesi SP, informada ontem (12) pela institui\u00e7\u00e3o.<\/strong><\/span><\/p>\n<\/div><\/div><\/div><div class=\"fusion-clearfix\"><\/div><\/div><\/div><div class=\"fusion-layout-column fusion_builder_column fusion-builder-column-98 fusion_builder_column_1_1 1_1 fusion-one-full fusion-column-first fusion-column-last\" style=\"margin-top:0px;margin-bottom:0px;\"><div class=\"fusion-column-wrapper fusion-flex-column-wrapper-legacy\" style=\"background-position:left top;background-repeat:no-repeat;-webkit-background-size:cover;-moz-background-size:cover;-o-background-size:cover;background-size:cover;background-color:#81675b;border:2px solid #fafafa;padding: 2% 0px 0px 2%;\"><div class=\"fusion-column-content-centered\"><div class=\"fusion-column-content\"><div class=\"fusion-text fusion-text-99\"><p><span style=\"color: #ffffff;\">21h | <a style=\"color: #ffffff;\" href=\"https:\/\/goo.gl\/maps\/ie1WbnB8ZSdpXk8h8\" target=\"_blank\" rel=\"noopener noreferrer\">Centro Cultural da Diversidade<\/a><\/span><br \/>\n<span style=\"color: #ffffff;\"><a style=\"color: #ffffff;\" href=\"https:\/\/mitsp.org\/2020\/violento\/\">violento.<\/a><\/span><\/p>\n<\/div><\/div><\/div><div class=\"fusion-clearfix\"><\/div><\/div><\/div><div class=\"fusion-layout-column fusion_builder_column fusion-builder-column-99 fusion_builder_column_1_1 1_1 fusion-one-full fusion-column-first fusion-column-last\" style=\"margin-top:0px;margin-bottom:0px;\"><div class=\"fusion-column-wrapper fusion-flex-column-wrapper-legacy\" style=\"background-position:left top;background-repeat:no-repeat;-webkit-background-size:cover;-moz-background-size:cover;-o-background-size:cover;background-size:cover;background-color:#a0cf76;border:2px solid #fafafa;padding: 2% 0px 0px 2%;\"><div class=\"fusion-column-content-centered\"><div class=\"fusion-column-content\"><div class=\"fusion-text fusion-text-100\"><p><span style=\"color: #ffffff;\">21h | <a style=\"color: #ffffff;\" href=\"https:\/\/goo.gl\/maps\/dwW2A4pQKUtqPyiv5\" target=\"_blank\" rel=\"noopener noreferrer\">Sesc Vila Mariana<\/a><\/span><br \/>\n<span style=\"color: #ffffff;\"><a style=\"color: #ffffff;\" href=\"https:\/\/mitsp.org\/2020\/farm-fatale\/\">FARM FATALE<\/a><\/span><\/p>\n<\/div><\/div><\/div><div class=\"fusion-clearfix\"><\/div><\/div><\/div><div class=\"fusion-layout-column fusion_builder_column fusion-builder-column-100 fusion_builder_column_1_1 1_1 fusion-one-full fusion-column-first fusion-column-last\" style=\"margin-top:0px;margin-bottom:0px;\"><div class=\"fusion-column-wrapper fusion-flex-column-wrapper-legacy\" style=\"background-position:left top;background-repeat:no-repeat;-webkit-background-size:cover;-moz-background-size:cover;-o-background-size:cover;background-size:cover;background-color:#81675b;border:2px solid #fafafa;padding: 2% 0px 0px 2%;\"><div class=\"fusion-column-content-centered\"><div class=\"fusion-column-content\"><div class=\"fusion-text fusion-text-101\"><p><span style=\"color: #ffffff;\">21h | <a style=\"color: #ffffff;\" href=\"https:\/\/goo.gl\/maps\/Fw47MvcGkcxnxfX66\" target=\"_blank\" rel=\"noopener noreferrer\">Centro Cultural S\u00e3o Paulo<\/a><\/span><br \/>\n<span style=\"color: #ffffff;\"><a style=\"color: #ffffff;\" href=\"https:\/\/mitsp.org\/2020\/pra-frente-o-pior\/\">PRA FRENTE O PIOR<\/a><\/span><\/p>\n<\/div><\/div><\/div><div class=\"fusion-clearfix\"><\/div><\/div><\/div><\/div><\/div><\/div><div id=\"14marco\"><div class=\"fusion-fullwidth fullwidth-box fusion-builder-row-13 nonhundred-percent-fullwidth non-hundred-percent-height-scrolling\" style=\"background-color: rgba(255,255,255,0);background-position: center center;background-repeat: no-repeat;padding-top:6%;padding-right:0px;padding-bottom:0px;padding-left:0px;margin-bottom: 0px;margin-top: 0px;border-width: 0px 0px 0px 0px;border-color:#eae9e9;border-style:solid;\" ><div class=\"fusion-builder-row fusion-row\"><div class=\"fusion-layout-column fusion_builder_column fusion-builder-column-101 fusion_builder_column_1_1 1_1 fusion-one-full fusion-column-first fusion-column-last\" style=\"margin-top:0px;margin-bottom:0px;\"><div class=\"fusion-column-wrapper fusion-flex-column-wrapper-legacy\" style=\"background-position:left top;background-repeat:no-repeat;-webkit-background-size:cover;-moz-background-size:cover;-o-background-size:cover;background-size:cover;padding: 0px 0px 0px 0px;\"><div class=\"fusion-column-content-centered\"><div class=\"fusion-column-content\"><div class=\"fusion-text fusion-text-102\"><h3><span style=\"color: #ffffff; background-color: #3c3c45; padding: 5px 10px 5px 10px;\">14 SAB<\/span><\/h3>\n<\/div><\/div><\/div><div class=\"fusion-clearfix\"><\/div><\/div><\/div><div class=\"fusion-layout-column fusion_builder_column fusion-builder-column-102 fusion_builder_column_1_1 1_1 fusion-one-full fusion-column-first fusion-column-last\" style=\"margin-top:0px;margin-bottom:0px;\"><div class=\"fusion-column-wrapper fusion-flex-column-wrapper-legacy\" style=\"background-position:left top;background-repeat:no-repeat;-webkit-background-size:cover;-moz-background-size:cover;-o-background-size:cover;background-size:cover;background-color:#e38f27;border:2px solid #fafafa;padding: 2% 0px 0px 2%;\"><div class=\"fusion-column-content-centered\"><div class=\"fusion-column-content\"><div class=\"fusion-text fusion-text-103\"><p><span style=\"color: #ffffff;\">14h \u00e0s 16h | <a style=\"color: #ffffff;\" href=\"https:\/\/goo.gl\/maps\/URYmKCGKeXhegXSm9\" target=\"_blank\" rel=\"noopener noreferrer\">Ita\u00fa Cultural<\/a><\/span><br \/>\n<span style=\"color: #ffffff;\"><a style=\"color: #ffffff;\" href=\"https:\/\/mitsp.org\/2020\/contradicoes-no-debate-da-cultura-como-bem-comum\/\">SEMIN\u00c1RIO CONTRADI\u00c7\u00d5ES NO DEBATE DA CULTURA COMO BEM COMUM<\/a><\/span><\/p>\n<\/div><\/div><\/div><div class=\"fusion-clearfix\"><\/div><\/div><\/div><div class=\"fusion-layout-column fusion_builder_column fusion-builder-column-103 fusion_builder_column_1_1 1_1 fusion-one-full fusion-column-first fusion-column-last\" style=\"margin-top:0px;margin-bottom:0px;\"><div class=\"fusion-column-wrapper fusion-flex-column-wrapper-legacy\" style=\"background-position:left top;background-repeat:no-repeat;-webkit-background-size:cover;-moz-background-size:cover;-o-background-size:cover;background-size:cover;background-color:#e38f27;border:2px solid #fafafa;padding: 2% 0px 0px 2%;\"><div class=\"fusion-column-content-centered\"><div class=\"fusion-column-content\"><div class=\"fusion-text fusion-text-104\"><p><span style=\"color: #ffffff;\">17h \u00e0s 19h | <a style=\"color: #ffffff;\" href=\"https:\/\/goo.gl\/maps\/URYmKCGKeXhegXSm9\" target=\"_blank\" rel=\"noopener noreferrer\">Ita\u00fa Cultural<\/a><\/span><br \/>\n<span style=\"color: #ffffff;\"><a style=\"color: #ffffff;\" href=\"https:\/\/mitsp.org\/2020\/democracia-em-foco-mecanismos-de-censura\/\">SEMIN\u00c1RIO DEMOCRACIA EM FOCO: MECANISMOS DE CENSURA<\/a><\/span><br \/>\n<a href=\"https:\/\/mitsp.org\/2020\/acervo-de-transmissoes\/\"><img class=\"alignnone wp-image-8886\" src=\"https:\/\/mitsp.org\/2020\/wp-content\/uploads\/2020\/02\/bt-ao-vivo.png\" alt=\"\" width=\"90\" height=\"27\" \/><\/a><\/p>\n<\/div><\/div><\/div><div class=\"fusion-clearfix\"><\/div><\/div><\/div><div class=\"fusion-layout-column fusion_builder_column fusion-builder-column-104 fusion_builder_column_1_1 1_1 fusion-one-full fusion-column-first fusion-column-last\" style=\"margin-top:0px;margin-bottom:0px;\"><div class=\"fusion-column-wrapper fusion-flex-column-wrapper-legacy\" style=\"background-position:left top;background-repeat:no-repeat;-webkit-background-size:cover;-moz-background-size:cover;-o-background-size:cover;background-size:cover;background-color:#81675b;border:2px solid #fafafa;padding: 2% 0px 0px 2%;\"><div class=\"fusion-column-content-centered\"><div class=\"fusion-column-content\"><div class=\"fusion-text fusion-text-105\"><p><span style=\"color: #ffffff;\">19h | <a style=\"color: #ffffff;\" href=\"https:\/\/g.page\/teatrodausp?share\" target=\"_blank\" rel=\"noopener noreferrer\">Oficina Cultural Oswald de Andrade<\/a><\/span><br \/>\n<span style=\"color: #ffffff;\"><a style=\"color: #ffffff;\" href=\"https:\/\/mitsp.org\/2020\/recolon\/\">RECOLON<\/a><\/span><\/p>\n<\/div><\/div><\/div><div class=\"fusion-clearfix\"><\/div><\/div><\/div><div class=\"fusion-layout-column fusion_builder_column fusion-builder-column-105 fusion_builder_column_1_1 1_1 fusion-one-full fusion-column-first fusion-column-last\" style=\"margin-top:0px;margin-bottom:0px;\"><div class=\"fusion-column-wrapper fusion-flex-column-wrapper-legacy\" style=\"background-position:left top;background-repeat:no-repeat;-webkit-background-size:cover;-moz-background-size:cover;-o-background-size:cover;background-size:cover;background-color:#81675b;border:2px solid #fafafa;padding: 2% 0px 0px 2%;\"><div class=\"fusion-column-content-centered\"><div class=\"fusion-column-content\"><div class=\"fusion-text fusion-text-106\"><p><span style=\"color: #ffffff;\">18h30 | <a style=\"color: #ffffff;\" href=\"https:\/\/goo.gl\/maps\/Fw47MvcGkcxnxfX66\" target=\"_blank\" rel=\"noopener noreferrer\">Centro Cultural S\u00e3o Paulo<\/a><\/span><br \/>\n<span style=\"color: #ffffff;\"><a style=\"color: #ffffff;\" href=\"https:\/\/mitsp.org\/2020\/o-anus-solar\/\">O \u00c2NUS SOLAR<\/a><\/span><\/p>\n<p><span style=\"color: #ffffff;\"><strong>COMUNICADO<\/strong><\/span><\/p>\n<p><span style=\"color: #ffffff;\">As apresenta\u00e7\u00f5es do espet\u00e1culo\u00a0<em>O \u00c2nus Solar<\/em>\u00a0foram canceladas devido \u00e0 suspens\u00e3o das atividades do Centro Cultural S\u00e3o Paulo, informada na sexta (13\/3) pela Prefeitura de S\u00e3o Paulo.<\/span><\/p>\n<\/div><\/div><\/div><div class=\"fusion-clearfix\"><\/div><\/div><\/div><div class=\"fusion-layout-column fusion_builder_column fusion-builder-column-106 fusion_builder_column_1_1 1_1 fusion-one-full fusion-column-first fusion-column-last\" style=\"margin-top:0px;margin-bottom:0px;\"><div class=\"fusion-column-wrapper fusion-flex-column-wrapper-legacy\" style=\"background-position:left top;background-repeat:no-repeat;-webkit-background-size:cover;-moz-background-size:cover;-o-background-size:cover;background-size:cover;background-color:#81675b;border:2px solid #fafafa;padding: 2% 0px 0px 2%;\"><div class=\"fusion-column-content-centered\"><div class=\"fusion-column-content\"><div class=\"fusion-text fusion-text-107\"><p><span style=\"color: #ffffff;\">19h | <a style=\"color: #ffffff;\" href=\"https:\/\/goo.gl\/maps\/2vTDVwPhRdsm4QEd9\" target=\"_blank\" rel=\"noopener noreferrer\">Biblioteca M\u00e1rio de Andrade<\/a><\/span><br \/>\n<span style=\"color: #ffffff;\"><a style=\"color: #ffffff;\" href=\"https:\/\/mitsp.org\/2020\/cancioneiro-terminal\/\">CANCIONEIRO TERMINAL<\/a><\/span><\/p>\n<\/div><\/div><\/div><div class=\"fusion-clearfix\"><\/div><\/div><\/div><div class=\"fusion-layout-column fusion_builder_column fusion-builder-column-107 fusion_builder_column_1_1 1_1 fusion-one-full fusion-column-first fusion-column-last\" style=\"margin-top:0px;margin-bottom:0px;\"><div class=\"fusion-column-wrapper fusion-flex-column-wrapper-legacy\" style=\"background-position:left top;background-repeat:no-repeat;-webkit-background-size:cover;-moz-background-size:cover;-o-background-size:cover;background-size:cover;background-color:#81675b;border:2px solid #fafafa;padding: 2% 0px 0px 2%;\"><div class=\"fusion-column-content-centered\"><div class=\"fusion-column-content\"><div class=\"fusion-text fusion-text-108\"><p><span style=\"color: #ffffff;\">19h | <a style=\"color: #ffffff;\" href=\"https:\/\/goo.gl\/maps\/ZJBe2tFhvP9Lznem8\" target=\"_blank\" rel=\"noopener noreferrer\">Teatro Cacilda Becker<\/a><\/span><br \/>\n<span style=\"color: #ffffff;\"><a style=\"color: #ffffff;\" href=\"https:\/\/mitsp.org\/2020\/entrelinhas\/\">ENTRELINHAS<\/a><\/span><\/p>\n<p><span style=\"color: #ffffff;\"><strong>COMUNICADO<\/strong><\/span><\/p>\n<p><span style=\"color: #ffffff;\">As apresenta\u00e7\u00f5es do espet\u00e1culo\u00a0<em>Entrelinhas<\/em>\u00a0foram canceladas devido \u00e0 suspens\u00e3o das atividades do Teatro Cacilda Becker, informada na sexta (13\/3) pela Prefeitura de S\u00e3o Paulo.<\/span><\/p>\n<\/div><\/div><\/div><div class=\"fusion-clearfix\"><\/div><\/div><\/div><div class=\"fusion-layout-column fusion_builder_column fusion-builder-column-108 fusion_builder_column_1_1 1_1 fusion-one-full fusion-column-first fusion-column-last\" style=\"margin-top:0px;margin-bottom:0px;\"><div class=\"fusion-column-wrapper fusion-flex-column-wrapper-legacy\" style=\"background-position:left top;background-repeat:no-repeat;-webkit-background-size:cover;-moz-background-size:cover;-o-background-size:cover;background-size:cover;background-color:#81675b;border:2px solid #fafafa;padding: 2% 0px 0px 2%;\"><div class=\"fusion-column-content-centered\"><div class=\"fusion-column-content\"><div class=\"fusion-text fusion-text-109\"><p><span style=\"color: #ffffff;\">19h | <a style=\"color: #ffffff;\" href=\"https:\/\/goo.gl\/maps\/hfbud4Qj3bkBaRKr7\" target=\"_blank\" rel=\"noopener noreferrer\">Centro de Refer\u00eancia da Dan\u00e7a<\/a><\/span><br \/>\n<span style=\"color: #ffffff;\"><a style=\"color: #ffffff;\" href=\"https:\/\/mitsp.org\/2020\/zoo\/\">ZOO<\/a><\/span><\/p>\n<p><span style=\"color: #ffffff;\"><strong>COMUNICADO<\/strong><\/span><\/p>\n<p><span style=\"color: #ffffff;\">As apresenta\u00e7\u00f5es do espet\u00e1culo\u00a0<em>ZOO<\/em>\u00a0foram canceladas devido \u00e0 suspens\u00e3o das atividades do Centro de Refer\u00eancia da Dan\u00e7a, informada na sexta (13\/3) pela Prefeitura de S\u00e3o Paulo.<\/span><\/p>\n<\/div><\/div><\/div><div class=\"fusion-clearfix\"><\/div><\/div><\/div><div class=\"fusion-layout-column fusion_builder_column fusion-builder-column-109 fusion_builder_column_1_1 1_1 fusion-one-full fusion-column-first fusion-column-last\" style=\"margin-top:0px;margin-bottom:0px;\"><div class=\"fusion-column-wrapper fusion-flex-column-wrapper-legacy\" style=\"background-position:left top;background-repeat:no-repeat;-webkit-background-size:cover;-moz-background-size:cover;-o-background-size:cover;background-size:cover;background-color:#a0cf76;border:2px solid #fafafa;padding: 2% 0px 0px 2%;\"><div class=\"fusion-column-content-centered\"><div class=\"fusion-column-content\"><div class=\"fusion-text fusion-text-110\"><p><span style=\"color: #ffffff;\">20h | <a style=\"color: #ffffff;\" href=\"https:\/\/goo.gl\/maps\/tTpJtZLqzZewp6i46\" target=\"_blank\" rel=\"noopener noreferrer\">Teatro Sesi SP<\/a><\/span><br \/>\n<span style=\"color: #ffffff;\"><a style=\"color: #ffffff;\" href=\"https:\/\/mitsp.org\/2020\/sopro\/\">SOPRO<\/a><\/span><br \/>\n<span style=\"color: #ffffff;\"><strong>COMUNICADO<\/strong><\/span><br \/>\n<span style=\"color: #ffffff;\"><strong>As apresenta\u00e7\u00f5es do espet\u00e1culo &#8220;Sopro&#8221; foram canceladas devido \u00e0 suspens\u00e3o das atividades no Centro Cultural Fiesp\/Teatro do Sesi SP, informada ontem (12) pela institui\u00e7\u00e3o.<\/strong><\/span><\/p>\n<\/div><\/div><\/div><div class=\"fusion-clearfix\"><\/div><\/div><\/div><div class=\"fusion-layout-column fusion_builder_column fusion-builder-column-110 fusion_builder_column_1_1 1_1 fusion-one-full fusion-column-first fusion-column-last\" style=\"margin-top:0px;margin-bottom:0px;\"><div class=\"fusion-column-wrapper fusion-flex-column-wrapper-legacy\" style=\"background-position:left top;background-repeat:no-repeat;-webkit-background-size:cover;-moz-background-size:cover;-o-background-size:cover;background-size:cover;background-color:#81675b;border:2px solid #fafafa;padding: 2% 0px 0px 2%;\"><div class=\"fusion-column-content-centered\"><div class=\"fusion-column-content\"><div class=\"fusion-text fusion-text-111\"><p><span style=\"color: #ffffff;\">20h | <a style=\"color: #ffffff;\" href=\"https:\/\/goo.gl\/maps\/LVKopeiBXKp4cwgq9\" target=\"_blank\" rel=\"noopener noreferrer\">Tendal da Lapa<\/a><\/span><br \/>\n<span style=\"color: #ffffff;\"><a style=\"color: #ffffff;\" href=\"https:\/\/mitsp.org\/2020\/treta\/\">tReta<\/a><\/span><br \/>\n<span style=\"color: #ffffff;\"><strong>COMUNICADO<\/strong><\/span><br \/>\n<span style=\"color: #ffffff;\"><strong>A MITsp informa que o espet\u00e1culo tReta foi cancelado por motivo de sa\u00fade no elenco.<\/strong><\/span><\/p>\n<\/div><\/div><\/div><div class=\"fusion-clearfix\"><\/div><\/div><\/div><div class=\"fusion-layout-column fusion_builder_column fusion-builder-column-111 fusion_builder_column_1_1 1_1 fusion-one-full fusion-column-first fusion-column-last\" style=\"margin-top:0px;margin-bottom:0px;\"><div class=\"fusion-column-wrapper fusion-flex-column-wrapper-legacy\" style=\"background-position:left top;background-repeat:no-repeat;-webkit-background-size:cover;-moz-background-size:cover;-o-background-size:cover;background-size:cover;background-color:#81675b;border:2px solid #fafafa;padding: 2% 0px 0px 2%;\"><div class=\"fusion-column-content-centered\"><div class=\"fusion-column-content\"><div class=\"fusion-text fusion-text-112\"><p><span style=\"color: #ffffff;\">20h | <a style=\"color: #ffffff;\" href=\"https:\/\/g.page\/CiaMungunzaDeTeatro?share\" target=\"_blank\" rel=\"noopener noreferrer\">Teatro de Cont\u00eainer Mungunz\u00e1.<\/a><\/span><br \/>\n<span style=\"color: #ffffff;\"><a style=\"color: #ffffff;\" href=\"https:\/\/mitsp.org\/2020\/pra-frente-o-pior\/\">PRA FRENTE O PIOR<\/a><\/span><\/p>\n<\/div><\/div><\/div><div class=\"fusion-clearfix\"><\/div><\/div><\/div><div class=\"fusion-layout-column fusion_builder_column fusion-builder-column-112 fusion_builder_column_1_1 1_1 fusion-one-full fusion-column-first fusion-column-last\" style=\"margin-top:0px;margin-bottom:0px;\"><div class=\"fusion-column-wrapper fusion-flex-column-wrapper-legacy\" style=\"background-position:left top;background-repeat:no-repeat;-webkit-background-size:cover;-moz-background-size:cover;-o-background-size:cover;background-size:cover;background-color:#e38f27;border:2px solid #fafafa;padding: 2% 0px 0px 2%;\"><div class=\"fusion-column-content-centered\"><div class=\"fusion-column-content\"><div class=\"fusion-text fusion-text-113\"><p><span style=\"color: #ffffff;\">Ap\u00f3s a sess\u00e3o das 20h | <a style=\"color: #ffffff;\" href=\"https:\/\/g.page\/CiaMungunzaDeTeatro?share\" target=\"_blank\" rel=\"noopener noreferrer\">Teatro de Cont\u00eainer Mungunz\u00e1.<\/a><\/span><br \/>\n<span style=\"color: #ffffff;\"><a style=\"color: #ffffff;\" href=\"https:\/\/mitsp.org\/2020\/dialogos-transversais\/\">DI\u00c1LOGOS TRANSVERSAIS PRA FRENTE O PIOR<\/a><\/span><\/p>\n<\/div><\/div><\/div><div class=\"fusion-clearfix\"><\/div><\/div><\/div><div class=\"fusion-layout-column fusion_builder_column fusion-builder-column-113 fusion_builder_column_1_1 1_1 fusion-one-full fusion-column-first fusion-column-last\" style=\"margin-top:0px;margin-bottom:0px;\"><div class=\"fusion-column-wrapper fusion-flex-column-wrapper-legacy\" style=\"background-position:left top;background-repeat:no-repeat;-webkit-background-size:cover;-moz-background-size:cover;-o-background-size:cover;background-size:cover;background-color:#a0cf76;border:2px solid #fafafa;padding: 2% 0px 0px 2%;\"><div class=\"fusion-column-content-centered\"><div class=\"fusion-column-content\"><div class=\"fusion-text fusion-text-114\"><p><span style=\"color: #ffffff;\">21h | <a style=\"color: #ffffff;\" href=\"https:\/\/goo.gl\/maps\/dwW2A4pQKUtqPyiv5\" target=\"_blank\" rel=\"noopener noreferrer\">Sesc Vila Mariana<\/a><\/span><br \/>\n<span style=\"color: #ffffff;\"><a style=\"color: #ffffff;\" href=\"https:\/\/mitsp.org\/2020\/farm-fatale\/\">FARM FATALE<\/a><\/span><\/p>\n<\/div><\/div><\/div><div class=\"fusion-clearfix\"><\/div><\/div><\/div><div class=\"fusion-layout-column fusion_builder_column fusion-builder-column-114 fusion_builder_column_1_1 1_1 fusion-one-full fusion-column-first fusion-column-last\" style=\"margin-top:0px;margin-bottom:0px;\"><div class=\"fusion-column-wrapper fusion-flex-column-wrapper-legacy\" style=\"background-position:left top;background-repeat:no-repeat;-webkit-background-size:cover;-moz-background-size:cover;-o-background-size:cover;background-size:cover;background-color:#a0cf76;border:2px solid #fafafa;padding: 2% 0px 0px 2%;\"><div class=\"fusion-column-content-centered\"><div class=\"fusion-column-content\"><div class=\"fusion-text fusion-text-115\"><p><span style=\"color: #ffffff;\">21h30 | <a style=\"color: #ffffff;\" href=\"https:\/\/goo.gl\/maps\/Fw47MvcGkcxnxfX66\" target=\"_blank\" rel=\"noopener noreferrer\">Tusp<\/a><\/span><br \/>\n<span style=\"color: #ffffff;\"><a style=\"color: #ffffff;\" href=\"https:\/\/mitsp.org\/2020\/burgerz\/\">BURGERZ<\/a><\/span><\/p>\n<\/div><\/div><\/div><div class=\"fusion-clearfix\"><\/div><\/div><\/div><\/div><\/div><\/div><div id=\"15marco\"><div class=\"fusion-fullwidth fullwidth-box fusion-builder-row-14 nonhundred-percent-fullwidth non-hundred-percent-height-scrolling\" style=\"background-color: rgba(255,255,255,0);background-position: center center;background-repeat: no-repeat;padding-top:6%;padding-right:0px;padding-bottom:0px;padding-left:0px;margin-bottom: 0px;margin-top: 0px;border-width: 0px 0px 0px 0px;border-color:#eae9e9;border-style:solid;\" ><div class=\"fusion-builder-row fusion-row\"><div class=\"fusion-layout-column fusion_builder_column fusion-builder-column-115 fusion_builder_column_1_1 1_1 fusion-one-full fusion-column-first fusion-column-last\" style=\"margin-top:0px;margin-bottom:0px;\"><div class=\"fusion-column-wrapper fusion-flex-column-wrapper-legacy\" style=\"background-position:left top;background-repeat:no-repeat;-webkit-background-size:cover;-moz-background-size:cover;-o-background-size:cover;background-size:cover;padding: 0px 0px 0px 0px;\"><div class=\"fusion-column-content-centered\"><div class=\"fusion-column-content\"><div class=\"fusion-text fusion-text-116\"><h3><span style=\"color: #ffffff; background-color: #3c3c45; padding: 5px 10px 5px 10px;\">15 DOM<\/span><\/h3>\n<\/div><\/div><\/div><div class=\"fusion-clearfix\"><\/div><\/div><\/div><div class=\"fusion-layout-column fusion_builder_column fusion-builder-column-116 fusion_builder_column_1_1 1_1 fusion-one-full fusion-column-first fusion-column-last\" style=\"margin-top:0px;margin-bottom:0px;\"><div class=\"fusion-column-wrapper fusion-flex-column-wrapper-legacy\" style=\"background-position:left top;background-repeat:no-repeat;-webkit-background-size:cover;-moz-background-size:cover;-o-background-size:cover;background-size:cover;background-color:#e38f27;border:2px solid #fafafa;padding: 2% 0px 0px 2%;\"><div class=\"fusion-column-content-centered\"><div class=\"fusion-column-content\"><div class=\"fusion-text fusion-text-117\"><p><span style=\"color: #ffffff;\">14h \u00e0s 16h | <a style=\"color: #ffffff;\" href=\"https:\/\/goo.gl\/maps\/1TY3EeJW9mKejwGV9\" target=\"_blank\" rel=\"noopener noreferrer\">Oficina Cultural Oswald de Andrade<\/a><\/span><br \/>\n<span style=\"color: #ffffff;\"><a style=\"color: #ffffff;\" href=\"https:\/\/mitsp.org\/2020\/curadoria-na-encruzilhada\/\">SEMIN\u00c1RIO CURADORIA NA ENCRUZILHADA<\/a><\/span><\/p>\n<\/div><\/div><\/div><div class=\"fusion-clearfix\"><\/div><\/div><\/div><div class=\"fusion-layout-column fusion_builder_column fusion-builder-column-117 fusion_builder_column_1_1 1_1 fusion-one-full fusion-column-first fusion-column-last\" style=\"margin-top:0px;margin-bottom:0px;\"><div class=\"fusion-column-wrapper fusion-flex-column-wrapper-legacy\" style=\"background-position:left top;background-repeat:no-repeat;-webkit-background-size:cover;-moz-background-size:cover;-o-background-size:cover;background-size:cover;background-color:#81675b;border:2px solid #fafafa;padding: 2% 0px 0px 2%;\"><div class=\"fusion-column-content-centered\"><div class=\"fusion-column-content\"><div class=\"fusion-text fusion-text-118\"><p><span style=\"color: #ffffff;\">16h | <a style=\"color: #ffffff;\" href=\"https:\/\/goo.gl\/maps\/ZJBe2tFhvP9Lznem8\" target=\"_blank\" rel=\"noopener noreferrer\">Teatro Cacilda Becker<\/a><\/span><br \/>\n<span style=\"color: #ffffff;\"><a style=\"color: #ffffff;\" href=\"https:\/\/mitsp.org\/2020\/entrelinhas\/\">ENTRELINHAS<\/a><\/span><\/p>\n<p><span style=\"color: #ffffff;\"><strong>COMUNICADO<\/strong><\/span><\/p>\n<p><span style=\"color: #ffffff;\">As apresenta\u00e7\u00f5es do espet\u00e1culo\u00a0<em>Entrelinhas<\/em>\u00a0foram canceladas devido \u00e0 suspens\u00e3o das atividades do Teatro Cacilda Becker, informada na sexta (13\/3) pela Prefeitura de S\u00e3o Paulo.<\/span><\/p>\n<\/div><\/div><\/div><div class=\"fusion-clearfix\"><\/div><\/div><\/div><div class=\"fusion-layout-column fusion_builder_column fusion-builder-column-118 fusion_builder_column_1_1 1_1 fusion-one-full fusion-column-first fusion-column-last\" style=\"margin-top:0px;margin-bottom:0px;\"><div class=\"fusion-column-wrapper fusion-flex-column-wrapper-legacy\" style=\"background-position:left top;background-repeat:no-repeat;-webkit-background-size:cover;-moz-background-size:cover;-o-background-size:cover;background-size:cover;background-color:#e38f27;border:2px solid #fafafa;padding: 2% 0px 0px 2%;\"><div class=\"fusion-column-content-centered\"><div class=\"fusion-column-content\"><div class=\"fusion-text fusion-text-119\"><p><span style=\"color: #ffffff;\">Ap\u00f3s a sess\u00e3o das 16h | <a style=\"color: #ffffff;\" href=\"https:\/\/goo.gl\/maps\/ZJBe2tFhvP9Lznem8\" target=\"_blank\" rel=\"noopener noreferrer\">Teatro Cacilda Becker<\/a><\/span><br \/>\n<span style=\"color: #ffffff;\"><a style=\"color: #ffffff;\" href=\"https:\/\/mitsp.org\/2020\/pensamento-em-processo\/\">PENSAMENTO-EM-PROCESSO ENTRELINHAS<\/a><\/span><\/p>\n<p><span style=\"color: #ffffff;\"><strong>COMUNICADO<\/strong><\/span><\/p>\n<p><span style=\"color: #ffffff;\">As apresenta\u00e7\u00f5es do espet\u00e1culo\u00a0<em>Entrelinhas<\/em>\u00a0foram canceladas devido \u00e0 suspens\u00e3o das atividades do Teatro Cacilda Becker, informada na sexta (13\/3) pela Prefeitura de S\u00e3o Paulo.<\/span><\/p>\n<\/div><\/div><\/div><div class=\"fusion-clearfix\"><\/div><\/div><\/div><div class=\"fusion-layout-column fusion_builder_column fusion-builder-column-119 fusion_builder_column_1_1 1_1 fusion-one-full fusion-column-first fusion-column-last\" style=\"margin-top:0px;margin-bottom:0px;\"><div class=\"fusion-column-wrapper fusion-flex-column-wrapper-legacy\" style=\"background-position:left top;background-repeat:no-repeat;-webkit-background-size:cover;-moz-background-size:cover;-o-background-size:cover;background-size:cover;background-color:#e38f27;border:2px solid #fafafa;padding: 2% 0px 0px 2%;\"><div class=\"fusion-column-content-centered\"><div class=\"fusion-column-content\"><div class=\"fusion-text fusion-text-120\"><p><span style=\"color: #ffffff;\">16h30 \u00e0s 18h30 | <a style=\"color: #ffffff;\" href=\"https:\/\/goo.gl\/maps\/1TY3EeJW9mKejwGV9\" target=\"_blank\" rel=\"noopener noreferrer\">Oficina Cultural Oswald de Andrade<\/a><\/span><br \/>\n<span style=\"color: #ffffff;\"><a style=\"color: #ffffff;\" href=\"https:\/\/mitsp.org\/2020\/cena-contemporanea-panoramas-criticos\/\">DEBATE CENA CONTEMPOR NEA: PANORAMAS CR\u00cdTICOS &#8211; MESA 2<\/a><\/span><\/p>\n<\/div><\/div><\/div><div class=\"fusion-clearfix\"><\/div><\/div><\/div><div class=\"fusion-layout-column fusion_builder_column fusion-builder-column-120 fusion_builder_column_1_1 1_1 fusion-one-full fusion-column-first fusion-column-last\" style=\"margin-top:0px;margin-bottom:0px;\"><div class=\"fusion-column-wrapper fusion-flex-column-wrapper-legacy\" style=\"background-position:left top;background-repeat:no-repeat;-webkit-background-size:cover;-moz-background-size:cover;-o-background-size:cover;background-size:cover;background-color:#81675b;border:2px solid #fafafa;padding: 2% 0px 0px 2%;\"><div class=\"fusion-column-content-centered\"><div class=\"fusion-column-content\"><div class=\"fusion-text fusion-text-121\"><p><span style=\"color: #ffffff;\">17h | <a style=\"color: #ffffff;\" href=\"https:\/\/goo.gl\/maps\/hfbud4Qj3bkBaRKr7\" target=\"_blank\" rel=\"noopener noreferrer\">Centro de Refer\u00eancia da Dan\u00e7a<\/a><\/span><br \/>\n<span style=\"color: #ffffff;\"><a style=\"color: #ffffff;\" href=\"https:\/\/mitsp.org\/2020\/zoo\/\">ZOO<\/a><\/span><\/p>\n<p><span style=\"color: #ffffff;\"><strong>COMUNICADO<\/strong><\/span><\/p>\n<p><span style=\"color: #ffffff;\">As apresenta\u00e7\u00f5es do espet\u00e1culo\u00a0<em>ZOO<\/em>\u00a0foram canceladas devido \u00e0 suspens\u00e3o das atividades do Centro de Refer\u00eancia da Dan\u00e7a, informada na sexta (13\/3) pela Prefeitura de S\u00e3o Paulo.<\/span><\/p>\n<\/div><\/div><\/div><div class=\"fusion-clearfix\"><\/div><\/div><\/div><div class=\"fusion-layout-column fusion_builder_column fusion-builder-column-121 fusion_builder_column_1_1 1_1 fusion-one-full fusion-column-first fusion-column-last\" style=\"margin-top:0px;margin-bottom:0px;\"><div class=\"fusion-column-wrapper fusion-flex-column-wrapper-legacy\" style=\"background-position:left top;background-repeat:no-repeat;-webkit-background-size:cover;-moz-background-size:cover;-o-background-size:cover;background-size:cover;background-color:#81675b;border:2px solid #fafafa;padding: 2% 0px 0px 2%;\"><div class=\"fusion-column-content-centered\"><div class=\"fusion-column-content\"><div class=\"fusion-text fusion-text-122\"><p><span style=\"color: #ffffff;\">18h30 | <a style=\"color: #ffffff;\" href=\"https:\/\/goo.gl\/maps\/Fw47MvcGkcxnxfX66\" target=\"_blank\" rel=\"noopener noreferrer\">Centro Cultural S\u00e3o Paulo<\/a><\/span><br \/>\n<span style=\"color: #ffffff;\"><a style=\"color: #ffffff;\" href=\"https:\/\/mitsp.org\/2020\/o-anus-solar\/\">O \u00c2NUS SOLAR<\/a><\/span><\/p>\n<p><span style=\"color: #ffffff;\"><strong>COMUNICADO<\/strong><\/span><\/p>\n<p><span style=\"color: #ffffff;\">As apresenta\u00e7\u00f5es do espet\u00e1culo\u00a0<em>O \u00c2nus Solar<\/em>\u00a0foram canceladas devido \u00e0 suspens\u00e3o das atividades do Centro Cultural S\u00e3o Paulo, informada na sexta (13\/3) pela Prefeitura de S\u00e3o Paulo.<\/span><\/p>\n<\/div><\/div><\/div><div class=\"fusion-clearfix\"><\/div><\/div><\/div><div class=\"fusion-layout-column fusion_builder_column fusion-builder-column-122 fusion_builder_column_1_1 1_1 fusion-one-full fusion-column-first fusion-column-last\" style=\"margin-top:0px;margin-bottom:0px;\"><div class=\"fusion-column-wrapper fusion-flex-column-wrapper-legacy\" style=\"background-position:left top;background-repeat:no-repeat;-webkit-background-size:cover;-moz-background-size:cover;-o-background-size:cover;background-size:cover;background-color:#a0cf76;border:2px solid #fafafa;padding: 2% 0px 0px 2%;\"><div class=\"fusion-column-content-centered\"><div class=\"fusion-column-content\"><div class=\"fusion-text fusion-text-123\"><p><span style=\"color: #ffffff;\">19h | <a style=\"color: #ffffff;\" href=\"https:\/\/goo.gl\/maps\/tTpJtZLqzZewp6i46\" target=\"_blank\" rel=\"noopener noreferrer\">Teatro Sesi SP<\/a><\/span><br \/>\n<span style=\"color: #ffffff;\"><a style=\"color: #ffffff;\" href=\"https:\/\/mitsp.org\/2020\/sopro\/\">SOPRO<\/a><\/span><br \/>\n<span style=\"color: #ffffff;\"><strong>COMUNICADO<\/strong><\/span><br \/>\n<span style=\"color: #ffffff;\"><strong>As apresenta\u00e7\u00f5es do espet\u00e1culo &#8220;Sopro&#8221; foram canceladas devido \u00e0 suspens\u00e3o das atividades no Centro Cultural Fiesp\/Teatro do Sesi SP, informada ontem (12) pela institui\u00e7\u00e3o.<\/strong><\/span><\/p>\n<\/div><\/div><\/div><div class=\"fusion-clearfix\"><\/div><\/div><\/div><div class=\"fusion-layout-column fusion_builder_column fusion-builder-column-123 fusion_builder_column_1_1 1_1 fusion-one-full fusion-column-first fusion-column-last\" style=\"margin-top:0px;margin-bottom:0px;\"><div class=\"fusion-column-wrapper fusion-flex-column-wrapper-legacy\" style=\"background-position:left top;background-repeat:no-repeat;-webkit-background-size:cover;-moz-background-size:cover;-o-background-size:cover;background-size:cover;background-color:#a0cf76;border:2px solid #fafafa;padding: 2% 0px 0px 2%;\"><div class=\"fusion-column-content-centered\"><div class=\"fusion-column-content\"><div class=\"fusion-text fusion-text-124\"><p><span style=\"color: #ffffff;\">18h30 | <a style=\"color: #ffffff;\" href=\"https:\/\/goo.gl\/maps\/Fw47MvcGkcxnxfX66\" target=\"_blank\" rel=\"noopener noreferrer\">Tusp<\/a><\/span><br \/>\n<span style=\"color: #ffffff;\"><a style=\"color: #ffffff;\" href=\"https:\/\/mitsp.org\/2020\/burgerz\/\">BURGERZ<\/a><\/span><\/p>\n<\/div><\/div><\/div><div class=\"fusion-clearfix\"><\/div><\/div><\/div><div class=\"fusion-layout-column fusion_builder_column fusion-builder-column-124 fusion_builder_column_1_1 1_1 fusion-one-full fusion-column-first fusion-column-last\" style=\"margin-top:0px;margin-bottom:0px;\"><div class=\"fusion-column-wrapper fusion-flex-column-wrapper-legacy\" style=\"background-position:left top;background-repeat:no-repeat;-webkit-background-size:cover;-moz-background-size:cover;-o-background-size:cover;background-size:cover;background-color:#e38f27;border:2px solid #fafafa;padding: 2% 0px 0px 2%;\"><div class=\"fusion-column-content-centered\"><div class=\"fusion-column-content\"><div class=\"fusion-text fusion-text-125\"><p><span style=\"color: #ffffff;\">Ap\u00f3s a sess\u00e3o das 18h30 | <a style=\"color: #ffffff;\" href=\"https:\/\/goo.gl\/maps\/Fw47MvcGkcxnxfX66\" target=\"_blank\" rel=\"noopener noreferrer\">Tusp<\/a><\/span><br \/>\n<span style=\"color: #ffffff;\"><a style=\"color: #ffffff;\" href=\"https:\/\/mitsp.org\/2020\/pensamento-em-processo\/\">PENSAMENTO-EM-PROCESSO BURGERZ<\/a><\/span><\/p>\n<\/div><\/div><\/div><div class=\"fusion-clearfix\"><\/div><\/div><\/div><\/div><\/div><\/div><\/p>\n","protected":false},"excerpt":{"rendered":"","protected":false},"author":1,"featured_media":0,"parent":0,"menu_order":20,"comment_status":"closed","ping_status":"closed","template":"","meta":{"_links_to":"","_links_to_target":""},"yst_prominent_words":[],"acf":[],"_links":{"self":[{"href":"https:\/\/mitsp.org\/2020\/wp-json\/wp\/v2\/pages\/3970"}],"collection":[{"href":"https:\/\/mitsp.org\/2020\/wp-json\/wp\/v2\/pages"}],"about":[{"href":"https:\/\/mitsp.org\/2020\/wp-json\/wp\/v2\/types\/page"}],"author":[{"embeddable":true,"href":"https:\/\/mitsp.org\/2020\/wp-json\/wp\/v2\/users\/1"}],"replies":[{"embeddable":true,"href":"https:\/\/mitsp.org\/2020\/wp-json\/wp\/v2\/comments?post=3970"}],"version-history":[{"count":0,"href":"https:\/\/mitsp.org\/2020\/wp-json\/wp\/v2\/pages\/3970\/revisions"}],"wp:attachment":[{"href":"https:\/\/mitsp.org\/2020\/wp-json\/wp\/v2\/media?parent=3970"}],"wp:term":[{"taxonomy":"yst_prominent_words","embeddable":true,"href":"https:\/\/mitsp.org\/2020\/wp-json\/wp\/v2\/yst_prominent_words?post=3970"}],"curies":[{"name":"wp","href":"https:\/\/api.w.org\/{rel}","templated":true}]}}