{"id":3270,"date":"2019-02-19T11:28:12","date_gmt":"2019-02-19T14:28:12","guid":{"rendered":"https:\/\/mitsp.org\/2019\/?page_id=3270"},"modified":"2020-03-14T18:57:28","modified_gmt":"2020-03-14T21:57:28","slug":"ingressos","status":"publish","type":"page","link":"https:\/\/mitsp.org\/2020\/ingressos\/","title":{"rendered":"INGRESSOS"},"content":{"rendered":"<p><div class=\"fusion-fullwidth fullwidth-box fusion-builder-row-1 hundred-percent-fullwidth non-hundred-percent-height-scrolling fusion-equal-height-columns\" style=\"background-color: rgba(255,255,255,0);background-position: center center;background-repeat: no-repeat;padding-top:0px;padding-right:0px;padding-bottom:0px;padding-left:0px;margin-bottom: 0px;margin-top: 0px;border-width: 0px 0px 0px 0px;border-color:#eae9e9;border-style:solid;\" ><div class=\"fusion-builder-row fusion-row\"><div class=\"fusion-layout-column fusion_builder_column fusion-builder-column-0 fusion_builder_column_1_1 1_1 fusion-one-full fusion-column-first fusion-column-last fusion-column-no-min-height\" style=\"margin-top:0px;margin-bottom:20px;\"><div class=\"fusion-column-wrapper fusion-flex-column-wrapper-legacy\" style=\"background-position:left top;background-repeat:no-repeat;-webkit-background-size:cover;-moz-background-size:cover;-o-background-size:cover;background-size:cover;padding: 0px 0px 0px 0px;\"><div class=\"fusion-text fusion-text-1\"><h2 style=\"text-align: center;\">INGRESSOS<\/h2>\n<\/div><div class=\"fusion-clearfix\"><\/div><\/div><\/div><\/div><\/div><div class=\"fusion-fullwidth fullwidth-box fusion-builder-row-2 bt-hide hundred-percent-fullwidth non-hundred-percent-height-scrolling\" style=\"background-color: rgba(255,255,255,0);background-position: center center;background-repeat: no-repeat;padding-top:0px;padding-right:0px;padding-bottom:0px;padding-left:0px;margin-bottom: 0px;margin-top: 3%;border-width: 0px 0px 0px 0px;border-color:#eae9e9;border-style:solid;\" ><div class=\"fusion-builder-row fusion-row\"><div class=\"fusion-layout-column fusion_builder_column fusion-builder-column-1 fusion_builder_column_1_5 1_5 fusion-one-fifth fusion-column-first\" style=\"width:20%;width:calc(20% - ( ( 20px + 20px + 20px + 20px ) * 0.2 ) );margin-right: 20px;margin-top:0px;margin-bottom:20px;\"><div class=\"fusion-column-wrapper fusion-flex-column-wrapper-legacy\" style=\"background-position:left top;background-repeat:no-repeat;-webkit-background-size:cover;-moz-background-size:cover;-o-background-size:cover;background-size:cover;padding: 0px 15px 15px 15px;\"><div class=\"fusion-text fusion-text-2\"><p><b>BY HEART<\/b><\/p>\n<p><b>10\/3, \u00e0s 21h<br \/>\n<\/b><b>11\/3, \u00e0s 21h<br \/>\n<\/b><b>12\/3, \u00e0s 21h<\/b><\/p>\n<p><a href=\"https:\/\/goo.gl\/maps\/uoo9Dj2V1purkzqMA\" target=\"_blank\" rel=\"noopener noreferrer\"><b>Teatro Faap<\/b><\/a><\/p>\n<p><span style=\"font-weight: 400;\">R$ 40 e R$ 20\u00a0 (meia-entrada)<\/span><\/p>\n<h6><b><span style=\"color: #ff0000;\">Bilheteria<\/span>:<\/b><b> A partir de 12 de fevereiro, \u00e0s 17h. Hor\u00e1rio de funcionamento: de quarta a s\u00e1bado, das 14h \u00e0s 20h; domingo, das 14h \u00e0s 17h. <\/b><span style=\"color: #ff0000;\"><b>10% dos ingressos ser\u00e3o vendidos no dia do espet\u00e1culo.<\/b><\/span><\/h6>\n<\/div><div class=\"fusion-align-block\"><style>.fusion-body .fusion-button.button-1{border-color:#ffffff;border-radius:0px 0px 0px 0px;background:#a0cf76;}.fusion-body .fusion-button.button-1 .fusion-button-text,.fusion-body .fusion-button.button-1 i,.fusion-body .fusion-button.button-1:hover .fusion-button-text,.fusion-body .fusion-button.button-1:hover i,.fusion-body .fusion-button.button-1:focus .fusion-button-text,.fusion-body .fusion-button.button-1:focus i,.fusion-body .fusion-button.button-1:active .fusion-button-text,.fusion-body .fusion-button.button-1:active i{color:#ffffff;}.fusion-body .fusion-button.button-1:hover,.fusion-body .fusion-button.button-1:active,.fusion-body .fusion-button.button-1:focus{border-color:#ffffff;background:#a0cf76;}<\/style><a class=\"fusion-button button-flat button-large button-custom button-1 fusion-button-span-yes fusion-button-default-type\" target=\"_blank\" rel=\"noopener noreferrer\" href=\"https:\/\/teatrofaap.showare.com.br\/\"><span class=\"fusion-button-text\">Adquira seu ingresso<\/span><\/a><\/div><div class=\"fusion-clearfix\"><\/div><\/div><\/div><div class=\"fusion-layout-column fusion_builder_column fusion-builder-column-2 fusion_builder_column_1_5 1_5 fusion-one-fifth\" style=\"width:20%;width:calc(20% - ( ( 20px + 20px + 20px + 20px ) * 0.2 ) );margin-right: 20px;margin-top:0px;margin-bottom:20px;\"><div class=\"fusion-column-wrapper fusion-flex-column-wrapper-legacy\" style=\"background-position:left top;background-repeat:no-repeat;-webkit-background-size:cover;-moz-background-size:cover;-o-background-size:cover;background-size:cover;padding: 0px 15px 15px 15px;\"><div class=\"fusion-text fusion-text-3\"><p><b>SOPRO<\/b><\/p>\n<p><b>13\/3, \u00e0s 20h<br \/>\n<\/b><b>14\/3, \u00e0s 20h<br \/>\n<\/b><b>15\/3, \u00e0s 19h<\/b><\/p>\n<p><span style=\"color: #ff0000;\"><strong>COMUNICADO<\/strong><\/span><br \/>\n<span style=\"color: #ff0000;\">As apresenta\u00e7\u00f5es do espet\u00e1culo &#8220;Sopro&#8221; foram canceladas devido \u00e0 suspens\u00e3o das atividades no Centro Cultural Fiesp\/Teatro do Sesi SP, informada ontem (12) pela institui\u00e7\u00e3o.<\/span><\/p>\n<\/div><div class=\"fusion-clearfix\"><\/div><\/div><\/div><div class=\"fusion-layout-column fusion_builder_column fusion-builder-column-3 fusion_builder_column_1_5 1_5 fusion-one-fifth\" style=\"width:20%;width:calc(20% - ( ( 20px + 20px + 20px + 20px ) * 0.2 ) );margin-right: 20px;margin-top:0px;margin-bottom:20px;\"><div class=\"fusion-column-wrapper fusion-flex-column-wrapper-legacy\" style=\"background-position:left top;background-repeat:no-repeat;-webkit-background-size:cover;-moz-background-size:cover;-o-background-size:cover;background-size:cover;padding: 0px 15px 15px 15px;\"><div class=\"fusion-text fusion-text-4\"><p><b>JERK (BABACA)<\/b><\/p>\n<p><b>09\/3, \u00e0s 19h<br \/>\n<\/b><b>10\/3, \u00e0s 19h<br \/>\n<\/b><b>11\/3, \u00e0s 19h<\/b><\/p>\n<p><a href=\"https:\/\/goo.gl\/maps\/RNQbbvrVdK78RuPb8\" target=\"_blank\" rel=\"noopener noreferrer\"><b>Teatro S\u00e9rgio Cardoso<\/b><\/a><\/p>\n<p><span style=\"font-weight: 400;\">R$ 40 e R$ 20 (meia-entrada)<\/span><\/p>\n<h6><b><span style=\"color: #ff0000;\">Bilheteria<\/span>: <\/b><b>A partir de 12 de fevereiro, de ter\u00e7a a s\u00e1bado, das 14h \u00e0s 19h. <\/b><span style=\"color: #ff0000;\"><b>10% dos ingressos ser\u00e3o vendidos no dia do espet\u00e1culo.<\/b><\/span><\/h6>\n<\/div><div class=\"fusion-align-block\"><style>.fusion-body .fusion-button.button-2{border-color:#ffffff;border-radius:0px 0px 0px 0px;background:#a0cf76;}.fusion-body .fusion-button.button-2 .fusion-button-text,.fusion-body .fusion-button.button-2 i,.fusion-body .fusion-button.button-2:hover .fusion-button-text,.fusion-body .fusion-button.button-2:hover i,.fusion-body .fusion-button.button-2:focus .fusion-button-text,.fusion-body .fusion-button.button-2:focus i,.fusion-body .fusion-button.button-2:active .fusion-button-text,.fusion-body .fusion-button.button-2:active i{color:#ffffff;}.fusion-body .fusion-button.button-2:hover,.fusion-body .fusion-button.button-2:active,.fusion-body .fusion-button.button-2:focus{border-color:#ffffff;background:#a0cf76;}<\/style><a class=\"fusion-button button-flat button-large button-custom button-2 fusion-button-span-yes fusion-button-default-type\" target=\"_blank\" rel=\"noopener noreferrer\" href=\"https:\/\/bileto.sympla.com.br\/event\/64545\"><span class=\"fusion-button-text\">Adquira seu ingresso<\/span><\/a><\/div><div class=\"fusion-clearfix\"><\/div><\/div><\/div><div class=\"fusion-layout-column fusion_builder_column fusion-builder-column-4 fusion_builder_column_1_5 1_5 fusion-one-fifth\" style=\"width:20%;width:calc(20% - ( ( 20px + 20px + 20px + 20px ) * 0.2 ) );margin-right: 20px;margin-top:0px;margin-bottom:20px;\"><div class=\"fusion-column-wrapper fusion-flex-column-wrapper-legacy\" style=\"background-position:left top;background-repeat:no-repeat;-webkit-background-size:cover;-moz-background-size:cover;-o-background-size:cover;background-size:cover;padding: 0px 15px 15px 15px;\"><div class=\"fusion-text fusion-text-5\"><p><b>BURGERZ<\/b><\/p>\n<p data-fontsize=\"32\" data-lineheight=\"48px\"><strong>14\/3, \u00e0s 21h30<\/strong><br \/>\n<strong>15\/3, \u00e0s 18h30<\/strong><\/p>\n<p data-fontsize=\"22\" data-lineheight=\"26.4px\"><strong>LOCAL:\u00a0<a href=\"https:\/\/goo.gl\/maps\/Fw47MvcGkcxnxfX66\" target=\"_blank\" rel=\"noopener noreferrer\">Tusp<\/a><\/strong><\/p>\n<p>Pague o quanto puder<\/p>\n<h6><b><span style=\"color: #ff0000;\">Bilheteria<\/span>: As bilheterias abrem uma hora antes de cada sess\u00e3o \u2014ser\u00e1 permitida a retirada de um ingresso por pessoa. Nas sess\u00f5es de <em>Burgerz<\/em>, 30% dos ingressos ser\u00e3o reservados para pessoas trans.\u00a0<\/b><\/h6>\n<\/div><div class=\"fusion-align-block\"><style>.fusion-body .fusion-button.button-3{border-color:#ffffff;border-radius:0px 0px 0px 0px;background:#a0cf76;}.fusion-body .fusion-button.button-3 .fusion-button-text,.fusion-body .fusion-button.button-3 i,.fusion-body .fusion-button.button-3:hover .fusion-button-text,.fusion-body .fusion-button.button-3:hover i,.fusion-body .fusion-button.button-3:focus .fusion-button-text,.fusion-body .fusion-button.button-3:focus i,.fusion-body .fusion-button.button-3:active .fusion-button-text,.fusion-body .fusion-button.button-3:active i{color:#ffffff;}.fusion-body .fusion-button.button-3:hover,.fusion-body .fusion-button.button-3:active,.fusion-body .fusion-button.button-3:focus{border-color:#ffffff;background:#a0cf76;}<\/style><a class=\"fusion-button button-flat button-large button-custom button-3 fusion-button-span-yes fusion-button-default-type\" target=\"_blank\" rel=\"noopener noreferrer\"><span class=\"fusion-button-text\">pague o quanto puder<\/span><\/a><\/div><div class=\"fusion-clearfix\"><\/div><\/div><\/div><div class=\"fusion-layout-column fusion_builder_column fusion-builder-column-5 fusion_builder_column_1_5 1_5 fusion-one-fifth fusion-column-last\" style=\"width:20%;width:calc(20% - ( ( 20px + 20px + 20px + 20px ) * 0.2 ) );margin-top:0px;margin-bottom:20px;\"><div class=\"fusion-column-wrapper fusion-flex-column-wrapper-legacy\" style=\"background-position:left top;background-repeat:no-repeat;-webkit-background-size:cover;-moz-background-size:cover;-o-background-size:cover;background-size:cover;padding: 0px 15px 15px 15px;\"><div class=\"fusion-text fusion-text-6\"><p><b>CONTOS IMORAIS \u2013 PARTE 1: CASA M\u00c3E<\/b><\/p>\n<p><b>6\/3, \u00e0s 21h<br \/>\n<\/b><b>7\/3, \u00e0s 21h<br \/>\n<\/b><b>8\/3, \u00e0s 18h<\/b><\/p>\n<p><a href=\"https:\/\/goo.gl\/maps\/v7M7tNe1ApTL9UQq5\" target=\"_blank\" rel=\"noopener noreferrer\"><b>Sesc Pinheiros<\/b><\/a><\/p>\n<p><span style=\"font-weight: 400;\">R$ 40 e R$ 20 (meia-entrada)<\/span><\/p>\n<h6><b><span style=\"color: #ff0000;\">Bilheteria<\/span>:<\/b><b> A partir de 11 de fevereiro, \u00e0s 17h. Hor\u00e1rio de funcionamento: De ter\u00e7a a s\u00e1bado, das 10h \u00e0s 21h; domingos e feriados, das 10h \u00e0s 18h30. A venda est\u00e1 limitada a quatro ingressos por CPF.<\/b><\/h6>\n<\/div><div class=\"fusion-align-block\"><style>.fusion-body .fusion-button.button-4{border-color:#ffffff;border-radius:0px 0px 0px 0px;background:#a0cf76;}.fusion-body .fusion-button.button-4 .fusion-button-text,.fusion-body .fusion-button.button-4 i,.fusion-body .fusion-button.button-4:hover .fusion-button-text,.fusion-body .fusion-button.button-4:hover i,.fusion-body .fusion-button.button-4:focus .fusion-button-text,.fusion-body .fusion-button.button-4:focus i,.fusion-body .fusion-button.button-4:active .fusion-button-text,.fusion-body .fusion-button.button-4:active i{color:#ffffff;}.fusion-body .fusion-button.button-4:hover,.fusion-body .fusion-button.button-4:active,.fusion-body .fusion-button.button-4:focus{border-color:#ffffff;background:#a0cf76;}<\/style><a class=\"fusion-button button-flat button-large button-custom button-4 fusion-button-span-yes fusion-button-default-type\" target=\"_blank\" rel=\"noopener noreferrer\" href=\"https:\/\/www.sescsp.org.br\/programacao\/220220_CONTOS+IMORAIS+PARTE+1+CASA+MAE\"><span class=\"fusion-button-text\">Adquira seu ingresso<\/span><\/a><\/div><div class=\"fusion-clearfix\"><\/div><\/div><\/div><div class=\"fusion-layout-column fusion_builder_column fusion-builder-column-6 fusion_builder_column_1_5 1_5 fusion-one-fifth fusion-column-first\" style=\"width:20%;width:calc(20% - ( ( 20px + 20px + 20px + 20px ) * 0.2 ) );margin-right: 20px;margin-top:0px;margin-bottom:20px;\"><div class=\"fusion-column-wrapper fusion-flex-column-wrapper-legacy\" style=\"background-position:left top;background-repeat:no-repeat;-webkit-background-size:cover;-moz-background-size:cover;-o-background-size:cover;background-size:cover;padding: 0px 15px 15px 15px;\"><div class=\"fusion-text fusion-text-7\"><p><b>FARM FATALE<\/b><\/p>\n<p><b>12\/3, \u00e0s 21h<br \/>\n<\/b><b>13\/3, \u00e0s 21h<br \/>\n<\/b><b>14\/3, \u00e0s 21h<\/b><\/p>\n<p><a href=\"https:\/\/goo.gl\/maps\/dwW2A4pQKUtqPyiv5\" target=\"_blank\" rel=\"noopener noreferrer\"><b>Sesc Vila Mariana<\/b><\/a><\/p>\n<p><span style=\"font-weight: 400;\">R$ 40 e R$ 20 (meia-entrada)<\/span><\/p>\n<h6><b><span style=\"color: #ff0000;\">Bilheteria<\/span>: <\/b><b>A partir de 12 de fevereiro, \u00e0s 17h. Hor\u00e1rio de funcionamento: De ter\u00e7a a s\u00e1bado, das 9h \u00e0s 21h30; domingos e feriados, das 9h \u00e0s 18h. A venda est\u00e1 limitada a quatro ingressos por CPF.<\/b><\/h6>\n<\/div><div class=\"fusion-align-block\"><style>.fusion-body .fusion-button.button-5{border-color:#ffffff;border-radius:0px 0px 0px 0px;background:#a0cf76;}.fusion-body .fusion-button.button-5 .fusion-button-text,.fusion-body .fusion-button.button-5 i,.fusion-body .fusion-button.button-5:hover .fusion-button-text,.fusion-body .fusion-button.button-5:hover i,.fusion-body .fusion-button.button-5:focus .fusion-button-text,.fusion-body .fusion-button.button-5:focus i,.fusion-body .fusion-button.button-5:active .fusion-button-text,.fusion-body .fusion-button.button-5:active i{color:#ffffff;}.fusion-body .fusion-button.button-5:hover,.fusion-body .fusion-button.button-5:active,.fusion-body .fusion-button.button-5:focus{border-color:#ffffff;background:#a0cf76;}<\/style><a class=\"fusion-button button-flat button-large button-custom button-5 fusion-button-span-yes fusion-button-default-type\" target=\"_blank\" rel=\"noopener noreferrer\" href=\"https:\/\/www.sescsp.org.br\/programacao\/220351_FARM+FATALE\"><span class=\"fusion-button-text\">Adquira seu ingresso<\/span><\/a><\/div><div class=\"fusion-clearfix\"><\/div><\/div><\/div><div class=\"fusion-layout-column fusion_builder_column fusion-builder-column-7 fusion_builder_column_1_5 1_5 fusion-one-fifth\" style=\"width:20%;width:calc(20% - ( ( 20px + 20px + 20px + 20px ) * 0.2 ) );margin-right: 20px;margin-top:0px;margin-bottom:20px;\"><div class=\"fusion-column-wrapper fusion-flex-column-wrapper-legacy\" style=\"background-position:left top;background-repeat:no-repeat;-webkit-background-size:cover;-moz-background-size:cover;-o-background-size:cover;background-size:cover;padding: 0px 15px 15px 15px;\"><div class=\"fusion-text fusion-text-8\"><p><b>O QUE FAZER DAQUI PARA TR\u00c1S<\/b><\/p>\n<p><b>7\/3, \u00e0s 19h<br \/>\n<\/b><b>8\/3, \u00e0s 19h<br \/>\n<\/b><b>9\/3, \u00e0s 19h<\/b><\/p>\n<p><a href=\"https:\/\/goo.gl\/maps\/ZJBe2tFhvP9Lznem8\" target=\"_blank\" rel=\"noopener noreferrer\"><b>Teatro Cacilda Becker<\/b><\/a><\/p>\n<p><span style=\"font-weight: 400;\">R$ 40 e R$ 20 (meia-entrada)<\/span><\/p>\n<h6><b><span style=\"color: #ff0000;\">Bilheteria<\/span>:<\/b><b> No dia do espet\u00e1culo, a bilheteria ser\u00e1 aberta com uma hora de anteced\u00eancia. <\/b><span style=\"color: #ff0000;\"><b>10% dos ingressos ser\u00e3o vendidos no dia do espet\u00e1culo.<\/b><\/span><\/h6>\n<\/div><div class=\"fusion-align-block\"><style>.fusion-body .fusion-button.button-6{border-color:#ffffff;border-radius:0px 0px 0px 0px;background:#a0cf76;}.fusion-body .fusion-button.button-6 .fusion-button-text,.fusion-body .fusion-button.button-6 i,.fusion-body .fusion-button.button-6:hover .fusion-button-text,.fusion-body .fusion-button.button-6:hover i,.fusion-body .fusion-button.button-6:focus .fusion-button-text,.fusion-body .fusion-button.button-6:focus i,.fusion-body .fusion-button.button-6:active .fusion-button-text,.fusion-body .fusion-button.button-6:active i{color:#ffffff;}.fusion-body .fusion-button.button-6:hover,.fusion-body .fusion-button.button-6:active,.fusion-body .fusion-button.button-6:focus{border-color:#ffffff;background:#a0cf76;}<\/style><a class=\"fusion-button button-flat button-large button-custom button-6 fusion-button-span-yes fusion-button-default-type\" target=\"_blank\" rel=\"noopener noreferrer\" href=\"https:\/\/bileto.sympla.com.br\/event\/64585\"><span class=\"fusion-button-text\">Adquira seu ingresso<\/span><\/a><\/div><div class=\"fusion-clearfix\"><\/div><\/div><\/div><div class=\"fusion-layout-column fusion_builder_column fusion-builder-column-8 fusion_builder_column_1_5 1_5 fusion-one-fifth\" style=\"width:20%;width:calc(20% - ( ( 20px + 20px + 20px + 20px ) * 0.2 ) );margin-right: 20px;margin-top:0px;margin-bottom:20px;\"><div class=\"fusion-column-wrapper fusion-flex-column-wrapper-legacy\" style=\"background-position:left top;background-repeat:no-repeat;-webkit-background-size:cover;-moz-background-size:cover;-o-background-size:cover;background-size:cover;padding: 0px 15px 15px 15px;\"><div class=\"fusion-text fusion-text-9\"><p><b>MULTID\u00c3O (CROWD)<\/b><\/p>\n<p><b>5\/3, \u00e0s 20h* <\/b><span style=\"font-weight: 400;\"><br \/>\n<\/span><b>6\/3, \u00e0s 21h<br \/>\n<\/b><b>7\/3, \u00e0s 21h<\/b><\/p>\n<p><a href=\"https:\/\/goo.gl\/maps\/z2aVDjxDc5GeTFEf9\" target=\"_blank\" rel=\"noopener noreferrer\"><b>Audit\u00f3rio Ibirapuera<\/b><\/a><\/p>\n<p><span style=\"font-weight: 400;\">R$ 30 e R$ 15 (meia-entrada)<\/span><\/p>\n<h6><b><span style=\"color: #ff0000;\">Bilheteria<\/span>:<\/b><b> A partir de 28 de fevereiro. Hor\u00e1rio de funcionamento: sextas e s\u00e1bados, das 13h \u00e0s 22h; aos domingos, das 13h \u00e0s 20h. 28 e 29 de fevereiro e 1\u00ba de mar\u00e7o, das 13h \u00e0s 19h.<\/b><\/h6>\n<h6><em>*<span style=\"font-weight: 400;\">(Cerim\u00f4nia de abertura) \/ 21h: espet\u00e1culo (para convidados)<\/span><\/em><\/h6>\n<\/div><div class=\"fusion-align-block\"><style>.fusion-body .fusion-button.button-7{border-color:#ffffff;border-radius:0px 0px 0px 0px;background:#a0cf76;}.fusion-body .fusion-button.button-7 .fusion-button-text,.fusion-body .fusion-button.button-7 i,.fusion-body .fusion-button.button-7:hover .fusion-button-text,.fusion-body .fusion-button.button-7:hover i,.fusion-body .fusion-button.button-7:focus .fusion-button-text,.fusion-body .fusion-button.button-7:focus i,.fusion-body .fusion-button.button-7:active .fusion-button-text,.fusion-body .fusion-button.button-7:active i{color:#ffffff;}.fusion-body .fusion-button.button-7:hover,.fusion-body .fusion-button.button-7:active,.fusion-body .fusion-button.button-7:focus{border-color:#ffffff;background:#a0cf76;}<\/style><a class=\"fusion-button button-flat button-large button-custom button-7 fusion-button-span-yes fusion-button-default-type\" target=\"_blank\" rel=\"noopener noreferrer\" href=\"https:\/\/bileto.sympla.com.br\/event\/64598\/d\/83009\/s\/431668\"><span class=\"fusion-button-text\">Adquira seu ingresso<\/span><\/a><\/div><div class=\"fusion-clearfix\"><\/div><\/div><\/div><div class=\"fusion-layout-column fusion_builder_column fusion-builder-column-9 fusion_builder_column_1_5 1_5 fusion-one-fifth\" style=\"width:20%;width:calc(20% - ( ( 20px + 20px + 20px + 20px ) * 0.2 ) );margin-right: 20px;margin-top:0px;margin-bottom:20px;\"><div class=\"fusion-column-wrapper fusion-flex-column-wrapper-legacy\" style=\"background-position:left top;background-repeat:no-repeat;-webkit-background-size:cover;-moz-background-size:cover;-o-background-size:cover;background-size:cover;padding: 0px 15px 15px 15px;\"><div class=\"fusion-text fusion-text-10\"><p><b>O PEDIDO<\/b><\/p>\n<p><b>10\/3, \u00e0s 21h<br \/>\n<\/b><b>11\/3, \u00e0s 21h<br \/>\n<\/b><b>12\/3, \u00e0s 21h<\/b><\/p>\n<p><a href=\"https:\/\/goo.gl\/maps\/Q1h5awoGPHB7iQBHA\" target=\"_blank\" rel=\"noopener noreferrer\"><b>Teatro Cultura Inglesa Pinheiros<\/b><\/a><\/p>\n<p><span style=\"font-weight: 400;\">R$ 40 e R$ 20 (meia-entrada)<\/span><\/p>\n<h6><b><span style=\"color: #ff0000;\">Bilheteria<\/span>: <\/b><b>No dia do espet\u00e1culo, a bilheteria abre com uma hora de anteced\u00eancia. <\/b><span style=\"color: #ff0000;\"><b>10% dos ingressos ser\u00e3o vendidos no dia do espet\u00e1culo.<\/b><\/span><\/h6>\n<\/div><div class=\"fusion-align-block\"><style>.fusion-body .fusion-button.button-8{border-color:#ffffff;border-radius:0px 0px 0px 0px;background:#a0cf76;}.fusion-body .fusion-button.button-8 .fusion-button-text,.fusion-body .fusion-button.button-8 i,.fusion-body .fusion-button.button-8:hover .fusion-button-text,.fusion-body .fusion-button.button-8:hover i,.fusion-body .fusion-button.button-8:focus .fusion-button-text,.fusion-body .fusion-button.button-8:focus i,.fusion-body .fusion-button.button-8:active .fusion-button-text,.fusion-body .fusion-button.button-8:active i{color:#ffffff;}.fusion-body .fusion-button.button-8:hover,.fusion-body .fusion-button.button-8:active,.fusion-body .fusion-button.button-8:focus{border-color:#ffffff;background:#a0cf76;}<\/style><a class=\"fusion-button button-flat button-large button-custom button-8 fusion-button-span-yes fusion-button-default-type\" target=\"_blank\" rel=\"noopener noreferrer\" href=\"https:\/\/bileto.sympla.com.br\/event\/64581\"><span class=\"fusion-button-text\">Adquira seu ingresso<\/span><\/a><\/div><div class=\"fusion-clearfix\"><\/div><\/div><\/div><div class=\"fusion-layout-column fusion_builder_column fusion-builder-column-10 fusion_builder_column_1_5 1_5 fusion-one-fifth fusion-column-last\" style=\"width:20%;width:calc(20% - ( ( 20px + 20px + 20px + 20px ) * 0.2 ) );margin-top:0px;margin-bottom:20px;\"><div class=\"fusion-column-wrapper fusion-flex-column-wrapper-legacy\" style=\"background-position:left top;background-repeat:no-repeat;-webkit-background-size:cover;-moz-background-size:cover;-o-background-size:cover;background-size:cover;padding: 0px 15px 15px 15px;\"><div class=\"fusion-text fusion-text-11\"><p><b>ORLANDO<\/b><\/p>\n<p><b>7\/3, \u00e0s 16h e \u00e0s 18h<br \/>\n<\/b><b>8\/3, \u00e0s 16h e \u00e0s 18h<\/b><\/p>\n<p><a href=\"https:\/\/goo.gl\/maps\/sZv7LeXZYAhZSL7i7\" target=\"_blank\" rel=\"noopener noreferrer\"><b>Teatro S\u00e9rgio Cardoso<\/b><\/a><\/p>\n<p><span style=\"font-weight: 400;\">R$ 40 e R$ 20 (meia-entrada)<\/span><\/p>\n<h6><strong><span style=\"color: #ff0000;\">Bilheteria<\/span>: A partir de 12 de fevereiro, de ter\u00e7a a s\u00e1bado, das 14h \u00e0s 19h. <span style=\"color: #ff0000;\">10% dos ingressos ser\u00e3o vendidos no dia do espet\u00e1culo.<\/span><\/strong><\/h6>\n<\/div><div class=\"fusion-align-block\"><style>.fusion-body .fusion-button.button-9{border-color:#ffffff;border-radius:0px 0px 0px 0px;background:#a0cf76;}.fusion-body .fusion-button.button-9 .fusion-button-text,.fusion-body .fusion-button.button-9 i,.fusion-body .fusion-button.button-9:hover .fusion-button-text,.fusion-body .fusion-button.button-9:hover i,.fusion-body .fusion-button.button-9:focus .fusion-button-text,.fusion-body .fusion-button.button-9:focus i,.fusion-body .fusion-button.button-9:active .fusion-button-text,.fusion-body .fusion-button.button-9:active i{color:#ffffff;}.fusion-body .fusion-button.button-9:hover,.fusion-body .fusion-button.button-9:active,.fusion-body .fusion-button.button-9:focus{border-color:#ffffff;background:#a0cf76;}<\/style><a class=\"fusion-button button-flat button-large button-custom button-9 fusion-button-span-yes fusion-button-default-type\" target=\"_blank\" rel=\"noopener noreferrer\" href=\"https:\/\/bileto.sympla.com.br\/event\/64546\"><span class=\"fusion-button-text\">Adquira seu ingresso<\/span><\/a><\/div><div class=\"fusion-clearfix\"><\/div><\/div><\/div><div class=\"fusion-layout-column fusion_builder_column fusion-builder-column-11 fusion_builder_column_1_5 1_5 fusion-one-fifth fusion-column-first\" style=\"width:20%;width:calc(20% - ( ( 20px + 20px + 20px + 20px ) * 0.2 ) );margin-right: 20px;margin-top:0px;margin-bottom:20px;\"><div class=\"fusion-column-wrapper fusion-flex-column-wrapper-legacy\" style=\"background-position:left top;background-repeat:no-repeat;-webkit-background-size:cover;-moz-background-size:cover;-o-background-size:cover;background-size:cover;padding: 0px 15px 15px 15px;\"><div class=\"fusion-text fusion-text-12\"><p><b>S\u00c1BADO DESCONTRA\u00cdDO<\/b><\/p>\n<p><b>6\/3, \u00e0s 21h<br \/>\n<\/b><b>7\/3, \u00e0s 21h<br \/>\n<\/b><b>8\/3, \u00e0s 18h<\/b><\/p>\n<p><a href=\"https:\/\/g.page\/sescavpaulista?share\" target=\"_blank\" rel=\"noopener noreferrer\"><b>Sesc Avenida Paulista<\/b><\/a><\/p>\n<p><span style=\"font-weight: 400;\">R$ 40 e R$ 20 (meia-entrada)<\/span><\/p>\n<h6><b><span style=\"color: #ff0000;\">Bilheteria<\/span>: <\/b><b>A partir de 12 de fevereiro, \u00e0s 17h. Hor\u00e1rio de funcionamento: De ter\u00e7a a s\u00e1bado, das 10h \u00e0s 21h30; domingos e feriados, das 10h \u00e0s 18h. A venda est\u00e1 limitada a dois ingressos por CPF.<\/b><\/h6>\n<\/div><div class=\"fusion-align-block\"><style>.fusion-body .fusion-button.button-10{border-color:#ffffff;border-radius:0px 0px 0px 0px;background:#a0cf76;}.fusion-body .fusion-button.button-10 .fusion-button-text,.fusion-body .fusion-button.button-10 i,.fusion-body .fusion-button.button-10:hover .fusion-button-text,.fusion-body .fusion-button.button-10:hover i,.fusion-body .fusion-button.button-10:focus .fusion-button-text,.fusion-body .fusion-button.button-10:focus i,.fusion-body .fusion-button.button-10:active .fusion-button-text,.fusion-body .fusion-button.button-10:active i{color:#ffffff;}.fusion-body .fusion-button.button-10:hover,.fusion-body .fusion-button.button-10:active,.fusion-body .fusion-button.button-10:focus{border-color:#ffffff;background:#a0cf76;}<\/style><a class=\"fusion-button button-flat button-large button-custom button-10 fusion-button-span-yes fusion-button-default-type\" target=\"_blank\" rel=\"noopener noreferrer\" href=\"https:\/\/www.sescsp.org.br\/programacao\/220348_SABADO+DESCONTRAIDO\"><span class=\"fusion-button-text\">Adquira seu ingresso<\/span><\/a><\/div><div class=\"fusion-clearfix\"><\/div><\/div><\/div><div class=\"fusion-layout-column fusion_builder_column fusion-builder-column-12 fusion_builder_column_1_5 1_5 fusion-one-fifth\" style=\"width:20%;width:calc(20% - ( ( 20px + 20px + 20px + 20px ) * 0.2 ) );margin-right: 20px;margin-top:0px;margin-bottom:20px;\"><div class=\"fusion-column-wrapper fusion-flex-column-wrapper-legacy\" style=\"background-position:left top;background-repeat:no-repeat;-webkit-background-size:cover;-moz-background-size:cover;-o-background-size:cover;background-size:cover;padding: 0px 15px 15px 15px;\"><div class=\"fusion-text fusion-text-13\"><p><b>TENHA CUIDADO<\/b><\/p>\n<p><b>6\/3, \u00e0s 19h<br \/>\n<\/b><b>7\/3, \u00e0s 19h<br \/>\n<\/b><b>8\/3, \u00e0s 17h e \u00e0s 19h<\/b><\/p>\n<p><a href=\"https:\/\/goo.gl\/maps\/URYmKCGKeXhegXSm9\" target=\"_blank\" rel=\"noopener noreferrer\"><b>Ita\u00fa Cultural<\/b><\/a><\/p>\n<p><span style=\"font-weight: 400;\">Gratuito<\/span><\/p>\n<h6><strong><span style=\"color: #ff0000;\">Reserva online de ingressos:<\/span> a partir do dia 19 de fevereiro (quarta-feira), \u00e0s 12h<\/strong><strong>\u00a0(p\u00fablico preferencial tem direito a um acompanhante; p\u00fablico n\u00e3o preferencial, 1 ingresso por pessoa).<\/strong><\/h6>\n<\/div><div class=\"fusion-align-block\"><style>.fusion-body .fusion-button.button-11{border-color:#ffffff;border-radius:0px 0px 0px 0px;background:#a0cf76;}.fusion-body .fusion-button.button-11 .fusion-button-text,.fusion-body .fusion-button.button-11 i,.fusion-body .fusion-button.button-11:hover .fusion-button-text,.fusion-body .fusion-button.button-11:hover i,.fusion-body .fusion-button.button-11:focus .fusion-button-text,.fusion-body .fusion-button.button-11:focus i,.fusion-body .fusion-button.button-11:active .fusion-button-text,.fusion-body .fusion-button.button-11:active i{color:#ffffff;}.fusion-body .fusion-button.button-11:hover,.fusion-body .fusion-button.button-11:active,.fusion-body .fusion-button.button-11:focus{border-color:#ffffff;background:#a0cf76;}<\/style><a class=\"fusion-button button-flat button-large button-custom button-11 fusion-button-span-yes fusion-button-default-type\" target=\"_blank\" rel=\"noopener noreferrer\" href=\"https:\/\/www.itaucultural.org.br\/secoes\/agenda-cultural\/\"><span class=\"fusion-button-text\">Adquira seu ingresso<\/span><\/a><\/div><div class=\"fusion-clearfix\"><\/div><\/div><\/div><div class=\"fusion-layout-column fusion_builder_column fusion-builder-column-13 fusion_builder_column_1_5 1_5 fusion-one-fifth\" style=\"width:20%;width:calc(20% - ( ( 20px + 20px + 20px + 20px ) * 0.2 ) );margin-right: 20px;margin-top:0px;margin-bottom:20px;\"><div class=\"fusion-column-wrapper fusion-flex-column-wrapper-legacy\" style=\"background-position:left top;background-repeat:no-repeat;-webkit-background-size:cover;-moz-background-size:cover;-o-background-size:cover;background-size:cover;padding: 0px 15px 15px 15px;\"><div class=\"fusion-text fusion-text-14\"><p><b>TU AMAR\u00c1S<\/b><\/p>\n<p><b>7\/3, \u00e0s 21h<br \/>\n<\/b><b>8\/3, \u00e0s 20h<\/b><\/p>\n<p><a href=\"https:\/\/goo.gl\/maps\/AyV4cSTkyzDdaDGJ7\" target=\"_blank\" rel=\"noopener noreferrer\"><b>Teatro Porto Seguro<\/b><\/a><\/p>\n<p><span style=\"font-weight: 400;\">R$ 40 e R$ 20 (meia-entrada)<\/span><\/p>\n<h6><strong><span style=\"color: #ff0000;\">Bilheteria<\/span>: A partir de 12 de fevereiro. Hor\u00e1rio de funcionamento: de ter\u00e7a a domingo, das 12h at\u00e9 o in\u00edcio da sess\u00e3o do dia (em dias que n\u00e3o h\u00e1 apresenta\u00e7\u00e3o a bilheteria fecha, \u00e0s 18h). <span style=\"color: #ff0000;\">10% dos ingressos ser\u00e3o vendidos no dia do espet\u00e1culo.<\/span><\/strong><\/h6>\n<\/div><div class=\"fusion-align-block\"><style>.fusion-body .fusion-button.button-12{border-color:#ffffff;border-radius:0px 0px 0px 0px;background:#a0cf76;}.fusion-body .fusion-button.button-12 .fusion-button-text,.fusion-body .fusion-button.button-12 i,.fusion-body .fusion-button.button-12:hover .fusion-button-text,.fusion-body .fusion-button.button-12:hover i,.fusion-body .fusion-button.button-12:focus .fusion-button-text,.fusion-body .fusion-button.button-12:focus i,.fusion-body .fusion-button.button-12:active .fusion-button-text,.fusion-body .fusion-button.button-12:active i{color:#ffffff;}.fusion-body .fusion-button.button-12:hover,.fusion-body .fusion-button.button-12:active,.fusion-body .fusion-button.button-12:focus{border-color:#ffffff;background:#a0cf76;}<\/style><a class=\"fusion-button button-flat button-large button-custom button-12 fusion-button-span-yes fusion-button-default-type\" target=\"_blank\" rel=\"noopener noreferrer\" href=\"http:\/\/tudus.com.br\/teatro-porto-seguro-tu-amaras--mostra-internacional-de-teatro-de-sao-paulo\"><span class=\"fusion-button-text\">Adquira seu ingresso<\/span><\/a><\/div><div class=\"fusion-clearfix\"><\/div><\/div><\/div><div class=\"fusion-layout-column fusion_builder_column fusion-builder-column-14 fusion_builder_column_1_5 1_5 fusion-one-fifth\" style=\"width:20%;width:calc(20% - ( ( 20px + 20px + 20px + 20px ) * 0.2 ) );margin-right: 20px;margin-top:0px;margin-bottom:20px;\"><div class=\"fusion-column-wrapper fusion-flex-column-wrapper-legacy\" style=\"background-position:left top;background-repeat:no-repeat;-webkit-background-size:cover;-moz-background-size:cover;-o-background-size:cover;background-size:cover;padding: 0px 15px 15px 15px;\"><div class=\"fusion-text fusion-text-15\"><p><b>O EVANGELHO SEGUNDO JESUS, RAINHA DO C\u00c9U &#8211; COM JO CLIFFORD<\/b><\/p>\n<p>6\/3, \u00e0s 21h<br \/>\n7\/3, \u00e0s 21h<\/p>\n<p><strong>\u00a0<a href=\"https:\/\/goo.gl\/maps\/Fw47MvcGkcxnxfX66\" target=\"_blank\" rel=\"noopener noreferrer\">Centro Cultural S\u00e3o Paulo \u2013 Sala Jardel Filho<\/a><\/strong><\/p>\n<p><span style=\"font-weight: 400;\">R$ 40 e R$ 20 (meia-entrada)<\/span><\/p>\n<\/div><div class=\"fusion-align-block\"><style>.fusion-body .fusion-button.button-13{border-color:#ffffff;border-radius:0px 0px 0px 0px;background:#a0cf76;}.fusion-body .fusion-button.button-13 .fusion-button-text,.fusion-body .fusion-button.button-13 i,.fusion-body .fusion-button.button-13:hover .fusion-button-text,.fusion-body .fusion-button.button-13:hover i,.fusion-body .fusion-button.button-13:focus .fusion-button-text,.fusion-body .fusion-button.button-13:focus i,.fusion-body .fusion-button.button-13:active .fusion-button-text,.fusion-body .fusion-button.button-13:active i{color:#ffffff;}.fusion-body .fusion-button.button-13:hover,.fusion-body .fusion-button.button-13:active,.fusion-body .fusion-button.button-13:focus{border-color:#ffffff;background:#a0cf76;}<\/style><a class=\"fusion-button button-flat button-large button-custom button-13 fusion-button-span-yes fusion-button-default-type\" target=\"_blank\" rel=\"noopener noreferrer\" href=\"https:\/\/bileto.sympla.com.br\/event\/64942\"><span class=\"fusion-button-text\">Adquira seu ingresso<\/span><\/a><\/div><div class=\"fusion-clearfix\"><\/div><\/div><\/div><div class=\"fusion-layout-column fusion_builder_column fusion-builder-column-15 fusion_builder_column_1_5 1_5 fusion-one-fifth fusion-column-last\" style=\"width:20%;width:calc(20% - ( ( 20px + 20px + 20px + 20px ) * 0.2 ) );margin-top:0px;margin-bottom:20px;\"><div class=\"fusion-column-wrapper fusion-flex-column-wrapper-legacy\" style=\"background-position:left top;background-repeat:no-repeat;-webkit-background-size:cover;-moz-background-size:cover;-o-background-size:cover;background-size:cover;padding: 0px 15px 15px 15px;\"><div class=\"fusion-text fusion-text-16\"><p><b>O EVANGELHO SEGUNDO JESUS, RAINHA DO C\u00c9U &#8211; COM RENATA CARVALHO<\/b><\/p>\n<p>8\/3, \u00e0s 18h30<\/p>\n<p><a href=\"https:\/\/goo.gl\/maps\/Fw47MvcGkcxnxfX66\" target=\"_blank\" rel=\"noopener noreferrer\">Centro Cultural S\u00e3o Paulo \u2013 Sala Jardel Filho<\/a><\/p>\n<p><span style=\"font-weight: 400;\">R$ 10 e R$ 5 (meia-entrada)<br \/>\n<\/span><\/p>\n<\/div><div class=\"fusion-align-block\"><style>.fusion-body .fusion-button.button-14{border-color:#ffffff;border-radius:0px 0px 0px 0px;background:#a0cf76;}.fusion-body .fusion-button.button-14 .fusion-button-text,.fusion-body .fusion-button.button-14 i,.fusion-body .fusion-button.button-14:hover .fusion-button-text,.fusion-body .fusion-button.button-14:hover i,.fusion-body .fusion-button.button-14:focus .fusion-button-text,.fusion-body .fusion-button.button-14:focus i,.fusion-body .fusion-button.button-14:active .fusion-button-text,.fusion-body .fusion-button.button-14:active i{color:#ffffff;}.fusion-body .fusion-button.button-14:hover,.fusion-body .fusion-button.button-14:active,.fusion-body .fusion-button.button-14:focus{border-color:#ffffff;background:#a0cf76;}<\/style><a class=\"fusion-button button-flat button-large button-custom button-14 fusion-button-span-yes fusion-button-default-type\" target=\"_blank\" rel=\"noopener noreferrer\" href=\"https:\/\/bileto.sympla.com.br\/event\/64943\"><span class=\"fusion-button-text\">Adquira seu ingresso<\/span><\/a><\/div><div class=\"fusion-clearfix\"><\/div><\/div><\/div><div class=\"fusion-layout-column fusion_builder_column fusion-builder-column-16 fusion_builder_column_1_5 1_5 fusion-one-fifth fusion-column-first\" style=\"width:20%;width:calc(20% - ( ( 20px + 20px + 20px + 20px ) * 0.2 ) );margin-right: 20px;margin-top:0px;margin-bottom:20px;\"><div class=\"fusion-column-wrapper fusion-flex-column-wrapper-legacy\" style=\"background-position:left top;background-repeat:no-repeat;-webkit-background-size:cover;-moz-background-size:cover;-o-background-size:cover;background-size:cover;padding: 0px 15px 15px 15px;\"><div class=\"fusion-text fusion-text-17\"><p><b>FORTALEZA 2040<\/b><\/p>\n<p><b>12\/3, \u00e0s 19h<\/b><\/p>\n<p><a href=\"https:\/\/goo.gl\/maps\/URYmKCGKeXhegXSm9\" target=\"_blank\" rel=\"noopener noreferrer\"><b>Ita\u00fa Cultural \u2013 sala Multiuso<\/b><\/a><\/p>\n<p><span style=\"font-weight: 400;\">Gratuito<\/span><\/p>\n<h6><b><span style=\"color: #ff0000;\">Reservas online<\/span>: A partir do dia 26 de fevereiro (quarta-feira), \u00e0s 12h<\/b><b>\u00a0(p\u00fablico preferencial tem direito a um acompanhante; p\u00fablico n\u00e3o preferencial, 1 ingresso por pessoa).<\/b><\/h6>\n<\/div><div class=\"fusion-align-block\"><style>.fusion-body .fusion-button.button-15{border-color:#ffffff;border-radius:0px 0px 0px 0px;background:#81675b;}.fusion-body .fusion-button.button-15 .fusion-button-text,.fusion-body .fusion-button.button-15 i,.fusion-body .fusion-button.button-15:hover .fusion-button-text,.fusion-body .fusion-button.button-15:hover i,.fusion-body .fusion-button.button-15:focus .fusion-button-text,.fusion-body .fusion-button.button-15:focus i,.fusion-body .fusion-button.button-15:active .fusion-button-text,.fusion-body .fusion-button.button-15:active i{color:#ffffff;}.fusion-body .fusion-button.button-15:hover,.fusion-body .fusion-button.button-15:active,.fusion-body .fusion-button.button-15:focus{border-color:#ffffff;background:#81675b;}<\/style><a class=\"fusion-button button-flat button-large button-custom button-15 fusion-button-span-yes fusion-button-default-type\" target=\"_blank\" rel=\"noopener noreferrer\" href=\"https:\/\/www.itaucultural.org.br\/secoes\/agenda-cultural\/\"><span class=\"fusion-button-text\">Adquira seu ingresso<\/span><\/a><\/div><div class=\"fusion-clearfix\"><\/div><\/div><\/div><div class=\"fusion-layout-column fusion_builder_column fusion-builder-column-17 fusion_builder_column_1_5 1_5 fusion-one-fifth\" style=\"width:20%;width:calc(20% - ( ( 20px + 20px + 20px + 20px ) * 0.2 ) );margin-right: 20px;margin-top:0px;margin-bottom:20px;\"><div class=\"fusion-column-wrapper fusion-flex-column-wrapper-legacy\" style=\"background-position:left top;background-repeat:no-repeat;-webkit-background-size:cover;-moz-background-size:cover;-o-background-size:cover;background-size:cover;padding: 0px 15px 15px 15px;\"><div class=\"fusion-text fusion-text-18\"><p><b>PRA FRENTE O PIOR<\/b><\/p>\n<p class=\"fusion-responsive-typography-calculated\" data-fontsize=\"32\" data-lineheight=\"48px\">14\/3, \u00e0s 20h<\/p>\n<p class=\"fusion-responsive-typography-calculated\" data-fontsize=\"22\" data-lineheight=\"26.4px\"><strong><a href=\"https:\/\/g.page\/CiaMungunzaDeTeatro?share\" target=\"_blank\" rel=\"noopener noreferrer\">Teatro de Cont\u00eainer Mungunz\u00e1.<\/a><\/strong><\/p>\n<p>Pague o quanto puder<\/p>\n<h6><span style=\"color: #ff0000;\"><strong>Bilheteria<\/strong><\/span><b>: As bilheterias abrem uma hora antes de cada sess\u00e3o \u2014ser\u00e1 permitida a retirada de um ingresso por pessoa<\/b><\/h6>\n<\/div><div class=\"fusion-align-block\"><style>.fusion-body .fusion-button.button-16{border-color:#ffffff;border-radius:0px 0px 0px 0px;background:#81675b;}.fusion-body .fusion-button.button-16 .fusion-button-text,.fusion-body .fusion-button.button-16 i,.fusion-body .fusion-button.button-16:hover .fusion-button-text,.fusion-body .fusion-button.button-16:hover i,.fusion-body .fusion-button.button-16:focus .fusion-button-text,.fusion-body .fusion-button.button-16:focus i,.fusion-body .fusion-button.button-16:active .fusion-button-text,.fusion-body .fusion-button.button-16:active i{color:#ffffff;}.fusion-body .fusion-button.button-16:hover,.fusion-body .fusion-button.button-16:active,.fusion-body .fusion-button.button-16:focus{border-color:#ffffff;background:#81675b;}<\/style><a class=\"fusion-button button-flat button-large button-custom button-16 fusion-button-span-yes fusion-button-default-type\" target=\"_blank\" rel=\"noopener noreferrer\"><span class=\"fusion-button-text\">pague o quanto puder<\/span><\/a><\/div><div class=\"fusion-clearfix\"><\/div><\/div><\/div><div class=\"fusion-layout-column fusion_builder_column fusion-builder-column-18 fusion_builder_column_1_5 1_5 fusion-one-fifth\" style=\"width:20%;width:calc(20% - ( ( 20px + 20px + 20px + 20px ) * 0.2 ) );margin-right: 20px;margin-top:0px;margin-bottom:20px;\"><div class=\"fusion-column-wrapper fusion-flex-column-wrapper-legacy\" style=\"background-position:left top;background-repeat:no-repeat;-webkit-background-size:cover;-moz-background-size:cover;-o-background-size:cover;background-size:cover;padding: 0px 15px 15px 15px;\"><div class=\"fusion-text fusion-text-19\"><p><b>O \u00c2NUS SOLAR<\/b><\/p>\n<p><b>14\/3, \u00e0s 18h30*<br \/>\n15\/3, \u00e0s 18h30<\/b><\/p>\n<p><span style=\"color: #ff0000;\"><strong>COMUNICADO<\/strong><\/span><\/p>\n<p><span style=\"color: #ff0000;\">As apresenta\u00e7\u00f5es do espet\u00e1culo\u00a0<em>O \u00c2nus Solar<\/em>\u00a0foram canceladas devido \u00e0 suspens\u00e3o das atividades do Centro Cultural S\u00e3o Paulo, informada na sexta (13\/3) pela Prefeitura de S\u00e3o Paulo.<\/span><\/p>\n<\/div><div class=\"fusion-clearfix\"><\/div><\/div><\/div><div class=\"fusion-layout-column fusion_builder_column fusion-builder-column-19 fusion_builder_column_1_5 1_5 fusion-one-fifth\" style=\"width:20%;width:calc(20% - ( ( 20px + 20px + 20px + 20px ) * 0.2 ) );margin-right: 20px;margin-top:0px;margin-bottom:20px;\"><div class=\"fusion-column-wrapper fusion-flex-column-wrapper-legacy\" style=\"background-position:left top;background-repeat:no-repeat;-webkit-background-size:cover;-moz-background-size:cover;-o-background-size:cover;background-size:cover;padding: 0px 15px 15px 15px;\"><div class=\"fusion-text fusion-text-20\"><p><b>tReta<\/b><\/p>\n<p><b>13\/3, \u00e0s 20h<br \/>\n<\/b><b>14\/3, \u00e0s 20h<\/b><\/p>\n<p><strong><span style=\"color: #ff0000;\">COMUNICADO<\/span><\/strong><br \/>\n<span style=\"color: #ff0000;\">A MITsp informa que o espet\u00e1culo tReta foi cancelado por motivo de sa\u00fade no elenco. A mostra disponibiliza outros espet\u00e1culos na grade da MITbr, al\u00e9m dos internacionais.<\/span><\/p>\n<\/div><div class=\"fusion-clearfix\"><\/div><\/div><\/div><div class=\"fusion-layout-column fusion_builder_column fusion-builder-column-20 fusion_builder_column_1_5 1_5 fusion-one-fifth fusion-column-last\" style=\"width:20%;width:calc(20% - ( ( 20px + 20px + 20px + 20px ) * 0.2 ) );margin-top:0px;margin-bottom:20px;\"><div class=\"fusion-column-wrapper fusion-flex-column-wrapper-legacy\" style=\"background-position:left top;background-repeat:no-repeat;-webkit-background-size:cover;-moz-background-size:cover;-o-background-size:cover;background-size:cover;padding: 0px 15px 15px 15px;\"><div class=\"fusion-text fusion-text-21\"><p><b>STABAT MATER<\/b><\/p>\n<p><b>11\/3, \u00e0s 20h<br \/>\n<\/b><b>12\/3, \u00e0s 20h<\/b><\/p>\n<p><a href=\"https:\/\/goo.gl\/maps\/ZJBe2tFhvP9Lznem8\" target=\"_blank\" rel=\"noopener noreferrer\"><b>Teatro Cacilda Becker<\/b><\/a><\/p>\n<p><span style=\"font-weight: 400;\">R$ 10 e R$ 5 (meia-entrada)<\/span><\/p>\n<h6><span style=\"color: #ff0000;\"><b>Bilheteria:<\/b><\/span><b> No dia do espet\u00e1culo, a bilheteria ser\u00e1 aberta com uma hora de anteced\u00eancia. <\/b><span style=\"color: #ff0000;\"><b>10% dos ingressos ser\u00e3o vendidos no dia do espet\u00e1culo.<\/b><\/span><\/h6>\n<\/div><div class=\"fusion-align-block\"><style>.fusion-body .fusion-button.button-17{border-color:#ffffff;border-radius:0px 0px 0px 0px;background:#81675b;}.fusion-body .fusion-button.button-17 .fusion-button-text,.fusion-body .fusion-button.button-17 i,.fusion-body .fusion-button.button-17:hover .fusion-button-text,.fusion-body .fusion-button.button-17:hover i,.fusion-body .fusion-button.button-17:focus .fusion-button-text,.fusion-body .fusion-button.button-17:focus i,.fusion-body .fusion-button.button-17:active .fusion-button-text,.fusion-body .fusion-button.button-17:active i{color:#ffffff;}.fusion-body .fusion-button.button-17:hover,.fusion-body .fusion-button.button-17:active,.fusion-body .fusion-button.button-17:focus{border-color:#ffffff;background:#81675b;}<\/style><a class=\"fusion-button button-flat button-large button-custom button-17 fusion-button-span-yes fusion-button-default-type\" target=\"_blank\" rel=\"noopener noreferrer\" href=\"https:\/\/bileto.sympla.com.br\/event\/64586\/d\/82873\/s\/430825\"><span class=\"fusion-button-text\">Adquira seu ingresso<\/span><\/a><\/div><div class=\"fusion-clearfix\"><\/div><\/div><\/div><div class=\"fusion-layout-column fusion_builder_column fusion-builder-column-21 fusion_builder_column_1_5 1_5 fusion-one-fifth fusion-column-first\" style=\"width:20%;width:calc(20% - ( ( 20px + 20px + 20px + 20px ) * 0.2 ) );margin-right: 20px;margin-top:0px;margin-bottom:20px;\"><div class=\"fusion-column-wrapper fusion-flex-column-wrapper-legacy\" style=\"background-position:left top;background-repeat:no-repeat;-webkit-background-size:cover;-moz-background-size:cover;-o-background-size:cover;background-size:cover;padding: 0px 15px 15px 15px;\"><div class=\"fusion-text fusion-text-22\"><p><b>MEIA NOITE<\/b><\/p>\n<p><b>11\/3, \u00e0s 21h<br \/>\n<\/b><b>12\/3, \u00e0s 16h<\/b><\/p>\n<p><a href=\"https:\/\/goo.gl\/maps\/c2o32QqXAUQC1YZc9\" target=\"_blank\" rel=\"noopener noreferrer\"><b>Teatro Alfredo Mesquita<\/b><\/a><\/p>\n<p><span style=\"font-weight: 400;\">R$ 10 e R$ 5 (meia-entrada)<\/span><\/p>\n<h6><b><span style=\"color: #ff0000;\">Bilheteria<\/span>:<\/b><b> No dia do espet\u00e1culo, a bilheteria ser\u00e1 aberta com uma hora de anteced\u00eancia. <\/b><span style=\"color: #ff0000;\"><b>10% dos ingressos ser\u00e3o vendidos no dia do espet\u00e1culo.<\/b><\/span><\/h6>\n<\/div><div class=\"fusion-align-block\"><style>.fusion-body .fusion-button.button-18{border-color:#ffffff;border-radius:0px 0px 0px 0px;background:#81675b;}.fusion-body .fusion-button.button-18 .fusion-button-text,.fusion-body .fusion-button.button-18 i,.fusion-body .fusion-button.button-18:hover .fusion-button-text,.fusion-body .fusion-button.button-18:hover i,.fusion-body .fusion-button.button-18:focus .fusion-button-text,.fusion-body .fusion-button.button-18:focus i,.fusion-body .fusion-button.button-18:active .fusion-button-text,.fusion-body .fusion-button.button-18:active i{color:#ffffff;}.fusion-body .fusion-button.button-18:hover,.fusion-body .fusion-button.button-18:active,.fusion-body .fusion-button.button-18:focus{border-color:#ffffff;background:#81675b;}<\/style><a class=\"fusion-button button-flat button-large button-custom button-18 fusion-button-span-yes fusion-button-default-type\" target=\"_blank\" rel=\"noopener noreferrer\" href=\"https:\/\/bileto.sympla.com.br\/event\/64584\/d\/82868\/s\/430820\"><span class=\"fusion-button-text\">Adquira seu ingresso<\/span><\/a><\/div><div class=\"fusion-clearfix\"><\/div><\/div><\/div><div class=\"fusion-layout-column fusion_builder_column fusion-builder-column-22 fusion_builder_column_1_5 1_5 fusion-one-fifth\" style=\"width:20%;width:calc(20% - ( ( 20px + 20px + 20px + 20px ) * 0.2 ) );margin-right: 20px;margin-top:0px;margin-bottom:20px;\"><div class=\"fusion-column-wrapper fusion-flex-column-wrapper-legacy\" style=\"background-position:left top;background-repeat:no-repeat;-webkit-background-size:cover;-moz-background-size:cover;-o-background-size:cover;background-size:cover;padding: 0px 15px 15px 15px;\"><div class=\"fusion-text fusion-text-23\"><p><b>VIOLENTO.<\/b><\/p>\n<p><b>12\/3, \u00e0s 18h<br \/>\n<\/b><b>13\/3, \u00e0s 21h<\/b><\/p>\n<p><a href=\"https:\/\/goo.gl\/maps\/ie1WbnB8ZSdpXk8h8\" target=\"_blank\" rel=\"noopener noreferrer\"><b>Centro Cultural da Diversidade<\/b><\/a><\/p>\n<p><span style=\"font-weight: 400;\">R$ 10 e R$ 5 (meia-entrada)<\/span><\/p>\n<h6><b><span style=\"color: #ff0000;\">Bilheteria<\/span>:<\/b><b> No dia do espet\u00e1culo, a bilheteria ser\u00e1 aberta com uma hora de anteced\u00eancia. <\/b><span style=\"color: #ff0000;\"><b>10% dos ingressos ser\u00e3o vendidos no dia do espet\u00e1culo.<\/b><\/span><\/h6>\n<\/div><div class=\"fusion-align-block\"><style>.fusion-body .fusion-button.button-19{border-color:#ffffff;border-radius:0px 0px 0px 0px;background:#81675b;}.fusion-body .fusion-button.button-19 .fusion-button-text,.fusion-body .fusion-button.button-19 i,.fusion-body .fusion-button.button-19:hover .fusion-button-text,.fusion-body .fusion-button.button-19:hover i,.fusion-body .fusion-button.button-19:focus .fusion-button-text,.fusion-body .fusion-button.button-19:focus i,.fusion-body .fusion-button.button-19:active .fusion-button-text,.fusion-body .fusion-button.button-19:active i{color:#ffffff;}.fusion-body .fusion-button.button-19:hover,.fusion-body .fusion-button.button-19:active,.fusion-body .fusion-button.button-19:focus{border-color:#ffffff;background:#81675b;}<\/style><a class=\"fusion-button button-flat button-large button-custom button-19 fusion-button-span-yes fusion-button-default-type\" target=\"_blank\" rel=\"noopener noreferrer\" href=\"https:\/\/bileto.sympla.com.br\/event\/64583\/d\/82866\/s\/430818\"><span class=\"fusion-button-text\">Adquira seu ingresso<\/span><\/a><\/div><div class=\"fusion-clearfix\"><\/div><\/div><\/div><div class=\"fusion-layout-column fusion_builder_column fusion-builder-column-23 fusion_builder_column_1_5 1_5 fusion-one-fifth\" style=\"width:20%;width:calc(20% - ( ( 20px + 20px + 20px + 20px ) * 0.2 ) );margin-right: 20px;margin-top:0px;margin-bottom:20px;\"><div class=\"fusion-column-wrapper fusion-flex-column-wrapper-legacy\" style=\"background-position:left top;background-repeat:no-repeat;-webkit-background-size:cover;-moz-background-size:cover;-o-background-size:cover;background-size:cover;padding: 0px 15px 15px 15px;\"><div class=\"fusion-text fusion-text-24\"><p><b>ZOO<\/b><\/p>\n<p><b>14\/3, \u00e0s 19h<\/b><\/p>\n<p><b>15\/3, \u00e0s 17h<\/b><\/p>\n<p><span style=\"color: #ff0000;\"><strong>COMUNICADO<\/strong><\/span><\/p>\n<p><span style=\"color: #ff0000;\">As apresenta\u00e7\u00f5es do espet\u00e1culo\u00a0<em>ZOO<\/em>\u00a0foram canceladas devido \u00e0 suspens\u00e3o das atividades do Centro de Refer\u00eancia da Dan\u00e7a, informada na sexta (13\/3) pela Prefeitura de S\u00e3o Paulo.<\/span><\/p>\n<\/div><div class=\"fusion-clearfix\"><\/div><\/div><\/div><div class=\"fusion-layout-column fusion_builder_column fusion-builder-column-24 fusion_builder_column_1_5 1_5 fusion-one-fifth\" style=\"width:20%;width:calc(20% - ( ( 20px + 20px + 20px + 20px ) * 0.2 ) );margin-right: 20px;margin-top:0px;margin-bottom:20px;\"><div class=\"fusion-column-wrapper fusion-flex-column-wrapper-legacy\" style=\"background-position:left top;background-repeat:no-repeat;-webkit-background-size:cover;-moz-background-size:cover;-o-background-size:cover;background-size:cover;padding: 0px 15px 15px 15px;\"><div class=\"fusion-text fusion-text-25\"><p><b>RECOLON<\/b><\/p>\n<p class=\"fusion-responsive-typography-calculated\" data-fontsize=\"32\" data-lineheight=\"48px\">14\/3, \u00e0s 19h<\/p>\n<p class=\"fusion-responsive-typography-calculated\" data-fontsize=\"22\" data-lineheight=\"26.4px\"><strong><a href=\"https:\/\/g.page\/teatrodausp?share\" target=\"_blank\" rel=\"noopener noreferrer\">Oficina Cultural Oswald de Andrade<\/a><\/strong><\/p>\n<p><span style=\"font-weight: 400;\">Gratuito<\/span><\/p>\n<h6><b><span style=\"color: #ff0000;\">Bilheteria<\/span>: As bilheterias abrem uma hora antes de cada sess\u00e3o \u2014ser\u00e1 permitida a retirada de um ingresso por pessoa. Nas sess\u00f5es de\u00a0<em>Burgerz<\/em>, 30% dos ingressos ser\u00e3o reservados para pessoas trans.\u00a0<\/b><\/h6>\n<\/div><div class=\"fusion-align-block\"><style>.fusion-body .fusion-button.button-20{border-color:#ffffff;border-radius:0px 0px 0px 0px;background:#81675b;}.fusion-body .fusion-button.button-20 .fusion-button-text,.fusion-body .fusion-button.button-20 i,.fusion-body .fusion-button.button-20:hover .fusion-button-text,.fusion-body .fusion-button.button-20:hover i,.fusion-body .fusion-button.button-20:focus .fusion-button-text,.fusion-body .fusion-button.button-20:focus i,.fusion-body .fusion-button.button-20:active .fusion-button-text,.fusion-body .fusion-button.button-20:active i{color:#ffffff;}.fusion-body .fusion-button.button-20:hover,.fusion-body .fusion-button.button-20:active,.fusion-body .fusion-button.button-20:focus{border-color:#ffffff;background:#81675b;}<\/style><a class=\"fusion-button button-flat button-large button-custom button-20 fusion-button-span-yes fusion-button-default-type\" target=\"_blank\" rel=\"noopener noreferrer\"><span class=\"fusion-button-text\">pague o quanto puder<\/span><\/a><\/div><div class=\"fusion-clearfix\"><\/div><\/div><\/div><div class=\"fusion-layout-column fusion_builder_column fusion-builder-column-25 fusion_builder_column_1_5 1_5 fusion-one-fifth fusion-column-last\" style=\"width:20%;width:calc(20% - ( ( 20px + 20px + 20px + 20px ) * 0.2 ) );margin-top:0px;margin-bottom:20px;\"><div class=\"fusion-column-wrapper fusion-flex-column-wrapper-legacy\" style=\"background-position:left top;background-repeat:no-repeat;-webkit-background-size:cover;-moz-background-size:cover;-o-background-size:cover;background-size:cover;padding: 0px 15px 15px 15px;\"><div class=\"fusion-text fusion-text-26\"><p><b>POR ONDE ANDAM OS PORCOS<\/b><\/p>\n<p><b>12\/3, \u00e0s 21h<br \/>\n<\/b><b>13\/3, \u00e0s 17h<\/b><\/p>\n<p><a href=\"https:\/\/goo.gl\/maps\/sZv7LeXZYAhZSL7i7\" target=\"_blank\" rel=\"noopener noreferrer\"><b>Teatro S\u00e9rgio Cardoso<\/b><\/a><\/p>\n<p><span style=\"font-weight: 400;\">R$ 10 e R$ 5 (meia-entrada)<\/span><\/p>\n<h6><b><span style=\"color: #ff0000;\">Bilheteria<\/span>: <\/b><b>A partir de 12 de fevereiro, de ter\u00e7a a s\u00e1bado, das 14h \u00e0s 19h.\u00a0 <\/b><span style=\"color: #ff0000;\"><b>10% dos ingressos ser\u00e3o vendidos no dia do espet\u00e1culo.<\/b><\/span><\/h6>\n<\/div><div class=\"fusion-align-block\"><style>.fusion-body .fusion-button.button-21{border-color:#ffffff;border-radius:0px 0px 0px 0px;background:#81675b;}.fusion-body .fusion-button.button-21 .fusion-button-text,.fusion-body .fusion-button.button-21 i,.fusion-body .fusion-button.button-21:hover .fusion-button-text,.fusion-body .fusion-button.button-21:hover i,.fusion-body .fusion-button.button-21:focus .fusion-button-text,.fusion-body .fusion-button.button-21:focus i,.fusion-body .fusion-button.button-21:active .fusion-button-text,.fusion-body .fusion-button.button-21:active i{color:#ffffff;}.fusion-body .fusion-button.button-21:hover,.fusion-body .fusion-button.button-21:active,.fusion-body .fusion-button.button-21:focus{border-color:#ffffff;background:#81675b;}<\/style><a class=\"fusion-button button-flat button-large button-custom button-21 fusion-button-span-yes fusion-button-default-type\" target=\"_blank\" rel=\"noopener noreferrer\" href=\"https:\/\/bileto.sympla.com.br\/event\/64547\"><span class=\"fusion-button-text\">Adquira seu ingresso<\/span><\/a><\/div><div class=\"fusion-clearfix\"><\/div><\/div><\/div><div class=\"fusion-layout-column fusion_builder_column fusion-builder-column-26 fusion_builder_column_1_5 1_5 fusion-one-fifth fusion-column-first\" style=\"width:20%;width:calc(20% - ( ( 20px + 20px ) * 0.2 ) );margin-right: 20px;margin-top:0px;margin-bottom:20px;\"><div class=\"fusion-column-wrapper fusion-flex-column-wrapper-legacy\" style=\"background-position:left top;background-repeat:no-repeat;-webkit-background-size:cover;-moz-background-size:cover;-o-background-size:cover;background-size:cover;padding: 0px 15px 15px 15px;\"><div class=\"fusion-text fusion-text-27\"><p><b>CANCIONEIRO TERMINAL<\/b><\/p>\n<p><b>13\/3, \u00e0s 19h<br \/>\n<\/b><b>14\/3, \u00e0s 19h<\/b><\/p>\n<p><a href=\"https:\/\/goo.gl\/maps\/2vTDVwPhRdsm4QEd9\" target=\"_blank\" rel=\"noopener noreferrer\"><b>Biblioteca M\u00e1rio de Andrade \u2013 Sala Tula Pilar Ferreira<\/b><\/a><\/p>\n<p><span style=\"font-weight: 400;\">Gratuito<\/span><\/p>\n<h6><b><span style=\"color: #ff0000;\">Bilheteria<\/span>: <\/b><b>No dia do espet\u00e1culo, a bilheteria ser\u00e1 aberta com uma hora de anteced\u00eancia para retirada de ingressos.<\/b><\/h6>\n<\/div><div class=\"fusion-align-block\"><style>.fusion-body .fusion-button.button-22{border-color:#ffffff;border-radius:0px 0px 0px 0px;background:#81675b;}.fusion-body .fusion-button.button-22 .fusion-button-text,.fusion-body .fusion-button.button-22 i,.fusion-body .fusion-button.button-22:hover .fusion-button-text,.fusion-body .fusion-button.button-22:hover i,.fusion-body .fusion-button.button-22:focus .fusion-button-text,.fusion-body .fusion-button.button-22:focus i,.fusion-body .fusion-button.button-22:active .fusion-button-text,.fusion-body .fusion-button.button-22:active i{color:#ffffff;}.fusion-body .fusion-button.button-22:hover,.fusion-body .fusion-button.button-22:active,.fusion-body .fusion-button.button-22:focus{border-color:#ffffff;background:#81675b;}<\/style><a class=\"fusion-button button-flat button-large button-custom button-22 fusion-button-span-yes fusion-button-default-type\" target=\"_blank\" rel=\"noopener noreferrer\" href=\"https:\/\/goo.gl\/maps\/2vTDVwPhRdsm4QEd9\"><span class=\"fusion-button-text\">Adquira seu ingresso<\/span><\/a><\/div><div class=\"fusion-clearfix\"><\/div><\/div><\/div><div class=\"fusion-layout-column fusion_builder_column fusion-builder-column-27 fusion_builder_column_1_5 1_5 fusion-one-fifth\" style=\"width:20%;width:calc(20% - ( ( 20px + 20px ) * 0.2 ) );margin-right: 20px;margin-top:0px;margin-bottom:20px;\"><div class=\"fusion-column-wrapper fusion-flex-column-wrapper-legacy\" style=\"background-position:left top;background-repeat:no-repeat;-webkit-background-size:cover;-moz-background-size:cover;-o-background-size:cover;background-size:cover;padding: 0px 15px 15px 15px;\"><div class=\"fusion-text fusion-text-28\"><p><b>ENTRELINHAS<\/b><\/p>\n<p><b>14\/3, \u00e0s 19h<br \/>\n<\/b><b>15\/3, \u00e0s 16h<\/b><\/p>\n<p><span style=\"color: #ff0000;\"><strong>COMUNICADO<\/strong><\/span><\/p>\n<p><span style=\"color: #ff0000;\">As apresenta\u00e7\u00f5es do espet\u00e1culo\u00a0<em>Entrelinhas<\/em>\u00a0foram canceladas devido \u00e0 suspens\u00e3o das atividades do Teatro Cacilda Becker, informada na sexta (13\/3) pela Prefeitura de S\u00e3o Paulo.<\/span><\/p>\n<\/div><div class=\"fusion-clearfix\"><\/div><\/div><\/div><div class=\"fusion-layout-column fusion_builder_column fusion-builder-column-28 fusion_builder_column_1_5 1_5 fusion-one-fifth fusion-column-last\" style=\"width:20%;width:calc(20% - ( ( 20px + 20px ) * 0.2 ) );margin-top:0px;margin-bottom:20px;\"><div class=\"fusion-column-wrapper fusion-flex-column-wrapper-legacy\" style=\"background-position:left top;background-repeat:no-repeat;-webkit-background-size:cover;-moz-background-size:cover;-o-background-size:cover;background-size:cover;padding: 0px 15px 15px 15px;\"><div class=\"fusion-text fusion-text-29\"><p><b>GOTA D\u2019\u00c1GUA {PRETA}<\/b><\/p>\n<p><b>11\/3, \u00e0s 18h<\/b><\/p>\n<p><a href=\"https:\/\/goo.gl\/maps\/i2XdPPJ8LfwhoHng9\"><b>Teatro do Sesi SP<\/b><\/a><\/p>\n<p><span style=\"font-weight: 400;\">Gratuito<\/span><\/p>\n<h6><b>Nova abertura de reserva online no dia 9\/3, \u00e0s 8h. As reservas pelo site s\u00e3o garantidas at\u00e9 15 minutos antes do in\u00edcio do espet\u00e1culo. Ser\u00e3o liberados at\u00e9 2 ingressos por pessoa.<\/b><\/h6>\n<\/div><div class=\"fusion-align-block\"><style>.fusion-body .fusion-button.button-23{border-color:#ffffff;border-radius:0px 0px 0px 0px;background:#81675b;}.fusion-body .fusion-button.button-23 .fusion-button-text,.fusion-body .fusion-button.button-23 i,.fusion-body .fusion-button.button-23:hover .fusion-button-text,.fusion-body .fusion-button.button-23:hover i,.fusion-body .fusion-button.button-23:focus .fusion-button-text,.fusion-body .fusion-button.button-23:focus i,.fusion-body .fusion-button.button-23:active .fusion-button-text,.fusion-body .fusion-button.button-23:active i{color:#ffffff;}.fusion-body .fusion-button.button-23:hover,.fusion-body .fusion-button.button-23:active,.fusion-body .fusion-button.button-23:focus{border-color:#ffffff;background:#81675b;}<\/style><a class=\"fusion-button button-flat button-large button-custom button-23 fusion-button-span-yes fusion-button-default-type\" target=\"_blank\" rel=\"noopener noreferrer\" href=\"https:\/\/www.sesisp.org.br\/meu-sesi\"><span class=\"fusion-button-text\">Adquira seu ingresso<\/span><\/a><\/div><div class=\"fusion-clearfix\"><\/div><\/div><\/div><\/div><\/div><\/p>\n","protected":false},"excerpt":{"rendered":"","protected":false},"author":1,"featured_media":0,"parent":0,"menu_order":24,"comment_status":"closed","ping_status":"closed","template":"100-width.php","meta":{"_links_to":"","_links_to_target":""},"yst_prominent_words":[],"acf":[],"_links":{"self":[{"href":"https:\/\/mitsp.org\/2020\/wp-json\/wp\/v2\/pages\/3270"}],"collection":[{"href":"https:\/\/mitsp.org\/2020\/wp-json\/wp\/v2\/pages"}],"about":[{"href":"https:\/\/mitsp.org\/2020\/wp-json\/wp\/v2\/types\/page"}],"author":[{"embeddable":true,"href":"https:\/\/mitsp.org\/2020\/wp-json\/wp\/v2\/users\/1"}],"replies":[{"embeddable":true,"href":"https:\/\/mitsp.org\/2020\/wp-json\/wp\/v2\/comments?post=3270"}],"version-history":[{"count":0,"href":"https:\/\/mitsp.org\/2020\/wp-json\/wp\/v2\/pages\/3270\/revisions"}],"wp:attachment":[{"href":"https:\/\/mitsp.org\/2020\/wp-json\/wp\/v2\/media?parent=3270"}],"wp:term":[{"taxonomy":"yst_prominent_words","embeddable":true,"href":"https:\/\/mitsp.org\/2020\/wp-json\/wp\/v2\/yst_prominent_words?post=3270"}],"curies":[{"name":"wp","href":"https:\/\/api.w.org\/{rel}","templated":true}]}}